{"id":47835,"date":"2024-06-10T10:04:47","date_gmt":"2024-06-10T08:04:47","guid":{"rendered":"https:\/\/www.auxsons.com\/?post_type=playlist&#038;p=47835"},"modified":"2024-06-10T10:04:47","modified_gmt":"2024-06-10T08:04:47","slug":"playlist-de-jeanne-lacaille-musiques-sorcieres-musiques-de-la-terre","status":"publish","type":"playlist","link":"https:\/\/www.auxsons.com\/en\/playlists\/playlist-de-jeanne-lacaille-musiques-sorcieres-musiques-de-la-terre\/","title":{"rendered":"Playlist de Jeanne Lacaille - Musiques sorci\u00e8res, Musiques de la&nbsp;terre&nbsp;"},"content":{"rendered":"<p>A l\u2019occasion des <a href=\"https:\/\/bit.ly\/5e_journees_musiquedumonde\" target=\"_blank\" rel=\"noopener\"><strong>5e journ\u00e9es des Musiques du Monde<\/strong><\/a> organis\u00e9es \u00e0 Grenoble en d\u00e9cembre 2023, le <span class=\"caps\">CMTRA<\/span> (Centre des musiques traditionnelles Rh\u00f4ne-Alpes), en partenariat avec les D\u00e9tours de Babel, Zone Franche et la <span class=\"caps\">FAMDT<\/span>,&nbsp;a demand\u00e9 \u00e0 plusieurs personnalit\u00e9s du secteur de proposer une exploration sonore du moment.<\/p>\n<p><a href=\"https:\/\/www.auxsons.com\/playlists\/playlist-de-jeanne-lacaille-musiques-sorcieres-musiques-de-la-terre\/\" target=\"_blank\" rel=\"noopener\"><b>Jeanne Lacaille<\/b><\/a> (journaliste et productrice radio), <a href=\"https:\/\/www.auxsons.com\/playlists\/playlist-de-detours-de-babel-josephine-grollemund-et-pierre-henri-frappat\/\" target=\"_blank\" rel=\"noopener\"><b>Pierre-Henri Frappat et Josephine Grollemund <\/b><\/a>(co-directeurs des D\u00e9tours de Babel), <a href=\"https:\/\/www.auxsons.com\/playlists\/playlist-de-julien-lesuisse-leader-du-groupe-crimi\/\" target=\"_blank\" rel=\"noopener\"><b>Julien Lesuisse <\/b><\/a>(musicien membre du groupe Crimi) et&nbsp;<a href=\"https:\/\/www.auxsons.com\/playlists\/playlist-de-james-stewart\/\" target=\"_blank\" rel=\"noopener\"><b>James Stewart<\/b><\/a> (musicien, <span class=\"caps\">DJ<\/span> et programmateurs des Black Atlantic Club)&nbsp;se sont ainsi pr\u00eat\u00e9s au jeu pour le plus grand plaisir de nos oreilles, faisant d\u00e9couvrir chacun\u00b7e, leurs p\u00e9pites musicales lors d\u2019un salon d\u2019\u00e9coute,&nbsp;via des playlists comment\u00e9es.<\/p>\n<p>Retrouvez ici la playlist issue de ces salons d\u2019\u00e9coute, rassemblant leurs propositions d\u2019artistes en activit\u00e9 pour un large panel de la diversit\u00e9 musicale produite en France, en partenariat avec What the France.<br>\nBonne \u00e9coute&nbsp;!<\/p>\n<p>&nbsp;<\/p>\n<p style=\"font-weight: 400;\">\u00c0 travers cette s\u00e9lection sorci\u00e8re, Jeanne Lacaille se propose d\u2019explorer les liens entre musiques rituelles et musiques traditionnelles aux racines agropastorales au fil d\u2019un voyage qui se d\u00e9ploie de la r\u00e9gion Auvergne-Rh\u00f4ne-Alpes jusqu\u2019au c\u0153ur du territoire Sami \u00e0 l\u2019extr\u00eame nord de la Finlande, en passant par le Minervois, le Pays Basque, la Galice, le Finist\u00e8re ou encore le Poitou.<\/p>\n<p class=\"p1\"><span class=\"dquo\">\u00ab<\/span> <em>Chant de r\u00e9colte, chant de la terre, c\u00e9r\u00e9monie de marche sur le feu, ode \u00e0 la mort comme au cycle des saisons, incantation pour les esprits de la mer ou de la montagne, sortil\u00e8ge d\u2019amour dans la langue des oiseaux, ronde \u00e0 danser et transe-monde\u2026 En dialogue direct avec le monde vivant, les vies non-humaines qui le peuplent, les \u00e9l\u00e9ments et le travail de la terre, tous ces morceaux partagent aussi une dimension mystique h\u00e9rit\u00e9e de croyances pa\u00efennes, chamaniques ou magiques. Des imaginaires d\u2019actualit\u00e9 et une v\u00e9ritable mani\u00e8re d\u2019\u00eatre au monde pour celleux qui composent ou (r\u00e9)inventent ces r\u00e9pertoires issus de territoires ruraux, des cr\u00e9ateur.ice.s perm\u00e9ables \u00e0 l\u2019invisible et aux forces du telluriques, des artistes&nbsp;\u201cterriens plus qu\u2019humains\u201d dirait Bruno Latour.<\/em> \u00bb Jeanne Lacaille<\/p>\n<p style=\"font-weight: 400;\"><strong style=\"background-color: var(--bs-body-bg); color: var(--bs-body-color); font-family: var(--bs-body-font-family); font-size: var(--bs-body-font-size); text-align: var(--bs-body-text-align);\">1. Padashti Lista - <em>Dilmano Dilbero<\/em><\/strong><\/p>\n<p><em>(ndlr titre disponible uniquement sur Youtube et Youtube Music)<\/em><\/p>\n<p><strong>2. Marthe - <em>Sur le&nbsp;Feu<\/em><\/strong><\/p>\n<p><strong style=\"background-color: var(--bs-body-bg); color: var(--bs-body-color); font-family: var(--bs-body-font-family); font-size: var(--bs-body-font-size); text-align: var(--bs-body-text-align);\">3. Super Parquet - <em>Adieu<\/em><\/strong><\/p>\n<p><strong>4. La Mal Coiff\u00e9e - <em>La Mort Ca\u00e7aira<\/em><\/strong><\/p>\n<p><strong style=\"background-color: var(--bs-body-bg); color: var(--bs-body-color); font-family: var(--bs-body-font-family); font-size: var(--bs-body-font-size); text-align: var(--bs-body-text-align);\">5. Haratago - <em>\u00dchalteberri<\/em><\/strong><\/p>\n<p><strong style=\"background-color: var(--bs-body-bg); color: var(--bs-body-color); font-family: var(--bs-body-font-family); font-size: var(--bs-body-font-size); text-align: var(--bs-body-text-align);\">6. Mercedes Pe\u00f3n - <em>O Mar<\/em><\/strong><\/p>\n<p><strong>7. Fleuves - <em>Da\u00f1s Plinn<\/em><\/strong><\/p>\n<p><strong>8. Ma Petite - <em>Rossignol<\/em><\/strong><\/p>\n<p><strong style=\"background-color: var(--bs-body-bg); color: var(--bs-body-color); font-family: var(--bs-body-font-family); font-size: var(--bs-body-font-size); text-align: var(--bs-body-text-align);\">9. \u00c1nn\u00e1m\u00e1ret - <em>Jearrat M\u00e1ttar\u00e1hkus<\/em><\/strong><\/p>\n<p><strong>10. Na\u00efssam Jalal - <em>Rituel des collines<\/em><\/strong><\/p>\n","protected":false},"excerpt":{"rendered":"<p>A l\u2019occasion des 5e journ\u00e9es des Musiques du Monde organis\u00e9es \u00e0 Grenoble en d\u00e9cembre 2023, le <span class=\"caps\">CMTRA<\/span> (Centre des musiques traditionnelles Rh\u00f4ne-Alpes), en partenariat avec les D\u00e9tours de Babel, Zone Franche et la <span class=\"caps\">FAMDT<\/span>,&nbsp;a demand\u00e9 \u00e0 plusieurs personnalit\u00e9s du secteur de proposer une exploration sonore du moment. Jeanne Lacaille (journaliste et productrice radio), Pierre-Henri Frappat<\/p>\n","protected":false},"author":588,"featured_media":47836,"template":"","meta":{"_acf_changed":false,"wp_typography_post_enhancements_disabled":false,"footnotes":""},"class_list":["post-47835","playlist","type-playlist","status-publish","has-post-thumbnail","hentry"],"acf":[],"yoast_head":"<!-- This site is optimized with the Yoast SEO plugin v27.4 - https:\/\/yoast.com\/product\/yoast-seo-wordpress\/ -->\n<title>Playlist de Jeanne Lacaille - Musiques sorci\u00e8res, Musiques de la terre\u00a0 - #AuxSons<\/title>\n<meta name=\"description\" content=\"A l&#039;occasion des 5e journ\u00e9es des Musiques du Monde organis\u00e9es \u00e0 Grenoble en d\u00e9cembre 2023, le CMTRA (Centre des musiques traditionnelles Rh\u00f4ne-Alpes), en\" \/>\n<meta name=\"robots\" content=\"index, follow, max-snippet:-1, max-image-preview:large, max-video-preview:-1\" \/>\n<link rel=\"canonical\" href=\"https:\/\/www.auxsons.com\/en\/playlists\/playlist-de-jeanne-lacaille-musiques-sorcieres-musiques-de-la-terre\/\" \/>\n<meta property=\"og:locale\" content=\"en_US\" \/>\n<meta property=\"og:type\" content=\"article\" \/>\n<meta property=\"og:title\" content=\"Playlist de Jeanne Lacaille - Musiques sorci\u00e8res, Musiques de la terre\u00a0 - #AuxSons\" \/>\n<meta property=\"og:description\" content=\"A l&#039;occasion des 5e journ\u00e9es des Musiques du Monde organis\u00e9es \u00e0 Grenoble en d\u00e9cembre 2023, le CMTRA (Centre des musiques traditionnelles Rh\u00f4ne-Alpes), en\" \/>\n<meta property=\"og:url\" content=\"https:\/\/www.auxsons.com\/en\/playlists\/playlist-de-jeanne-lacaille-musiques-sorcieres-musiques-de-la-terre\/\" \/>\n<meta property=\"og:site_name\" content=\"#AuxSons\" \/>\n<meta property=\"article:publisher\" content=\"https:\/\/www.facebook.com\/auxsons\/\" \/>\n<meta property=\"og:image\" content=\"https:\/\/www.auxsons.com\/wp-content\/uploads\/2024\/01\/capture-decran-2024-01-24-a-164408.png\" \/>\n\t<meta property=\"og:image:width\" content=\"844\" \/>\n\t<meta property=\"og:image:height\" content=\"688\" \/>\n\t<meta property=\"og:image:type\" content=\"image\/png\" \/>\n<meta name=\"twitter:card\" content=\"summary_large_image\" \/>\n<meta name=\"twitter:site\" content=\"@auxsons\" \/>\n<meta name=\"twitter:label1\" content=\"Est. reading time\" \/>\n\t<meta name=\"twitter:data1\" content=\"4 minutes\" \/>\n<script type=\"application\/ld+json\" class=\"yoast-schema-graph\">{\"@context\":\"https:\\\/\\\/schema.org\",\"@graph\":[{\"@type\":\"WebPage\",\"@id\":\"https:\\\/\\\/www.auxsons.com\\\/en\\\/playlists\\\/playlist-de-jeanne-lacaille-musiques-sorcieres-musiques-de-la-terre\\\/\",\"url\":\"https:\\\/\\\/www.auxsons.com\\\/en\\\/playlists\\\/playlist-de-jeanne-lacaille-musiques-sorcieres-musiques-de-la-terre\\\/\",\"name\":\"Playlist de Jeanne Lacaille - Musiques sorci\u00e8res, Musiques de la terre\u00a0 - #AuxSons\",\"isPartOf\":{\"@id\":\"https:\\\/\\\/www.auxsons.com\\\/en\\\/#website\"},\"primaryImageOfPage\":{\"@id\":\"https:\\\/\\\/www.auxsons.com\\\/en\\\/playlists\\\/playlist-de-jeanne-lacaille-musiques-sorcieres-musiques-de-la-terre\\\/#primaryimage\"},\"image\":{\"@id\":\"https:\\\/\\\/www.auxsons.com\\\/en\\\/playlists\\\/playlist-de-jeanne-lacaille-musiques-sorcieres-musiques-de-la-terre\\\/#primaryimage\"},\"thumbnailUrl\":\"https:\\\/\\\/www.auxsons.com\\\/wp-content\\\/uploads\\\/2024\\\/01\\\/capture-decran-2024-01-24-a-164408.png\",\"datePublished\":\"2024-06-10T08:04:47+00:00\",\"description\":\"A l'occasion des 5e journ\u00e9es des Musiques du Monde organis\u00e9es \u00e0 Grenoble en d\u00e9cembre 2023, le CMTRA (Centre des musiques traditionnelles Rh\u00f4ne-Alpes), en\",\"breadcrumb\":{\"@id\":\"https:\\\/\\\/www.auxsons.com\\\/en\\\/playlists\\\/playlist-de-jeanne-lacaille-musiques-sorcieres-musiques-de-la-terre\\\/#breadcrumb\"},\"inLanguage\":\"en-US\",\"potentialAction\":[{\"@type\":\"ReadAction\",\"target\":[\"https:\\\/\\\/www.auxsons.com\\\/en\\\/playlists\\\/playlist-de-jeanne-lacaille-musiques-sorcieres-musiques-de-la-terre\\\/\"]}]},{\"@type\":\"ImageObject\",\"inLanguage\":\"en-US\",\"@id\":\"https:\\\/\\\/www.auxsons.com\\\/en\\\/playlists\\\/playlist-de-jeanne-lacaille-musiques-sorcieres-musiques-de-la-terre\\\/#primaryimage\",\"url\":\"https:\\\/\\\/www.auxsons.com\\\/wp-content\\\/uploads\\\/2024\\\/01\\\/capture-decran-2024-01-24-a-164408.png\",\"contentUrl\":\"https:\\\/\\\/www.auxsons.com\\\/wp-content\\\/uploads\\\/2024\\\/01\\\/capture-decran-2024-01-24-a-164408.png\",\"width\":844,\"height\":688,\"caption\":\"Jeanne Lacaille\"},{\"@type\":\"BreadcrumbList\",\"@id\":\"https:\\\/\\\/www.auxsons.com\\\/en\\\/playlists\\\/playlist-de-jeanne-lacaille-musiques-sorcieres-musiques-de-la-terre\\\/#breadcrumb\",\"itemListElement\":[{\"@type\":\"ListItem\",\"position\":1,\"name\":\"Accueil\",\"item\":\"https:\\\/\\\/www.auxsons.com\\\/en\\\/\"},{\"@type\":\"ListItem\",\"position\":2,\"name\":\"Playlists\",\"item\":\"https:\\\/\\\/www.auxsons.com\\\/en\\\/playlists\\\/\"},{\"@type\":\"ListItem\",\"position\":3,\"name\":\"Playlist de Jeanne Lacaille &#8211; Musiques sorci\u00e8res, Musiques de la terre\u00a0\"}]},{\"@type\":\"WebSite\",\"@id\":\"https:\\\/\\\/www.auxsons.com\\\/en\\\/#website\",\"url\":\"https:\\\/\\\/www.auxsons.com\\\/en\\\/\",\"name\":\"#AuxSons\",\"description\":\"Musiques &amp; Vibrations du Monde\",\"publisher\":{\"@id\":\"https:\\\/\\\/www.auxsons.com\\\/en\\\/#organization\"},\"potentialAction\":[{\"@type\":\"SearchAction\",\"target\":{\"@type\":\"EntryPoint\",\"urlTemplate\":\"https:\\\/\\\/www.auxsons.com\\\/en\\\/?s={search_term_string}\"},\"query-input\":{\"@type\":\"PropertyValueSpecification\",\"valueRequired\":true,\"valueName\":\"search_term_string\"}}],\"inLanguage\":\"en-US\"},{\"@type\":\"Organization\",\"@id\":\"https:\\\/\\\/www.auxsons.com\\\/en\\\/#organization\",\"name\":\"#AuxSons\",\"url\":\"https:\\\/\\\/www.auxsons.com\\\/en\\\/\",\"logo\":{\"@type\":\"ImageObject\",\"inLanguage\":\"en-US\",\"@id\":\"https:\\\/\\\/www.auxsons.com\\\/en\\\/#\\\/schema\\\/logo\\\/image\\\/\",\"url\":\"https:\\\/\\\/www.auxsons.com\\\/wp-content\\\/uploads\\\/2018\\\/10\\\/logo-aux-sons@2x.png\",\"contentUrl\":\"https:\\\/\\\/www.auxsons.com\\\/wp-content\\\/uploads\\\/2018\\\/10\\\/logo-aux-sons@2x.png\",\"width\":320,\"height\":192,\"caption\":\"#AuxSons\"},\"image\":{\"@id\":\"https:\\\/\\\/www.auxsons.com\\\/en\\\/#\\\/schema\\\/logo\\\/image\\\/\"},\"sameAs\":[\"https:\\\/\\\/www.facebook.com\\\/auxsons\\\/\",\"https:\\\/\\\/x.com\\\/auxsons\",\"https:\\\/\\\/www.instagram.com\\\/auxsons\\\/\",\"https:\\\/\\\/www.youtube.com\\\/channel\\\/UC_NjOjgZNHW-6MaXKWavFKQ\"]}]}<\/script>\n<!-- \/ Yoast SEO plugin. -->","yoast_head_json":{"title":"Playlist de Jeanne Lacaille - Musiques sorci\u00e8res, Musiques de la terre\u00a0 - #AuxSons","description":"A l'occasion des 5e journ\u00e9es des Musiques du Monde organis\u00e9es \u00e0 Grenoble en d\u00e9cembre 2023, le CMTRA (Centre des musiques traditionnelles Rh\u00f4ne-Alpes), en","robots":{"index":"index","follow":"follow","max-snippet":"max-snippet:-1","max-image-preview":"max-image-preview:large","max-video-preview":"max-video-preview:-1"},"canonical":"https:\/\/www.auxsons.com\/en\/playlists\/playlist-de-jeanne-lacaille-musiques-sorcieres-musiques-de-la-terre\/","og_locale":"en_US","og_type":"article","og_title":"Playlist de Jeanne Lacaille - Musiques sorci\u00e8res, Musiques de la terre\u00a0 - #AuxSons","og_description":"A l'occasion des 5e journ\u00e9es des Musiques du Monde organis\u00e9es \u00e0 Grenoble en d\u00e9cembre 2023, le CMTRA (Centre des musiques traditionnelles Rh\u00f4ne-Alpes), en","og_url":"https:\/\/www.auxsons.com\/en\/playlists\/playlist-de-jeanne-lacaille-musiques-sorcieres-musiques-de-la-terre\/","og_site_name":"#AuxSons","article_publisher":"https:\/\/www.facebook.com\/auxsons\/","og_image":[{"width":844,"height":688,"url":"https:\/\/www.auxsons.com\/wp-content\/uploads\/2024\/01\/capture-decran-2024-01-24-a-164408.png","type":"image\/png"}],"twitter_card":"summary_large_image","twitter_site":"@auxsons","twitter_misc":{"Est. reading time":"4 minutes"},"schema":{"@context":"https:\/\/schema.org","@graph":[{"@type":"WebPage","@id":"https:\/\/www.auxsons.com\/en\/playlists\/playlist-de-jeanne-lacaille-musiques-sorcieres-musiques-de-la-terre\/","url":"https:\/\/www.auxsons.com\/en\/playlists\/playlist-de-jeanne-lacaille-musiques-sorcieres-musiques-de-la-terre\/","name":"Playlist de Jeanne Lacaille - Musiques sorci\u00e8res, Musiques de la terre\u00a0 - #AuxSons","isPartOf":{"@id":"https:\/\/www.auxsons.com\/en\/#website"},"primaryImageOfPage":{"@id":"https:\/\/www.auxsons.com\/en\/playlists\/playlist-de-jeanne-lacaille-musiques-sorcieres-musiques-de-la-terre\/#primaryimage"},"image":{"@id":"https:\/\/www.auxsons.com\/en\/playlists\/playlist-de-jeanne-lacaille-musiques-sorcieres-musiques-de-la-terre\/#primaryimage"},"thumbnailUrl":"https:\/\/www.auxsons.com\/wp-content\/uploads\/2024\/01\/capture-decran-2024-01-24-a-164408.png","datePublished":"2024-06-10T08:04:47+00:00","description":"A l'occasion des 5e journ\u00e9es des Musiques du Monde organis\u00e9es \u00e0 Grenoble en d\u00e9cembre 2023, le CMTRA (Centre des musiques traditionnelles Rh\u00f4ne-Alpes), en","breadcrumb":{"@id":"https:\/\/www.auxsons.com\/en\/playlists\/playlist-de-jeanne-lacaille-musiques-sorcieres-musiques-de-la-terre\/#breadcrumb"},"inLanguage":"en-US","potentialAction":[{"@type":"ReadAction","target":["https:\/\/www.auxsons.com\/en\/playlists\/playlist-de-jeanne-lacaille-musiques-sorcieres-musiques-de-la-terre\/"]}]},{"@type":"ImageObject","inLanguage":"en-US","@id":"https:\/\/www.auxsons.com\/en\/playlists\/playlist-de-jeanne-lacaille-musiques-sorcieres-musiques-de-la-terre\/#primaryimage","url":"https:\/\/www.auxsons.com\/wp-content\/uploads\/2024\/01\/capture-decran-2024-01-24-a-164408.png","contentUrl":"https:\/\/www.auxsons.com\/wp-content\/uploads\/2024\/01\/capture-decran-2024-01-24-a-164408.png","width":844,"height":688,"caption":"Jeanne Lacaille"},{"@type":"BreadcrumbList","@id":"https:\/\/www.auxsons.com\/en\/playlists\/playlist-de-jeanne-lacaille-musiques-sorcieres-musiques-de-la-terre\/#breadcrumb","itemListElement":[{"@type":"ListItem","position":1,"name":"Accueil","item":"https:\/\/www.auxsons.com\/en\/"},{"@type":"ListItem","position":2,"name":"Playlists","item":"https:\/\/www.auxsons.com\/en\/playlists\/"},{"@type":"ListItem","position":3,"name":"Playlist de Jeanne Lacaille &#8211; Musiques sorci\u00e8res, Musiques de la terre\u00a0"}]},{"@type":"WebSite","@id":"https:\/\/www.auxsons.com\/en\/#website","url":"https:\/\/www.auxsons.com\/en\/","name":"#AuxSons","description":"Musiques &amp; Vibrations du Monde","publisher":{"@id":"https:\/\/www.auxsons.com\/en\/#organization"},"potentialAction":[{"@type":"SearchAction","target":{"@type":"EntryPoint","urlTemplate":"https:\/\/www.auxsons.com\/en\/?s={search_term_string}"},"query-input":{"@type":"PropertyValueSpecification","valueRequired":true,"valueName":"search_term_string"}}],"inLanguage":"en-US"},{"@type":"Organization","@id":"https:\/\/www.auxsons.com\/en\/#organization","name":"#AuxSons","url":"https:\/\/www.auxsons.com\/en\/","logo":{"@type":"ImageObject","inLanguage":"en-US","@id":"https:\/\/www.auxsons.com\/en\/#\/schema\/logo\/image\/","url":"https:\/\/www.auxsons.com\/wp-content\/uploads\/2018\/10\/logo-aux-sons@2x.png","contentUrl":"https:\/\/www.auxsons.com\/wp-content\/uploads\/2018\/10\/logo-aux-sons@2x.png","width":320,"height":192,"caption":"#AuxSons"},"image":{"@id":"https:\/\/www.auxsons.com\/en\/#\/schema\/logo\/image\/"},"sameAs":["https:\/\/www.facebook.com\/auxsons\/","https:\/\/x.com\/auxsons","https:\/\/www.instagram.com\/auxsons\/","https:\/\/www.youtube.com\/channel\/UC_NjOjgZNHW-6MaXKWavFKQ"]}]}},"_links":{"self":[{"href":"https:\/\/www.auxsons.com\/en\/wp-json\/wp\/v2\/playlist\/47835","targetHints":{"allow":["GET"]}}],"collection":[{"href":"https:\/\/www.auxsons.com\/en\/wp-json\/wp\/v2\/playlist"}],"about":[{"href":"https:\/\/www.auxsons.com\/en\/wp-json\/wp\/v2\/types\/playlist"}],"author":[{"embeddable":true,"href":"https:\/\/www.auxsons.com\/en\/wp-json\/wp\/v2\/users\/588"}],"version-history":[{"count":0,"href":"https:\/\/www.auxsons.com\/en\/wp-json\/wp\/v2\/playlist\/47835\/revisions"}],"wp:featuredmedia":[{"embeddable":true,"href":"https:\/\/www.auxsons.com\/en\/wp-json\/wp\/v2\/media\/47836"}],"wp:attachment":[{"href":"https:\/\/www.auxsons.com\/en\/wp-json\/wp\/v2\/media?parent=47835"}],"curies":[{"name":"wp","href":"https:\/\/api.w.org\/{rel}","templated":true}]}}