{"id":39937,"date":"2023-09-28T14:48:08","date_gmt":"2023-09-28T12:48:08","guid":{"rendered":"https:\/\/www.auxsons.com\/?post_type=playlist&#038;p=39937"},"modified":"2023-10-11T10:53:54","modified_gmt":"2023-10-11T08:53:54","slug":"playlist-du-festival-le-grand-soufflet-2023","status":"publish","type":"playlist","link":"https:\/\/www.auxsons.com\/en\/playlists\/playlist-du-festival-le-grand-soufflet-2023\/","title":{"rendered":"Playlist du festival Le Grand Soufflet 2023"},"content":{"rendered":"<div><span style=\"background-color: var(--bs-body-bg); color: var(--bs-body-color); font-family: var(--bs-body-font-family); font-size: var(--bs-body-font-size); font-weight: var(--bs-body-font-weight); text-align: var(--bs-body-text-align);\">Du 4 au 14 octobre 2023, le festival Le Grand Soufflet accueille 40 artistes en Ille-et-Vilaine. Fid\u00e8le \u00e0 l\u2019accord\u00e9on, son instrument fondateur, le festival accueille toutes les musiques actuelles dont les racines s\u2019ancrent dans une culture traditionnelle \u00e0 travers le monde. <\/span><span style=\"background-color: var(--bs-body-bg); color: var(--bs-body-color); font-family: var(--bs-body-font-family); font-size: var(--bs-body-font-size); font-weight: var(--bs-body-font-weight); text-align: var(--bs-body-text-align);\">Les artistes sont accueilli\u00b7es dans des petits villages du d\u00e9partement et au parc du Thabor \u00e0 Rennes, le coeur du festival.<\/span><\/div>\n<div>\n<hr>\n<\/div>\n<div><\/div>\n<div>\n<div><b>1. OrK -<em> R\u00eaverie Antillaise<\/em><\/b><\/div>\n<div>\n<p class=\"p1\"><span class=\"dquo\">\u00ab<\/span><span class=\"Apple-converted-space\"> <em>Nous avons d\u00e9couverts Charlotte Espieussas avec Alberi Sonori et ne la quittons plus depuis ! Invit\u00e9e en r\u00e9sidence d\u2019\u00c9ducation Artistique et Culturelle sur le r\u00e9pertoire occitan la saison derni\u00e8re, elle est l\u2019invit\u00e9e d\u2019honneur du festival cette ann\u00e9e. Accord\u00e9oniste, chanteuse, et percussionniste exceptionnelle, on peut d\u00e9couvrir sa virtuosit\u00e9 et la richesse de son r\u00e9pertoire tout au long du festival avec&nbsp;Maaar,&nbsp;Volcan,&nbsp;Ork&nbsp;et&nbsp;<wbr>Labess. <\/em> <\/span>\u00bb <em style=\"background-color: var(--bs-body-bg); color: var(--bs-body-color); font-family: var(--bs-body-font-family); font-size: var(--bs-body-font-size); font-weight: var(--bs-body-font-weight); text-align: var(--bs-body-text-align);\">(ndlr : titre disponible uniquement sur Youtube et Youtube Music)<\/em><\/p>\n<\/div>\n<div>\n<div><strong>2. Muga - <em>El Corri-Corri<\/em><\/strong><\/div>\n<div>\n<p class=\"p1\"><span class=\"dquo\">\u00ab<\/span><span class=\"Apple-converted-space\"> <em>Muga&nbsp;est la parole d\u2019une femme,&nbsp;<strong><a href=\"https:\/\/www.auxsons.com\/playlists\/playlist-de-clara-diez-marquez\/\" target=\"_blank\" rel=\"noopener\">Clara Diez Marques,<\/a><\/strong> chanteuse et panderetera asturienne \u00e9migr\u00e9e en Bretagne, lib\u00e9r\u00e9e des injonctions de jeu, de tradition et de&nbsp;repr\u00e9sentions. Une femme qui chante son pays, sa condition, sa po\u00e9sie, sa rudesse.<\/em> <\/span>\u00bb<\/p>\n<\/div>\n<\/div>\n<div><b>3. \u2019Ndiaz - <em>Horde<\/em><\/b><\/div>\n<div>\n<p class=\"p1\"><span class=\"dquo\">\u00ab<\/span><span class=\"Apple-converted-space\"> <em>Nous adorons \u2019Ndiaz et les projets de l\u2019accord\u00e9oniste Yann Le Corre. C\u2019est pour nous le groupe phare de la <strong><a href=\"https:\/\/www.auxsons.com\/focus\/musique-bretonne-2022-selection-100-kreiz-breizh-episode-2\/\" target=\"_blank\" rel=\"noopener\">nouvelle sc\u00e8ne de Bretagne<\/a><\/strong>. Issu de la sc\u00e8ne trad, \u2019Ndiaz hybride ses influences de trad \u00e0 danser, de rock, de jazz et d\u2019\u00e9lectro et cr\u00e9ation une musique nouvelle. <\/em><\/span>\u00bb<\/p>\n<\/div>\n<div>\n<div><strong>4. M\u00f6ng - <em>Cameraman Toulouse<\/em><\/strong><\/div>\n<div>\n<p class=\"p1\"><span class=\"dquo\">\u00ab<\/span><span class=\"Apple-converted-space\"> <em>Inspir\u00e9e des musiques traditionnelles du monde (Scandinavie, Moyen-Orient, Mongolie, Japon, France\u2026), les deux musiciennes inventent leur folklore imaginaire.<\/em> <\/span>\u00bb<span style=\"background-color: var(--bs-body-bg); color: var(--bs-body-color); font-family: var(--bs-body-font-family); font-size: var(--bs-body-font-size); font-weight: var(--bs-body-font-weight); text-align: var(--bs-body-text-align);\">&nbsp;<\/span><em style=\"background-color: var(--bs-body-bg); color: var(--bs-body-color); font-family: var(--bs-body-font-family); font-size: var(--bs-body-font-size); font-weight: var(--bs-body-font-weight); text-align: var(--bs-body-text-align);\">(ndlr : titre disponible uniquement sur Youtube et Youtube Music)<\/em><\/p>\n<\/div>\n<\/div>\n<div><strong>5. Ay Say - <em>Kader Olsun&nbsp;<\/em><\/strong><\/div>\n<div>\n<p class=\"p1\"><span class=\"dquo\">\u00ab<\/span><span class=\"Apple-converted-space\"> <em>Luna Ersahin, jeune musicienne et chanteuse danoise d\u2019origine kurde fait dialoguer la pop occidentale dialogue avec la musique anatolienne traditionnelle. Basse, saz, percussions et chant servent une approche multiculturelle et multilingue de la musique o\u00f9 se m\u00ealent les traditions de l\u2019Est et de l\u2019Ouest.<\/em> <\/span>\u00bb<\/p>\n<\/div>\n<div><strong>6. Puuluup - <em>Liigutage Vastu<\/em><\/strong><\/div>\n<div>\n<p class=\"p1\"><span class=\"dquo\">\u00ab<\/span><span class=\"Apple-converted-space\"> <em>Duo estonien d\u00e9jant\u00e9 qui&nbsp;remet au go\u00fbt du jour la Talharpa, sorte de lyre \u00e0 archet&nbsp;traditionnelle estonienne \u00e0 laquelle ils associent loopers et autres effets au service de&nbsp;compositions on ne peut plus actuelles.<\/em> <\/span>\u00bb<\/p>\n<\/div>\n<div><b>7. DakhaBrakha - <em>Lado<\/em><\/b><\/div>\n<div>\n<p class=\"p1\"><span class=\"dquo\">\u00ab<\/span><span class=\"Apple-converted-space\"> <em>DakhaBrakha fait de sa pr\u00e9sence sur sc\u00e8ne la meilleure arme pour la d\u00e9fense de l\u2019identit\u00e9 ukrainienne face \u00e0 l\u2019h\u00e9g\u00e9monisme russe. \u00c0 grand renfort d\u2019accord\u00e9on, de percussions, de violoncelle et de magnifiques polyphonies, le quatuor modernise le riche r\u00e9pertoire folklorique ukrainien qu\u2019il augmente du fruit de ses collectages et d\u2019influences orientales, balkaniques ou occidentales et oeuvre aves ses moyens pour la lib\u00e9ration de l\u2019Ukraine. <\/em><\/span>\u00bb<\/p>\n<\/div>\n<div><strong>8. Ablaye Cissoko et Cyrille Brotto -<em> Troisi\u00e8me Z<\/em><\/strong><\/div>\n<div>\n<p class=\"p1\"><span class=\"dquo\">\u00ab<\/span><span class=\"Apple-converted-space\"> <em>On ne pr\u00e9sente plus le roi de la kora Ablaye Cissoko\u2026 Nous l\u2019accueillons accompagn\u00e9 de l\u2019accord\u00e9oniste fran\u00e7ais Cyrille Brotto pour un dialogue virtuose entre continents.&nbsp;<\/em><\/span>\u00bb<\/p>\n<\/div>\n<div><strong>9. Violons Barbares - <em>Wolf\u2019s Cry&nbsp;<\/em><\/strong><\/div>\n<div>\n<p class=\"p1\"><span class=\"dquo\">\u00ab<\/span><span class=\"Apple-converted-space\"> <em>Violons Barbares&nbsp;s\u00e9vit en dehors des musiques cartographi\u00e9es. Un violon traditionnel mongol, un violon bulgare et des percussions&nbsp;r\u00e9colt\u00e9es aux quatre coins du monde composent ce trio qui surprend imm\u00e9diatement par son originalit\u00e9 et sa virtuosit\u00e9.<\/em> <\/span>\u00bb<\/p>\n<\/div>\n<div><b>10. Turfu - <em>Poney Club<\/em><\/b><\/div>\n<div>\n<p class=\"p1\"><span class=\"dquo\">\u00ab<\/span><span class=\"Apple-converted-space\"> <em>Le duo accord\u00e9on batterie \u00e9volue entre parquet de bal et club, dans une transe hypnotique, \u00e0 la fois jouissive et \u00e9difiante. <\/em><\/span>\u00bb<\/p>\n<\/div>\n<\/div>\n","protected":false},"excerpt":{"rendered":"<p>Du 4 au 14 octobre 2023, le festival Le Grand Soufflet accueille 40 artistes en Ille-et-Vilaine. Fid\u00e8le \u00e0 l\u2019accord\u00e9on, son instrument fondateur, le festival accueille toutes les musiques actuelles dont les racines s\u2019ancrent dans une culture traditionnelle \u00e0 travers le monde. Les artistes sont accueilli\u00b7es dans des petits villages du d\u00e9partement et au parc&nbsp;du<\/p>\n","protected":false},"author":271,"featured_media":39942,"template":"","meta":{"_acf_changed":false,"wp_typography_post_enhancements_disabled":false,"footnotes":""},"class_list":["post-39937","playlist","type-playlist","status-publish","has-post-thumbnail","hentry"],"acf":[],"yoast_head":"<!-- This site is optimized with the Yoast SEO plugin v27.5 - https:\/\/yoast.com\/product\/yoast-seo-wordpress\/ -->\n<title>Playlist du festival Le Grand Soufflet 2023 - #AuxSons<\/title>\n<meta name=\"description\" content=\"Du 4 au 14 octobre 2023, le festival Le Grand Soufflet accueille 40 artistes en Ille-et-Vilaine. Fid\u00e8le \u00e0 l\u2019accord\u00e9on, son instrument fondateur, le\" \/>\n<meta name=\"robots\" content=\"index, follow, max-snippet:-1, max-image-preview:large, max-video-preview:-1\" \/>\n<link rel=\"canonical\" href=\"https:\/\/www.auxsons.com\/en\/playlists\/playlist-du-festival-le-grand-soufflet-2023\/\" \/>\n<meta property=\"og:locale\" content=\"en_US\" \/>\n<meta property=\"og:type\" content=\"article\" \/>\n<meta property=\"og:title\" content=\"Playlist du festival Le Grand Soufflet 2023 - #AuxSons\" \/>\n<meta property=\"og:description\" content=\"Du 4 au 14 octobre 2023, le festival Le Grand Soufflet accueille 40 artistes en Ille-et-Vilaine. Fid\u00e8le \u00e0 l\u2019accord\u00e9on, son instrument fondateur, le\" \/>\n<meta property=\"og:url\" content=\"https:\/\/www.auxsons.com\/en\/playlists\/playlist-du-festival-le-grand-soufflet-2023\/\" \/>\n<meta property=\"og:site_name\" content=\"#AuxSons\" \/>\n<meta property=\"article:publisher\" content=\"https:\/\/www.facebook.com\/auxsons\/\" \/>\n<meta property=\"article:modified_time\" content=\"2023-10-11T08:53:54+00:00\" \/>\n<meta property=\"og:image\" content=\"https:\/\/www.auxsons.com\/wp-content\/uploads\/2023\/08\/20230523-lgsoufflet-aff-a3-l600px.jpg\" \/>\n\t<meta property=\"og:image:width\" content=\"600\" \/>\n\t<meta property=\"og:image:height\" content=\"848\" \/>\n\t<meta property=\"og:image:type\" content=\"image\/jpeg\" \/>\n<meta name=\"twitter:card\" content=\"summary_large_image\" \/>\n<meta name=\"twitter:site\" content=\"@auxsons\" \/>\n<meta name=\"twitter:label1\" content=\"Est. reading time\" \/>\n\t<meta name=\"twitter:data1\" content=\"3 minutes\" \/>\n<script type=\"application\/ld+json\" class=\"yoast-schema-graph\">{\"@context\":\"https:\\\/\\\/schema.org\",\"@graph\":[{\"@type\":\"WebPage\",\"@id\":\"https:\\\/\\\/www.auxsons.com\\\/en\\\/playlists\\\/playlist-du-festival-le-grand-soufflet-2023\\\/\",\"url\":\"https:\\\/\\\/www.auxsons.com\\\/en\\\/playlists\\\/playlist-du-festival-le-grand-soufflet-2023\\\/\",\"name\":\"Playlist du festival Le Grand Soufflet 2023 - #AuxSons\",\"isPartOf\":{\"@id\":\"https:\\\/\\\/www.auxsons.com\\\/en\\\/#website\"},\"primaryImageOfPage\":{\"@id\":\"https:\\\/\\\/www.auxsons.com\\\/en\\\/playlists\\\/playlist-du-festival-le-grand-soufflet-2023\\\/#primaryimage\"},\"image\":{\"@id\":\"https:\\\/\\\/www.auxsons.com\\\/en\\\/playlists\\\/playlist-du-festival-le-grand-soufflet-2023\\\/#primaryimage\"},\"thumbnailUrl\":\"https:\\\/\\\/www.auxsons.com\\\/wp-content\\\/uploads\\\/2023\\\/08\\\/20230523-lgsoufflet-aff-a3-l600px.jpg\",\"datePublished\":\"2023-09-28T12:48:08+00:00\",\"dateModified\":\"2023-10-11T08:53:54+00:00\",\"description\":\"Du 4 au 14 octobre 2023, le festival Le Grand Soufflet accueille 40 artistes en Ille-et-Vilaine. Fid\u00e8le \u00e0 l\u2019accord\u00e9on, son instrument fondateur, le\",\"breadcrumb\":{\"@id\":\"https:\\\/\\\/www.auxsons.com\\\/en\\\/playlists\\\/playlist-du-festival-le-grand-soufflet-2023\\\/#breadcrumb\"},\"inLanguage\":\"en-US\",\"potentialAction\":[{\"@type\":\"ReadAction\",\"target\":[\"https:\\\/\\\/www.auxsons.com\\\/en\\\/playlists\\\/playlist-du-festival-le-grand-soufflet-2023\\\/\"]}]},{\"@type\":\"ImageObject\",\"inLanguage\":\"en-US\",\"@id\":\"https:\\\/\\\/www.auxsons.com\\\/en\\\/playlists\\\/playlist-du-festival-le-grand-soufflet-2023\\\/#primaryimage\",\"url\":\"https:\\\/\\\/www.auxsons.com\\\/wp-content\\\/uploads\\\/2023\\\/08\\\/20230523-lgsoufflet-aff-a3-l600px.jpg\",\"contentUrl\":\"https:\\\/\\\/www.auxsons.com\\\/wp-content\\\/uploads\\\/2023\\\/08\\\/20230523-lgsoufflet-aff-a3-l600px.jpg\",\"width\":600,\"height\":848},{\"@type\":\"BreadcrumbList\",\"@id\":\"https:\\\/\\\/www.auxsons.com\\\/en\\\/playlists\\\/playlist-du-festival-le-grand-soufflet-2023\\\/#breadcrumb\",\"itemListElement\":[{\"@type\":\"ListItem\",\"position\":1,\"name\":\"Accueil\",\"item\":\"https:\\\/\\\/www.auxsons.com\\\/en\\\/\"},{\"@type\":\"ListItem\",\"position\":2,\"name\":\"Playlists\",\"item\":\"https:\\\/\\\/www.auxsons.com\\\/en\\\/playlists\\\/\"},{\"@type\":\"ListItem\",\"position\":3,\"name\":\"Playlist du festival Le Grand Soufflet 2023\"}]},{\"@type\":\"WebSite\",\"@id\":\"https:\\\/\\\/www.auxsons.com\\\/en\\\/#website\",\"url\":\"https:\\\/\\\/www.auxsons.com\\\/en\\\/\",\"name\":\"#AuxSons\",\"description\":\"Musiques &amp; Vibrations du Monde\",\"publisher\":{\"@id\":\"https:\\\/\\\/www.auxsons.com\\\/en\\\/#organization\"},\"potentialAction\":[{\"@type\":\"SearchAction\",\"target\":{\"@type\":\"EntryPoint\",\"urlTemplate\":\"https:\\\/\\\/www.auxsons.com\\\/en\\\/?s={search_term_string}\"},\"query-input\":{\"@type\":\"PropertyValueSpecification\",\"valueRequired\":true,\"valueName\":\"search_term_string\"}}],\"inLanguage\":\"en-US\"},{\"@type\":\"Organization\",\"@id\":\"https:\\\/\\\/www.auxsons.com\\\/en\\\/#organization\",\"name\":\"#AuxSons\",\"url\":\"https:\\\/\\\/www.auxsons.com\\\/en\\\/\",\"logo\":{\"@type\":\"ImageObject\",\"inLanguage\":\"en-US\",\"@id\":\"https:\\\/\\\/www.auxsons.com\\\/en\\\/#\\\/schema\\\/logo\\\/image\\\/\",\"url\":\"https:\\\/\\\/www.auxsons.com\\\/wp-content\\\/uploads\\\/2018\\\/10\\\/logo-aux-sons@2x.png\",\"contentUrl\":\"https:\\\/\\\/www.auxsons.com\\\/wp-content\\\/uploads\\\/2018\\\/10\\\/logo-aux-sons@2x.png\",\"width\":320,\"height\":192,\"caption\":\"#AuxSons\"},\"image\":{\"@id\":\"https:\\\/\\\/www.auxsons.com\\\/en\\\/#\\\/schema\\\/logo\\\/image\\\/\"},\"sameAs\":[\"https:\\\/\\\/www.facebook.com\\\/auxsons\\\/\",\"https:\\\/\\\/x.com\\\/auxsons\",\"https:\\\/\\\/www.instagram.com\\\/auxsons\\\/\",\"https:\\\/\\\/www.youtube.com\\\/channel\\\/UC_NjOjgZNHW-6MaXKWavFKQ\"]}]}<\/script>\n<!-- \/ Yoast SEO plugin. -->","yoast_head_json":{"title":"Playlist du festival Le Grand Soufflet 2023 - #AuxSons","description":"Du 4 au 14 octobre 2023, le festival Le Grand Soufflet accueille 40 artistes en Ille-et-Vilaine. Fid\u00e8le \u00e0 l\u2019accord\u00e9on, son instrument fondateur, le","robots":{"index":"index","follow":"follow","max-snippet":"max-snippet:-1","max-image-preview":"max-image-preview:large","max-video-preview":"max-video-preview:-1"},"canonical":"https:\/\/www.auxsons.com\/en\/playlists\/playlist-du-festival-le-grand-soufflet-2023\/","og_locale":"en_US","og_type":"article","og_title":"Playlist du festival Le Grand Soufflet 2023 - #AuxSons","og_description":"Du 4 au 14 octobre 2023, le festival Le Grand Soufflet accueille 40 artistes en Ille-et-Vilaine. Fid\u00e8le \u00e0 l\u2019accord\u00e9on, son instrument fondateur, le","og_url":"https:\/\/www.auxsons.com\/en\/playlists\/playlist-du-festival-le-grand-soufflet-2023\/","og_site_name":"#AuxSons","article_publisher":"https:\/\/www.facebook.com\/auxsons\/","article_modified_time":"2023-10-11T08:53:54+00:00","og_image":[{"width":600,"height":848,"url":"https:\/\/www.auxsons.com\/wp-content\/uploads\/2023\/08\/20230523-lgsoufflet-aff-a3-l600px.jpg","type":"image\/jpeg"}],"twitter_card":"summary_large_image","twitter_site":"@auxsons","twitter_misc":{"Est. reading time":"3 minutes"},"schema":{"@context":"https:\/\/schema.org","@graph":[{"@type":"WebPage","@id":"https:\/\/www.auxsons.com\/en\/playlists\/playlist-du-festival-le-grand-soufflet-2023\/","url":"https:\/\/www.auxsons.com\/en\/playlists\/playlist-du-festival-le-grand-soufflet-2023\/","name":"Playlist du festival Le Grand Soufflet 2023 - #AuxSons","isPartOf":{"@id":"https:\/\/www.auxsons.com\/en\/#website"},"primaryImageOfPage":{"@id":"https:\/\/www.auxsons.com\/en\/playlists\/playlist-du-festival-le-grand-soufflet-2023\/#primaryimage"},"image":{"@id":"https:\/\/www.auxsons.com\/en\/playlists\/playlist-du-festival-le-grand-soufflet-2023\/#primaryimage"},"thumbnailUrl":"https:\/\/www.auxsons.com\/wp-content\/uploads\/2023\/08\/20230523-lgsoufflet-aff-a3-l600px.jpg","datePublished":"2023-09-28T12:48:08+00:00","dateModified":"2023-10-11T08:53:54+00:00","description":"Du 4 au 14 octobre 2023, le festival Le Grand Soufflet accueille 40 artistes en Ille-et-Vilaine. Fid\u00e8le \u00e0 l\u2019accord\u00e9on, son instrument fondateur, le","breadcrumb":{"@id":"https:\/\/www.auxsons.com\/en\/playlists\/playlist-du-festival-le-grand-soufflet-2023\/#breadcrumb"},"inLanguage":"en-US","potentialAction":[{"@type":"ReadAction","target":["https:\/\/www.auxsons.com\/en\/playlists\/playlist-du-festival-le-grand-soufflet-2023\/"]}]},{"@type":"ImageObject","inLanguage":"en-US","@id":"https:\/\/www.auxsons.com\/en\/playlists\/playlist-du-festival-le-grand-soufflet-2023\/#primaryimage","url":"https:\/\/www.auxsons.com\/wp-content\/uploads\/2023\/08\/20230523-lgsoufflet-aff-a3-l600px.jpg","contentUrl":"https:\/\/www.auxsons.com\/wp-content\/uploads\/2023\/08\/20230523-lgsoufflet-aff-a3-l600px.jpg","width":600,"height":848},{"@type":"BreadcrumbList","@id":"https:\/\/www.auxsons.com\/en\/playlists\/playlist-du-festival-le-grand-soufflet-2023\/#breadcrumb","itemListElement":[{"@type":"ListItem","position":1,"name":"Accueil","item":"https:\/\/www.auxsons.com\/en\/"},{"@type":"ListItem","position":2,"name":"Playlists","item":"https:\/\/www.auxsons.com\/en\/playlists\/"},{"@type":"ListItem","position":3,"name":"Playlist du festival Le Grand Soufflet 2023"}]},{"@type":"WebSite","@id":"https:\/\/www.auxsons.com\/en\/#website","url":"https:\/\/www.auxsons.com\/en\/","name":"#AuxSons","description":"Musiques &amp; Vibrations du Monde","publisher":{"@id":"https:\/\/www.auxsons.com\/en\/#organization"},"potentialAction":[{"@type":"SearchAction","target":{"@type":"EntryPoint","urlTemplate":"https:\/\/www.auxsons.com\/en\/?s={search_term_string}"},"query-input":{"@type":"PropertyValueSpecification","valueRequired":true,"valueName":"search_term_string"}}],"inLanguage":"en-US"},{"@type":"Organization","@id":"https:\/\/www.auxsons.com\/en\/#organization","name":"#AuxSons","url":"https:\/\/www.auxsons.com\/en\/","logo":{"@type":"ImageObject","inLanguage":"en-US","@id":"https:\/\/www.auxsons.com\/en\/#\/schema\/logo\/image\/","url":"https:\/\/www.auxsons.com\/wp-content\/uploads\/2018\/10\/logo-aux-sons@2x.png","contentUrl":"https:\/\/www.auxsons.com\/wp-content\/uploads\/2018\/10\/logo-aux-sons@2x.png","width":320,"height":192,"caption":"#AuxSons"},"image":{"@id":"https:\/\/www.auxsons.com\/en\/#\/schema\/logo\/image\/"},"sameAs":["https:\/\/www.facebook.com\/auxsons\/","https:\/\/x.com\/auxsons","https:\/\/www.instagram.com\/auxsons\/","https:\/\/www.youtube.com\/channel\/UC_NjOjgZNHW-6MaXKWavFKQ"]}]}},"_links":{"self":[{"href":"https:\/\/www.auxsons.com\/en\/wp-json\/wp\/v2\/playlist\/39937","targetHints":{"allow":["GET"]}}],"collection":[{"href":"https:\/\/www.auxsons.com\/en\/wp-json\/wp\/v2\/playlist"}],"about":[{"href":"https:\/\/www.auxsons.com\/en\/wp-json\/wp\/v2\/types\/playlist"}],"author":[{"embeddable":true,"href":"https:\/\/www.auxsons.com\/en\/wp-json\/wp\/v2\/users\/271"}],"version-history":[{"count":0,"href":"https:\/\/www.auxsons.com\/en\/wp-json\/wp\/v2\/playlist\/39937\/revisions"}],"wp:featuredmedia":[{"embeddable":true,"href":"https:\/\/www.auxsons.com\/en\/wp-json\/wp\/v2\/media\/39942"}],"wp:attachment":[{"href":"https:\/\/www.auxsons.com\/en\/wp-json\/wp\/v2\/media?parent=39937"}],"curies":[{"name":"wp","href":"https:\/\/api.w.org\/{rel}","templated":true}]}}