{"id":39518,"date":"2023-09-07T15:35:20","date_gmt":"2023-09-07T13:35:20","guid":{"rendered":"https:\/\/www.auxsons.com\/?post_type=playlist&#038;p=39518"},"modified":"2023-09-07T15:49:13","modified_gmt":"2023-09-07T13:49:13","slug":"playlist-de-meral-polat-trio","status":"publish","type":"playlist","link":"https:\/\/www.auxsons.com\/en\/playlists\/playlist-de-meral-polat-trio\/","title":{"rendered":"Playlist de Meral Polat&nbsp;Trio"},"content":{"rendered":"<p class=\"p1\">Meral Polat Trio c\u2019est un voyage \u00e0 travers la musique folk anatolienne contemporaine, les sonorit\u00e9s kurdes et les racines du blues, en s\u2019ancrant dans les po\u00e8mes du p\u00e8re de Meral, Ali \u0130hsan&nbsp;Polat.<\/p>\n<p class=\"p1\">Pour planter le d\u00e9cor de sa playlist le trio fait appel \u00e0 R\u00fbm\u00ee, philosophe parmi les po\u00e8tes soufi les plus influents : <em>\u00ab<span class=\"Apple-converted-space\"> Au-del\u00e0 des id\u00e9es de mal faire et de bien faire, il y a un terrain. C\u2019est l\u00e0-bas que je vous retrouverai. <\/span>\u00bb<\/em><\/p>\n<div id=\"title\" class=\"style-scope ytd-watch-metadata\">\n<p class=\"style-scope ytd-watch-metadata\"><strong>1. T\u00fclay German -<em> Dere Geliyor Dere<\/em><\/strong><\/p>\n<\/div>\n<p><strong>2. \u00d6zdemir Erdogan - <em>Gurbet<\/em><\/strong><\/p>\n<p><strong>3. Komitas - <em>Krunk&nbsp;<\/em><\/strong><\/p>\n<p><em>(ndlr : titre disponible uniquement sur Youtube et Youtube Music, remplac\u00e9 par un autre titre du m\u00eame artiste sur Spotify et Deezer)<\/em><\/p>\n<p><strong>4. Nina Simone - <em>Who Knows Where the Time&nbsp;Goes<\/em><\/strong><\/p>\n<p><strong>5. Tinariwen - <em>Tiw\u00e0yyen<\/em><\/strong><\/p>\n<p><strong>6. Tom Waits - <em>Make It&nbsp;Rain<\/em><\/strong><\/p>\n<p><strong>7. Fela Kuti - <em>Expensive Shit<\/em><\/strong><\/p>\n<p><strong>8. Omar Suleyman - <em>Warni Warni&nbsp;<\/em><\/strong><\/p>\n<p><strong>9. Imarhan - <em>Tahabort<\/em><\/strong><\/p>\n<p><strong>10. Derdiyoklar - <em>Salinada Y\u00fcr\u00fc<\/em><\/strong><\/p>\n<p><em>(ndlr : titre disponible uniquement sur Youtube et Youtube Music, remplac\u00e9 par un autre titre du m\u00eame artiste sur Spotify et Deezer)<\/em><\/p>\n<p><em>Bonus<\/em><\/p>\n<p><strong>11. Mahsuni Serif - <em>Nem Kaldi<\/em><\/strong><\/p>\n","protected":false},"excerpt":{"rendered":"<p>Meral Polat Trio c\u2019est un voyage \u00e0 travers la musique folk anatolienne contemporaine, les sonorit\u00e9s kurdes et les racines du blues, en s\u2019ancrant dans les po\u00e8mes du p\u00e8re de Meral, Ali \u0130hsan&nbsp;Polat. Pour planter le d\u00e9cor de sa playlist le trio fait appel \u00e0 R\u00fbm\u00ee, philosophe parmi les po\u00e8tes soufi les plus influents&nbsp;:&nbsp;\u00ab<\/p>\n","protected":false},"author":271,"featured_media":39564,"template":"","meta":{"_acf_changed":false,"wp_typography_post_enhancements_disabled":false,"footnotes":""},"class_list":["post-39518","playlist","type-playlist","status-publish","has-post-thumbnail","hentry"],"acf":[],"yoast_head":"<!-- This site is optimized with the Yoast SEO plugin v27.5 - https:\/\/yoast.com\/product\/yoast-seo-wordpress\/ -->\n<title>Playlist de Meral Polat Trio - #AuxSons<\/title>\n<meta name=\"description\" content=\"Meral Polat Trio c&#039;est un voyage \u00e0 travers la musique folk anatolienne contemporaine, les sonorit\u00e9s kurdes et les racines du blues, en s&#039;ancrant dans les\" \/>\n<meta name=\"robots\" content=\"index, follow, max-snippet:-1, max-image-preview:large, max-video-preview:-1\" \/>\n<link rel=\"canonical\" href=\"https:\/\/www.auxsons.com\/en\/playlists\/playlist-de-meral-polat-trio\/\" \/>\n<meta property=\"og:locale\" content=\"en_US\" \/>\n<meta property=\"og:type\" content=\"article\" \/>\n<meta property=\"og:title\" content=\"Playlist de Meral Polat Trio - #AuxSons\" \/>\n<meta property=\"og:description\" content=\"Meral Polat Trio c&#039;est un voyage \u00e0 travers la musique folk anatolienne contemporaine, les sonorit\u00e9s kurdes et les racines du blues, en s&#039;ancrant dans les\" \/>\n<meta property=\"og:url\" content=\"https:\/\/www.auxsons.com\/en\/playlists\/playlist-de-meral-polat-trio\/\" \/>\n<meta property=\"og:site_name\" content=\"#AuxSons\" \/>\n<meta property=\"article:publisher\" content=\"https:\/\/www.facebook.com\/auxsons\/\" \/>\n<meta property=\"article:modified_time\" content=\"2023-09-07T13:49:13+00:00\" \/>\n<meta property=\"og:image\" content=\"https:\/\/www.auxsons.com\/wp-content\/uploads\/2023\/08\/meral-polat-trio-live-foto-cidgem-yuksel-5p2a0274-scaled.jpg\" \/>\n\t<meta property=\"og:image:width\" content=\"1920\" \/>\n\t<meta property=\"og:image:height\" content=\"1280\" \/>\n\t<meta property=\"og:image:type\" content=\"image\/jpeg\" \/>\n<meta name=\"twitter:card\" content=\"summary_large_image\" \/>\n<meta name=\"twitter:site\" content=\"@auxsons\" \/>\n<meta name=\"twitter:label1\" content=\"Est. reading time\" \/>\n\t<meta name=\"twitter:data1\" content=\"1 minute\" \/>\n<script type=\"application\/ld+json\" class=\"yoast-schema-graph\">{\"@context\":\"https:\\\/\\\/schema.org\",\"@graph\":[{\"@type\":\"WebPage\",\"@id\":\"https:\\\/\\\/www.auxsons.com\\\/en\\\/playlists\\\/playlist-de-meral-polat-trio\\\/\",\"url\":\"https:\\\/\\\/www.auxsons.com\\\/en\\\/playlists\\\/playlist-de-meral-polat-trio\\\/\",\"name\":\"Playlist de Meral Polat Trio - #AuxSons\",\"isPartOf\":{\"@id\":\"https:\\\/\\\/www.auxsons.com\\\/en\\\/#website\"},\"primaryImageOfPage\":{\"@id\":\"https:\\\/\\\/www.auxsons.com\\\/en\\\/playlists\\\/playlist-de-meral-polat-trio\\\/#primaryimage\"},\"image\":{\"@id\":\"https:\\\/\\\/www.auxsons.com\\\/en\\\/playlists\\\/playlist-de-meral-polat-trio\\\/#primaryimage\"},\"thumbnailUrl\":\"https:\\\/\\\/www.auxsons.com\\\/wp-content\\\/uploads\\\/2023\\\/08\\\/meral-polat-trio-live-foto-cidgem-yuksel-5p2a0274-scaled.jpg\",\"datePublished\":\"2023-09-07T13:35:20+00:00\",\"dateModified\":\"2023-09-07T13:49:13+00:00\",\"description\":\"Meral Polat Trio c'est un voyage \u00e0 travers la musique folk anatolienne contemporaine, les sonorit\u00e9s kurdes et les racines du blues, en s'ancrant dans les\",\"breadcrumb\":{\"@id\":\"https:\\\/\\\/www.auxsons.com\\\/en\\\/playlists\\\/playlist-de-meral-polat-trio\\\/#breadcrumb\"},\"inLanguage\":\"en-US\",\"potentialAction\":[{\"@type\":\"ReadAction\",\"target\":[\"https:\\\/\\\/www.auxsons.com\\\/en\\\/playlists\\\/playlist-de-meral-polat-trio\\\/\"]}]},{\"@type\":\"ImageObject\",\"inLanguage\":\"en-US\",\"@id\":\"https:\\\/\\\/www.auxsons.com\\\/en\\\/playlists\\\/playlist-de-meral-polat-trio\\\/#primaryimage\",\"url\":\"https:\\\/\\\/www.auxsons.com\\\/wp-content\\\/uploads\\\/2023\\\/08\\\/meral-polat-trio-live-foto-cidgem-yuksel-5p2a0274-scaled.jpg\",\"contentUrl\":\"https:\\\/\\\/www.auxsons.com\\\/wp-content\\\/uploads\\\/2023\\\/08\\\/meral-polat-trio-live-foto-cidgem-yuksel-5p2a0274-scaled.jpg\",\"width\":1920,\"height\":1280,\"caption\":\"Meral Polat Trio Live - \u00a9 Cidgem Yuksel\"},{\"@type\":\"BreadcrumbList\",\"@id\":\"https:\\\/\\\/www.auxsons.com\\\/en\\\/playlists\\\/playlist-de-meral-polat-trio\\\/#breadcrumb\",\"itemListElement\":[{\"@type\":\"ListItem\",\"position\":1,\"name\":\"Accueil\",\"item\":\"https:\\\/\\\/www.auxsons.com\\\/en\\\/\"},{\"@type\":\"ListItem\",\"position\":2,\"name\":\"Playlists\",\"item\":\"https:\\\/\\\/www.auxsons.com\\\/en\\\/playlists\\\/\"},{\"@type\":\"ListItem\",\"position\":3,\"name\":\"Playlist de Meral Polat Trio\"}]},{\"@type\":\"WebSite\",\"@id\":\"https:\\\/\\\/www.auxsons.com\\\/en\\\/#website\",\"url\":\"https:\\\/\\\/www.auxsons.com\\\/en\\\/\",\"name\":\"#AuxSons\",\"description\":\"Musiques &amp; Vibrations du Monde\",\"publisher\":{\"@id\":\"https:\\\/\\\/www.auxsons.com\\\/en\\\/#organization\"},\"potentialAction\":[{\"@type\":\"SearchAction\",\"target\":{\"@type\":\"EntryPoint\",\"urlTemplate\":\"https:\\\/\\\/www.auxsons.com\\\/en\\\/?s={search_term_string}\"},\"query-input\":{\"@type\":\"PropertyValueSpecification\",\"valueRequired\":true,\"valueName\":\"search_term_string\"}}],\"inLanguage\":\"en-US\"},{\"@type\":\"Organization\",\"@id\":\"https:\\\/\\\/www.auxsons.com\\\/en\\\/#organization\",\"name\":\"#AuxSons\",\"url\":\"https:\\\/\\\/www.auxsons.com\\\/en\\\/\",\"logo\":{\"@type\":\"ImageObject\",\"inLanguage\":\"en-US\",\"@id\":\"https:\\\/\\\/www.auxsons.com\\\/en\\\/#\\\/schema\\\/logo\\\/image\\\/\",\"url\":\"https:\\\/\\\/www.auxsons.com\\\/wp-content\\\/uploads\\\/2018\\\/10\\\/logo-aux-sons@2x.png\",\"contentUrl\":\"https:\\\/\\\/www.auxsons.com\\\/wp-content\\\/uploads\\\/2018\\\/10\\\/logo-aux-sons@2x.png\",\"width\":320,\"height\":192,\"caption\":\"#AuxSons\"},\"image\":{\"@id\":\"https:\\\/\\\/www.auxsons.com\\\/en\\\/#\\\/schema\\\/logo\\\/image\\\/\"},\"sameAs\":[\"https:\\\/\\\/www.facebook.com\\\/auxsons\\\/\",\"https:\\\/\\\/x.com\\\/auxsons\",\"https:\\\/\\\/www.instagram.com\\\/auxsons\\\/\",\"https:\\\/\\\/www.youtube.com\\\/channel\\\/UC_NjOjgZNHW-6MaXKWavFKQ\"]}]}<\/script>\n<!-- \/ Yoast SEO plugin. -->","yoast_head_json":{"title":"Playlist de Meral Polat Trio - #AuxSons","description":"Meral Polat Trio c'est un voyage \u00e0 travers la musique folk anatolienne contemporaine, les sonorit\u00e9s kurdes et les racines du blues, en s'ancrant dans les","robots":{"index":"index","follow":"follow","max-snippet":"max-snippet:-1","max-image-preview":"max-image-preview:large","max-video-preview":"max-video-preview:-1"},"canonical":"https:\/\/www.auxsons.com\/en\/playlists\/playlist-de-meral-polat-trio\/","og_locale":"en_US","og_type":"article","og_title":"Playlist de Meral Polat Trio - #AuxSons","og_description":"Meral Polat Trio c'est un voyage \u00e0 travers la musique folk anatolienne contemporaine, les sonorit\u00e9s kurdes et les racines du blues, en s'ancrant dans les","og_url":"https:\/\/www.auxsons.com\/en\/playlists\/playlist-de-meral-polat-trio\/","og_site_name":"#AuxSons","article_publisher":"https:\/\/www.facebook.com\/auxsons\/","article_modified_time":"2023-09-07T13:49:13+00:00","og_image":[{"width":1920,"height":1280,"url":"https:\/\/www.auxsons.com\/wp-content\/uploads\/2023\/08\/meral-polat-trio-live-foto-cidgem-yuksel-5p2a0274-scaled.jpg","type":"image\/jpeg"}],"twitter_card":"summary_large_image","twitter_site":"@auxsons","twitter_misc":{"Est. reading time":"1 minute"},"schema":{"@context":"https:\/\/schema.org","@graph":[{"@type":"WebPage","@id":"https:\/\/www.auxsons.com\/en\/playlists\/playlist-de-meral-polat-trio\/","url":"https:\/\/www.auxsons.com\/en\/playlists\/playlist-de-meral-polat-trio\/","name":"Playlist de Meral Polat Trio - #AuxSons","isPartOf":{"@id":"https:\/\/www.auxsons.com\/en\/#website"},"primaryImageOfPage":{"@id":"https:\/\/www.auxsons.com\/en\/playlists\/playlist-de-meral-polat-trio\/#primaryimage"},"image":{"@id":"https:\/\/www.auxsons.com\/en\/playlists\/playlist-de-meral-polat-trio\/#primaryimage"},"thumbnailUrl":"https:\/\/www.auxsons.com\/wp-content\/uploads\/2023\/08\/meral-polat-trio-live-foto-cidgem-yuksel-5p2a0274-scaled.jpg","datePublished":"2023-09-07T13:35:20+00:00","dateModified":"2023-09-07T13:49:13+00:00","description":"Meral Polat Trio c'est un voyage \u00e0 travers la musique folk anatolienne contemporaine, les sonorit\u00e9s kurdes et les racines du blues, en s'ancrant dans les","breadcrumb":{"@id":"https:\/\/www.auxsons.com\/en\/playlists\/playlist-de-meral-polat-trio\/#breadcrumb"},"inLanguage":"en-US","potentialAction":[{"@type":"ReadAction","target":["https:\/\/www.auxsons.com\/en\/playlists\/playlist-de-meral-polat-trio\/"]}]},{"@type":"ImageObject","inLanguage":"en-US","@id":"https:\/\/www.auxsons.com\/en\/playlists\/playlist-de-meral-polat-trio\/#primaryimage","url":"https:\/\/www.auxsons.com\/wp-content\/uploads\/2023\/08\/meral-polat-trio-live-foto-cidgem-yuksel-5p2a0274-scaled.jpg","contentUrl":"https:\/\/www.auxsons.com\/wp-content\/uploads\/2023\/08\/meral-polat-trio-live-foto-cidgem-yuksel-5p2a0274-scaled.jpg","width":1920,"height":1280,"caption":"Meral Polat Trio Live - \u00a9 Cidgem Yuksel"},{"@type":"BreadcrumbList","@id":"https:\/\/www.auxsons.com\/en\/playlists\/playlist-de-meral-polat-trio\/#breadcrumb","itemListElement":[{"@type":"ListItem","position":1,"name":"Accueil","item":"https:\/\/www.auxsons.com\/en\/"},{"@type":"ListItem","position":2,"name":"Playlists","item":"https:\/\/www.auxsons.com\/en\/playlists\/"},{"@type":"ListItem","position":3,"name":"Playlist de Meral Polat Trio"}]},{"@type":"WebSite","@id":"https:\/\/www.auxsons.com\/en\/#website","url":"https:\/\/www.auxsons.com\/en\/","name":"#AuxSons","description":"Musiques &amp; Vibrations du Monde","publisher":{"@id":"https:\/\/www.auxsons.com\/en\/#organization"},"potentialAction":[{"@type":"SearchAction","target":{"@type":"EntryPoint","urlTemplate":"https:\/\/www.auxsons.com\/en\/?s={search_term_string}"},"query-input":{"@type":"PropertyValueSpecification","valueRequired":true,"valueName":"search_term_string"}}],"inLanguage":"en-US"},{"@type":"Organization","@id":"https:\/\/www.auxsons.com\/en\/#organization","name":"#AuxSons","url":"https:\/\/www.auxsons.com\/en\/","logo":{"@type":"ImageObject","inLanguage":"en-US","@id":"https:\/\/www.auxsons.com\/en\/#\/schema\/logo\/image\/","url":"https:\/\/www.auxsons.com\/wp-content\/uploads\/2018\/10\/logo-aux-sons@2x.png","contentUrl":"https:\/\/www.auxsons.com\/wp-content\/uploads\/2018\/10\/logo-aux-sons@2x.png","width":320,"height":192,"caption":"#AuxSons"},"image":{"@id":"https:\/\/www.auxsons.com\/en\/#\/schema\/logo\/image\/"},"sameAs":["https:\/\/www.facebook.com\/auxsons\/","https:\/\/x.com\/auxsons","https:\/\/www.instagram.com\/auxsons\/","https:\/\/www.youtube.com\/channel\/UC_NjOjgZNHW-6MaXKWavFKQ"]}]}},"_links":{"self":[{"href":"https:\/\/www.auxsons.com\/en\/wp-json\/wp\/v2\/playlist\/39518","targetHints":{"allow":["GET"]}}],"collection":[{"href":"https:\/\/www.auxsons.com\/en\/wp-json\/wp\/v2\/playlist"}],"about":[{"href":"https:\/\/www.auxsons.com\/en\/wp-json\/wp\/v2\/types\/playlist"}],"author":[{"embeddable":true,"href":"https:\/\/www.auxsons.com\/en\/wp-json\/wp\/v2\/users\/271"}],"version-history":[{"count":0,"href":"https:\/\/www.auxsons.com\/en\/wp-json\/wp\/v2\/playlist\/39518\/revisions"}],"wp:featuredmedia":[{"embeddable":true,"href":"https:\/\/www.auxsons.com\/en\/wp-json\/wp\/v2\/media\/39564"}],"wp:attachment":[{"href":"https:\/\/www.auxsons.com\/en\/wp-json\/wp\/v2\/media?parent=39518"}],"curies":[{"name":"wp","href":"https:\/\/api.w.org\/{rel}","templated":true}]}}