{"id":26002,"date":"2022-12-07T17:46:53","date_gmt":"2022-12-07T16:46:53","guid":{"rendered":"https:\/\/www.auxsons.com\/?post_type=playlist&#038;p=26002"},"modified":"2022-12-07T17:46:53","modified_gmt":"2022-12-07T16:46:53","slug":"playlist-du-collectif-medz-bazar","status":"publish","type":"playlist","link":"https:\/\/www.auxsons.com\/en\/playlists\/playlist-du-collectif-medz-bazar\/","title":{"rendered":"Playlist du Collectif Medz&nbsp;Bazar"},"content":{"rendered":"<p>Le Collectif Medz Bazar est un ensemble de musiciens de cultures arm\u00e9nienne, turque, fran\u00e7aise et am\u00e9ricaine. Puisant dans leurs traditions respectives ainsi que dans celles de cultures avoisinantes, ils cr\u00e9ent des arrangements originaux de musiques populaires tout comme des compositions de leur propre cru, qui abordent des questions sociales et d\u00e9fient les fronti\u00e8res politiques et culturelles.<\/p>\n<p>Pour f\u00eater leurs 10 ans d\u2019existence, rendez-vous&nbsp;<a href=\"https:\/\/www.auxsons.com\/agenda\/?oaq%5Buid%5D=45914965\" target=\"_blank\" rel=\"noopener\"><strong> \u00e0 la Marbrerie (Montreuil) &nbsp;le 10 d\u00e9cembre 2022,<\/strong><\/a> o\u00f9 le quintette invite d\u2019autres musiciens pour un bal d\u00e9jant\u00e9 : danse arm\u00e9nienne, grecque ou kurde, rythmes v\u00e9n\u00e9zu\u00e9liens, mazurka auvergnate, ou valse&nbsp;cajun.<\/p>\n<p>Avant ces r\u00e9jouissances anniversaires, le Collectif Medz Bazar s\u2019est pr\u00eat\u00e9 au jeu de la Playlist #AuxSons :<\/p>\n<p><span class=\"dquo\">\u201c<\/span><em>Le Collectif <span class=\"il\">Medz<\/span>&nbsp;<span class=\"il\">Bazar<\/span> a le plaisir de partager avec vous un vari\u00e9t\u00e9 de voix qui les inspirent. Si certaines de ces voix puisent dans les profondeurs de la tradition, toutes s\u2019inscrivent dans un pr\u00e9sent d\u00e9cal\u00e9 par rapport \u00e0 la norme, et proposent un chemin propre, os\u00e9, g\u00e9n\u00e9reux. La vari\u00e9t\u00e9 de langues pr\u00e9sente dans cette liste t\u00e9moigne du m\u00e9tissage qui fait la richesse de nos temps, et qui est devenu notre h\u00e9ritage commun. Tous les artistes que nous vous proposons font le pont entre les cultures, parfois entre cultures qui ne sont pas encourag\u00e9es \u00e0 se c\u00f4toyer.<\/em> \u201d<\/p>\n<div><strong>1.&nbsp;<span style=\"color: #000000;\">Damakase - <em>W<\/em><\/span><\/strong><span style=\"color: #000000;\"><span style=\"color: #000000;\"><span style=\"color: #000000;\"><strong><em>assorai Asho&nbsp;Mada<\/em><\/strong><br>\n<em>\u201cUne musique qui surgit d\u2019un m\u00e9tissage naturel, on se laisse volontiers emporter dans le groove et les harmonies.\u201d<\/em><\/span><\/span><\/span><\/div>\n<div><\/div>\n<div><strong>2<\/strong><strong style=\"background-color: var(--bs-body-bg); color: var(--bs-body-color); font-family: var(--bs-body-font-family); font-size: var(--bs-body-font-size); text-align: var(--bs-body-text-align);\"><span style=\"color: #000000;\">. Sopa de Pedra - <\/span><\/strong><span style=\"color: #000000;\"><em><strong>A Praga<\/strong><\/em><\/span><\/div>\n<div>\n<p><span style=\"color: #000000;\"><span style=\"color: #000000;\"><em><span class=\"dquo\">\u201c<\/span>Un collectif de dix chanteuses portugaises, qui puisent dans la tradition vocale pour l\u2019emmener dans un univers harmonique unique et d\u00e9taill\u00e9. Ce morceau, compos\u00e9 au printemps 2020, fait \u00e9cho aux temps que nous traversons.\u201d<\/em><\/span><\/span><\/p>\n<p><strong>3<\/strong><strong>.&nbsp;<\/strong><strong>Luna Silva -<em> Breathe Out<br>\n<\/em><\/strong><em style=\"background-color: var(--bs-body-bg); color: var(--bs-body-color); font-family: var(--bs-body-font-family); font-size: var(--bs-body-font-size); font-weight: var(--bs-body-font-weight); text-align: var(--bs-body-text-align);\">\u201cUne chanson envo\u00fbtante avec un arrangement riche et une voix engag\u00e9e.\u201d<\/em><\/p>\n<div>\n<p><strong>4. Las Lloronas - <em>Lagrimas<\/em><\/strong><br>\n<em>\u201cUn voyage d\u00e9licat, de belles voix, les langues se c\u00f4toient.\u201d<\/em><\/p>\n<p><strong>5. Ezhel - <em>Mayrig<\/em><\/strong><br>\n\u201cEzhel est un rappeur, chanteur et instrumentiste embl\u00e9matique parmi les voix dissonantes en Turquie. Ce morceau est un hommage au journaliste arm\u00e9nien Hrant Dink, assassin\u00e9 en&nbsp;2007.\u201d<\/p>\n<p><strong>6. Leyla Mc Calla - <em>Money is&nbsp;King<\/em><\/strong><br>\n<em>\u201cCette chanteuse tr\u00e8s engag\u00e9e offre une musique \u00e0 la fois simple et tr\u00e8s croquante. Encore une voix dissonante de nos temps, tout en&nbsp;danse.\u201d<\/em><\/p>\n<p><strong>7.&nbsp;<span style=\"color: #000000;\">Mathieu Boogaerts -&nbsp;<\/span><\/strong><span style=\"color: #000000;\"><strong><em>Paloma<\/em><\/strong><\/span><\/p>\n<\/div>\n<div>\n<p><span style=\"color: #000000;\"><em><span class=\"dquo\">\u201c<\/span>Un artiste qui s\u2019offre une libert\u00e9 incroyable dans l\u2019\u00e9criture, dans les arrangements et dans l\u2019interpr\u00e9tation de ses chansons.\u201d<\/em><\/span><\/p>\n<p><strong>8.&nbsp;<\/strong><strong><span style=\"color: #000000;\">Ne\u015fet Erta<\/span><\/strong><span style=\"color: #000000;\"><strong>\u015f&nbsp;- <em>Neredesin Sen<\/em><\/strong><br>\n<\/span><\/p>\n<div>\n<p><em><span style=\"color: #000000;\"><span class=\"dquo\">\u201c<\/span>Ne\u015fet Erta\u015f est un troubadour et po\u00e8te&nbsp;<\/span><span style=\"color: #000000;\">incontournable&nbsp;de la Turquie contemporaine<\/span><span style=\"color: #000000;\">. Sa voix et&nbsp;son&nbsp;jeu uniques ainsi que ses textes touchant le fond de l\u2019\u00e2me humaine en font&nbsp;<\/span><\/em><span style=\"color: #000000;\"><em>une des r\u00e9f\u00e9rences oblig\u00e9es du Collectif.\u201d<\/em><\/span><\/p>\n<p><strong>9.&nbsp;<\/strong><strong><span style=\"color: #000000;\">Kotchnak -<em>&nbsp;<\/em><\/span><\/strong><span style=\"color: #000000;\"><strong><em>Medjloumi Pes<\/em><\/strong><br>\n<em>\u201cL\u2019ensemble Kotchnak a su porter la tradition du chant modal arm\u00e9nien et la rendre \u00e0 la fois vivante et <\/em><\/span><em><span style=\"color: #000000;\">chaleureuse dans un contexte de diaspora. Ce chant vient du r\u00e9pertoire du grand troubadour<\/span><span style=\"color: #000000;\">&nbsp;du XVIIIe si\u00e8cle&nbsp;<\/span><\/em><span style=\"color: #000000;\"><em>Sayat Nova.\u201d<\/em><\/span><\/p>\n<p><strong>10.&nbsp;<\/strong><strong>Vassilis Tsitsanis -<em> Katse n Akouseis mia&nbsp;Penia&nbsp;<\/em><\/strong><br>\n<em>\u201cVassilis Tsitsanis est une des voix fondatrices de la <strong><a href=\"https:\/\/www.auxsons.com\/en\/breves\/sounds-of-the-world-proletarian-folk-greek-rebetiko-as-working-class-resistance-and-cultural-mixing\/\" target=\"_blank\" rel=\"noopener\">musique r\u00e9b\u00e9tiko<\/a><\/strong> moderne.\u201d<\/em><\/p>\n<\/div>\n<\/div>\n<\/div>\n<div><\/div>\n","protected":false},"excerpt":{"rendered":"<p>Le Collectif Medz Bazar est un ensemble de musiciens de cultures arm\u00e9nienne, turque, fran\u00e7aise et am\u00e9ricaine. Puisant dans leurs traditions respectives ainsi que dans celles de cultures avoisinantes, ils cr\u00e9ent des arrangements originaux de musiques populaires tout comme des compositions de leur propre cru, qui abordent des questions sociales et d\u00e9fient les fronti\u00e8res politiques et<\/p>\n","protected":false},"author":271,"featured_media":26003,"template":"","meta":{"_acf_changed":false,"wp_typography_post_enhancements_disabled":false,"footnotes":""},"class_list":["post-26002","playlist","type-playlist","status-publish","has-post-thumbnail","hentry"],"acf":[],"yoast_head":"<!-- This site is optimized with the Yoast SEO plugin v27.5 - https:\/\/yoast.com\/product\/yoast-seo-wordpress\/ -->\n<title>Playlist du Collectif Medz\u00a0Bazar - #AuxSons<\/title>\n<meta name=\"description\" content=\"Le Collectif Medz Bazar est un ensemble de musiciens de cultures arm\u00e9nienne, turque, fran\u00e7aise et am\u00e9ricaine. Puisant dans leurs traditions respectives\" \/>\n<meta name=\"robots\" content=\"index, follow, max-snippet:-1, max-image-preview:large, max-video-preview:-1\" \/>\n<link rel=\"canonical\" href=\"https:\/\/www.auxsons.com\/en\/playlists\/playlist-du-collectif-medz-bazar\/\" \/>\n<meta property=\"og:locale\" content=\"en_US\" \/>\n<meta property=\"og:type\" content=\"article\" \/>\n<meta property=\"og:title\" content=\"Playlist du Collectif Medz\u00a0Bazar - #AuxSons\" \/>\n<meta property=\"og:description\" content=\"Le Collectif Medz Bazar est un ensemble de musiciens de cultures arm\u00e9nienne, turque, fran\u00e7aise et am\u00e9ricaine. Puisant dans leurs traditions respectives\" \/>\n<meta property=\"og:url\" content=\"https:\/\/www.auxsons.com\/en\/playlists\/playlist-du-collectif-medz-bazar\/\" \/>\n<meta property=\"og:site_name\" content=\"#AuxSons\" \/>\n<meta property=\"article:publisher\" content=\"https:\/\/www.facebook.com\/auxsons\/\" \/>\n<meta property=\"og:image\" content=\"https:\/\/www.auxsons.com\/wp-content\/uploads\/2022\/11\/medz-bazar1393-louis-niermans.jpg\" \/>\n\t<meta property=\"og:image:width\" content=\"1499\" \/>\n\t<meta property=\"og:image:height\" content=\"1000\" \/>\n\t<meta property=\"og:image:type\" content=\"image\/jpeg\" \/>\n<meta name=\"twitter:card\" content=\"summary_large_image\" \/>\n<meta name=\"twitter:site\" content=\"@auxsons\" \/>\n<meta name=\"twitter:label1\" content=\"Est. reading time\" \/>\n\t<meta name=\"twitter:data1\" content=\"3 minutes\" \/>\n<script type=\"application\/ld+json\" class=\"yoast-schema-graph\">{\"@context\":\"https:\\\/\\\/schema.org\",\"@graph\":[{\"@type\":\"WebPage\",\"@id\":\"https:\\\/\\\/www.auxsons.com\\\/en\\\/playlists\\\/playlist-du-collectif-medz-bazar\\\/\",\"url\":\"https:\\\/\\\/www.auxsons.com\\\/en\\\/playlists\\\/playlist-du-collectif-medz-bazar\\\/\",\"name\":\"Playlist du Collectif Medz\u00a0Bazar - #AuxSons\",\"isPartOf\":{\"@id\":\"https:\\\/\\\/www.auxsons.com\\\/en\\\/#website\"},\"primaryImageOfPage\":{\"@id\":\"https:\\\/\\\/www.auxsons.com\\\/en\\\/playlists\\\/playlist-du-collectif-medz-bazar\\\/#primaryimage\"},\"image\":{\"@id\":\"https:\\\/\\\/www.auxsons.com\\\/en\\\/playlists\\\/playlist-du-collectif-medz-bazar\\\/#primaryimage\"},\"thumbnailUrl\":\"https:\\\/\\\/www.auxsons.com\\\/wp-content\\\/uploads\\\/2022\\\/11\\\/medz-bazar1393-louis-niermans.jpg\",\"datePublished\":\"2022-12-07T16:46:53+00:00\",\"description\":\"Le Collectif Medz Bazar est un ensemble de musiciens de cultures arm\u00e9nienne, turque, fran\u00e7aise et am\u00e9ricaine. Puisant dans leurs traditions respectives\",\"breadcrumb\":{\"@id\":\"https:\\\/\\\/www.auxsons.com\\\/en\\\/playlists\\\/playlist-du-collectif-medz-bazar\\\/#breadcrumb\"},\"inLanguage\":\"en-US\",\"potentialAction\":[{\"@type\":\"ReadAction\",\"target\":[\"https:\\\/\\\/www.auxsons.com\\\/en\\\/playlists\\\/playlist-du-collectif-medz-bazar\\\/\"]}]},{\"@type\":\"ImageObject\",\"inLanguage\":\"en-US\",\"@id\":\"https:\\\/\\\/www.auxsons.com\\\/en\\\/playlists\\\/playlist-du-collectif-medz-bazar\\\/#primaryimage\",\"url\":\"https:\\\/\\\/www.auxsons.com\\\/wp-content\\\/uploads\\\/2022\\\/11\\\/medz-bazar1393-louis-niermans.jpg\",\"contentUrl\":\"https:\\\/\\\/www.auxsons.com\\\/wp-content\\\/uploads\\\/2022\\\/11\\\/medz-bazar1393-louis-niermans.jpg\",\"width\":1499,\"height\":1000,\"caption\":\"Collectif Medz Bazar \u00a9 Louis Niermans\"},{\"@type\":\"BreadcrumbList\",\"@id\":\"https:\\\/\\\/www.auxsons.com\\\/en\\\/playlists\\\/playlist-du-collectif-medz-bazar\\\/#breadcrumb\",\"itemListElement\":[{\"@type\":\"ListItem\",\"position\":1,\"name\":\"Accueil\",\"item\":\"https:\\\/\\\/www.auxsons.com\\\/en\\\/\"},{\"@type\":\"ListItem\",\"position\":2,\"name\":\"Playlists\",\"item\":\"https:\\\/\\\/www.auxsons.com\\\/en\\\/playlists\\\/\"},{\"@type\":\"ListItem\",\"position\":3,\"name\":\"Playlist du Collectif Medz\u00a0Bazar\"}]},{\"@type\":\"WebSite\",\"@id\":\"https:\\\/\\\/www.auxsons.com\\\/en\\\/#website\",\"url\":\"https:\\\/\\\/www.auxsons.com\\\/en\\\/\",\"name\":\"#AuxSons\",\"description\":\"Musiques &amp; Vibrations du Monde\",\"publisher\":{\"@id\":\"https:\\\/\\\/www.auxsons.com\\\/en\\\/#organization\"},\"potentialAction\":[{\"@type\":\"SearchAction\",\"target\":{\"@type\":\"EntryPoint\",\"urlTemplate\":\"https:\\\/\\\/www.auxsons.com\\\/en\\\/?s={search_term_string}\"},\"query-input\":{\"@type\":\"PropertyValueSpecification\",\"valueRequired\":true,\"valueName\":\"search_term_string\"}}],\"inLanguage\":\"en-US\"},{\"@type\":\"Organization\",\"@id\":\"https:\\\/\\\/www.auxsons.com\\\/en\\\/#organization\",\"name\":\"#AuxSons\",\"url\":\"https:\\\/\\\/www.auxsons.com\\\/en\\\/\",\"logo\":{\"@type\":\"ImageObject\",\"inLanguage\":\"en-US\",\"@id\":\"https:\\\/\\\/www.auxsons.com\\\/en\\\/#\\\/schema\\\/logo\\\/image\\\/\",\"url\":\"https:\\\/\\\/www.auxsons.com\\\/wp-content\\\/uploads\\\/2018\\\/10\\\/logo-aux-sons@2x.png\",\"contentUrl\":\"https:\\\/\\\/www.auxsons.com\\\/wp-content\\\/uploads\\\/2018\\\/10\\\/logo-aux-sons@2x.png\",\"width\":320,\"height\":192,\"caption\":\"#AuxSons\"},\"image\":{\"@id\":\"https:\\\/\\\/www.auxsons.com\\\/en\\\/#\\\/schema\\\/logo\\\/image\\\/\"},\"sameAs\":[\"https:\\\/\\\/www.facebook.com\\\/auxsons\\\/\",\"https:\\\/\\\/x.com\\\/auxsons\",\"https:\\\/\\\/www.instagram.com\\\/auxsons\\\/\",\"https:\\\/\\\/www.youtube.com\\\/channel\\\/UC_NjOjgZNHW-6MaXKWavFKQ\"]}]}<\/script>\n<!-- \/ Yoast SEO plugin. -->","yoast_head_json":{"title":"Playlist du Collectif Medz\u00a0Bazar - #AuxSons","description":"Le Collectif Medz Bazar est un ensemble de musiciens de cultures arm\u00e9nienne, turque, fran\u00e7aise et am\u00e9ricaine. Puisant dans leurs traditions respectives","robots":{"index":"index","follow":"follow","max-snippet":"max-snippet:-1","max-image-preview":"max-image-preview:large","max-video-preview":"max-video-preview:-1"},"canonical":"https:\/\/www.auxsons.com\/en\/playlists\/playlist-du-collectif-medz-bazar\/","og_locale":"en_US","og_type":"article","og_title":"Playlist du Collectif Medz\u00a0Bazar - #AuxSons","og_description":"Le Collectif Medz Bazar est un ensemble de musiciens de cultures arm\u00e9nienne, turque, fran\u00e7aise et am\u00e9ricaine. Puisant dans leurs traditions respectives","og_url":"https:\/\/www.auxsons.com\/en\/playlists\/playlist-du-collectif-medz-bazar\/","og_site_name":"#AuxSons","article_publisher":"https:\/\/www.facebook.com\/auxsons\/","og_image":[{"width":1499,"height":1000,"url":"https:\/\/www.auxsons.com\/wp-content\/uploads\/2022\/11\/medz-bazar1393-louis-niermans.jpg","type":"image\/jpeg"}],"twitter_card":"summary_large_image","twitter_site":"@auxsons","twitter_misc":{"Est. reading time":"3 minutes"},"schema":{"@context":"https:\/\/schema.org","@graph":[{"@type":"WebPage","@id":"https:\/\/www.auxsons.com\/en\/playlists\/playlist-du-collectif-medz-bazar\/","url":"https:\/\/www.auxsons.com\/en\/playlists\/playlist-du-collectif-medz-bazar\/","name":"Playlist du Collectif Medz\u00a0Bazar - #AuxSons","isPartOf":{"@id":"https:\/\/www.auxsons.com\/en\/#website"},"primaryImageOfPage":{"@id":"https:\/\/www.auxsons.com\/en\/playlists\/playlist-du-collectif-medz-bazar\/#primaryimage"},"image":{"@id":"https:\/\/www.auxsons.com\/en\/playlists\/playlist-du-collectif-medz-bazar\/#primaryimage"},"thumbnailUrl":"https:\/\/www.auxsons.com\/wp-content\/uploads\/2022\/11\/medz-bazar1393-louis-niermans.jpg","datePublished":"2022-12-07T16:46:53+00:00","description":"Le Collectif Medz Bazar est un ensemble de musiciens de cultures arm\u00e9nienne, turque, fran\u00e7aise et am\u00e9ricaine. Puisant dans leurs traditions respectives","breadcrumb":{"@id":"https:\/\/www.auxsons.com\/en\/playlists\/playlist-du-collectif-medz-bazar\/#breadcrumb"},"inLanguage":"en-US","potentialAction":[{"@type":"ReadAction","target":["https:\/\/www.auxsons.com\/en\/playlists\/playlist-du-collectif-medz-bazar\/"]}]},{"@type":"ImageObject","inLanguage":"en-US","@id":"https:\/\/www.auxsons.com\/en\/playlists\/playlist-du-collectif-medz-bazar\/#primaryimage","url":"https:\/\/www.auxsons.com\/wp-content\/uploads\/2022\/11\/medz-bazar1393-louis-niermans.jpg","contentUrl":"https:\/\/www.auxsons.com\/wp-content\/uploads\/2022\/11\/medz-bazar1393-louis-niermans.jpg","width":1499,"height":1000,"caption":"Collectif Medz Bazar \u00a9 Louis Niermans"},{"@type":"BreadcrumbList","@id":"https:\/\/www.auxsons.com\/en\/playlists\/playlist-du-collectif-medz-bazar\/#breadcrumb","itemListElement":[{"@type":"ListItem","position":1,"name":"Accueil","item":"https:\/\/www.auxsons.com\/en\/"},{"@type":"ListItem","position":2,"name":"Playlists","item":"https:\/\/www.auxsons.com\/en\/playlists\/"},{"@type":"ListItem","position":3,"name":"Playlist du Collectif Medz\u00a0Bazar"}]},{"@type":"WebSite","@id":"https:\/\/www.auxsons.com\/en\/#website","url":"https:\/\/www.auxsons.com\/en\/","name":"#AuxSons","description":"Musiques &amp; Vibrations du Monde","publisher":{"@id":"https:\/\/www.auxsons.com\/en\/#organization"},"potentialAction":[{"@type":"SearchAction","target":{"@type":"EntryPoint","urlTemplate":"https:\/\/www.auxsons.com\/en\/?s={search_term_string}"},"query-input":{"@type":"PropertyValueSpecification","valueRequired":true,"valueName":"search_term_string"}}],"inLanguage":"en-US"},{"@type":"Organization","@id":"https:\/\/www.auxsons.com\/en\/#organization","name":"#AuxSons","url":"https:\/\/www.auxsons.com\/en\/","logo":{"@type":"ImageObject","inLanguage":"en-US","@id":"https:\/\/www.auxsons.com\/en\/#\/schema\/logo\/image\/","url":"https:\/\/www.auxsons.com\/wp-content\/uploads\/2018\/10\/logo-aux-sons@2x.png","contentUrl":"https:\/\/www.auxsons.com\/wp-content\/uploads\/2018\/10\/logo-aux-sons@2x.png","width":320,"height":192,"caption":"#AuxSons"},"image":{"@id":"https:\/\/www.auxsons.com\/en\/#\/schema\/logo\/image\/"},"sameAs":["https:\/\/www.facebook.com\/auxsons\/","https:\/\/x.com\/auxsons","https:\/\/www.instagram.com\/auxsons\/","https:\/\/www.youtube.com\/channel\/UC_NjOjgZNHW-6MaXKWavFKQ"]}]}},"_links":{"self":[{"href":"https:\/\/www.auxsons.com\/en\/wp-json\/wp\/v2\/playlist\/26002","targetHints":{"allow":["GET"]}}],"collection":[{"href":"https:\/\/www.auxsons.com\/en\/wp-json\/wp\/v2\/playlist"}],"about":[{"href":"https:\/\/www.auxsons.com\/en\/wp-json\/wp\/v2\/types\/playlist"}],"author":[{"embeddable":true,"href":"https:\/\/www.auxsons.com\/en\/wp-json\/wp\/v2\/users\/271"}],"version-history":[{"count":0,"href":"https:\/\/www.auxsons.com\/en\/wp-json\/wp\/v2\/playlist\/26002\/revisions"}],"wp:featuredmedia":[{"embeddable":true,"href":"https:\/\/www.auxsons.com\/en\/wp-json\/wp\/v2\/media\/26003"}],"wp:attachment":[{"href":"https:\/\/www.auxsons.com\/en\/wp-json\/wp\/v2\/media?parent=26002"}],"curies":[{"name":"wp","href":"https:\/\/api.w.org\/{rel}","templated":true}]}}