{"id":6340,"date":"2019-10-28T17:03:16","date_gmt":"2019-10-28T16:03:16","guid":{"rendered":"http:\/\/www.auxsons.com\/?post_type=focus&#038;p=6340"},"modified":"2019-11-04T13:04:29","modified_gmt":"2019-11-04T12:04:29","slug":"flamenco-2-0-the-small-revolutions-of-a-new-generation","status":"publish","type":"focus","link":"https:\/\/www.auxsons.com\/en\/focus\/flamenco-2-0-the-small-revolutions-of-a-new-generation\/","title":{"rendered":"Flamenco 2.0, the small revolutions of a new generation?"},"content":{"rendered":"<p>Neo flamenco, millennial flamenco, ex flamenco or flamenco 2.0 are just some of the names for the music of a new generation of Spanish musicians (like Rosal\u00eda and Ni\u00f1o del Elche) who blend traditional flamenco with the sounds of electro, R<span class=\"amp\">&amp;<\/span>B or rock\u2026&nbsp; In communities of aficionados, the media and on social networks, this new trend both appeals and challenges, inviting us to rethink whether experimentation has a place in the development of flamenco in Spain and on the international stage.<\/p>\n<p>&nbsp;<\/p>\n<p><em>Flamenco, a music of crossroads and small revolutions&nbsp;<\/em><\/p>\n<p>Flamenco has never been a fixed genre: it was born at the crossroads of Arab, Andalusian, Jewish, Christian and primarily Gypsy cultures, mainly in family, working-class and peasant environments. In fact, the musical melting pot is a founding principle of this music, as demonstrated by the initial encounter between singing with Eastern influences \u2013 full of melismas and microtonal intervals \u2013 and the guitar, a Western instrument calibrated in semitones. Based on few written references, the learning and transmission of the repertoire is essentially oral, which makes it a relatively confidential art that is hard to access beyond Spanish borders.<\/p>\n<p>Since the 1960s, several small revolutions have fuelled the evolution of the genre. After the first steps of Smash\u2019s flamenco rock, Paco de Luc\u00eda and Camar\u00f3n de la Isla attempted new encounters with Latin music and jazz, while integrating amplified instruments into the traditional singing-guitar-palmas-dance formation. The emergence of the fusion group Ketama \u2013 founded by El Camborio Carmona from Granada and Jos\u00e9 Sorderita Soto from Jerez, both members of Gypsy and flamenco families \u2013 marked the 1980s. After integrating Ibero-American influences, they brought together flamenco and Toumani Diabat\u00e9\u2019s kora with the album <em>Songhai<\/em>, released in 1985. Finally, these multiple internal revolutions and musical encounters bear witness to the constant mobility of flamenco, which, coming out of the domestic sphere followed by that of <em>pe\u00f1as,<\/em><a href=\"#_ftn1\" name=\"_ftnref1\"><em><strong>[1]<\/strong><\/em><\/a> has consistently become increasingly international.<\/p>\n<p>&nbsp;<\/p>\n<p><strong>Ketama, Toumani Diabate, Danny Thompson - Songhai<\/strong><\/p>\n<p>&nbsp;<\/p>\n<iframe title=\"Ketama, Toumani Diabate, Danny Thompson - Songhai (Disco Completo)\" width=\"640\" height=\"360\" src=\"https:\/\/www.youtube.com\/embed\/HqlDve4FTV8?feature=oembed\" frameborder=\"0\" allow=\"accelerometer; autoplay; clipboard-write; encrypted-media; gyroscope; picture-in-picture; web-share\" referrerpolicy=\"strict-origin-when-cross-origin\" allowfullscreen><\/iframe>\n<p>&nbsp;<\/p>\n<p>&nbsp;<\/p>\n<p><em>Ni\u00f1o de Elche, room for experimentation&nbsp;<\/em><\/p>\n<p>More recently, artists such as Ra\u00fcl Refree and Francisco Contreras Molina \u2013 alias Ni\u00f1o de Elche, a testament to his roots in Elche \u2013 have nurtured this evolution of flamenco. A true virtuoso of flamenco singing, Ni\u00f1o de Elche lays claim to his experimental approach as constitutive of the origins of flamenco itself.<a href=\"#_ftn2\" name=\"_ftnref2\">[2]<\/a> Inspired by the rock movement as well as by politically-committed Spanish poetry, he released his latest album <em>Antolog\u00eda Del Cante Flamenco Heterodoxo<\/em> in&nbsp;2018.<\/p>\n<p>Ni\u00f1o de Elche is pursuing this radical reinvention through classical forms of flamenco (<em>farruca, malague\u00f1a, fandagos<\/em>) and lyrics by founding artists, accompanied by electric guitars, synths and electro-acoustic sounds against a backdrop of Gothic choirs. The lyrics, whether taken from the traditional repertoire or his own composition, resonate today as deeply socially committed. One thinks in particular of the title \u201cInforme para Costa Rica\u201d, inspired by words written by the poet Antidio Cabal Gonz\u00e1lez that depict the climate of terror and downward spirals of authority in Latin America.<\/p>\n<p>&nbsp;<\/p>\n<p><strong>Informe para Costa Rica, Informe para Costa&nbsp;Rica<\/strong><\/p>\n<iframe title=\"Informe para Costa Rica | Ni\u00f1o de Elche\" width=\"640\" height=\"360\" src=\"https:\/\/www.youtube.com\/embed\/TcCISxdBkhY?feature=oembed\" frameborder=\"0\" allow=\"accelerometer; autoplay; clipboard-write; encrypted-media; gyroscope; picture-in-picture; web-share\" referrerpolicy=\"strict-origin-when-cross-origin\" allowfullscreen><\/iframe>\n<p>&nbsp;<\/p>\n<p><em>The Rosal\u00eda phenomenon<\/em><\/p>\n<p>Inspired by the romance <em>Flamenca<\/em> written in the 13th century, the album <em>El mal querer<\/em> (released in November 2018 and produced by El Guincho) describes the life story of an unloved woman who is locked away from society but gradually becomes emancipated. Constructed through a number of <em>tableaux<\/em>, which Rosal\u00eda draws both visually and musically, this unclassifiable album is disconcertingly modern.<\/p>\n<p>The imprint of flamenco is clear. The young musician begins the song \u201cQue no Salga la luna\u201d with a <em>comp\u00e1s<\/em><a href=\"#_ftn3\" name=\"_ftnref3\"><em><strong>[3]<\/strong><\/em><\/a> de buler\u00eda (traditional flamenco rhythm) and a sample of the great classic,&nbsp;\u201c<a href=\"https:\/\/www.youtube.com\/watch?v=o3hG1z1OtpA\">Mi canto por buler\u00edas<\/a>\u201d, by the Gypsy singer La Paquera de Jerez. The songs \u201cMalamente\u201d and \u201cDi mon nombre\u201d are both built on a tango <em>compas<\/em> marked by traditional <em>palmas<\/em>. While \u201cMalamente\u201d (currently approaching 110 million views on YouTube) is clearly tinged by the world of trap, \u201cDi mi nombre\u201d blends flamenco harmonies and pop piano against a background of vocoded <em>jaleos.<\/em><a href=\"#_ftn4\" name=\"_ftnref4\"><em><strong>[4]<\/strong><\/em><\/a> Finally, other titles, such as \u201cBagdad\u201d, pull towards a profoundly R<span class=\"amp\">&amp;<\/span>B sound, to the extent of resembling Justin Timberlake\u2019s \u201cCry me a&nbsp;River\u201d\u2026<\/p>\n<p>What is unusual about Rosal\u00eda is her ability to create a baroque and poetic imagination by drawing on references to flamenco, bullfighting, motorbikes and dolls, as well as the visual world of rap or American R<span class=\"amp\">&amp;<\/span>B music videos. The success of the young artist has, however, very rapidly triggered a number of debates in more traditional flamenco circles. Artists<a href=\"#_ftn5\" name=\"_ftnref5\">[5]<\/a> have openly criticised her music, while hostile campaigns circulate on social media (\u201cDi no \u00e0 Rosal\u00eda, Si \u00e0 la Paquera de&nbsp;Jerez\u201d).<\/p>\n<p>&nbsp;<\/p>\n<p><strong>Rosalia, Di mi nombre<\/strong><\/p>\n<iframe title=\"ROSAL\u00cdA - DI MI NOMBRE (Cap.8: \u00c9xtasis)\" width=\"640\" height=\"360\" src=\"https:\/\/www.youtube.com\/embed\/mUBMPaj0L3o?feature=oembed\" frameborder=\"0\" allow=\"accelerometer; autoplay; clipboard-write; encrypted-media; gyroscope; picture-in-picture; web-share\" referrerpolicy=\"strict-origin-when-cross-origin\" allowfullscreen><\/iframe>\n<p>&nbsp;<\/p>\n<p><em>Neo flamenco: part millennial expression, part cultural appropriation?&nbsp;<\/em><\/p>\n<p>While flamenco has always been a cultural melting pot prone to evolutions, it has also been a battleground. The first bone of contention is long-standing and refers to the distinction made between purely \u201cGypsy\u201d flamenco and \u201cAndalusian\u201d flamenco: two movements, two matrices that have nevertheless constantly influenced one another. Nowadays, neo flamenco ask questions of those who support traditional flamenco and want to preserve the musical training and traditional performance of this art, lest the standardisation of music and Western influence swallow up flamenco entirely.<\/p>\n<p>On the other hand, there is a growing call in the Gypsy community<a href=\"#_ftn6\" name=\"_ftnref6\">[6]<\/a> to mount a challenge to these new musical aesthetics and reclaim the community\u2019s place at the origin of flamenco. It seems worth pointing out that flamenco occupies a central place in the Gypsy domestic sphere, operating as a privileged means of communication, a vector for transmitting and preserving Gypsy identity. While this minority has long been persecuted and remains profoundly stigmatised in Spanish society still today, some see the restructuring of flamenco rhythms or the borrowing of words from the Cal\u00f2 language as part of a craze for folklore, or even culture appropriation.<\/p>\n<p>Finally, this new flamenco movement can be found at a point of tension that is as uncomfortable as it is creative. At the same time, it is both the heir to an ancient form of music with an extremely rich patrimony, transmitted orally and traditionally performed in restricted family settings, while also the expression of a generation evolving in a globalised, intercultural and profoundly digital world.<\/p>\n<p>&nbsp;<\/p>\n<p><a href=\"#_ftnref1\" name=\"_ftn1\">[1]<\/a> Associations of friends who come together to share an activity, often informally. Traditional flamenco performance venues.<\/p>\n<p><a href=\"#_ftnref2\" name=\"_ftn2\">[2]<\/a> \u201cNi\u00f1o De Elche, extr\u00e9miste po\u00e9tique flamenco\u201d [Ni\u00f1o De Elche, politically extremist flamenco], by Benjamin Minimum, published on 12 July 2017 by M\u00e9diapart <a href=\"https:\/\/blogs.mediapart.fr\/edition\/plein-suds\/article\/120717\/nino-de-elche-extremiste-poetique-flamenco\">https:\/\/\u200bblogs\u200b.mediapart\u200b.fr\/\u200be\u200bd\u200bi\u200bt\u200bi\u200bo\u200bn\u200b\/\u200bp\u200bl\u200be\u200bi\u200bn\u200b-\u200bs\u200bu\u200bd\u200bs\u200b\/\u200ba\u200br\u200bt\u200bi\u200bc\u200bl\u200be\u200b\/\u200b1\u200b2\u200b0\u200b7\u200b1\u200b7\u200b\/\u200bn\u200bi\u200bn\u200bo\u200b-\u200bd\u200be\u200b-\u200be\u200bl\u200bc\u200bh\u200be\u200b-\u200be\u200bx\u200bt\u200br\u200be\u200bm\u200bi\u200bs\u200bt\u200be\u200b-\u200bp\u200bo\u200be\u200bt\u200bi\u200bq\u200bu\u200be\u200b-\u200bf\u200bl\u200ba\u200bm\u200be\u200bnco<\/a><\/p>\n<p><a href=\"#_ftnref3\" name=\"_ftn3\">[3]<\/a> A rhythmic pattern that corresponds to every musical form of flamenco.<\/p>\n<p><a href=\"#_ftnref4\" name=\"_ftn4\">[4]<\/a> Words and vocal interjections called out to encourage flamenco dancers.<\/p>\n<p><a href=\"#_ftnref5\" name=\"_ftn5\">[5]<\/a> See https:\/\/\u200bcordobaflamenca\u200b.com\/\u200be\u200bn\u200bt\u200br\u200be\u200bv\u200bi\u200bs\u200bt\u200ba\u200bs\u200b\/\u200b8\u200b2\u200b-\u200bf\u200bl\u200ba\u200bm\u200be\u200bn\u200bc\u200bo\u200bs\u200b\/\u200bf\u200ba\u200br\u200br\u200bu\u200bq\u200bu\u200bi\u200bt\u200bo\u200b-\u200br\u200bo\u200bs\u200ba\u200bl\u200bi\u200ba\u200b-\u200bn\u200bo\u200b-\u200bh\u200ba\u200bc\u200be\u200b-\u200bf\u200bl\u200ba\u200bm\u200be\u200bn\u200bc\u200bo\u200b-\u200bn\u200bi\u200b-\u200bl\u200bo\u200b-\u200bh\u200ba\u200bra\/<\/p>\n<p><a href=\"#_ftnref6\" name=\"_ftn6\">[6]<\/a> See the El Pa\u00efs report, \u201cLo que le gitanos piensen de Rosalia, Ofensa, burla o renovaci\u00f3n\u201d https:\/\/\u200bwww\u200b.youtube\u200b.com\/\u200bw\u200ba\u200bt\u200bc\u200bh\u200b?\u200bv\u200b=\u200bp\u200bn\u200ba\u200bm\u200bo\u200bv\u200bz\u200bq\u200b1UE<\/p>\n","protected":false},"excerpt":{"rendered":"<p>Neo flamenco, millennial flamenco, ex flamenco or flamenco 2.0 are just some of the names for the music of a new generation of Spanish musicians (like Rosal\u00eda and Ni\u00f1o del Elche) who blend traditional flamenco with the sounds of electro, R<span class=\"amp\">&amp;<\/span>B or rock\u2026&nbsp; In communities of aficionados, the media and on social networks, this&nbsp;new<\/p>\n","protected":false},"author":236,"featured_media":6200,"menu_order":0,"template":"","format":"standard","meta":{"_acf_changed":false,"wp_typography_post_enhancements_disabled":false,"footnotes":""},"class_list":["post-6340","focus","type-focus","status-publish","format-standard","has-post-thumbnail","hentry"],"acf":[],"yoast_head":"<!-- This site is optimized with the Yoast SEO plugin v27.5 - https:\/\/yoast.com\/product\/yoast-seo-wordpress\/ -->\n<title>Flamenco 2.0, the small revolutions of a new generation? - #AuxSons<\/title>\n<meta name=\"description\" content=\"Neo flamenco, millennial flamenco, ex flamenco or flamenco 2.0 are just some of the names for the music of a new generation of Spanish musicians (like\" \/>\n<meta name=\"robots\" content=\"index, follow, max-snippet:-1, max-image-preview:large, max-video-preview:-1\" \/>\n<link rel=\"canonical\" href=\"https:\/\/www.auxsons.com\/en\/focus\/flamenco-2-0-the-small-revolutions-of-a-new-generation\/\" \/>\n<meta property=\"og:locale\" content=\"en_US\" \/>\n<meta property=\"og:type\" content=\"article\" \/>\n<meta property=\"og:title\" content=\"Flamenco 2.0, the small revolutions of a new generation? - #AuxSons\" \/>\n<meta property=\"og:description\" content=\"Neo flamenco, millennial flamenco, ex flamenco or flamenco 2.0 are just some of the names for the music of a new generation of Spanish musicians (like\" \/>\n<meta property=\"og:url\" content=\"https:\/\/www.auxsons.com\/en\/focus\/flamenco-2-0-the-small-revolutions-of-a-new-generation\/\" \/>\n<meta property=\"og:site_name\" content=\"#AuxSons\" \/>\n<meta property=\"article:publisher\" content=\"https:\/\/www.facebook.com\/auxsons\/\" \/>\n<meta property=\"article:modified_time\" content=\"2019-11-04T12:04:29+00:00\" \/>\n<meta property=\"og:image\" content=\"https:\/\/www.auxsons.com\/wp-content\/uploads\/2019\/10\/roksaneh-2.jpg\" \/>\n\t<meta property=\"og:image:width\" content=\"1920\" \/>\n\t<meta property=\"og:image:height\" content=\"1294\" \/>\n\t<meta property=\"og:image:type\" content=\"image\/jpeg\" \/>\n<meta name=\"twitter:card\" content=\"summary_large_image\" \/>\n<meta name=\"twitter:site\" content=\"@auxsons\" \/>\n<meta name=\"twitter:label1\" content=\"Est. reading time\" \/>\n\t<meta name=\"twitter:data1\" content=\"6 minutes\" \/>\n<script type=\"application\/ld+json\" class=\"yoast-schema-graph\">{\"@context\":\"https:\\\/\\\/schema.org\",\"@graph\":[{\"@type\":\"WebPage\",\"@id\":\"https:\\\/\\\/www.auxsons.com\\\/en\\\/focus\\\/flamenco-2-0-the-small-revolutions-of-a-new-generation\\\/\",\"url\":\"https:\\\/\\\/www.auxsons.com\\\/en\\\/focus\\\/flamenco-2-0-the-small-revolutions-of-a-new-generation\\\/\",\"name\":\"Flamenco 2.0, the small revolutions of a new generation? - #AuxSons\",\"isPartOf\":{\"@id\":\"https:\\\/\\\/www.auxsons.com\\\/en\\\/#website\"},\"primaryImageOfPage\":{\"@id\":\"https:\\\/\\\/www.auxsons.com\\\/en\\\/focus\\\/flamenco-2-0-the-small-revolutions-of-a-new-generation\\\/#primaryimage\"},\"image\":{\"@id\":\"https:\\\/\\\/www.auxsons.com\\\/en\\\/focus\\\/flamenco-2-0-the-small-revolutions-of-a-new-generation\\\/#primaryimage\"},\"thumbnailUrl\":\"https:\\\/\\\/www.auxsons.com\\\/wp-content\\\/uploads\\\/2019\\\/10\\\/roksaneh-2.jpg\",\"datePublished\":\"2019-10-28T16:03:16+00:00\",\"dateModified\":\"2019-11-04T12:04:29+00:00\",\"description\":\"Neo flamenco, millennial flamenco, ex flamenco or flamenco 2.0 are just some of the names for the music of a new generation of Spanish musicians (like\",\"breadcrumb\":{\"@id\":\"https:\\\/\\\/www.auxsons.com\\\/en\\\/focus\\\/flamenco-2-0-the-small-revolutions-of-a-new-generation\\\/#breadcrumb\"},\"inLanguage\":\"en-US\",\"potentialAction\":[{\"@type\":\"ReadAction\",\"target\":[\"https:\\\/\\\/www.auxsons.com\\\/en\\\/focus\\\/flamenco-2-0-the-small-revolutions-of-a-new-generation\\\/\"]}]},{\"@type\":\"ImageObject\",\"inLanguage\":\"en-US\",\"@id\":\"https:\\\/\\\/www.auxsons.com\\\/en\\\/focus\\\/flamenco-2-0-the-small-revolutions-of-a-new-generation\\\/#primaryimage\",\"url\":\"https:\\\/\\\/www.auxsons.com\\\/wp-content\\\/uploads\\\/2019\\\/10\\\/roksaneh-2.jpg\",\"contentUrl\":\"https:\\\/\\\/www.auxsons.com\\\/wp-content\\\/uploads\\\/2019\\\/10\\\/roksaneh-2.jpg\",\"width\":1920,\"height\":1294,\"caption\":\"\u00a9Roksaneh E.Fotovat\"},{\"@type\":\"BreadcrumbList\",\"@id\":\"https:\\\/\\\/www.auxsons.com\\\/en\\\/focus\\\/flamenco-2-0-the-small-revolutions-of-a-new-generation\\\/#breadcrumb\",\"itemListElement\":[{\"@type\":\"ListItem\",\"position\":1,\"name\":\"Accueil\",\"item\":\"https:\\\/\\\/www.auxsons.com\\\/en\\\/\"},{\"@type\":\"ListItem\",\"position\":2,\"name\":\"Focus\",\"item\":\"https:\\\/\\\/www.auxsons.com\\\/en\\\/focus\\\/\"},{\"@type\":\"ListItem\",\"position\":3,\"name\":\"Flamenco 2.0, the small revolutions of a new generation?\"}]},{\"@type\":\"WebSite\",\"@id\":\"https:\\\/\\\/www.auxsons.com\\\/en\\\/#website\",\"url\":\"https:\\\/\\\/www.auxsons.com\\\/en\\\/\",\"name\":\"#AuxSons\",\"description\":\"Musiques &amp; Vibrations du Monde\",\"publisher\":{\"@id\":\"https:\\\/\\\/www.auxsons.com\\\/en\\\/#organization\"},\"potentialAction\":[{\"@type\":\"SearchAction\",\"target\":{\"@type\":\"EntryPoint\",\"urlTemplate\":\"https:\\\/\\\/www.auxsons.com\\\/en\\\/?s={search_term_string}\"},\"query-input\":{\"@type\":\"PropertyValueSpecification\",\"valueRequired\":true,\"valueName\":\"search_term_string\"}}],\"inLanguage\":\"en-US\"},{\"@type\":\"Organization\",\"@id\":\"https:\\\/\\\/www.auxsons.com\\\/en\\\/#organization\",\"name\":\"#AuxSons\",\"url\":\"https:\\\/\\\/www.auxsons.com\\\/en\\\/\",\"logo\":{\"@type\":\"ImageObject\",\"inLanguage\":\"en-US\",\"@id\":\"https:\\\/\\\/www.auxsons.com\\\/en\\\/#\\\/schema\\\/logo\\\/image\\\/\",\"url\":\"https:\\\/\\\/www.auxsons.com\\\/wp-content\\\/uploads\\\/2018\\\/10\\\/logo-aux-sons@2x.png\",\"contentUrl\":\"https:\\\/\\\/www.auxsons.com\\\/wp-content\\\/uploads\\\/2018\\\/10\\\/logo-aux-sons@2x.png\",\"width\":320,\"height\":192,\"caption\":\"#AuxSons\"},\"image\":{\"@id\":\"https:\\\/\\\/www.auxsons.com\\\/en\\\/#\\\/schema\\\/logo\\\/image\\\/\"},\"sameAs\":[\"https:\\\/\\\/www.facebook.com\\\/auxsons\\\/\",\"https:\\\/\\\/x.com\\\/auxsons\",\"https:\\\/\\\/www.instagram.com\\\/auxsons\\\/\",\"https:\\\/\\\/www.youtube.com\\\/channel\\\/UC_NjOjgZNHW-6MaXKWavFKQ\"]}]}<\/script>\n<!-- \/ Yoast SEO plugin. -->","yoast_head_json":{"title":"Flamenco 2.0, the small revolutions of a new generation? - #AuxSons","description":"Neo flamenco, millennial flamenco, ex flamenco or flamenco 2.0 are just some of the names for the music of a new generation of Spanish musicians (like","robots":{"index":"index","follow":"follow","max-snippet":"max-snippet:-1","max-image-preview":"max-image-preview:large","max-video-preview":"max-video-preview:-1"},"canonical":"https:\/\/www.auxsons.com\/en\/focus\/flamenco-2-0-the-small-revolutions-of-a-new-generation\/","og_locale":"en_US","og_type":"article","og_title":"Flamenco 2.0, the small revolutions of a new generation? - #AuxSons","og_description":"Neo flamenco, millennial flamenco, ex flamenco or flamenco 2.0 are just some of the names for the music of a new generation of Spanish musicians (like","og_url":"https:\/\/www.auxsons.com\/en\/focus\/flamenco-2-0-the-small-revolutions-of-a-new-generation\/","og_site_name":"#AuxSons","article_publisher":"https:\/\/www.facebook.com\/auxsons\/","article_modified_time":"2019-11-04T12:04:29+00:00","og_image":[{"width":1920,"height":1294,"url":"https:\/\/www.auxsons.com\/wp-content\/uploads\/2019\/10\/roksaneh-2.jpg","type":"image\/jpeg"}],"twitter_card":"summary_large_image","twitter_site":"@auxsons","twitter_misc":{"Est. reading time":"6 minutes"},"schema":{"@context":"https:\/\/schema.org","@graph":[{"@type":"WebPage","@id":"https:\/\/www.auxsons.com\/en\/focus\/flamenco-2-0-the-small-revolutions-of-a-new-generation\/","url":"https:\/\/www.auxsons.com\/en\/focus\/flamenco-2-0-the-small-revolutions-of-a-new-generation\/","name":"Flamenco 2.0, the small revolutions of a new generation? - #AuxSons","isPartOf":{"@id":"https:\/\/www.auxsons.com\/en\/#website"},"primaryImageOfPage":{"@id":"https:\/\/www.auxsons.com\/en\/focus\/flamenco-2-0-the-small-revolutions-of-a-new-generation\/#primaryimage"},"image":{"@id":"https:\/\/www.auxsons.com\/en\/focus\/flamenco-2-0-the-small-revolutions-of-a-new-generation\/#primaryimage"},"thumbnailUrl":"https:\/\/www.auxsons.com\/wp-content\/uploads\/2019\/10\/roksaneh-2.jpg","datePublished":"2019-10-28T16:03:16+00:00","dateModified":"2019-11-04T12:04:29+00:00","description":"Neo flamenco, millennial flamenco, ex flamenco or flamenco 2.0 are just some of the names for the music of a new generation of Spanish musicians (like","breadcrumb":{"@id":"https:\/\/www.auxsons.com\/en\/focus\/flamenco-2-0-the-small-revolutions-of-a-new-generation\/#breadcrumb"},"inLanguage":"en-US","potentialAction":[{"@type":"ReadAction","target":["https:\/\/www.auxsons.com\/en\/focus\/flamenco-2-0-the-small-revolutions-of-a-new-generation\/"]}]},{"@type":"ImageObject","inLanguage":"en-US","@id":"https:\/\/www.auxsons.com\/en\/focus\/flamenco-2-0-the-small-revolutions-of-a-new-generation\/#primaryimage","url":"https:\/\/www.auxsons.com\/wp-content\/uploads\/2019\/10\/roksaneh-2.jpg","contentUrl":"https:\/\/www.auxsons.com\/wp-content\/uploads\/2019\/10\/roksaneh-2.jpg","width":1920,"height":1294,"caption":"\u00a9Roksaneh E.Fotovat"},{"@type":"BreadcrumbList","@id":"https:\/\/www.auxsons.com\/en\/focus\/flamenco-2-0-the-small-revolutions-of-a-new-generation\/#breadcrumb","itemListElement":[{"@type":"ListItem","position":1,"name":"Accueil","item":"https:\/\/www.auxsons.com\/en\/"},{"@type":"ListItem","position":2,"name":"Focus","item":"https:\/\/www.auxsons.com\/en\/focus\/"},{"@type":"ListItem","position":3,"name":"Flamenco 2.0, the small revolutions of a new generation?"}]},{"@type":"WebSite","@id":"https:\/\/www.auxsons.com\/en\/#website","url":"https:\/\/www.auxsons.com\/en\/","name":"#AuxSons","description":"Musiques &amp; Vibrations du Monde","publisher":{"@id":"https:\/\/www.auxsons.com\/en\/#organization"},"potentialAction":[{"@type":"SearchAction","target":{"@type":"EntryPoint","urlTemplate":"https:\/\/www.auxsons.com\/en\/?s={search_term_string}"},"query-input":{"@type":"PropertyValueSpecification","valueRequired":true,"valueName":"search_term_string"}}],"inLanguage":"en-US"},{"@type":"Organization","@id":"https:\/\/www.auxsons.com\/en\/#organization","name":"#AuxSons","url":"https:\/\/www.auxsons.com\/en\/","logo":{"@type":"ImageObject","inLanguage":"en-US","@id":"https:\/\/www.auxsons.com\/en\/#\/schema\/logo\/image\/","url":"https:\/\/www.auxsons.com\/wp-content\/uploads\/2018\/10\/logo-aux-sons@2x.png","contentUrl":"https:\/\/www.auxsons.com\/wp-content\/uploads\/2018\/10\/logo-aux-sons@2x.png","width":320,"height":192,"caption":"#AuxSons"},"image":{"@id":"https:\/\/www.auxsons.com\/en\/#\/schema\/logo\/image\/"},"sameAs":["https:\/\/www.facebook.com\/auxsons\/","https:\/\/x.com\/auxsons","https:\/\/www.instagram.com\/auxsons\/","https:\/\/www.youtube.com\/channel\/UC_NjOjgZNHW-6MaXKWavFKQ"]}]}},"_links":{"self":[{"href":"https:\/\/www.auxsons.com\/en\/wp-json\/wp\/v2\/focus\/6340","targetHints":{"allow":["GET"]}}],"collection":[{"href":"https:\/\/www.auxsons.com\/en\/wp-json\/wp\/v2\/focus"}],"about":[{"href":"https:\/\/www.auxsons.com\/en\/wp-json\/wp\/v2\/types\/focus"}],"author":[{"embeddable":true,"href":"https:\/\/www.auxsons.com\/en\/wp-json\/wp\/v2\/users\/236"}],"version-history":[{"count":0,"href":"https:\/\/www.auxsons.com\/en\/wp-json\/wp\/v2\/focus\/6340\/revisions"}],"wp:featuredmedia":[{"embeddable":true,"href":"https:\/\/www.auxsons.com\/en\/wp-json\/wp\/v2\/media\/6200"}],"wp:attachment":[{"href":"https:\/\/www.auxsons.com\/en\/wp-json\/wp\/v2\/media?parent=6340"}],"curies":[{"name":"wp","href":"https:\/\/api.w.org\/{rel}","templated":true}]}}