{"id":48093,"date":"2024-01-31T15:00:58","date_gmt":"2024-01-31T14:00:58","guid":{"rendered":"https:\/\/www.auxsons.com\/?post_type=breves&#038;p=48093"},"modified":"2024-02-01T14:59:46","modified_gmt":"2024-02-01T13:59:46","slug":"rencontre-avec-didi-b","status":"publish","type":"breves","link":"https:\/\/www.auxsons.com\/en\/breves\/rencontre-avec-didi-b\/","title":{"rendered":"Interview | Rencontre avec Didi&nbsp;B"},"content":{"rendered":"<p>Autrefois jug\u00e9 \u201cvoyou\u201c, le rap de C\u00f4te d\u2019Ivoire a su associer humour, argot nouchi et rythmiques d\u2019Afrique de l\u2019Ouest pour s\u2019int\u00e9grer au pays du coup\u00e9-d\u00e9cal\u00e9. De quoi dresser un pont entre traditions et g\u00e9n\u00e9rations, et se distinguer mondialement.<\/p>\n<p>#AuxSons a rencontr\u00e9 Didi B, l\u2019un des rappeurs les plus en vue de la sc\u00e8ne rap ivoire.<\/p>\n<iframe title=\"Didi B x #AuxSons\" width=\"640\" height=\"480\" src=\"https:\/\/www.youtube.com\/embed\/gIfe9p5_dbk?feature=oembed\" frameborder=\"0\" allow=\"accelerometer; autoplay; clipboard-write; encrypted-media; gyroscope; picture-in-picture; web-share\" referrerpolicy=\"strict-origin-when-cross-origin\" allowfullscreen><\/iframe>\n<p>&nbsp;<\/p>\n<p>Nous avons \u00e9chang\u00e9 sur la mani\u00e8re dont il a d\u2019abord \u201cinfiltr\u00e9\u201d le coup\u00e9-d\u00e9cal\u00e9 avec <span class=\"caps\">DJ<\/span> Arafat pour ensuite percer avec son rap, sur sa relation au panafricanisme et aux id\u00e9es de Cheikh Anta Diop. Didi B a aussi partag\u00e9 quelques p\u00e9pites \u00e0 suivre dans la sc\u00e8ne ivoirienne et comment\u00e9 le d\u00e9veloppement de l\u2019industrie musicale \u00e0 Abidjan. #AuxSons en a aussi profit\u00e9 pour apprendre quelques mots de nouchi et prendre note de ses conseils pour les jeunes g\u00e9n\u00e9rations d\u2019artistes ! Et on a quelques pistes sur les prochains projets de Kiff No Beat et les featuring \u00e0 venir de Didi B \u2026 Y\u2019a pas&nbsp;drap&nbsp;!<\/p>\n<p>&nbsp;<\/p>\n<blockquote class=\"wp-embedded-content\" data-secret=\"d3sjhRfCqg\"><p><a href=\"https:\/\/www.auxsons.com\/focus\/du-rap-ivoire-en-defense\/\">Du rap ivoire en d\u00e9fense<\/a><\/p><\/blockquote>\n<iframe class=\"wp-embedded-content\" sandbox=\"allow-scripts\" security=\"restricted\" style=\"position: absolute; visibility: hidden;\" title=\"\u00ab&nbsp;Du rap ivoire en d\u00e9fense&nbsp;\u00bb \u2014 #AuxSons\" src=\"https:\/\/www.auxsons.com\/focus\/du-rap-ivoire-en-defense\/embed\/#?secret=nwCyxWIEDj#?secret=d3sjhRfCqg\" data-secret=\"d3sjhRfCqg\" width=\"600\" height=\"338\" frameborder=\"0\" marginwidth=\"0\" marginheight=\"0\" scrolling=\"no\"><\/iframe>\n<p><strong>MaMA Music <span class=\"amp\">&amp;<\/span> Convention<\/strong><\/p>\n<p>Cet automne #AuxSons a fait un tour au MaMA, le rendez-vous incontournable des musiques actuelles \u00e0 Paris, du 11 au 13 octobre. A suivre, retrouvez les interviews de Witch Prophet, Aghiad, Startijenn, Mimi O\u2019Bonsawin, Sukh Mahal, Marco Klarck et&nbsp;Wifa&nbsp;!<\/p>\n","protected":false},"excerpt":{"rendered":"<p>Autrefois jug\u00e9 \u201cvoyou\u201c, le rap de C\u00f4te d\u2019Ivoire a su associer humour, argot nouchi et rythmiques d\u2019Afrique de l\u2019Ouest pour s\u2019int\u00e9grer au pays du coup\u00e9-d\u00e9cal\u00e9. De quoi dresser un pont entre traditions et g\u00e9n\u00e9rations, et se distinguer mondialement. #AuxSons a rencontr\u00e9 Didi B, l\u2019un des rappeurs les plus en vue de la sc\u00e8ne rap ivoire.<\/p>\n","protected":false},"author":271,"featured_media":48094,"template":"","meta":{"_acf_changed":false,"wp_typography_post_enhancements_disabled":false,"footnotes":""},"class_list":["post-48093","breves","type-breves","status-publish","has-post-thumbnail","hentry"],"acf":[],"yoast_head":"<!-- This site is optimized with the Yoast SEO plugin v27.5 - https:\/\/yoast.com\/product\/yoast-seo-wordpress\/ -->\n<title>Interview | Rencontre avec Didi B - #AuxSons<\/title>\n<meta name=\"description\" content=\"Autrefois jug\u00e9 \u201cvoyou\u201c, le rap de C\u00f4te d\u2019Ivoire a su associer humour, argot nouchi et rythmiques d\u2019Afrique de l\u2019Ouest pour s\u2019int\u00e9grer au pays du\" \/>\n<meta name=\"robots\" content=\"index, follow, max-snippet:-1, max-image-preview:large, max-video-preview:-1\" \/>\n<link rel=\"canonical\" href=\"https:\/\/www.auxsons.com\/en\/breves\/rencontre-avec-didi-b\/\" \/>\n<meta property=\"og:locale\" content=\"en_US\" \/>\n<meta property=\"og:type\" content=\"article\" \/>\n<meta property=\"og:title\" content=\"Interview | Rencontre avec Didi B - #AuxSons\" \/>\n<meta property=\"og:description\" content=\"Autrefois jug\u00e9 \u201cvoyou\u201c, le rap de C\u00f4te d\u2019Ivoire a su associer humour, argot nouchi et rythmiques d\u2019Afrique de l\u2019Ouest pour s\u2019int\u00e9grer au pays du\" \/>\n<meta property=\"og:url\" content=\"https:\/\/www.auxsons.com\/en\/breves\/rencontre-avec-didi-b\/\" \/>\n<meta property=\"og:site_name\" content=\"#AuxSons\" \/>\n<meta property=\"article:publisher\" content=\"https:\/\/www.facebook.com\/auxsons\/\" \/>\n<meta property=\"article:modified_time\" content=\"2024-02-01T13:59:46+00:00\" \/>\n<meta property=\"og:image\" content=\"https:\/\/www.auxsons.com\/wp-content\/uploads\/2024\/01\/miniature-breve-didi-b.png\" \/>\n\t<meta property=\"og:image:width\" content=\"853\" \/>\n\t<meta property=\"og:image:height\" content=\"733\" \/>\n\t<meta property=\"og:image:type\" content=\"image\/png\" \/>\n<meta name=\"twitter:card\" content=\"summary_large_image\" \/>\n<meta name=\"twitter:site\" content=\"@auxsons\" \/>\n<meta name=\"twitter:label1\" content=\"Est. reading time\" \/>\n\t<meta name=\"twitter:data1\" content=\"2 minutes\" \/>\n<script type=\"application\/ld+json\" class=\"yoast-schema-graph\">{\"@context\":\"https:\\\/\\\/schema.org\",\"@graph\":[{\"@type\":\"WebPage\",\"@id\":\"https:\\\/\\\/www.auxsons.com\\\/en\\\/breves\\\/rencontre-avec-didi-b\\\/\",\"url\":\"https:\\\/\\\/www.auxsons.com\\\/en\\\/breves\\\/rencontre-avec-didi-b\\\/\",\"name\":\"Interview | Rencontre avec Didi B - #AuxSons\",\"isPartOf\":{\"@id\":\"https:\\\/\\\/www.auxsons.com\\\/en\\\/#website\"},\"primaryImageOfPage\":{\"@id\":\"https:\\\/\\\/www.auxsons.com\\\/en\\\/breves\\\/rencontre-avec-didi-b\\\/#primaryimage\"},\"image\":{\"@id\":\"https:\\\/\\\/www.auxsons.com\\\/en\\\/breves\\\/rencontre-avec-didi-b\\\/#primaryimage\"},\"thumbnailUrl\":\"https:\\\/\\\/www.auxsons.com\\\/wp-content\\\/uploads\\\/2024\\\/01\\\/miniature-breve-didi-b.png\",\"datePublished\":\"2024-01-31T14:00:58+00:00\",\"dateModified\":\"2024-02-01T13:59:46+00:00\",\"description\":\"Autrefois jug\u00e9 \u201cvoyou\u201c, le rap de C\u00f4te d\u2019Ivoire a su associer humour, argot nouchi et rythmiques d\u2019Afrique de l\u2019Ouest pour s\u2019int\u00e9grer au pays du\",\"breadcrumb\":{\"@id\":\"https:\\\/\\\/www.auxsons.com\\\/en\\\/breves\\\/rencontre-avec-didi-b\\\/#breadcrumb\"},\"inLanguage\":\"en-US\",\"potentialAction\":[{\"@type\":\"ReadAction\",\"target\":[\"https:\\\/\\\/www.auxsons.com\\\/en\\\/breves\\\/rencontre-avec-didi-b\\\/\"]}]},{\"@type\":\"ImageObject\",\"inLanguage\":\"en-US\",\"@id\":\"https:\\\/\\\/www.auxsons.com\\\/en\\\/breves\\\/rencontre-avec-didi-b\\\/#primaryimage\",\"url\":\"https:\\\/\\\/www.auxsons.com\\\/wp-content\\\/uploads\\\/2024\\\/01\\\/miniature-breve-didi-b.png\",\"contentUrl\":\"https:\\\/\\\/www.auxsons.com\\\/wp-content\\\/uploads\\\/2024\\\/01\\\/miniature-breve-didi-b.png\",\"width\":853,\"height\":733,\"caption\":\"Didi B #AuxSons\"},{\"@type\":\"BreadcrumbList\",\"@id\":\"https:\\\/\\\/www.auxsons.com\\\/en\\\/breves\\\/rencontre-avec-didi-b\\\/#breadcrumb\",\"itemListElement\":[{\"@type\":\"ListItem\",\"position\":1,\"name\":\"Accueil\",\"item\":\"https:\\\/\\\/www.auxsons.com\\\/en\\\/\"},{\"@type\":\"ListItem\",\"position\":2,\"name\":\"Br\u00e8ves\",\"item\":\"https:\\\/\\\/www.auxsons.com\\\/en\\\/breves\\\/\"},{\"@type\":\"ListItem\",\"position\":3,\"name\":\"Interview | Rencontre avec Didi B\"}]},{\"@type\":\"WebSite\",\"@id\":\"https:\\\/\\\/www.auxsons.com\\\/en\\\/#website\",\"url\":\"https:\\\/\\\/www.auxsons.com\\\/en\\\/\",\"name\":\"#AuxSons\",\"description\":\"Musiques &amp; Vibrations du Monde\",\"publisher\":{\"@id\":\"https:\\\/\\\/www.auxsons.com\\\/en\\\/#organization\"},\"potentialAction\":[{\"@type\":\"SearchAction\",\"target\":{\"@type\":\"EntryPoint\",\"urlTemplate\":\"https:\\\/\\\/www.auxsons.com\\\/en\\\/?s={search_term_string}\"},\"query-input\":{\"@type\":\"PropertyValueSpecification\",\"valueRequired\":true,\"valueName\":\"search_term_string\"}}],\"inLanguage\":\"en-US\"},{\"@type\":\"Organization\",\"@id\":\"https:\\\/\\\/www.auxsons.com\\\/en\\\/#organization\",\"name\":\"#AuxSons\",\"url\":\"https:\\\/\\\/www.auxsons.com\\\/en\\\/\",\"logo\":{\"@type\":\"ImageObject\",\"inLanguage\":\"en-US\",\"@id\":\"https:\\\/\\\/www.auxsons.com\\\/en\\\/#\\\/schema\\\/logo\\\/image\\\/\",\"url\":\"https:\\\/\\\/www.auxsons.com\\\/wp-content\\\/uploads\\\/2018\\\/10\\\/logo-aux-sons@2x.png\",\"contentUrl\":\"https:\\\/\\\/www.auxsons.com\\\/wp-content\\\/uploads\\\/2018\\\/10\\\/logo-aux-sons@2x.png\",\"width\":320,\"height\":192,\"caption\":\"#AuxSons\"},\"image\":{\"@id\":\"https:\\\/\\\/www.auxsons.com\\\/en\\\/#\\\/schema\\\/logo\\\/image\\\/\"},\"sameAs\":[\"https:\\\/\\\/www.facebook.com\\\/auxsons\\\/\",\"https:\\\/\\\/x.com\\\/auxsons\",\"https:\\\/\\\/www.instagram.com\\\/auxsons\\\/\",\"https:\\\/\\\/www.youtube.com\\\/channel\\\/UC_NjOjgZNHW-6MaXKWavFKQ\"]}]}<\/script>\n<!-- \/ Yoast SEO plugin. -->","yoast_head_json":{"title":"Interview | Rencontre avec Didi B - #AuxSons","description":"Autrefois jug\u00e9 \u201cvoyou\u201c, le rap de C\u00f4te d\u2019Ivoire a su associer humour, argot nouchi et rythmiques d\u2019Afrique de l\u2019Ouest pour s\u2019int\u00e9grer au pays du","robots":{"index":"index","follow":"follow","max-snippet":"max-snippet:-1","max-image-preview":"max-image-preview:large","max-video-preview":"max-video-preview:-1"},"canonical":"https:\/\/www.auxsons.com\/en\/breves\/rencontre-avec-didi-b\/","og_locale":"en_US","og_type":"article","og_title":"Interview | Rencontre avec Didi B - #AuxSons","og_description":"Autrefois jug\u00e9 \u201cvoyou\u201c, le rap de C\u00f4te d\u2019Ivoire a su associer humour, argot nouchi et rythmiques d\u2019Afrique de l\u2019Ouest pour s\u2019int\u00e9grer au pays du","og_url":"https:\/\/www.auxsons.com\/en\/breves\/rencontre-avec-didi-b\/","og_site_name":"#AuxSons","article_publisher":"https:\/\/www.facebook.com\/auxsons\/","article_modified_time":"2024-02-01T13:59:46+00:00","og_image":[{"width":853,"height":733,"url":"https:\/\/www.auxsons.com\/wp-content\/uploads\/2024\/01\/miniature-breve-didi-b.png","type":"image\/png"}],"twitter_card":"summary_large_image","twitter_site":"@auxsons","twitter_misc":{"Est. reading time":"2 minutes"},"schema":{"@context":"https:\/\/schema.org","@graph":[{"@type":"WebPage","@id":"https:\/\/www.auxsons.com\/en\/breves\/rencontre-avec-didi-b\/","url":"https:\/\/www.auxsons.com\/en\/breves\/rencontre-avec-didi-b\/","name":"Interview | Rencontre avec Didi B - #AuxSons","isPartOf":{"@id":"https:\/\/www.auxsons.com\/en\/#website"},"primaryImageOfPage":{"@id":"https:\/\/www.auxsons.com\/en\/breves\/rencontre-avec-didi-b\/#primaryimage"},"image":{"@id":"https:\/\/www.auxsons.com\/en\/breves\/rencontre-avec-didi-b\/#primaryimage"},"thumbnailUrl":"https:\/\/www.auxsons.com\/wp-content\/uploads\/2024\/01\/miniature-breve-didi-b.png","datePublished":"2024-01-31T14:00:58+00:00","dateModified":"2024-02-01T13:59:46+00:00","description":"Autrefois jug\u00e9 \u201cvoyou\u201c, le rap de C\u00f4te d\u2019Ivoire a su associer humour, argot nouchi et rythmiques d\u2019Afrique de l\u2019Ouest pour s\u2019int\u00e9grer au pays du","breadcrumb":{"@id":"https:\/\/www.auxsons.com\/en\/breves\/rencontre-avec-didi-b\/#breadcrumb"},"inLanguage":"en-US","potentialAction":[{"@type":"ReadAction","target":["https:\/\/www.auxsons.com\/en\/breves\/rencontre-avec-didi-b\/"]}]},{"@type":"ImageObject","inLanguage":"en-US","@id":"https:\/\/www.auxsons.com\/en\/breves\/rencontre-avec-didi-b\/#primaryimage","url":"https:\/\/www.auxsons.com\/wp-content\/uploads\/2024\/01\/miniature-breve-didi-b.png","contentUrl":"https:\/\/www.auxsons.com\/wp-content\/uploads\/2024\/01\/miniature-breve-didi-b.png","width":853,"height":733,"caption":"Didi B #AuxSons"},{"@type":"BreadcrumbList","@id":"https:\/\/www.auxsons.com\/en\/breves\/rencontre-avec-didi-b\/#breadcrumb","itemListElement":[{"@type":"ListItem","position":1,"name":"Accueil","item":"https:\/\/www.auxsons.com\/en\/"},{"@type":"ListItem","position":2,"name":"Br\u00e8ves","item":"https:\/\/www.auxsons.com\/en\/breves\/"},{"@type":"ListItem","position":3,"name":"Interview | Rencontre avec Didi B"}]},{"@type":"WebSite","@id":"https:\/\/www.auxsons.com\/en\/#website","url":"https:\/\/www.auxsons.com\/en\/","name":"#AuxSons","description":"Musiques &amp; Vibrations du Monde","publisher":{"@id":"https:\/\/www.auxsons.com\/en\/#organization"},"potentialAction":[{"@type":"SearchAction","target":{"@type":"EntryPoint","urlTemplate":"https:\/\/www.auxsons.com\/en\/?s={search_term_string}"},"query-input":{"@type":"PropertyValueSpecification","valueRequired":true,"valueName":"search_term_string"}}],"inLanguage":"en-US"},{"@type":"Organization","@id":"https:\/\/www.auxsons.com\/en\/#organization","name":"#AuxSons","url":"https:\/\/www.auxsons.com\/en\/","logo":{"@type":"ImageObject","inLanguage":"en-US","@id":"https:\/\/www.auxsons.com\/en\/#\/schema\/logo\/image\/","url":"https:\/\/www.auxsons.com\/wp-content\/uploads\/2018\/10\/logo-aux-sons@2x.png","contentUrl":"https:\/\/www.auxsons.com\/wp-content\/uploads\/2018\/10\/logo-aux-sons@2x.png","width":320,"height":192,"caption":"#AuxSons"},"image":{"@id":"https:\/\/www.auxsons.com\/en\/#\/schema\/logo\/image\/"},"sameAs":["https:\/\/www.facebook.com\/auxsons\/","https:\/\/x.com\/auxsons","https:\/\/www.instagram.com\/auxsons\/","https:\/\/www.youtube.com\/channel\/UC_NjOjgZNHW-6MaXKWavFKQ"]}]}},"_links":{"self":[{"href":"https:\/\/www.auxsons.com\/en\/wp-json\/wp\/v2\/breves\/48093","targetHints":{"allow":["GET"]}}],"collection":[{"href":"https:\/\/www.auxsons.com\/en\/wp-json\/wp\/v2\/breves"}],"about":[{"href":"https:\/\/www.auxsons.com\/en\/wp-json\/wp\/v2\/types\/breves"}],"author":[{"embeddable":true,"href":"https:\/\/www.auxsons.com\/en\/wp-json\/wp\/v2\/users\/271"}],"version-history":[{"count":0,"href":"https:\/\/www.auxsons.com\/en\/wp-json\/wp\/v2\/breves\/48093\/revisions"}],"wp:featuredmedia":[{"embeddable":true,"href":"https:\/\/www.auxsons.com\/en\/wp-json\/wp\/v2\/media\/48094"}],"wp:attachment":[{"href":"https:\/\/www.auxsons.com\/en\/wp-json\/wp\/v2\/media?parent=48093"}],"curies":[{"name":"wp","href":"https:\/\/api.w.org\/{rel}","templated":true}]}}