{"id":36227,"date":"2023-06-19T12:33:00","date_gmt":"2023-06-19T10:33:00","guid":{"rendered":"https:\/\/www.auxsons.com\/?post_type=breves&#038;p=36227"},"modified":"2023-06-19T13:01:01","modified_gmt":"2023-06-19T11:01:01","slug":"festival-le-grand-soufflet","status":"publish","type":"breves","link":"https:\/\/www.auxsons.com\/en\/breves\/festival-le-grand-soufflet\/","title":{"rendered":"Le Festival Le Grand Soufflet revient \u00e0 Rennes et en Ille-et-Vilaine du 4 au 14 octobre"},"content":{"rendered":"<div class=\"xdj266r x11i5rnm xat24cr x1mh8g0r x1vvkbs\">Rendez-vous du 4 au 14 octobre 2023 pour la 28e \u00e9dition du festival Le Grand Soufflet&nbsp;!<\/div>\n<div><\/div>\n<div class=\"xdj266r x11i5rnm xat24cr x1mh8g0r x1vvkbs\"><strong>10 jours de musiques du monde \u00e0 Rennes, Rennes M\u00e9tropole et en Ille-et-Vilaine.&nbsp;<\/strong><\/div>\n<div><\/div>\n<div class=\"x11i5rnm xat24cr x1mh8g0r x1vvkbs xtlvy1s\">Concerts, bals trads, projections de courts-m\u00e9trages, stages et ateliers, rencontres avec les artistes \u2026 il y en aura pour tous les go\u00fbts et tous les \u00e2ges, dans les 40 communes co-organisatrices&nbsp;!<\/div>\n<div><\/div>\n<div class=\"x11i5rnm xat24cr x1mh8g0r x1vvkbs xtlvy1s\">Le Village Thabor s\u2019implantera dans le mythique parc rennais du mercredi 4 au dimanche 8 octobre : chapiteau et guinguette avec concerts, rencontres, jeux pour enfants, tournoi Le Grand Palet, blindtest, dancefloor, bar <span class=\"amp\">&amp;<\/span> foodtruck&nbsp;!<\/div>\n<div class=\"x11i5rnm xat24cr x1mh8g0r x1vvkbs xtlvy1s\">___<\/div>\n<div><\/div>\n<div class=\"x11i5rnm xat24cr x1mh8g0r x1vvkbs xtlvy1s\">Programmation et billetterie en ligne le 29 juin sur <strong><a class=\"x1i10hfl xjbqb8w x6umtig x1b1mbwd xaqea5y xav7gou x9f619 x1ypdohk xt0psk2 xe8uvvx xdj266r x11i5rnm xat24cr x1mh8g0r xexx8yu x4uap5 x18d9i69 xkhd6sd x16tdsg8 x1hl2dhg xggy1nq x1a2a7pz xt0b8zv x1fey0fg\" role=\"link\" href=\"https:\/\/l.facebook.com\/l.php?u=http%3A%2F%2Fwww.legrandsoufflet.fr%2F%3Ffbclid%3DIwAR1mcmD3xGZlu3qmZUPyOaiAJ_WVgZ4rYGvOt2TTBQCJY9k7XyovpKFjWBM&amp;h=AT3bBJcPghcToCVieP0u2eC2d4Zh7H-DComuM8HNUue6CecXPAxEUO5wDxBagAWEH4Ka6MDAlscyUal0BWXEp_NnhTF8l8xjCl5tggLynsm5vdf3gEvTd1ca3ej9TKqjDo9iXhmmM_xN0X7kBx7wbgLkzA&amp;__tn__=q&amp;c[0]=AT0leHG496Q4KqbUfI-83a-NBuROCqe2fElC9SV2H9SADvmw2qsfIzB2uxBKgl3U_knWAUkqgG6KUSjaUV1XOsBNthbxsLsSzkxiNaE-5cABqp__gCIg3De5olnfb2z13E_4AZn72IhIWijacQyQMrCer_7O\" target=\"_blank\" rel=\"nofollow noopener noreferrer\">www\u200b.legrandsoufflet\u200b.fr<\/a><\/strong><\/div>\n","protected":false},"excerpt":{"rendered":"<p>Rendez-vous du 4 au 14 octobre 2023 pour la 28e \u00e9dition du festival Le Grand Soufflet&nbsp;! 10 jours de musiques du monde \u00e0 Rennes, Rennes M\u00e9tropole et en Ille-et-Vilaine.&nbsp; Concerts, bals trads, projections de courts-m\u00e9trages, stages et ateliers, rencontres avec les artistes \u2026 il y en aura pour tous les go\u00fbts et tous les&nbsp;\u00e2ges,<\/p>\n","protected":false},"author":533,"featured_media":36223,"template":"","meta":{"_acf_changed":false,"wp_typography_post_enhancements_disabled":false,"footnotes":""},"class_list":["post-36227","breves","type-breves","status-publish","has-post-thumbnail","hentry"],"acf":[],"yoast_head":"<!-- This site is optimized with the Yoast SEO plugin v27.5 - https:\/\/yoast.com\/product\/yoast-seo-wordpress\/ -->\n<title>Le Festival Le Grand Soufflet revient \u00e0 Rennes et en Ille-et-Vilaine du 4 au 14 octobre - #AuxSons<\/title>\n<meta name=\"description\" content=\"Rendez-vous du 4 au 14 octobre 2023 pour la 28e \u00e9dition du festival Le Grand Soufflet ! 10 jours de musiques du monde \u00e0 Rennes, Rennes M\u00e9tropole et en\" \/>\n<meta name=\"robots\" content=\"index, follow, max-snippet:-1, max-image-preview:large, max-video-preview:-1\" \/>\n<link rel=\"canonical\" href=\"https:\/\/www.auxsons.com\/en\/breves\/festival-le-grand-soufflet\/\" \/>\n<meta property=\"og:locale\" content=\"en_US\" \/>\n<meta property=\"og:type\" content=\"article\" \/>\n<meta property=\"og:title\" content=\"Le Festival Le Grand Soufflet revient \u00e0 Rennes et en Ille-et-Vilaine du 4 au 14 octobre - #AuxSons\" \/>\n<meta property=\"og:description\" content=\"Rendez-vous du 4 au 14 octobre 2023 pour la 28e \u00e9dition du festival Le Grand Soufflet ! 10 jours de musiques du monde \u00e0 Rennes, Rennes M\u00e9tropole et en\" \/>\n<meta property=\"og:url\" content=\"https:\/\/www.auxsons.com\/en\/breves\/festival-le-grand-soufflet\/\" \/>\n<meta property=\"og:site_name\" content=\"#AuxSons\" \/>\n<meta property=\"article:publisher\" content=\"https:\/\/www.facebook.com\/auxsons\/\" \/>\n<meta property=\"article:modified_time\" content=\"2023-06-19T11:01:01+00:00\" \/>\n<meta property=\"og:image\" content=\"https:\/\/www.auxsons.com\/wp-content\/uploads\/2023\/06\/affiche-pour-news-zone-franche-e1687170736785.jpg\" \/>\n\t<meta property=\"og:image:width\" content=\"1166\" \/>\n\t<meta property=\"og:image:height\" content=\"1166\" \/>\n\t<meta property=\"og:image:type\" content=\"image\/jpeg\" \/>\n<meta name=\"twitter:card\" content=\"summary_large_image\" \/>\n<meta name=\"twitter:site\" content=\"@auxsons\" \/>\n<meta name=\"twitter:label1\" content=\"Est. reading time\" \/>\n\t<meta name=\"twitter:data1\" content=\"1 minute\" \/>\n<script type=\"application\/ld+json\" class=\"yoast-schema-graph\">{\"@context\":\"https:\\\/\\\/schema.org\",\"@graph\":[{\"@type\":\"WebPage\",\"@id\":\"https:\\\/\\\/www.auxsons.com\\\/en\\\/breves\\\/festival-le-grand-soufflet\\\/\",\"url\":\"https:\\\/\\\/www.auxsons.com\\\/en\\\/breves\\\/festival-le-grand-soufflet\\\/\",\"name\":\"Le Festival Le Grand Soufflet revient \u00e0 Rennes et en Ille-et-Vilaine du 4 au 14 octobre - #AuxSons\",\"isPartOf\":{\"@id\":\"https:\\\/\\\/www.auxsons.com\\\/en\\\/#website\"},\"primaryImageOfPage\":{\"@id\":\"https:\\\/\\\/www.auxsons.com\\\/en\\\/breves\\\/festival-le-grand-soufflet\\\/#primaryimage\"},\"image\":{\"@id\":\"https:\\\/\\\/www.auxsons.com\\\/en\\\/breves\\\/festival-le-grand-soufflet\\\/#primaryimage\"},\"thumbnailUrl\":\"https:\\\/\\\/www.auxsons.com\\\/wp-content\\\/uploads\\\/2023\\\/06\\\/affiche-pour-news-zone-franche-e1687170736785.jpg\",\"datePublished\":\"2023-06-19T10:33:00+00:00\",\"dateModified\":\"2023-06-19T11:01:01+00:00\",\"description\":\"Rendez-vous du 4 au 14 octobre 2023 pour la 28e \u00e9dition du festival Le Grand Soufflet ! 10 jours de musiques du monde \u00e0 Rennes, Rennes M\u00e9tropole et en\",\"breadcrumb\":{\"@id\":\"https:\\\/\\\/www.auxsons.com\\\/en\\\/breves\\\/festival-le-grand-soufflet\\\/#breadcrumb\"},\"inLanguage\":\"en-US\",\"potentialAction\":[{\"@type\":\"ReadAction\",\"target\":[\"https:\\\/\\\/www.auxsons.com\\\/en\\\/breves\\\/festival-le-grand-soufflet\\\/\"]}]},{\"@type\":\"ImageObject\",\"inLanguage\":\"en-US\",\"@id\":\"https:\\\/\\\/www.auxsons.com\\\/en\\\/breves\\\/festival-le-grand-soufflet\\\/#primaryimage\",\"url\":\"https:\\\/\\\/www.auxsons.com\\\/wp-content\\\/uploads\\\/2023\\\/06\\\/affiche-pour-news-zone-franche-e1687170736785.jpg\",\"contentUrl\":\"https:\\\/\\\/www.auxsons.com\\\/wp-content\\\/uploads\\\/2023\\\/06\\\/affiche-pour-news-zone-franche-e1687170736785.jpg\",\"width\":1166,\"height\":1166},{\"@type\":\"BreadcrumbList\",\"@id\":\"https:\\\/\\\/www.auxsons.com\\\/en\\\/breves\\\/festival-le-grand-soufflet\\\/#breadcrumb\",\"itemListElement\":[{\"@type\":\"ListItem\",\"position\":1,\"name\":\"Accueil\",\"item\":\"https:\\\/\\\/www.auxsons.com\\\/en\\\/\"},{\"@type\":\"ListItem\",\"position\":2,\"name\":\"Br\u00e8ves\",\"item\":\"https:\\\/\\\/www.auxsons.com\\\/en\\\/breves\\\/\"},{\"@type\":\"ListItem\",\"position\":3,\"name\":\"Le Festival Le Grand Soufflet revient \u00e0 Rennes et en Ille-et-Vilaine du 4 au 14 octobre\"}]},{\"@type\":\"WebSite\",\"@id\":\"https:\\\/\\\/www.auxsons.com\\\/en\\\/#website\",\"url\":\"https:\\\/\\\/www.auxsons.com\\\/en\\\/\",\"name\":\"#AuxSons\",\"description\":\"Musiques &amp; Vibrations du Monde\",\"publisher\":{\"@id\":\"https:\\\/\\\/www.auxsons.com\\\/en\\\/#organization\"},\"potentialAction\":[{\"@type\":\"SearchAction\",\"target\":{\"@type\":\"EntryPoint\",\"urlTemplate\":\"https:\\\/\\\/www.auxsons.com\\\/en\\\/?s={search_term_string}\"},\"query-input\":{\"@type\":\"PropertyValueSpecification\",\"valueRequired\":true,\"valueName\":\"search_term_string\"}}],\"inLanguage\":\"en-US\"},{\"@type\":\"Organization\",\"@id\":\"https:\\\/\\\/www.auxsons.com\\\/en\\\/#organization\",\"name\":\"#AuxSons\",\"url\":\"https:\\\/\\\/www.auxsons.com\\\/en\\\/\",\"logo\":{\"@type\":\"ImageObject\",\"inLanguage\":\"en-US\",\"@id\":\"https:\\\/\\\/www.auxsons.com\\\/en\\\/#\\\/schema\\\/logo\\\/image\\\/\",\"url\":\"https:\\\/\\\/www.auxsons.com\\\/wp-content\\\/uploads\\\/2018\\\/10\\\/logo-aux-sons@2x.png\",\"contentUrl\":\"https:\\\/\\\/www.auxsons.com\\\/wp-content\\\/uploads\\\/2018\\\/10\\\/logo-aux-sons@2x.png\",\"width\":320,\"height\":192,\"caption\":\"#AuxSons\"},\"image\":{\"@id\":\"https:\\\/\\\/www.auxsons.com\\\/en\\\/#\\\/schema\\\/logo\\\/image\\\/\"},\"sameAs\":[\"https:\\\/\\\/www.facebook.com\\\/auxsons\\\/\",\"https:\\\/\\\/x.com\\\/auxsons\",\"https:\\\/\\\/www.instagram.com\\\/auxsons\\\/\",\"https:\\\/\\\/www.youtube.com\\\/channel\\\/UC_NjOjgZNHW-6MaXKWavFKQ\"]}]}<\/script>\n<!-- \/ Yoast SEO plugin. -->","yoast_head_json":{"title":"Le Festival Le Grand Soufflet revient \u00e0 Rennes et en Ille-et-Vilaine du 4 au 14 octobre - #AuxSons","description":"Rendez-vous du 4 au 14 octobre 2023 pour la 28e \u00e9dition du festival Le Grand Soufflet ! 10 jours de musiques du monde \u00e0 Rennes, Rennes M\u00e9tropole et en","robots":{"index":"index","follow":"follow","max-snippet":"max-snippet:-1","max-image-preview":"max-image-preview:large","max-video-preview":"max-video-preview:-1"},"canonical":"https:\/\/www.auxsons.com\/en\/breves\/festival-le-grand-soufflet\/","og_locale":"en_US","og_type":"article","og_title":"Le Festival Le Grand Soufflet revient \u00e0 Rennes et en Ille-et-Vilaine du 4 au 14 octobre - #AuxSons","og_description":"Rendez-vous du 4 au 14 octobre 2023 pour la 28e \u00e9dition du festival Le Grand Soufflet ! 10 jours de musiques du monde \u00e0 Rennes, Rennes M\u00e9tropole et en","og_url":"https:\/\/www.auxsons.com\/en\/breves\/festival-le-grand-soufflet\/","og_site_name":"#AuxSons","article_publisher":"https:\/\/www.facebook.com\/auxsons\/","article_modified_time":"2023-06-19T11:01:01+00:00","og_image":[{"width":1166,"height":1166,"url":"https:\/\/www.auxsons.com\/wp-content\/uploads\/2023\/06\/affiche-pour-news-zone-franche-e1687170736785.jpg","type":"image\/jpeg"}],"twitter_card":"summary_large_image","twitter_site":"@auxsons","twitter_misc":{"Est. reading time":"1 minute"},"schema":{"@context":"https:\/\/schema.org","@graph":[{"@type":"WebPage","@id":"https:\/\/www.auxsons.com\/en\/breves\/festival-le-grand-soufflet\/","url":"https:\/\/www.auxsons.com\/en\/breves\/festival-le-grand-soufflet\/","name":"Le Festival Le Grand Soufflet revient \u00e0 Rennes et en Ille-et-Vilaine du 4 au 14 octobre - #AuxSons","isPartOf":{"@id":"https:\/\/www.auxsons.com\/en\/#website"},"primaryImageOfPage":{"@id":"https:\/\/www.auxsons.com\/en\/breves\/festival-le-grand-soufflet\/#primaryimage"},"image":{"@id":"https:\/\/www.auxsons.com\/en\/breves\/festival-le-grand-soufflet\/#primaryimage"},"thumbnailUrl":"https:\/\/www.auxsons.com\/wp-content\/uploads\/2023\/06\/affiche-pour-news-zone-franche-e1687170736785.jpg","datePublished":"2023-06-19T10:33:00+00:00","dateModified":"2023-06-19T11:01:01+00:00","description":"Rendez-vous du 4 au 14 octobre 2023 pour la 28e \u00e9dition du festival Le Grand Soufflet ! 10 jours de musiques du monde \u00e0 Rennes, Rennes M\u00e9tropole et en","breadcrumb":{"@id":"https:\/\/www.auxsons.com\/en\/breves\/festival-le-grand-soufflet\/#breadcrumb"},"inLanguage":"en-US","potentialAction":[{"@type":"ReadAction","target":["https:\/\/www.auxsons.com\/en\/breves\/festival-le-grand-soufflet\/"]}]},{"@type":"ImageObject","inLanguage":"en-US","@id":"https:\/\/www.auxsons.com\/en\/breves\/festival-le-grand-soufflet\/#primaryimage","url":"https:\/\/www.auxsons.com\/wp-content\/uploads\/2023\/06\/affiche-pour-news-zone-franche-e1687170736785.jpg","contentUrl":"https:\/\/www.auxsons.com\/wp-content\/uploads\/2023\/06\/affiche-pour-news-zone-franche-e1687170736785.jpg","width":1166,"height":1166},{"@type":"BreadcrumbList","@id":"https:\/\/www.auxsons.com\/en\/breves\/festival-le-grand-soufflet\/#breadcrumb","itemListElement":[{"@type":"ListItem","position":1,"name":"Accueil","item":"https:\/\/www.auxsons.com\/en\/"},{"@type":"ListItem","position":2,"name":"Br\u00e8ves","item":"https:\/\/www.auxsons.com\/en\/breves\/"},{"@type":"ListItem","position":3,"name":"Le Festival Le Grand Soufflet revient \u00e0 Rennes et en Ille-et-Vilaine du 4 au 14 octobre"}]},{"@type":"WebSite","@id":"https:\/\/www.auxsons.com\/en\/#website","url":"https:\/\/www.auxsons.com\/en\/","name":"#AuxSons","description":"Musiques &amp; Vibrations du Monde","publisher":{"@id":"https:\/\/www.auxsons.com\/en\/#organization"},"potentialAction":[{"@type":"SearchAction","target":{"@type":"EntryPoint","urlTemplate":"https:\/\/www.auxsons.com\/en\/?s={search_term_string}"},"query-input":{"@type":"PropertyValueSpecification","valueRequired":true,"valueName":"search_term_string"}}],"inLanguage":"en-US"},{"@type":"Organization","@id":"https:\/\/www.auxsons.com\/en\/#organization","name":"#AuxSons","url":"https:\/\/www.auxsons.com\/en\/","logo":{"@type":"ImageObject","inLanguage":"en-US","@id":"https:\/\/www.auxsons.com\/en\/#\/schema\/logo\/image\/","url":"https:\/\/www.auxsons.com\/wp-content\/uploads\/2018\/10\/logo-aux-sons@2x.png","contentUrl":"https:\/\/www.auxsons.com\/wp-content\/uploads\/2018\/10\/logo-aux-sons@2x.png","width":320,"height":192,"caption":"#AuxSons"},"image":{"@id":"https:\/\/www.auxsons.com\/en\/#\/schema\/logo\/image\/"},"sameAs":["https:\/\/www.facebook.com\/auxsons\/","https:\/\/x.com\/auxsons","https:\/\/www.instagram.com\/auxsons\/","https:\/\/www.youtube.com\/channel\/UC_NjOjgZNHW-6MaXKWavFKQ"]}]}},"_links":{"self":[{"href":"https:\/\/www.auxsons.com\/en\/wp-json\/wp\/v2\/breves\/36227","targetHints":{"allow":["GET"]}}],"collection":[{"href":"https:\/\/www.auxsons.com\/en\/wp-json\/wp\/v2\/breves"}],"about":[{"href":"https:\/\/www.auxsons.com\/en\/wp-json\/wp\/v2\/types\/breves"}],"author":[{"embeddable":true,"href":"https:\/\/www.auxsons.com\/en\/wp-json\/wp\/v2\/users\/533"}],"version-history":[{"count":0,"href":"https:\/\/www.auxsons.com\/en\/wp-json\/wp\/v2\/breves\/36227\/revisions"}],"wp:featuredmedia":[{"embeddable":true,"href":"https:\/\/www.auxsons.com\/en\/wp-json\/wp\/v2\/media\/36223"}],"wp:attachment":[{"href":"https:\/\/www.auxsons.com\/en\/wp-json\/wp\/v2\/media?parent=36227"}],"curies":[{"name":"wp","href":"https:\/\/api.w.org\/{rel}","templated":true}]}}