{"id":32363,"date":"2023-04-17T12:38:48","date_gmt":"2023-04-17T10:38:48","guid":{"rendered":"https:\/\/www.auxsons.com\/?post_type=breves&#038;p=32363"},"modified":"2023-04-20T17:54:35","modified_gmt":"2023-04-20T15:54:35","slug":"appel-a-candidatures-7eme-edition-du-prix-des-musiques-dici","status":"publish","type":"breves","link":"https:\/\/www.auxsons.com\/en\/breves\/appel-a-candidatures-7eme-edition-du-prix-des-musiques-dici\/","title":{"rendered":"Appel \u00e0 candidatures - 7\u00e8me \u00e9dition du Prix des Musiques d\u2019ICI"},"content":{"rendered":"<p>La 7\u00e8me \u00e9dition du Prix des Musiques d\u2019ICI, c\u2019est parti ! Artistes, candidatez&nbsp;!<\/p>\n<p><strong><a href=\"http:\/\/prixdesmusiquesdici.com\/inscription\/\" target=\"_blank\" rel=\"noopener\">D\u00e9posez votre dossier<\/a><\/strong> d\u00e8s aujourd\u2019hui pour avoir une chance d\u2019\u00eatre d\u00e9sign\u00e9.e laur\u00e9at.e 2023 lors du jury final de novembre ! Cl\u00f4ture des inscriptions le lundi 24&nbsp;avril&nbsp;!<\/p>\n<p>Pour en savoir +&nbsp;sur les crit\u00e8res et le processus de s\u00e9lection, cliquez&nbsp;<strong><a href=\"http:\/\/prixdesmusiquesdici.com\/site\/criteres_et_selection\/\" target=\"_blank\" rel=\"noopener\"><span class=\"caps\">ICI<\/span><\/a>&nbsp;<\/strong>!<\/p>\n<p>Le&nbsp;Prix des Musiques d\u2019<span class=\"caps\">ICI<\/span>&nbsp;est un dispositif national de repe\u0301rage et d\u2019accompagnement d\u2019artistes initie\u0301 en 2017 par \u00ab Villes des Musiques du Monde \u00bb. Celui-ci concerne des musicien\u00b7nes et des chanteur\u00b7teuses issu\u00b7es des diasporas et les artistes du territoire national avec qui ils collaborent. Il vise aussi a\u0300 la valorisation et l\u2019appropriation collective d\u2019un patrimoine artistique et culturel.<\/p>\n<p>Ce dispositif est soutenu par le ministe\u0300re de la Culture et de la Communication (<span class=\"caps\">DGCA<\/span>), le Centre National de la Musique (<span class=\"caps\">CNM<\/span>), la <span class=\"caps\">SACEM<\/span>, l\u2019Institut franc\u0327ais, la <span class=\"caps\">FAMDT<\/span>, le Collectif Musiques <span class=\"amp\">&amp;<\/span> Danses du Monde en \u00cele-de-France et Zone Franche.<\/p>\n","protected":false},"excerpt":{"rendered":"<p>La 7\u00e8me \u00e9dition du Prix des Musiques d\u2019<span class=\"caps\">ICI<\/span>, c\u2019est parti ! Artistes, candidatez&nbsp;! D\u00e9posez votre dossier d\u00e8s aujourd\u2019hui pour avoir une chance d\u2019\u00eatre d\u00e9sign\u00e9.e laur\u00e9at.e 2023 lors du jury final de novembre ! Cl\u00f4ture des inscriptions le lundi 24&nbsp;avril&nbsp;! Pour en savoir +&nbsp;sur les crit\u00e8res et le processus de s\u00e9lection, cliquez&nbsp;<span class=\"caps\">ICI<\/span>&nbsp;! Le&nbsp;Prix des Musiques d\u2019<span class=\"caps\">ICI<\/span>&nbsp;est<\/p>\n","protected":false},"author":94,"featured_media":32369,"template":"","meta":{"_acf_changed":false,"wp_typography_post_enhancements_disabled":false,"footnotes":""},"class_list":["post-32363","breves","type-breves","status-publish","has-post-thumbnail","hentry"],"acf":[],"yoast_head":"<!-- This site is optimized with the Yoast SEO plugin v27.5 - https:\/\/yoast.com\/product\/yoast-seo-wordpress\/ -->\n<title>Appel \u00e0 candidatures - 7\u00e8me \u00e9dition du Prix des Musiques d&#039;ICI - #AuxSons<\/title>\n<meta name=\"description\" content=\"La 7\u00e8me \u00e9dition du Prix des Musiques d&#039;ICI, c&#039;est parti ! Artistes, candidatez ! D\u00e9posez votre dossier d\u00e8s aujourd&#039;hui pour avoir une chance d\u2019\u00eatre\" \/>\n<meta name=\"robots\" content=\"index, follow, max-snippet:-1, max-image-preview:large, max-video-preview:-1\" \/>\n<link rel=\"canonical\" href=\"https:\/\/www.auxsons.com\/en\/breves\/appel-a-candidatures-7eme-edition-du-prix-des-musiques-dici\/\" \/>\n<meta property=\"og:locale\" content=\"en_US\" \/>\n<meta property=\"og:type\" content=\"article\" \/>\n<meta property=\"og:title\" content=\"Appel \u00e0 candidatures - 7\u00e8me \u00e9dition du Prix des Musiques d&#039;ICI - #AuxSons\" \/>\n<meta property=\"og:description\" content=\"La 7\u00e8me \u00e9dition du Prix des Musiques d&#039;ICI, c&#039;est parti ! Artistes, candidatez ! D\u00e9posez votre dossier d\u00e8s aujourd&#039;hui pour avoir une chance d\u2019\u00eatre\" \/>\n<meta property=\"og:url\" content=\"https:\/\/www.auxsons.com\/en\/breves\/appel-a-candidatures-7eme-edition-du-prix-des-musiques-dici\/\" \/>\n<meta property=\"og:site_name\" content=\"#AuxSons\" \/>\n<meta property=\"article:publisher\" content=\"https:\/\/www.facebook.com\/auxsons\/\" \/>\n<meta property=\"article:modified_time\" content=\"2023-04-20T15:54:35+00:00\" \/>\n<meta property=\"og:image\" content=\"https:\/\/www.auxsons.com\/wp-content\/uploads\/2023\/04\/visuel-auxsons.jpg\" \/>\n\t<meta property=\"og:image:width\" content=\"1080\" \/>\n\t<meta property=\"og:image:height\" content=\"1080\" \/>\n\t<meta property=\"og:image:type\" content=\"image\/jpeg\" \/>\n<meta name=\"twitter:card\" content=\"summary_large_image\" \/>\n<meta name=\"twitter:site\" content=\"@auxsons\" \/>\n<meta name=\"twitter:label1\" content=\"Est. reading time\" \/>\n\t<meta name=\"twitter:data1\" content=\"1 minute\" \/>\n<script type=\"application\/ld+json\" class=\"yoast-schema-graph\">{\"@context\":\"https:\\\/\\\/schema.org\",\"@graph\":[{\"@type\":\"WebPage\",\"@id\":\"https:\\\/\\\/www.auxsons.com\\\/en\\\/breves\\\/appel-a-candidatures-7eme-edition-du-prix-des-musiques-dici\\\/\",\"url\":\"https:\\\/\\\/www.auxsons.com\\\/en\\\/breves\\\/appel-a-candidatures-7eme-edition-du-prix-des-musiques-dici\\\/\",\"name\":\"Appel \u00e0 candidatures - 7\u00e8me \u00e9dition du Prix des Musiques d'ICI - #AuxSons\",\"isPartOf\":{\"@id\":\"https:\\\/\\\/www.auxsons.com\\\/en\\\/#website\"},\"primaryImageOfPage\":{\"@id\":\"https:\\\/\\\/www.auxsons.com\\\/en\\\/breves\\\/appel-a-candidatures-7eme-edition-du-prix-des-musiques-dici\\\/#primaryimage\"},\"image\":{\"@id\":\"https:\\\/\\\/www.auxsons.com\\\/en\\\/breves\\\/appel-a-candidatures-7eme-edition-du-prix-des-musiques-dici\\\/#primaryimage\"},\"thumbnailUrl\":\"https:\\\/\\\/www.auxsons.com\\\/wp-content\\\/uploads\\\/2023\\\/04\\\/visuel-auxsons.jpg\",\"datePublished\":\"2023-04-17T10:38:48+00:00\",\"dateModified\":\"2023-04-20T15:54:35+00:00\",\"description\":\"La 7\u00e8me \u00e9dition du Prix des Musiques d'ICI, c'est parti ! Artistes, candidatez ! D\u00e9posez votre dossier d\u00e8s aujourd'hui pour avoir une chance d\u2019\u00eatre\",\"breadcrumb\":{\"@id\":\"https:\\\/\\\/www.auxsons.com\\\/en\\\/breves\\\/appel-a-candidatures-7eme-edition-du-prix-des-musiques-dici\\\/#breadcrumb\"},\"inLanguage\":\"en-US\",\"potentialAction\":[{\"@type\":\"ReadAction\",\"target\":[\"https:\\\/\\\/www.auxsons.com\\\/en\\\/breves\\\/appel-a-candidatures-7eme-edition-du-prix-des-musiques-dici\\\/\"]}]},{\"@type\":\"ImageObject\",\"inLanguage\":\"en-US\",\"@id\":\"https:\\\/\\\/www.auxsons.com\\\/en\\\/breves\\\/appel-a-candidatures-7eme-edition-du-prix-des-musiques-dici\\\/#primaryimage\",\"url\":\"https:\\\/\\\/www.auxsons.com\\\/wp-content\\\/uploads\\\/2023\\\/04\\\/visuel-auxsons.jpg\",\"contentUrl\":\"https:\\\/\\\/www.auxsons.com\\\/wp-content\\\/uploads\\\/2023\\\/04\\\/visuel-auxsons.jpg\",\"width\":1080,\"height\":1080},{\"@type\":\"BreadcrumbList\",\"@id\":\"https:\\\/\\\/www.auxsons.com\\\/en\\\/breves\\\/appel-a-candidatures-7eme-edition-du-prix-des-musiques-dici\\\/#breadcrumb\",\"itemListElement\":[{\"@type\":\"ListItem\",\"position\":1,\"name\":\"Accueil\",\"item\":\"https:\\\/\\\/www.auxsons.com\\\/en\\\/\"},{\"@type\":\"ListItem\",\"position\":2,\"name\":\"Br\u00e8ves\",\"item\":\"https:\\\/\\\/www.auxsons.com\\\/en\\\/breves\\\/\"},{\"@type\":\"ListItem\",\"position\":3,\"name\":\"Appel \u00e0 candidatures &#8211; 7\u00e8me \u00e9dition du Prix des Musiques d&#8217;ICI\"}]},{\"@type\":\"WebSite\",\"@id\":\"https:\\\/\\\/www.auxsons.com\\\/en\\\/#website\",\"url\":\"https:\\\/\\\/www.auxsons.com\\\/en\\\/\",\"name\":\"#AuxSons\",\"description\":\"Musiques &amp; Vibrations du Monde\",\"publisher\":{\"@id\":\"https:\\\/\\\/www.auxsons.com\\\/en\\\/#organization\"},\"potentialAction\":[{\"@type\":\"SearchAction\",\"target\":{\"@type\":\"EntryPoint\",\"urlTemplate\":\"https:\\\/\\\/www.auxsons.com\\\/en\\\/?s={search_term_string}\"},\"query-input\":{\"@type\":\"PropertyValueSpecification\",\"valueRequired\":true,\"valueName\":\"search_term_string\"}}],\"inLanguage\":\"en-US\"},{\"@type\":\"Organization\",\"@id\":\"https:\\\/\\\/www.auxsons.com\\\/en\\\/#organization\",\"name\":\"#AuxSons\",\"url\":\"https:\\\/\\\/www.auxsons.com\\\/en\\\/\",\"logo\":{\"@type\":\"ImageObject\",\"inLanguage\":\"en-US\",\"@id\":\"https:\\\/\\\/www.auxsons.com\\\/en\\\/#\\\/schema\\\/logo\\\/image\\\/\",\"url\":\"https:\\\/\\\/www.auxsons.com\\\/wp-content\\\/uploads\\\/2018\\\/10\\\/logo-aux-sons@2x.png\",\"contentUrl\":\"https:\\\/\\\/www.auxsons.com\\\/wp-content\\\/uploads\\\/2018\\\/10\\\/logo-aux-sons@2x.png\",\"width\":320,\"height\":192,\"caption\":\"#AuxSons\"},\"image\":{\"@id\":\"https:\\\/\\\/www.auxsons.com\\\/en\\\/#\\\/schema\\\/logo\\\/image\\\/\"},\"sameAs\":[\"https:\\\/\\\/www.facebook.com\\\/auxsons\\\/\",\"https:\\\/\\\/x.com\\\/auxsons\",\"https:\\\/\\\/www.instagram.com\\\/auxsons\\\/\",\"https:\\\/\\\/www.youtube.com\\\/channel\\\/UC_NjOjgZNHW-6MaXKWavFKQ\"]}]}<\/script>\n<!-- \/ Yoast SEO plugin. -->","yoast_head_json":{"title":"Appel \u00e0 candidatures - 7\u00e8me \u00e9dition du Prix des Musiques d'ICI - #AuxSons","description":"La 7\u00e8me \u00e9dition du Prix des Musiques d'ICI, c'est parti ! Artistes, candidatez ! D\u00e9posez votre dossier d\u00e8s aujourd'hui pour avoir une chance d\u2019\u00eatre","robots":{"index":"index","follow":"follow","max-snippet":"max-snippet:-1","max-image-preview":"max-image-preview:large","max-video-preview":"max-video-preview:-1"},"canonical":"https:\/\/www.auxsons.com\/en\/breves\/appel-a-candidatures-7eme-edition-du-prix-des-musiques-dici\/","og_locale":"en_US","og_type":"article","og_title":"Appel \u00e0 candidatures - 7\u00e8me \u00e9dition du Prix des Musiques d'ICI - #AuxSons","og_description":"La 7\u00e8me \u00e9dition du Prix des Musiques d'ICI, c'est parti ! Artistes, candidatez ! D\u00e9posez votre dossier d\u00e8s aujourd'hui pour avoir une chance d\u2019\u00eatre","og_url":"https:\/\/www.auxsons.com\/en\/breves\/appel-a-candidatures-7eme-edition-du-prix-des-musiques-dici\/","og_site_name":"#AuxSons","article_publisher":"https:\/\/www.facebook.com\/auxsons\/","article_modified_time":"2023-04-20T15:54:35+00:00","og_image":[{"width":1080,"height":1080,"url":"https:\/\/www.auxsons.com\/wp-content\/uploads\/2023\/04\/visuel-auxsons.jpg","type":"image\/jpeg"}],"twitter_card":"summary_large_image","twitter_site":"@auxsons","twitter_misc":{"Est. reading time":"1 minute"},"schema":{"@context":"https:\/\/schema.org","@graph":[{"@type":"WebPage","@id":"https:\/\/www.auxsons.com\/en\/breves\/appel-a-candidatures-7eme-edition-du-prix-des-musiques-dici\/","url":"https:\/\/www.auxsons.com\/en\/breves\/appel-a-candidatures-7eme-edition-du-prix-des-musiques-dici\/","name":"Appel \u00e0 candidatures - 7\u00e8me \u00e9dition du Prix des Musiques d'ICI - #AuxSons","isPartOf":{"@id":"https:\/\/www.auxsons.com\/en\/#website"},"primaryImageOfPage":{"@id":"https:\/\/www.auxsons.com\/en\/breves\/appel-a-candidatures-7eme-edition-du-prix-des-musiques-dici\/#primaryimage"},"image":{"@id":"https:\/\/www.auxsons.com\/en\/breves\/appel-a-candidatures-7eme-edition-du-prix-des-musiques-dici\/#primaryimage"},"thumbnailUrl":"https:\/\/www.auxsons.com\/wp-content\/uploads\/2023\/04\/visuel-auxsons.jpg","datePublished":"2023-04-17T10:38:48+00:00","dateModified":"2023-04-20T15:54:35+00:00","description":"La 7\u00e8me \u00e9dition du Prix des Musiques d'ICI, c'est parti ! Artistes, candidatez ! D\u00e9posez votre dossier d\u00e8s aujourd'hui pour avoir une chance d\u2019\u00eatre","breadcrumb":{"@id":"https:\/\/www.auxsons.com\/en\/breves\/appel-a-candidatures-7eme-edition-du-prix-des-musiques-dici\/#breadcrumb"},"inLanguage":"en-US","potentialAction":[{"@type":"ReadAction","target":["https:\/\/www.auxsons.com\/en\/breves\/appel-a-candidatures-7eme-edition-du-prix-des-musiques-dici\/"]}]},{"@type":"ImageObject","inLanguage":"en-US","@id":"https:\/\/www.auxsons.com\/en\/breves\/appel-a-candidatures-7eme-edition-du-prix-des-musiques-dici\/#primaryimage","url":"https:\/\/www.auxsons.com\/wp-content\/uploads\/2023\/04\/visuel-auxsons.jpg","contentUrl":"https:\/\/www.auxsons.com\/wp-content\/uploads\/2023\/04\/visuel-auxsons.jpg","width":1080,"height":1080},{"@type":"BreadcrumbList","@id":"https:\/\/www.auxsons.com\/en\/breves\/appel-a-candidatures-7eme-edition-du-prix-des-musiques-dici\/#breadcrumb","itemListElement":[{"@type":"ListItem","position":1,"name":"Accueil","item":"https:\/\/www.auxsons.com\/en\/"},{"@type":"ListItem","position":2,"name":"Br\u00e8ves","item":"https:\/\/www.auxsons.com\/en\/breves\/"},{"@type":"ListItem","position":3,"name":"Appel \u00e0 candidatures &#8211; 7\u00e8me \u00e9dition du Prix des Musiques d&#8217;ICI"}]},{"@type":"WebSite","@id":"https:\/\/www.auxsons.com\/en\/#website","url":"https:\/\/www.auxsons.com\/en\/","name":"#AuxSons","description":"Musiques &amp; Vibrations du Monde","publisher":{"@id":"https:\/\/www.auxsons.com\/en\/#organization"},"potentialAction":[{"@type":"SearchAction","target":{"@type":"EntryPoint","urlTemplate":"https:\/\/www.auxsons.com\/en\/?s={search_term_string}"},"query-input":{"@type":"PropertyValueSpecification","valueRequired":true,"valueName":"search_term_string"}}],"inLanguage":"en-US"},{"@type":"Organization","@id":"https:\/\/www.auxsons.com\/en\/#organization","name":"#AuxSons","url":"https:\/\/www.auxsons.com\/en\/","logo":{"@type":"ImageObject","inLanguage":"en-US","@id":"https:\/\/www.auxsons.com\/en\/#\/schema\/logo\/image\/","url":"https:\/\/www.auxsons.com\/wp-content\/uploads\/2018\/10\/logo-aux-sons@2x.png","contentUrl":"https:\/\/www.auxsons.com\/wp-content\/uploads\/2018\/10\/logo-aux-sons@2x.png","width":320,"height":192,"caption":"#AuxSons"},"image":{"@id":"https:\/\/www.auxsons.com\/en\/#\/schema\/logo\/image\/"},"sameAs":["https:\/\/www.facebook.com\/auxsons\/","https:\/\/x.com\/auxsons","https:\/\/www.instagram.com\/auxsons\/","https:\/\/www.youtube.com\/channel\/UC_NjOjgZNHW-6MaXKWavFKQ"]}]}},"_links":{"self":[{"href":"https:\/\/www.auxsons.com\/en\/wp-json\/wp\/v2\/breves\/32363","targetHints":{"allow":["GET"]}}],"collection":[{"href":"https:\/\/www.auxsons.com\/en\/wp-json\/wp\/v2\/breves"}],"about":[{"href":"https:\/\/www.auxsons.com\/en\/wp-json\/wp\/v2\/types\/breves"}],"author":[{"embeddable":true,"href":"https:\/\/www.auxsons.com\/en\/wp-json\/wp\/v2\/users\/94"}],"version-history":[{"count":0,"href":"https:\/\/www.auxsons.com\/en\/wp-json\/wp\/v2\/breves\/32363\/revisions"}],"wp:featuredmedia":[{"embeddable":true,"href":"https:\/\/www.auxsons.com\/en\/wp-json\/wp\/v2\/media\/32369"}],"wp:attachment":[{"href":"https:\/\/www.auxsons.com\/en\/wp-json\/wp\/v2\/media?parent=32363"}],"curies":[{"name":"wp","href":"https:\/\/api.w.org\/{rel}","templated":true}]}}