{"id":27851,"date":"2023-01-31T11:09:42","date_gmt":"2023-01-31T10:09:42","guid":{"rendered":"https:\/\/www.auxsons.com\/?post_type=breves&#038;p=27851"},"modified":"2023-01-31T11:21:12","modified_gmt":"2023-01-31T10:21:12","slug":"les-mots-et-le-monde-quelle-representation-le-monde-occidental-se-fait-il-des-esthetiques-minoritaires-et-extra-occidentales","status":"publish","type":"breves","link":"https:\/\/www.auxsons.com\/en\/breves\/les-mots-et-le-monde-quelle-representation-le-monde-occidental-se-fait-il-des-esthetiques-minoritaires-et-extra-occidentales\/","title":{"rendered":"Quelle repr\u00e9sentation le monde occidental se fait-il des esth\u00e9tiques minoritaires et extra-occidentales&nbsp;?"},"content":{"rendered":"<div class=\"root_PIkPk review_p+Jb-\">\n<p class=\"title_MVqko title--long_hxg4G\">Les mots et le&nbsp;monde<\/p>\n<p><strong>Dimanche 5 f\u00e9vrier \u00e0 partir de 17.30 \u00e0 l\u2019Amphi de l\u2019Op\u00e9ra de Lyon, l\u2019Op\u00e9ra Underground pr\u00e9sente une table ronde autour des mots et du monde : Quelle repr\u00e9sentation le monde occidental se fait-il des esth\u00e9tiques minoritaires ? Quelle vision a-t-il des cultures et traditions extra-occidentales ? Cette table ronde questionne la fa\u00e7on dont le choix du vocabulaire, de la pens\u00e9e, des concepts, imprime souvent une mani\u00e8re de hi\u00e9rarchiser les cultures entre&nbsp;elles.<\/strong><\/p>\n<p>Un percussionniste et beatboxer qui orchestre \u201cla rencontre de l\u2019Inde mill\u00e9naire et de l\u2019Europe d\u2019aujourd\u2019hui\u201d. Une chanteuse qui, usant des sons dernier cri, \u201cd\u00e9poussi\u00e8re\u201d forc\u00e9ment le flamenco\u2026 La lecture de la seule litt\u00e9rature musicale montre que le vocabulaire esth\u00e9tique appliqu\u00e9 aux cultures occidentales minoritaires et aux expressions artistiques extra-occidentales est tr\u00e8s marqu\u00e9 id\u00e9ologiquement. Il l\u2019est de mani\u00e8re souvent inconsciente et trop rarement objectiv\u00e9e, y compris dans les sph\u00e8res qui se consid\u00e8rent comme \u201couvertes au monde\u201d. Plus largement, il va jusqu\u2019\u00e0 d\u00e9voyer des concepts aussi primordiaux que ceux de \u201cmodernit\u00e9\u201d ou d\u2019\u201cuniversalit\u00e9\u201d. Comment mettre le doigt sur ces impens\u00e9s et reprendre \u00e0 z\u00e9ro ce vocabulaire perverti, afin de se projeter dans une vision du monde plus vertueuse et coh\u00e9rente&nbsp;?<\/p>\n<\/div>\n<div class=\"block_KrDu1\">\n<div class=\"root_PIkPk\">\n<p>Avec : Titi Robin \u2013 musicien,<br>\nJean-Lo\u00efc Le Quellec&nbsp;\u2013 anthropologue, historien, sp\u00e9cialiste de l\u2019art rupestre et des mythologies modernes,<br>\nAtiq Rahimi&nbsp;\u2013 \u00e9crivain et r\u00e9alisateur,<br>\nAnne-Laure Lemancel \u2013 <strong><a href=\"https:\/\/www.auxsons.com\/focus\/les-musiques-du-monde-en-questions-en-finir-avec-letiquette\/\" target=\"_blank\" rel=\"noopener\">journaliste<\/a><\/strong> et r\u00e9alisatrice de documentaires<br>\nMod\u00e9ration : Richard Robert - Directeur de l\u2019Op\u00e9ra Underground de&nbsp;Lyon<\/p>\n<\/div>\n<\/div>\n<div class=\"block_KrDu1\">\n<p><strong><a href=\"https:\/\/www.opera-lyon.com\/fr\/programmation\/saison-2022-2023\/opera-underground\/les-mots-et-le-monde\" target=\"_blank\" rel=\"noopener\">Info pratiques<\/a><\/strong><\/p>\n<p>&nbsp;<\/p>\n<p><span style=\"background-color: var(--bs-body-bg); color: var(--bs-body-color); font-family: var(--bs-body-font-family); font-size: var(--bs-body-font-size); font-weight: var(--bs-body-font-weight); text-align: var(--bs-body-text-align);\">Cette table ronde prolongera les \u00e9changes amorc\u00e9s dans notre <\/span><strong style=\"background-color: var(--bs-body-bg); color: var(--bs-body-color); font-family: var(--bs-body-font-family); font-size: var(--bs-body-font-size); text-align: var(--bs-body-text-align);\"><a href=\"https:\/\/www.auxsons.com\/breves\/les-musiques-du-monde-en-questions-une-introduction\/\" target=\"_blank\" rel=\"noopener\">dossier #AuxSons \u201cLes musiques du monde en questions\u201d<\/a><\/strong><span style=\"background-color: var(--bs-body-bg); color: var(--bs-body-color); font-family: var(--bs-body-font-family); font-size: var(--bs-body-font-size); font-weight: var(--bs-body-font-weight); text-align: var(--bs-body-text-align);\">, qui pr\u00e9sentait&nbsp;:<\/span><\/p>\n<\/div>\n<ul>\n<li><em><strong><a href=\"https:\/\/www.auxsons.com\/focus\/les-musiques-du-monde-en-questions-denomination-et-dominations-une-petite-histoire-sociolinguistique\/\" target=\"_blank\" rel=\"noopener\">un point de vue sociolinguistique, avec l\u2019enqu\u00eate du chercheur Philippe Blanchet<\/a><\/strong><\/em><\/li>\n<li><em><strong><a href=\"https:\/\/www.auxsons.com\/focus\/les-musiques-du-monde-en-questions-les-musiciens-du-monde-pierre-angulaire-de-la-musique-pop-occidentale-actuelle\/\" target=\"_blank\" rel=\"noopener\">un point de vue journalistique avec l\u2019analyse de Shiba Melissa Mazaza<\/a><\/strong><\/em><\/li>\n<li><em><strong><a href=\"https:\/\/www.auxsons.com\/focus\/les-musiques-du-monde-en-questions-denominations-communes-et-disputes-historiques\/\" target=\"_blank\" rel=\"noopener\">un point de vue musicologique avec l\u2019\u00e9tude de l\u2019ethnomusicologue Marta&nbsp;Amico<\/a><\/strong><\/em><\/li>\n<li><strong><a href=\"https:\/\/www.auxsons.com\/focus\/les-musiques-du-monde-en-questions-en-finir-avec-letiquette\/\" target=\"_blank\" rel=\"noopener\"><em>un point de vue artistique, avec un recueil de t\u00e9moignages d\u2019artistes de diff\u00e9rentes g\u00e9n\u00e9rations par Anne-Laure Lemancel.<\/em><\/a><\/strong><\/li>\n<\/ul>\n","protected":false},"excerpt":{"rendered":"<p>Les mots et le&nbsp;monde Dimanche 5 f\u00e9vrier \u00e0 partir de 17.30 \u00e0 l\u2019Amphi de l\u2019Op\u00e9ra de Lyon, l\u2019Op\u00e9ra Underground pr\u00e9sente une table ronde autour des mots et du monde : Quelle repr\u00e9sentation le monde occidental se fait-il des esth\u00e9tiques minoritaires ? Quelle vision a-t-il des cultures et traditions extra-occidentales ? Cette table ronde questionne la<\/p>\n","protected":false},"author":4,"featured_media":27858,"template":"","meta":{"_acf_changed":false,"wp_typography_post_enhancements_disabled":false,"footnotes":""},"class_list":["post-27851","breves","type-breves","status-publish","has-post-thumbnail","hentry"],"acf":[],"yoast_head":"<!-- This site is optimized with the Yoast SEO plugin v27.4 - https:\/\/yoast.com\/product\/yoast-seo-wordpress\/ -->\n<title>Quelle repr\u00e9sentation le monde occidental se fait-il des esth\u00e9tiques minoritaires et extra-occidentales ? - #AuxSons<\/title>\n<meta name=\"description\" content=\"Les mots et le monde Dimanche 5 f\u00e9vrier \u00e0 partir de 17.30 \u00e0 l&#039;Amphi de l&#039;Op\u00e9ra de Lyon, l&#039;Op\u00e9ra Underground pr\u00e9sente une table ronde autour des mots et du\" \/>\n<meta name=\"robots\" content=\"index, follow, max-snippet:-1, max-image-preview:large, max-video-preview:-1\" \/>\n<link rel=\"canonical\" href=\"https:\/\/www.auxsons.com\/en\/breves\/les-mots-et-le-monde-quelle-representation-le-monde-occidental-se-fait-il-des-esthetiques-minoritaires-et-extra-occidentales\/\" \/>\n<meta property=\"og:locale\" content=\"en_US\" \/>\n<meta property=\"og:type\" content=\"article\" \/>\n<meta property=\"og:title\" content=\"Quelle repr\u00e9sentation le monde occidental se fait-il des esth\u00e9tiques minoritaires et extra-occidentales ?\" \/>\n<meta property=\"og:description\" content=\"Les mots et le monde Dimanche 5 f\u00e9vrier \u00e0 partir de 17.30 \u00e0 l&#039;Amphi de l&#039;Op\u00e9ra de Lyon, l&#039;Op\u00e9ra Underground pr\u00e9sente une table ronde autour des mots et du\" \/>\n<meta property=\"og:url\" content=\"https:\/\/www.auxsons.com\/en\/breves\/les-mots-et-le-monde-quelle-representation-le-monde-occidental-se-fait-il-des-esthetiques-minoritaires-et-extra-occidentales\/\" \/>\n<meta property=\"og:site_name\" content=\"#AuxSons\" \/>\n<meta property=\"article:publisher\" content=\"https:\/\/www.facebook.com\/auxsons\/\" \/>\n<meta property=\"article:modified_time\" content=\"2023-01-31T10:21:12+00:00\" \/>\n<meta property=\"og:image\" content=\"https:\/\/www.auxsons.com\/wp-content\/uploads\/2023\/01\/capture-decran-2023-01-31-a-111134.png\" \/>\n\t<meta property=\"og:image:width\" content=\"1078\" \/>\n\t<meta property=\"og:image:height\" content=\"954\" \/>\n\t<meta property=\"og:image:type\" content=\"image\/png\" \/>\n<meta name=\"twitter:card\" content=\"summary_large_image\" \/>\n<meta name=\"twitter:site\" content=\"@auxsons\" \/>\n<meta name=\"twitter:label1\" content=\"Est. reading time\" \/>\n\t<meta name=\"twitter:data1\" content=\"2 minutes\" \/>\n<script type=\"application\/ld+json\" class=\"yoast-schema-graph\">{\"@context\":\"https:\\\/\\\/schema.org\",\"@graph\":[{\"@type\":\"WebPage\",\"@id\":\"https:\\\/\\\/www.auxsons.com\\\/en\\\/breves\\\/les-mots-et-le-monde-quelle-representation-le-monde-occidental-se-fait-il-des-esthetiques-minoritaires-et-extra-occidentales\\\/\",\"url\":\"https:\\\/\\\/www.auxsons.com\\\/en\\\/breves\\\/les-mots-et-le-monde-quelle-representation-le-monde-occidental-se-fait-il-des-esthetiques-minoritaires-et-extra-occidentales\\\/\",\"name\":\"Quelle repr\u00e9sentation le monde occidental se fait-il des esth\u00e9tiques minoritaires et extra-occidentales ? - #AuxSons\",\"isPartOf\":{\"@id\":\"https:\\\/\\\/www.auxsons.com\\\/en\\\/#website\"},\"primaryImageOfPage\":{\"@id\":\"https:\\\/\\\/www.auxsons.com\\\/en\\\/breves\\\/les-mots-et-le-monde-quelle-representation-le-monde-occidental-se-fait-il-des-esthetiques-minoritaires-et-extra-occidentales\\\/#primaryimage\"},\"image\":{\"@id\":\"https:\\\/\\\/www.auxsons.com\\\/en\\\/breves\\\/les-mots-et-le-monde-quelle-representation-le-monde-occidental-se-fait-il-des-esthetiques-minoritaires-et-extra-occidentales\\\/#primaryimage\"},\"thumbnailUrl\":\"https:\\\/\\\/www.auxsons.com\\\/wp-content\\\/uploads\\\/2023\\\/01\\\/capture-decran-2023-01-31-a-111134.png\",\"datePublished\":\"2023-01-31T10:09:42+00:00\",\"dateModified\":\"2023-01-31T10:21:12+00:00\",\"description\":\"Les mots et le monde Dimanche 5 f\u00e9vrier \u00e0 partir de 17.30 \u00e0 l'Amphi de l'Op\u00e9ra de Lyon, l'Op\u00e9ra Underground pr\u00e9sente une table ronde autour des mots et du\",\"breadcrumb\":{\"@id\":\"https:\\\/\\\/www.auxsons.com\\\/en\\\/breves\\\/les-mots-et-le-monde-quelle-representation-le-monde-occidental-se-fait-il-des-esthetiques-minoritaires-et-extra-occidentales\\\/#breadcrumb\"},\"inLanguage\":\"en-US\",\"potentialAction\":[{\"@type\":\"ReadAction\",\"target\":[\"https:\\\/\\\/www.auxsons.com\\\/en\\\/breves\\\/les-mots-et-le-monde-quelle-representation-le-monde-occidental-se-fait-il-des-esthetiques-minoritaires-et-extra-occidentales\\\/\"]}]},{\"@type\":\"ImageObject\",\"inLanguage\":\"en-US\",\"@id\":\"https:\\\/\\\/www.auxsons.com\\\/en\\\/breves\\\/les-mots-et-le-monde-quelle-representation-le-monde-occidental-se-fait-il-des-esthetiques-minoritaires-et-extra-occidentales\\\/#primaryimage\",\"url\":\"https:\\\/\\\/www.auxsons.com\\\/wp-content\\\/uploads\\\/2023\\\/01\\\/capture-decran-2023-01-31-a-111134.png\",\"contentUrl\":\"https:\\\/\\\/www.auxsons.com\\\/wp-content\\\/uploads\\\/2023\\\/01\\\/capture-decran-2023-01-31-a-111134.png\",\"width\":1078,\"height\":954,\"caption\":\"Capture D\u2019e\u0301cran 2023 01 31 A\u0300 11.11.34\"},{\"@type\":\"BreadcrumbList\",\"@id\":\"https:\\\/\\\/www.auxsons.com\\\/en\\\/breves\\\/les-mots-et-le-monde-quelle-representation-le-monde-occidental-se-fait-il-des-esthetiques-minoritaires-et-extra-occidentales\\\/#breadcrumb\",\"itemListElement\":[{\"@type\":\"ListItem\",\"position\":1,\"name\":\"Accueil\",\"item\":\"https:\\\/\\\/www.auxsons.com\\\/en\\\/\"},{\"@type\":\"ListItem\",\"position\":2,\"name\":\"Br\u00e8ves\",\"item\":\"https:\\\/\\\/www.auxsons.com\\\/en\\\/breves\\\/\"},{\"@type\":\"ListItem\",\"position\":3,\"name\":\"Quelle repr\u00e9sentation le monde occidental se fait-il des esth\u00e9tiques minoritaires et extra-occidentales&nbsp;?\"}]},{\"@type\":\"WebSite\",\"@id\":\"https:\\\/\\\/www.auxsons.com\\\/en\\\/#website\",\"url\":\"https:\\\/\\\/www.auxsons.com\\\/en\\\/\",\"name\":\"#AuxSons\",\"description\":\"Musiques &amp; Vibrations du Monde\",\"publisher\":{\"@id\":\"https:\\\/\\\/www.auxsons.com\\\/en\\\/#organization\"},\"potentialAction\":[{\"@type\":\"SearchAction\",\"target\":{\"@type\":\"EntryPoint\",\"urlTemplate\":\"https:\\\/\\\/www.auxsons.com\\\/en\\\/?s={search_term_string}\"},\"query-input\":{\"@type\":\"PropertyValueSpecification\",\"valueRequired\":true,\"valueName\":\"search_term_string\"}}],\"inLanguage\":\"en-US\"},{\"@type\":\"Organization\",\"@id\":\"https:\\\/\\\/www.auxsons.com\\\/en\\\/#organization\",\"name\":\"#AuxSons\",\"url\":\"https:\\\/\\\/www.auxsons.com\\\/en\\\/\",\"logo\":{\"@type\":\"ImageObject\",\"inLanguage\":\"en-US\",\"@id\":\"https:\\\/\\\/www.auxsons.com\\\/en\\\/#\\\/schema\\\/logo\\\/image\\\/\",\"url\":\"https:\\\/\\\/www.auxsons.com\\\/wp-content\\\/uploads\\\/2018\\\/10\\\/logo-aux-sons@2x.png\",\"contentUrl\":\"https:\\\/\\\/www.auxsons.com\\\/wp-content\\\/uploads\\\/2018\\\/10\\\/logo-aux-sons@2x.png\",\"width\":320,\"height\":192,\"caption\":\"#AuxSons\"},\"image\":{\"@id\":\"https:\\\/\\\/www.auxsons.com\\\/en\\\/#\\\/schema\\\/logo\\\/image\\\/\"},\"sameAs\":[\"https:\\\/\\\/www.facebook.com\\\/auxsons\\\/\",\"https:\\\/\\\/x.com\\\/auxsons\",\"https:\\\/\\\/www.instagram.com\\\/auxsons\\\/\",\"https:\\\/\\\/www.youtube.com\\\/channel\\\/UC_NjOjgZNHW-6MaXKWavFKQ\"]}]}<\/script>\n<!-- \/ Yoast SEO plugin. -->","yoast_head_json":{"title":"Quelle repr\u00e9sentation le monde occidental se fait-il des esth\u00e9tiques minoritaires et extra-occidentales ? - #AuxSons","description":"Les mots et le monde Dimanche 5 f\u00e9vrier \u00e0 partir de 17.30 \u00e0 l'Amphi de l'Op\u00e9ra de Lyon, l'Op\u00e9ra Underground pr\u00e9sente une table ronde autour des mots et du","robots":{"index":"index","follow":"follow","max-snippet":"max-snippet:-1","max-image-preview":"max-image-preview:large","max-video-preview":"max-video-preview:-1"},"canonical":"https:\/\/www.auxsons.com\/en\/breves\/les-mots-et-le-monde-quelle-representation-le-monde-occidental-se-fait-il-des-esthetiques-minoritaires-et-extra-occidentales\/","og_locale":"en_US","og_type":"article","og_title":"Quelle repr\u00e9sentation le monde occidental se fait-il des esth\u00e9tiques minoritaires et extra-occidentales ?","og_description":"Les mots et le monde Dimanche 5 f\u00e9vrier \u00e0 partir de 17.30 \u00e0 l'Amphi de l'Op\u00e9ra de Lyon, l'Op\u00e9ra Underground pr\u00e9sente une table ronde autour des mots et du","og_url":"https:\/\/www.auxsons.com\/en\/breves\/les-mots-et-le-monde-quelle-representation-le-monde-occidental-se-fait-il-des-esthetiques-minoritaires-et-extra-occidentales\/","og_site_name":"#AuxSons","article_publisher":"https:\/\/www.facebook.com\/auxsons\/","article_modified_time":"2023-01-31T10:21:12+00:00","og_image":[{"width":1078,"height":954,"url":"https:\/\/www.auxsons.com\/wp-content\/uploads\/2023\/01\/capture-decran-2023-01-31-a-111134.png","type":"image\/png"}],"twitter_card":"summary_large_image","twitter_site":"@auxsons","twitter_misc":{"Est. reading time":"2 minutes"},"schema":{"@context":"https:\/\/schema.org","@graph":[{"@type":"WebPage","@id":"https:\/\/www.auxsons.com\/en\/breves\/les-mots-et-le-monde-quelle-representation-le-monde-occidental-se-fait-il-des-esthetiques-minoritaires-et-extra-occidentales\/","url":"https:\/\/www.auxsons.com\/en\/breves\/les-mots-et-le-monde-quelle-representation-le-monde-occidental-se-fait-il-des-esthetiques-minoritaires-et-extra-occidentales\/","name":"Quelle repr\u00e9sentation le monde occidental se fait-il des esth\u00e9tiques minoritaires et extra-occidentales ? - #AuxSons","isPartOf":{"@id":"https:\/\/www.auxsons.com\/en\/#website"},"primaryImageOfPage":{"@id":"https:\/\/www.auxsons.com\/en\/breves\/les-mots-et-le-monde-quelle-representation-le-monde-occidental-se-fait-il-des-esthetiques-minoritaires-et-extra-occidentales\/#primaryimage"},"image":{"@id":"https:\/\/www.auxsons.com\/en\/breves\/les-mots-et-le-monde-quelle-representation-le-monde-occidental-se-fait-il-des-esthetiques-minoritaires-et-extra-occidentales\/#primaryimage"},"thumbnailUrl":"https:\/\/www.auxsons.com\/wp-content\/uploads\/2023\/01\/capture-decran-2023-01-31-a-111134.png","datePublished":"2023-01-31T10:09:42+00:00","dateModified":"2023-01-31T10:21:12+00:00","description":"Les mots et le monde Dimanche 5 f\u00e9vrier \u00e0 partir de 17.30 \u00e0 l'Amphi de l'Op\u00e9ra de Lyon, l'Op\u00e9ra Underground pr\u00e9sente une table ronde autour des mots et du","breadcrumb":{"@id":"https:\/\/www.auxsons.com\/en\/breves\/les-mots-et-le-monde-quelle-representation-le-monde-occidental-se-fait-il-des-esthetiques-minoritaires-et-extra-occidentales\/#breadcrumb"},"inLanguage":"en-US","potentialAction":[{"@type":"ReadAction","target":["https:\/\/www.auxsons.com\/en\/breves\/les-mots-et-le-monde-quelle-representation-le-monde-occidental-se-fait-il-des-esthetiques-minoritaires-et-extra-occidentales\/"]}]},{"@type":"ImageObject","inLanguage":"en-US","@id":"https:\/\/www.auxsons.com\/en\/breves\/les-mots-et-le-monde-quelle-representation-le-monde-occidental-se-fait-il-des-esthetiques-minoritaires-et-extra-occidentales\/#primaryimage","url":"https:\/\/www.auxsons.com\/wp-content\/uploads\/2023\/01\/capture-decran-2023-01-31-a-111134.png","contentUrl":"https:\/\/www.auxsons.com\/wp-content\/uploads\/2023\/01\/capture-decran-2023-01-31-a-111134.png","width":1078,"height":954,"caption":"Capture D\u2019e\u0301cran 2023 01 31 A\u0300 11.11.34"},{"@type":"BreadcrumbList","@id":"https:\/\/www.auxsons.com\/en\/breves\/les-mots-et-le-monde-quelle-representation-le-monde-occidental-se-fait-il-des-esthetiques-minoritaires-et-extra-occidentales\/#breadcrumb","itemListElement":[{"@type":"ListItem","position":1,"name":"Accueil","item":"https:\/\/www.auxsons.com\/en\/"},{"@type":"ListItem","position":2,"name":"Br\u00e8ves","item":"https:\/\/www.auxsons.com\/en\/breves\/"},{"@type":"ListItem","position":3,"name":"Quelle repr\u00e9sentation le monde occidental se fait-il des esth\u00e9tiques minoritaires et extra-occidentales&nbsp;?"}]},{"@type":"WebSite","@id":"https:\/\/www.auxsons.com\/en\/#website","url":"https:\/\/www.auxsons.com\/en\/","name":"#AuxSons","description":"Musiques &amp; Vibrations du Monde","publisher":{"@id":"https:\/\/www.auxsons.com\/en\/#organization"},"potentialAction":[{"@type":"SearchAction","target":{"@type":"EntryPoint","urlTemplate":"https:\/\/www.auxsons.com\/en\/?s={search_term_string}"},"query-input":{"@type":"PropertyValueSpecification","valueRequired":true,"valueName":"search_term_string"}}],"inLanguage":"en-US"},{"@type":"Organization","@id":"https:\/\/www.auxsons.com\/en\/#organization","name":"#AuxSons","url":"https:\/\/www.auxsons.com\/en\/","logo":{"@type":"ImageObject","inLanguage":"en-US","@id":"https:\/\/www.auxsons.com\/en\/#\/schema\/logo\/image\/","url":"https:\/\/www.auxsons.com\/wp-content\/uploads\/2018\/10\/logo-aux-sons@2x.png","contentUrl":"https:\/\/www.auxsons.com\/wp-content\/uploads\/2018\/10\/logo-aux-sons@2x.png","width":320,"height":192,"caption":"#AuxSons"},"image":{"@id":"https:\/\/www.auxsons.com\/en\/#\/schema\/logo\/image\/"},"sameAs":["https:\/\/www.facebook.com\/auxsons\/","https:\/\/x.com\/auxsons","https:\/\/www.instagram.com\/auxsons\/","https:\/\/www.youtube.com\/channel\/UC_NjOjgZNHW-6MaXKWavFKQ"]}]}},"_links":{"self":[{"href":"https:\/\/www.auxsons.com\/en\/wp-json\/wp\/v2\/breves\/27851","targetHints":{"allow":["GET"]}}],"collection":[{"href":"https:\/\/www.auxsons.com\/en\/wp-json\/wp\/v2\/breves"}],"about":[{"href":"https:\/\/www.auxsons.com\/en\/wp-json\/wp\/v2\/types\/breves"}],"author":[{"embeddable":true,"href":"https:\/\/www.auxsons.com\/en\/wp-json\/wp\/v2\/users\/4"}],"version-history":[{"count":0,"href":"https:\/\/www.auxsons.com\/en\/wp-json\/wp\/v2\/breves\/27851\/revisions"}],"wp:featuredmedia":[{"embeddable":true,"href":"https:\/\/www.auxsons.com\/en\/wp-json\/wp\/v2\/media\/27858"}],"wp:attachment":[{"href":"https:\/\/www.auxsons.com\/en\/wp-json\/wp\/v2\/media?parent=27851"}],"curies":[{"name":"wp","href":"https:\/\/api.w.org\/{rel}","templated":true}]}}