{"id":25359,"date":"2022-10-10T10:40:47","date_gmt":"2022-10-10T08:40:47","guid":{"rendered":"https:\/\/www.auxsons.com\/?post_type=breves&#038;p=25359"},"modified":"2022-10-10T10:40:47","modified_gmt":"2022-10-10T08:40:47","slug":"clip-kijote-nous-exhorte-a-ecouter-lappel-de-la-foret","status":"publish","type":"breves","link":"https:\/\/www.auxsons.com\/en\/breves\/clip-kijote-nous-exhorte-a-ecouter-lappel-de-la-foret\/","title":{"rendered":"Clip | Kijot\u00e9 nous exhorte \u00e0 \u00e9couter \u201cL\u2019Appel de la&nbsp;For\u00eat\u201d"},"content":{"rendered":"<p><span style=\"font-weight: 400;\">Damien Ruiz adopte le nom de Kijot\u00e9 en 2014 en r\u00e9f\u00e9rence au h\u00e9ros de Cervant\u00e8s, Don Quichotte. Apr\u00e8s avoir form\u00e9 des groupes \u00e0 consonance rock il lance un projet solo avec des chansons plus personnelles, des influences musicales diff\u00e9rentes, cherchant alors des racines plus profondes dans son enfance mais aussi dans sa double culture hispano-fran\u00e7aise.<\/span><\/p>\n<p><span style=\"font-weight: 400;\">Il s\u2019inspire de la Chanson Fran\u00e7aise des ann\u00e9es 50\/60 (Brassens, Brel, Gainsbourg) <\/span><span style=\"font-weight: 400;\">ou plus r\u00e9cente (Mano Solo, Sans\u00e9v\u00e9rino, Val\u00e9rian Renault) ainsi que des rumberos espagnols.<\/span><\/p>\n<p><span style=\"font-weight: 400;\">Ce qui transpara\u00eet dans sa musique et ses chansons, c\u2019est une intensit\u00e9 \u00e9motionnelle o\u00f9 se m\u00ealent le d\u00e9sir, la m\u00e9lancolie, la rage et la r\u00e9volte.<\/span><\/p>\n<p><span style=\"font-weight: 400;\">Alliant l\u2019\u00e9nergie du swing manouche \u00e0 la chaleur des rythmes latins, Kijot\u00e9 est de retour avec un nouveau morceau <em>L\u2019Appel de la For\u00eat<\/em> pr\u00e9vu le 7 octobre, suivi d\u2019un clip pour illustrer la chanson le 10 octobre.<\/span><\/p>\n<p><strong>Kijot\u00e9 - <em>L\u2019Appel de la&nbsp;For\u00eat<\/em><\/strong><\/p>\n<iframe title=\"Kijot\u00e9 - L' Appel De La For\u00eat -\" width=\"640\" height=\"360\" src=\"https:\/\/www.youtube.com\/embed\/D_xauoBHr9U?feature=oembed\" frameborder=\"0\" allow=\"accelerometer; autoplay; clipboard-write; encrypted-media; gyroscope; picture-in-picture; web-share\" referrerpolicy=\"strict-origin-when-cross-origin\" allowfullscreen><\/iframe>\n","protected":false},"excerpt":{"rendered":"<p>Damien Ruiz adopte le nom de Kijot\u00e9 en 2014 en r\u00e9f\u00e9rence au h\u00e9ros de Cervant\u00e8s, Don Quichotte. Apr\u00e8s avoir form\u00e9 des groupes \u00e0 consonance rock il lance un projet solo avec des chansons plus personnelles, des influences musicales diff\u00e9rentes, cherchant alors des racines plus profondes dans son enfance mais aussi dans sa double culture hispano-fran\u00e7aise.<\/p>\n","protected":false},"author":477,"featured_media":25355,"template":"","meta":{"_acf_changed":false,"wp_typography_post_enhancements_disabled":false,"footnotes":""},"class_list":["post-25359","breves","type-breves","status-publish","has-post-thumbnail","hentry"],"acf":[],"yoast_head":"<!-- This site is optimized with the Yoast SEO plugin v27.5 - https:\/\/yoast.com\/product\/yoast-seo-wordpress\/ -->\n<title>Clip | Kijot\u00e9 nous exhorte \u00e0 \u00e9couter &quot;L\u2019Appel de la For\u00eat&quot; - #AuxSons<\/title>\n<meta name=\"description\" content=\"Damien Ruiz adopte le nom de Kijot\u00e9 en 2014 en r\u00e9f\u00e9rence au h\u00e9ros de Cervant\u00e8s, Don Quichotte. Apr\u00e8s avoir form\u00e9 des groupes \u00e0 consonance rock il lance un\" \/>\n<meta name=\"robots\" content=\"index, follow, max-snippet:-1, max-image-preview:large, max-video-preview:-1\" \/>\n<link rel=\"canonical\" href=\"https:\/\/www.auxsons.com\/en\/breves\/clip-kijote-nous-exhorte-a-ecouter-lappel-de-la-foret\/\" \/>\n<meta property=\"og:locale\" content=\"en_US\" \/>\n<meta property=\"og:type\" content=\"article\" \/>\n<meta property=\"og:title\" content=\"Clip | Kijot\u00e9 nous exhorte \u00e0 \u00e9couter &quot;L\u2019Appel de la For\u00eat&quot; - #AuxSons\" \/>\n<meta property=\"og:description\" content=\"Damien Ruiz adopte le nom de Kijot\u00e9 en 2014 en r\u00e9f\u00e9rence au h\u00e9ros de Cervant\u00e8s, Don Quichotte. Apr\u00e8s avoir form\u00e9 des groupes \u00e0 consonance rock il lance un\" \/>\n<meta property=\"og:url\" content=\"https:\/\/www.auxsons.com\/en\/breves\/clip-kijote-nous-exhorte-a-ecouter-lappel-de-la-foret\/\" \/>\n<meta property=\"og:site_name\" content=\"#AuxSons\" \/>\n<meta property=\"article:publisher\" content=\"https:\/\/www.facebook.com\/auxsons\/\" \/>\n<meta property=\"og:image\" content=\"https:\/\/www.auxsons.com\/wp-content\/uploads\/2022\/10\/artwork-1-1-scaled.jpg\" \/>\n\t<meta property=\"og:image:width\" content=\"1920\" \/>\n\t<meta property=\"og:image:height\" content=\"1920\" \/>\n\t<meta property=\"og:image:type\" content=\"image\/jpeg\" \/>\n<meta name=\"twitter:card\" content=\"summary_large_image\" \/>\n<meta name=\"twitter:site\" content=\"@auxsons\" \/>\n<meta name=\"twitter:label1\" content=\"Est. reading time\" \/>\n\t<meta name=\"twitter:data1\" content=\"1 minute\" \/>\n<script type=\"application\/ld+json\" class=\"yoast-schema-graph\">{\"@context\":\"https:\\\/\\\/schema.org\",\"@graph\":[{\"@type\":\"WebPage\",\"@id\":\"https:\\\/\\\/www.auxsons.com\\\/en\\\/breves\\\/clip-kijote-nous-exhorte-a-ecouter-lappel-de-la-foret\\\/\",\"url\":\"https:\\\/\\\/www.auxsons.com\\\/en\\\/breves\\\/clip-kijote-nous-exhorte-a-ecouter-lappel-de-la-foret\\\/\",\"name\":\"Clip | Kijot\u00e9 nous exhorte \u00e0 \u00e9couter \\\"L\u2019Appel de la For\u00eat\\\" - #AuxSons\",\"isPartOf\":{\"@id\":\"https:\\\/\\\/www.auxsons.com\\\/en\\\/#website\"},\"primaryImageOfPage\":{\"@id\":\"https:\\\/\\\/www.auxsons.com\\\/en\\\/breves\\\/clip-kijote-nous-exhorte-a-ecouter-lappel-de-la-foret\\\/#primaryimage\"},\"image\":{\"@id\":\"https:\\\/\\\/www.auxsons.com\\\/en\\\/breves\\\/clip-kijote-nous-exhorte-a-ecouter-lappel-de-la-foret\\\/#primaryimage\"},\"thumbnailUrl\":\"https:\\\/\\\/www.auxsons.com\\\/wp-content\\\/uploads\\\/2022\\\/10\\\/artwork-1-1-scaled.jpg\",\"datePublished\":\"2022-10-10T08:40:47+00:00\",\"description\":\"Damien Ruiz adopte le nom de Kijot\u00e9 en 2014 en r\u00e9f\u00e9rence au h\u00e9ros de Cervant\u00e8s, Don Quichotte. Apr\u00e8s avoir form\u00e9 des groupes \u00e0 consonance rock il lance un\",\"breadcrumb\":{\"@id\":\"https:\\\/\\\/www.auxsons.com\\\/en\\\/breves\\\/clip-kijote-nous-exhorte-a-ecouter-lappel-de-la-foret\\\/#breadcrumb\"},\"inLanguage\":\"en-US\",\"potentialAction\":[{\"@type\":\"ReadAction\",\"target\":[\"https:\\\/\\\/www.auxsons.com\\\/en\\\/breves\\\/clip-kijote-nous-exhorte-a-ecouter-lappel-de-la-foret\\\/\"]}]},{\"@type\":\"ImageObject\",\"inLanguage\":\"en-US\",\"@id\":\"https:\\\/\\\/www.auxsons.com\\\/en\\\/breves\\\/clip-kijote-nous-exhorte-a-ecouter-lappel-de-la-foret\\\/#primaryimage\",\"url\":\"https:\\\/\\\/www.auxsons.com\\\/wp-content\\\/uploads\\\/2022\\\/10\\\/artwork-1-1-scaled.jpg\",\"contentUrl\":\"https:\\\/\\\/www.auxsons.com\\\/wp-content\\\/uploads\\\/2022\\\/10\\\/artwork-1-1-scaled.jpg\",\"width\":1920,\"height\":1920,\"caption\":\"Artwork (1)\"},{\"@type\":\"BreadcrumbList\",\"@id\":\"https:\\\/\\\/www.auxsons.com\\\/en\\\/breves\\\/clip-kijote-nous-exhorte-a-ecouter-lappel-de-la-foret\\\/#breadcrumb\",\"itemListElement\":[{\"@type\":\"ListItem\",\"position\":1,\"name\":\"Accueil\",\"item\":\"https:\\\/\\\/www.auxsons.com\\\/en\\\/\"},{\"@type\":\"ListItem\",\"position\":2,\"name\":\"Br\u00e8ves\",\"item\":\"https:\\\/\\\/www.auxsons.com\\\/en\\\/breves\\\/\"},{\"@type\":\"ListItem\",\"position\":3,\"name\":\"Clip | Kijot\u00e9 nous exhorte \u00e0 \u00e9couter \u00ab&nbsp;L\u2019Appel de la&nbsp;For\u00eat&nbsp;\u00bb\"}]},{\"@type\":\"WebSite\",\"@id\":\"https:\\\/\\\/www.auxsons.com\\\/en\\\/#website\",\"url\":\"https:\\\/\\\/www.auxsons.com\\\/en\\\/\",\"name\":\"#AuxSons\",\"description\":\"Musiques &amp; Vibrations du Monde\",\"publisher\":{\"@id\":\"https:\\\/\\\/www.auxsons.com\\\/en\\\/#organization\"},\"potentialAction\":[{\"@type\":\"SearchAction\",\"target\":{\"@type\":\"EntryPoint\",\"urlTemplate\":\"https:\\\/\\\/www.auxsons.com\\\/en\\\/?s={search_term_string}\"},\"query-input\":{\"@type\":\"PropertyValueSpecification\",\"valueRequired\":true,\"valueName\":\"search_term_string\"}}],\"inLanguage\":\"en-US\"},{\"@type\":\"Organization\",\"@id\":\"https:\\\/\\\/www.auxsons.com\\\/en\\\/#organization\",\"name\":\"#AuxSons\",\"url\":\"https:\\\/\\\/www.auxsons.com\\\/en\\\/\",\"logo\":{\"@type\":\"ImageObject\",\"inLanguage\":\"en-US\",\"@id\":\"https:\\\/\\\/www.auxsons.com\\\/en\\\/#\\\/schema\\\/logo\\\/image\\\/\",\"url\":\"https:\\\/\\\/www.auxsons.com\\\/wp-content\\\/uploads\\\/2018\\\/10\\\/logo-aux-sons@2x.png\",\"contentUrl\":\"https:\\\/\\\/www.auxsons.com\\\/wp-content\\\/uploads\\\/2018\\\/10\\\/logo-aux-sons@2x.png\",\"width\":320,\"height\":192,\"caption\":\"#AuxSons\"},\"image\":{\"@id\":\"https:\\\/\\\/www.auxsons.com\\\/en\\\/#\\\/schema\\\/logo\\\/image\\\/\"},\"sameAs\":[\"https:\\\/\\\/www.facebook.com\\\/auxsons\\\/\",\"https:\\\/\\\/x.com\\\/auxsons\",\"https:\\\/\\\/www.instagram.com\\\/auxsons\\\/\",\"https:\\\/\\\/www.youtube.com\\\/channel\\\/UC_NjOjgZNHW-6MaXKWavFKQ\"]}]}<\/script>\n<!-- \/ Yoast SEO plugin. -->","yoast_head_json":{"title":"Clip | Kijot\u00e9 nous exhorte \u00e0 \u00e9couter \"L\u2019Appel de la For\u00eat\" - #AuxSons","description":"Damien Ruiz adopte le nom de Kijot\u00e9 en 2014 en r\u00e9f\u00e9rence au h\u00e9ros de Cervant\u00e8s, Don Quichotte. Apr\u00e8s avoir form\u00e9 des groupes \u00e0 consonance rock il lance un","robots":{"index":"index","follow":"follow","max-snippet":"max-snippet:-1","max-image-preview":"max-image-preview:large","max-video-preview":"max-video-preview:-1"},"canonical":"https:\/\/www.auxsons.com\/en\/breves\/clip-kijote-nous-exhorte-a-ecouter-lappel-de-la-foret\/","og_locale":"en_US","og_type":"article","og_title":"Clip | Kijot\u00e9 nous exhorte \u00e0 \u00e9couter \"L\u2019Appel de la For\u00eat\" - #AuxSons","og_description":"Damien Ruiz adopte le nom de Kijot\u00e9 en 2014 en r\u00e9f\u00e9rence au h\u00e9ros de Cervant\u00e8s, Don Quichotte. Apr\u00e8s avoir form\u00e9 des groupes \u00e0 consonance rock il lance un","og_url":"https:\/\/www.auxsons.com\/en\/breves\/clip-kijote-nous-exhorte-a-ecouter-lappel-de-la-foret\/","og_site_name":"#AuxSons","article_publisher":"https:\/\/www.facebook.com\/auxsons\/","og_image":[{"width":1920,"height":1920,"url":"https:\/\/www.auxsons.com\/wp-content\/uploads\/2022\/10\/artwork-1-1-scaled.jpg","type":"image\/jpeg"}],"twitter_card":"summary_large_image","twitter_site":"@auxsons","twitter_misc":{"Est. reading time":"1 minute"},"schema":{"@context":"https:\/\/schema.org","@graph":[{"@type":"WebPage","@id":"https:\/\/www.auxsons.com\/en\/breves\/clip-kijote-nous-exhorte-a-ecouter-lappel-de-la-foret\/","url":"https:\/\/www.auxsons.com\/en\/breves\/clip-kijote-nous-exhorte-a-ecouter-lappel-de-la-foret\/","name":"Clip | Kijot\u00e9 nous exhorte \u00e0 \u00e9couter \"L\u2019Appel de la For\u00eat\" - #AuxSons","isPartOf":{"@id":"https:\/\/www.auxsons.com\/en\/#website"},"primaryImageOfPage":{"@id":"https:\/\/www.auxsons.com\/en\/breves\/clip-kijote-nous-exhorte-a-ecouter-lappel-de-la-foret\/#primaryimage"},"image":{"@id":"https:\/\/www.auxsons.com\/en\/breves\/clip-kijote-nous-exhorte-a-ecouter-lappel-de-la-foret\/#primaryimage"},"thumbnailUrl":"https:\/\/www.auxsons.com\/wp-content\/uploads\/2022\/10\/artwork-1-1-scaled.jpg","datePublished":"2022-10-10T08:40:47+00:00","description":"Damien Ruiz adopte le nom de Kijot\u00e9 en 2014 en r\u00e9f\u00e9rence au h\u00e9ros de Cervant\u00e8s, Don Quichotte. Apr\u00e8s avoir form\u00e9 des groupes \u00e0 consonance rock il lance un","breadcrumb":{"@id":"https:\/\/www.auxsons.com\/en\/breves\/clip-kijote-nous-exhorte-a-ecouter-lappel-de-la-foret\/#breadcrumb"},"inLanguage":"en-US","potentialAction":[{"@type":"ReadAction","target":["https:\/\/www.auxsons.com\/en\/breves\/clip-kijote-nous-exhorte-a-ecouter-lappel-de-la-foret\/"]}]},{"@type":"ImageObject","inLanguage":"en-US","@id":"https:\/\/www.auxsons.com\/en\/breves\/clip-kijote-nous-exhorte-a-ecouter-lappel-de-la-foret\/#primaryimage","url":"https:\/\/www.auxsons.com\/wp-content\/uploads\/2022\/10\/artwork-1-1-scaled.jpg","contentUrl":"https:\/\/www.auxsons.com\/wp-content\/uploads\/2022\/10\/artwork-1-1-scaled.jpg","width":1920,"height":1920,"caption":"Artwork (1)"},{"@type":"BreadcrumbList","@id":"https:\/\/www.auxsons.com\/en\/breves\/clip-kijote-nous-exhorte-a-ecouter-lappel-de-la-foret\/#breadcrumb","itemListElement":[{"@type":"ListItem","position":1,"name":"Accueil","item":"https:\/\/www.auxsons.com\/en\/"},{"@type":"ListItem","position":2,"name":"Br\u00e8ves","item":"https:\/\/www.auxsons.com\/en\/breves\/"},{"@type":"ListItem","position":3,"name":"Clip | Kijot\u00e9 nous exhorte \u00e0 \u00e9couter \u00ab&nbsp;L\u2019Appel de la&nbsp;For\u00eat&nbsp;\u00bb"}]},{"@type":"WebSite","@id":"https:\/\/www.auxsons.com\/en\/#website","url":"https:\/\/www.auxsons.com\/en\/","name":"#AuxSons","description":"Musiques &amp; Vibrations du Monde","publisher":{"@id":"https:\/\/www.auxsons.com\/en\/#organization"},"potentialAction":[{"@type":"SearchAction","target":{"@type":"EntryPoint","urlTemplate":"https:\/\/www.auxsons.com\/en\/?s={search_term_string}"},"query-input":{"@type":"PropertyValueSpecification","valueRequired":true,"valueName":"search_term_string"}}],"inLanguage":"en-US"},{"@type":"Organization","@id":"https:\/\/www.auxsons.com\/en\/#organization","name":"#AuxSons","url":"https:\/\/www.auxsons.com\/en\/","logo":{"@type":"ImageObject","inLanguage":"en-US","@id":"https:\/\/www.auxsons.com\/en\/#\/schema\/logo\/image\/","url":"https:\/\/www.auxsons.com\/wp-content\/uploads\/2018\/10\/logo-aux-sons@2x.png","contentUrl":"https:\/\/www.auxsons.com\/wp-content\/uploads\/2018\/10\/logo-aux-sons@2x.png","width":320,"height":192,"caption":"#AuxSons"},"image":{"@id":"https:\/\/www.auxsons.com\/en\/#\/schema\/logo\/image\/"},"sameAs":["https:\/\/www.facebook.com\/auxsons\/","https:\/\/x.com\/auxsons","https:\/\/www.instagram.com\/auxsons\/","https:\/\/www.youtube.com\/channel\/UC_NjOjgZNHW-6MaXKWavFKQ"]}]}},"_links":{"self":[{"href":"https:\/\/www.auxsons.com\/en\/wp-json\/wp\/v2\/breves\/25359","targetHints":{"allow":["GET"]}}],"collection":[{"href":"https:\/\/www.auxsons.com\/en\/wp-json\/wp\/v2\/breves"}],"about":[{"href":"https:\/\/www.auxsons.com\/en\/wp-json\/wp\/v2\/types\/breves"}],"author":[{"embeddable":true,"href":"https:\/\/www.auxsons.com\/en\/wp-json\/wp\/v2\/users\/477"}],"version-history":[{"count":0,"href":"https:\/\/www.auxsons.com\/en\/wp-json\/wp\/v2\/breves\/25359\/revisions"}],"wp:featuredmedia":[{"embeddable":true,"href":"https:\/\/www.auxsons.com\/en\/wp-json\/wp\/v2\/media\/25355"}],"wp:attachment":[{"href":"https:\/\/www.auxsons.com\/en\/wp-json\/wp\/v2\/media?parent=25359"}],"curies":[{"name":"wp","href":"https:\/\/api.w.org\/{rel}","templated":true}]}}