{"id":25035,"date":"2022-09-19T13:06:08","date_gmt":"2022-09-19T11:06:08","guid":{"rendered":"https:\/\/www.auxsons.com\/?post_type=breves&#038;p=25035"},"modified":"2022-09-29T10:59:23","modified_gmt":"2022-09-29T08:59:23","slug":"avec-monmon-kolonel-saodaj-rend-hommage-au-courage-et-aux-combats-dhonorine-munyole","status":"publish","type":"breves","link":"https:\/\/www.auxsons.com\/en\/breves\/avec-monmon-kolonel-saodaj-rend-hommage-au-courage-et-aux-combats-dhonorine-munyole\/","title":{"rendered":"Clip | Avec \u201cMonmon Kolonel\u201d, Saodaj rend hommage aux combats d\u2019Honorine Munyole"},"content":{"rendered":"<p>\u00c0 travers son nouveau single <em>Monmon Kolonel<\/em>, le groupe r\u00e9unionnais <strong>Saodaj<\/strong> porte un message fort et poignant, chant\u00e9 en cr\u00e9ole r\u00e9unionnais inspir\u00e9 du documentaire <em>\u201cMaman Colonelle\u201d<\/em> r\u00e9alis\u00e9 par Dieudonn\u00e9 Hamadi.<\/p>\n<p>La chanson <strong><em>Monmon Kolonel<\/em><\/strong>, \u00e9crite par S\u00e9bastien Ahriman, compos\u00e9e par Marie Lanfroy et Nicolas Bras, s\u2019inspire de l\u2019engagement magnifique d\u2019<b>Honorine Munyole<\/b>, polici\u00e8re au Congo, charg\u00e9e de la protection des enfants et de la lutte contre les violences sexuelles. Dans la solitude et sans moyens, cette femme se bat avec un courage exceptionnel contre l\u2019horreur, l\u2019injustice et les dangers qui martyrisent les enfants et les femmes de son&nbsp;pays.<\/p>\n<img decoding=\"async\" class=\"alignnone size-full wp-image-25032 lazyload\" data-src=\"http:\/\/www.auxsons.com\/wp-content\/uploads\/2022\/09\/saodaj-monmon-kolonel-clip-2.jpg\" alt=\"Saodaj Monmon Kolonel Clip 2\" width=\"1920\" height=\"735\" data-srcset=\"https:\/\/www.auxsons.com\/wp-content\/uploads\/2022\/09\/saodaj-monmon-kolonel-clip-2.jpg 1920w, https:\/\/www.auxsons.com\/wp-content\/uploads\/2022\/09\/saodaj-monmon-kolonel-clip-2-300x115.jpg 300w, https:\/\/www.auxsons.com\/wp-content\/uploads\/2022\/09\/saodaj-monmon-kolonel-clip-2-1024x392.jpg 1024w, https:\/\/www.auxsons.com\/wp-content\/uploads\/2022\/09\/saodaj-monmon-kolonel-clip-2-768x294.jpg 768w, https:\/\/www.auxsons.com\/wp-content\/uploads\/2022\/09\/saodaj-monmon-kolonel-clip-2-1536x588.jpg 1536w\" data-sizes=\"(max-width: 1920px) 100vw, 1920px\" src=\"data:image\/svg+xml;base64,PHN2ZyB3aWR0aD0iMSIgaGVpZ2h0PSIxIiB4bWxucz0iaHR0cDovL3d3dy53My5vcmcvMjAwMC9zdmciPjwvc3ZnPg==\" style=\"--smush-placeholder-width: 1920px; --smush-placeholder-aspect-ratio: 1920\/735;\">\n<p>Dans le magnifique clip qui l\u2019accompagne, Marie Lanfroy, entour\u00e9e de ses musiciens et de quatre danseuses rendent hommage \u00e0 son courage et \u00e0 sa t\u00e9nacit\u00e9 hors du commun.<\/p>\n<p style=\"text-align: left;\"><em><span class=\"style-scope yt-formatted-string\" dir=\"auto\">Kolon\u00e8l Munyole pour d\u00e9margony lo&nbsp;kor<br>\nColonelle Munyole, rend justice aux esprits, aux&nbsp;corps.<\/span><\/em><\/p>\n<iframe title=\"SAODAJ - Monmon Kolonel [Official video]\" width=\"640\" height=\"360\" src=\"https:\/\/www.youtube.com\/embed\/sK_xRQ-n5UU?feature=oembed\" frameborder=\"0\" allow=\"accelerometer; autoplay; clipboard-write; encrypted-media; gyroscope; picture-in-picture; web-share\" referrerpolicy=\"strict-origin-when-cross-origin\" allowfullscreen><\/iframe>\n<div class=\"gmail_default\">Apr\u00e8s avoir abord\u00e9 le sujet terrible et tabou du viol conjugal dans <em>Un Cri,<\/em> c\u00e9l\u00e9br\u00e9 la figure maternelle avec <em>Laz<\/em> et rappel\u00e9 le pass\u00e9 sombre et esclavagiste de La R\u00e9union sur <em>Koman<\/em>, <strong>Saodaj<\/strong> continue d\u2019afficher ses convictions humanistes \u00e0 travers ce nouveau titre.<\/div>\n<div>\n<img decoding=\"async\" class=\"alignnone wp-image-25030 size-full lazyload\" data-src=\"http:\/\/www.auxsons.com\/wp-content\/uploads\/2022\/09\/saodaj-monmon-kolonel-clip-1.jpg\" alt=\"Saodaj Monmon Kolonel Clip\" width=\"1920\" height=\"735\" data-srcset=\"https:\/\/www.auxsons.com\/wp-content\/uploads\/2022\/09\/saodaj-monmon-kolonel-clip-1.jpg 1920w, https:\/\/www.auxsons.com\/wp-content\/uploads\/2022\/09\/saodaj-monmon-kolonel-clip-1-300x115.jpg 300w, https:\/\/www.auxsons.com\/wp-content\/uploads\/2022\/09\/saodaj-monmon-kolonel-clip-1-1024x392.jpg 1024w, https:\/\/www.auxsons.com\/wp-content\/uploads\/2022\/09\/saodaj-monmon-kolonel-clip-1-768x294.jpg 768w, https:\/\/www.auxsons.com\/wp-content\/uploads\/2022\/09\/saodaj-monmon-kolonel-clip-1-1536x588.jpg 1536w\" data-sizes=\"(max-width: 1920px) 100vw, 1920px\" src=\"data:image\/svg+xml;base64,PHN2ZyB3aWR0aD0iMSIgaGVpZ2h0PSIxIiB4bWxucz0iaHR0cDovL3d3dy53My5vcmcvMjAwMC9zdmciPjwvc3ZnPg==\" style=\"--smush-placeholder-width: 1920px; --smush-placeholder-aspect-ratio: 1920\/735;\">\n<\/div>\n<p>L\u2019album <i>Laz <\/i>sortira en en physique et digital le 17 f\u00e9vrier 2023 avant une tourn\u00e9e fran\u00e7aise pr\u00e9vue en mars&nbsp;2023.<\/p>\n","protected":false},"excerpt":{"rendered":"<p>\u00c0 travers son nouveau single Monmon Kolonel, le groupe r\u00e9unionnais Saodaj porte un message fort et poignant, chant\u00e9 en cr\u00e9ole r\u00e9unionnais inspir\u00e9 du documentaire \u201cMaman Colonelle\u201d r\u00e9alis\u00e9 par Dieudonn\u00e9 Hamadi. La chanson Monmon Kolonel, \u00e9crite par S\u00e9bastien Ahriman, compos\u00e9e par Marie Lanfroy et Nicolas Bras, s\u2019inspire de l\u2019engagement magnifique d\u2019Honorine Munyole, polici\u00e8re au Congo, charg\u00e9e<\/p>\n","protected":false},"author":440,"featured_media":25025,"template":"","meta":{"_acf_changed":false,"wp_typography_post_enhancements_disabled":false,"footnotes":""},"class_list":["post-25035","breves","type-breves","status-publish","has-post-thumbnail","hentry"],"acf":[],"yoast_head":"<!-- This site is optimized with the Yoast SEO plugin v27.5 - https:\/\/yoast.com\/product\/yoast-seo-wordpress\/ -->\n<title>Clip | Avec &quot;Monmon Kolonel&quot;, Saodaj rend hommage aux combats d&#039;Honorine Munyole - #AuxSons<\/title>\n<meta name=\"description\" content=\"\u00c0 travers son nouveau single Monmon Kolonel, le groupe r\u00e9unionnais Saodaj porte un message fort et poignant, chant\u00e9 en cr\u00e9ole r\u00e9unionnais inspir\u00e9 du\" \/>\n<meta name=\"robots\" content=\"index, follow, max-snippet:-1, max-image-preview:large, max-video-preview:-1\" \/>\n<link rel=\"canonical\" href=\"https:\/\/www.auxsons.com\/en\/breves\/avec-monmon-kolonel-saodaj-rend-hommage-au-courage-et-aux-combats-dhonorine-munyole\/\" \/>\n<meta property=\"og:locale\" content=\"en_US\" \/>\n<meta property=\"og:type\" content=\"article\" \/>\n<meta property=\"og:title\" content=\"Clip | Avec &quot;Monmon Kolonel&quot;, Saodaj rend hommage aux combats d&#039;Honorine Munyole - #AuxSons\" \/>\n<meta property=\"og:description\" content=\"\u00c0 travers son nouveau single Monmon Kolonel, le groupe r\u00e9unionnais Saodaj porte un message fort et poignant, chant\u00e9 en cr\u00e9ole r\u00e9unionnais inspir\u00e9 du\" \/>\n<meta property=\"og:url\" content=\"https:\/\/www.auxsons.com\/en\/breves\/avec-monmon-kolonel-saodaj-rend-hommage-au-courage-et-aux-combats-dhonorine-munyole\/\" \/>\n<meta property=\"og:site_name\" content=\"#AuxSons\" \/>\n<meta property=\"article:publisher\" content=\"https:\/\/www.facebook.com\/auxsons\/\" \/>\n<meta property=\"article:modified_time\" content=\"2022-09-29T08:59:23+00:00\" \/>\n<meta property=\"og:image\" content=\"https:\/\/www.auxsons.com\/wp-content\/uploads\/2022\/09\/saodaj-monmon-kolonel-copie.jpg\" \/>\n\t<meta property=\"og:image:width\" content=\"1920\" \/>\n\t<meta property=\"og:image:height\" content=\"1080\" \/>\n\t<meta property=\"og:image:type\" content=\"image\/jpeg\" \/>\n<meta name=\"twitter:card\" content=\"summary_large_image\" \/>\n<meta name=\"twitter:site\" content=\"@auxsons\" \/>\n<meta name=\"twitter:label1\" content=\"Est. reading time\" \/>\n\t<meta name=\"twitter:data1\" content=\"2 minutes\" \/>\n<script type=\"application\/ld+json\" class=\"yoast-schema-graph\">{\"@context\":\"https:\\\/\\\/schema.org\",\"@graph\":[{\"@type\":\"WebPage\",\"@id\":\"https:\\\/\\\/www.auxsons.com\\\/en\\\/breves\\\/avec-monmon-kolonel-saodaj-rend-hommage-au-courage-et-aux-combats-dhonorine-munyole\\\/\",\"url\":\"https:\\\/\\\/www.auxsons.com\\\/en\\\/breves\\\/avec-monmon-kolonel-saodaj-rend-hommage-au-courage-et-aux-combats-dhonorine-munyole\\\/\",\"name\":\"Clip | Avec \\\"Monmon Kolonel\\\", Saodaj rend hommage aux combats d'Honorine Munyole - #AuxSons\",\"isPartOf\":{\"@id\":\"https:\\\/\\\/www.auxsons.com\\\/en\\\/#website\"},\"primaryImageOfPage\":{\"@id\":\"https:\\\/\\\/www.auxsons.com\\\/en\\\/breves\\\/avec-monmon-kolonel-saodaj-rend-hommage-au-courage-et-aux-combats-dhonorine-munyole\\\/#primaryimage\"},\"image\":{\"@id\":\"https:\\\/\\\/www.auxsons.com\\\/en\\\/breves\\\/avec-monmon-kolonel-saodaj-rend-hommage-au-courage-et-aux-combats-dhonorine-munyole\\\/#primaryimage\"},\"thumbnailUrl\":\"https:\\\/\\\/www.auxsons.com\\\/wp-content\\\/uploads\\\/2022\\\/09\\\/saodaj-monmon-kolonel-copie.jpg\",\"datePublished\":\"2022-09-19T11:06:08+00:00\",\"dateModified\":\"2022-09-29T08:59:23+00:00\",\"description\":\"\u00c0 travers son nouveau single Monmon Kolonel, le groupe r\u00e9unionnais Saodaj porte un message fort et poignant, chant\u00e9 en cr\u00e9ole r\u00e9unionnais inspir\u00e9 du\",\"breadcrumb\":{\"@id\":\"https:\\\/\\\/www.auxsons.com\\\/en\\\/breves\\\/avec-monmon-kolonel-saodaj-rend-hommage-au-courage-et-aux-combats-dhonorine-munyole\\\/#breadcrumb\"},\"inLanguage\":\"en-US\",\"potentialAction\":[{\"@type\":\"ReadAction\",\"target\":[\"https:\\\/\\\/www.auxsons.com\\\/en\\\/breves\\\/avec-monmon-kolonel-saodaj-rend-hommage-au-courage-et-aux-combats-dhonorine-munyole\\\/\"]}]},{\"@type\":\"ImageObject\",\"inLanguage\":\"en-US\",\"@id\":\"https:\\\/\\\/www.auxsons.com\\\/en\\\/breves\\\/avec-monmon-kolonel-saodaj-rend-hommage-au-courage-et-aux-combats-dhonorine-munyole\\\/#primaryimage\",\"url\":\"https:\\\/\\\/www.auxsons.com\\\/wp-content\\\/uploads\\\/2022\\\/09\\\/saodaj-monmon-kolonel-copie.jpg\",\"contentUrl\":\"https:\\\/\\\/www.auxsons.com\\\/wp-content\\\/uploads\\\/2022\\\/09\\\/saodaj-monmon-kolonel-copie.jpg\",\"width\":1920,\"height\":1080,\"caption\":\"Saodaj Monmon Kolonel Copie\"},{\"@type\":\"BreadcrumbList\",\"@id\":\"https:\\\/\\\/www.auxsons.com\\\/en\\\/breves\\\/avec-monmon-kolonel-saodaj-rend-hommage-au-courage-et-aux-combats-dhonorine-munyole\\\/#breadcrumb\",\"itemListElement\":[{\"@type\":\"ListItem\",\"position\":1,\"name\":\"Accueil\",\"item\":\"https:\\\/\\\/www.auxsons.com\\\/en\\\/\"},{\"@type\":\"ListItem\",\"position\":2,\"name\":\"Br\u00e8ves\",\"item\":\"https:\\\/\\\/www.auxsons.com\\\/en\\\/breves\\\/\"},{\"@type\":\"ListItem\",\"position\":3,\"name\":\"Clip | Avec \u00ab&nbsp;Monmon Kolonel&nbsp;\u00bb, Saodaj rend hommage aux combats d\u2019Honorine Munyole\"}]},{\"@type\":\"WebSite\",\"@id\":\"https:\\\/\\\/www.auxsons.com\\\/en\\\/#website\",\"url\":\"https:\\\/\\\/www.auxsons.com\\\/en\\\/\",\"name\":\"#AuxSons\",\"description\":\"Musiques &amp; Vibrations du Monde\",\"publisher\":{\"@id\":\"https:\\\/\\\/www.auxsons.com\\\/en\\\/#organization\"},\"potentialAction\":[{\"@type\":\"SearchAction\",\"target\":{\"@type\":\"EntryPoint\",\"urlTemplate\":\"https:\\\/\\\/www.auxsons.com\\\/en\\\/?s={search_term_string}\"},\"query-input\":{\"@type\":\"PropertyValueSpecification\",\"valueRequired\":true,\"valueName\":\"search_term_string\"}}],\"inLanguage\":\"en-US\"},{\"@type\":\"Organization\",\"@id\":\"https:\\\/\\\/www.auxsons.com\\\/en\\\/#organization\",\"name\":\"#AuxSons\",\"url\":\"https:\\\/\\\/www.auxsons.com\\\/en\\\/\",\"logo\":{\"@type\":\"ImageObject\",\"inLanguage\":\"en-US\",\"@id\":\"https:\\\/\\\/www.auxsons.com\\\/en\\\/#\\\/schema\\\/logo\\\/image\\\/\",\"url\":\"https:\\\/\\\/www.auxsons.com\\\/wp-content\\\/uploads\\\/2018\\\/10\\\/logo-aux-sons@2x.png\",\"contentUrl\":\"https:\\\/\\\/www.auxsons.com\\\/wp-content\\\/uploads\\\/2018\\\/10\\\/logo-aux-sons@2x.png\",\"width\":320,\"height\":192,\"caption\":\"#AuxSons\"},\"image\":{\"@id\":\"https:\\\/\\\/www.auxsons.com\\\/en\\\/#\\\/schema\\\/logo\\\/image\\\/\"},\"sameAs\":[\"https:\\\/\\\/www.facebook.com\\\/auxsons\\\/\",\"https:\\\/\\\/x.com\\\/auxsons\",\"https:\\\/\\\/www.instagram.com\\\/auxsons\\\/\",\"https:\\\/\\\/www.youtube.com\\\/channel\\\/UC_NjOjgZNHW-6MaXKWavFKQ\"]}]}<\/script>\n<!-- \/ Yoast SEO plugin. -->","yoast_head_json":{"title":"Clip | Avec \"Monmon Kolonel\", Saodaj rend hommage aux combats d'Honorine Munyole - #AuxSons","description":"\u00c0 travers son nouveau single Monmon Kolonel, le groupe r\u00e9unionnais Saodaj porte un message fort et poignant, chant\u00e9 en cr\u00e9ole r\u00e9unionnais inspir\u00e9 du","robots":{"index":"index","follow":"follow","max-snippet":"max-snippet:-1","max-image-preview":"max-image-preview:large","max-video-preview":"max-video-preview:-1"},"canonical":"https:\/\/www.auxsons.com\/en\/breves\/avec-monmon-kolonel-saodaj-rend-hommage-au-courage-et-aux-combats-dhonorine-munyole\/","og_locale":"en_US","og_type":"article","og_title":"Clip | Avec \"Monmon Kolonel\", Saodaj rend hommage aux combats d'Honorine Munyole - #AuxSons","og_description":"\u00c0 travers son nouveau single Monmon Kolonel, le groupe r\u00e9unionnais Saodaj porte un message fort et poignant, chant\u00e9 en cr\u00e9ole r\u00e9unionnais inspir\u00e9 du","og_url":"https:\/\/www.auxsons.com\/en\/breves\/avec-monmon-kolonel-saodaj-rend-hommage-au-courage-et-aux-combats-dhonorine-munyole\/","og_site_name":"#AuxSons","article_publisher":"https:\/\/www.facebook.com\/auxsons\/","article_modified_time":"2022-09-29T08:59:23+00:00","og_image":[{"width":1920,"height":1080,"url":"https:\/\/www.auxsons.com\/wp-content\/uploads\/2022\/09\/saodaj-monmon-kolonel-copie.jpg","type":"image\/jpeg"}],"twitter_card":"summary_large_image","twitter_site":"@auxsons","twitter_misc":{"Est. reading time":"2 minutes"},"schema":{"@context":"https:\/\/schema.org","@graph":[{"@type":"WebPage","@id":"https:\/\/www.auxsons.com\/en\/breves\/avec-monmon-kolonel-saodaj-rend-hommage-au-courage-et-aux-combats-dhonorine-munyole\/","url":"https:\/\/www.auxsons.com\/en\/breves\/avec-monmon-kolonel-saodaj-rend-hommage-au-courage-et-aux-combats-dhonorine-munyole\/","name":"Clip | Avec \"Monmon Kolonel\", Saodaj rend hommage aux combats d'Honorine Munyole - #AuxSons","isPartOf":{"@id":"https:\/\/www.auxsons.com\/en\/#website"},"primaryImageOfPage":{"@id":"https:\/\/www.auxsons.com\/en\/breves\/avec-monmon-kolonel-saodaj-rend-hommage-au-courage-et-aux-combats-dhonorine-munyole\/#primaryimage"},"image":{"@id":"https:\/\/www.auxsons.com\/en\/breves\/avec-monmon-kolonel-saodaj-rend-hommage-au-courage-et-aux-combats-dhonorine-munyole\/#primaryimage"},"thumbnailUrl":"https:\/\/www.auxsons.com\/wp-content\/uploads\/2022\/09\/saodaj-monmon-kolonel-copie.jpg","datePublished":"2022-09-19T11:06:08+00:00","dateModified":"2022-09-29T08:59:23+00:00","description":"\u00c0 travers son nouveau single Monmon Kolonel, le groupe r\u00e9unionnais Saodaj porte un message fort et poignant, chant\u00e9 en cr\u00e9ole r\u00e9unionnais inspir\u00e9 du","breadcrumb":{"@id":"https:\/\/www.auxsons.com\/en\/breves\/avec-monmon-kolonel-saodaj-rend-hommage-au-courage-et-aux-combats-dhonorine-munyole\/#breadcrumb"},"inLanguage":"en-US","potentialAction":[{"@type":"ReadAction","target":["https:\/\/www.auxsons.com\/en\/breves\/avec-monmon-kolonel-saodaj-rend-hommage-au-courage-et-aux-combats-dhonorine-munyole\/"]}]},{"@type":"ImageObject","inLanguage":"en-US","@id":"https:\/\/www.auxsons.com\/en\/breves\/avec-monmon-kolonel-saodaj-rend-hommage-au-courage-et-aux-combats-dhonorine-munyole\/#primaryimage","url":"https:\/\/www.auxsons.com\/wp-content\/uploads\/2022\/09\/saodaj-monmon-kolonel-copie.jpg","contentUrl":"https:\/\/www.auxsons.com\/wp-content\/uploads\/2022\/09\/saodaj-monmon-kolonel-copie.jpg","width":1920,"height":1080,"caption":"Saodaj Monmon Kolonel Copie"},{"@type":"BreadcrumbList","@id":"https:\/\/www.auxsons.com\/en\/breves\/avec-monmon-kolonel-saodaj-rend-hommage-au-courage-et-aux-combats-dhonorine-munyole\/#breadcrumb","itemListElement":[{"@type":"ListItem","position":1,"name":"Accueil","item":"https:\/\/www.auxsons.com\/en\/"},{"@type":"ListItem","position":2,"name":"Br\u00e8ves","item":"https:\/\/www.auxsons.com\/en\/breves\/"},{"@type":"ListItem","position":3,"name":"Clip | Avec \u00ab&nbsp;Monmon Kolonel&nbsp;\u00bb, Saodaj rend hommage aux combats d\u2019Honorine Munyole"}]},{"@type":"WebSite","@id":"https:\/\/www.auxsons.com\/en\/#website","url":"https:\/\/www.auxsons.com\/en\/","name":"#AuxSons","description":"Musiques &amp; Vibrations du Monde","publisher":{"@id":"https:\/\/www.auxsons.com\/en\/#organization"},"potentialAction":[{"@type":"SearchAction","target":{"@type":"EntryPoint","urlTemplate":"https:\/\/www.auxsons.com\/en\/?s={search_term_string}"},"query-input":{"@type":"PropertyValueSpecification","valueRequired":true,"valueName":"search_term_string"}}],"inLanguage":"en-US"},{"@type":"Organization","@id":"https:\/\/www.auxsons.com\/en\/#organization","name":"#AuxSons","url":"https:\/\/www.auxsons.com\/en\/","logo":{"@type":"ImageObject","inLanguage":"en-US","@id":"https:\/\/www.auxsons.com\/en\/#\/schema\/logo\/image\/","url":"https:\/\/www.auxsons.com\/wp-content\/uploads\/2018\/10\/logo-aux-sons@2x.png","contentUrl":"https:\/\/www.auxsons.com\/wp-content\/uploads\/2018\/10\/logo-aux-sons@2x.png","width":320,"height":192,"caption":"#AuxSons"},"image":{"@id":"https:\/\/www.auxsons.com\/en\/#\/schema\/logo\/image\/"},"sameAs":["https:\/\/www.facebook.com\/auxsons\/","https:\/\/x.com\/auxsons","https:\/\/www.instagram.com\/auxsons\/","https:\/\/www.youtube.com\/channel\/UC_NjOjgZNHW-6MaXKWavFKQ"]}]}},"_links":{"self":[{"href":"https:\/\/www.auxsons.com\/en\/wp-json\/wp\/v2\/breves\/25035","targetHints":{"allow":["GET"]}}],"collection":[{"href":"https:\/\/www.auxsons.com\/en\/wp-json\/wp\/v2\/breves"}],"about":[{"href":"https:\/\/www.auxsons.com\/en\/wp-json\/wp\/v2\/types\/breves"}],"author":[{"embeddable":true,"href":"https:\/\/www.auxsons.com\/en\/wp-json\/wp\/v2\/users\/440"}],"version-history":[{"count":0,"href":"https:\/\/www.auxsons.com\/en\/wp-json\/wp\/v2\/breves\/25035\/revisions"}],"wp:featuredmedia":[{"embeddable":true,"href":"https:\/\/www.auxsons.com\/en\/wp-json\/wp\/v2\/media\/25025"}],"wp:attachment":[{"href":"https:\/\/www.auxsons.com\/en\/wp-json\/wp\/v2\/media?parent=25035"}],"curies":[{"name":"wp","href":"https:\/\/api.w.org\/{rel}","templated":true}]}}