{"id":24780,"date":"2022-09-05T16:05:09","date_gmt":"2022-09-05T14:05:09","guid":{"rendered":"https:\/\/www.auxsons.com\/?post_type=breves&#038;p=24780"},"modified":"2022-09-05T16:23:10","modified_gmt":"2022-09-05T14:23:10","slug":"derives-festival-revient-du-16-au-18-septembre-en-seine-saint-denis-pour-une-cinquieme-edition-qui-met-en-lumiere-la-nouvelle-scene-du-burkina-faso","status":"publish","type":"breves","link":"https:\/\/www.auxsons.com\/en\/breves\/derives-festival-revient-du-16-au-18-septembre-en-seine-saint-denis-pour-une-cinquieme-edition-qui-met-en-lumiere-la-nouvelle-scene-du-burkina-faso\/","title":{"rendered":"D\u00e9rives Festival revient du 16 au 18 septembre en Seine-Saint-Denis pour une cinqui\u00e8me \u00e9dition qui met en lumi\u00e8re la nouvelle sc\u00e8ne du Burkina Faso"},"content":{"rendered":"<p class=\"p1\">D\u00e9rives Festival d\u00e9ambule chaque ann\u00e9e dans le nord parisien et en Seine-Saint-Denis pour un voyage visuel et sonore qui pr\u00e9sente les sc\u00e8nes artistiques \u00e9mergentes et festives du&nbsp;monde.<\/p>\n<p class=\"p1\">Pour cette cinqui\u00e8me \u00e9dition, le festival revient \u00e9gayer la rentr\u00e9e avec un voyage visuel et sonore de Ouagadougou \u00e0 Saint-Denis ! Focus sur la nouvelle sc\u00e8ne du Burkina Faso, mais pas que : on vous propose de d\u00e9couvrir aussi des artistes issu\u00b7e\u00b7s des pays frontaliers (Mali, C\u00f4te d\u2019Ivoire) et d\u2019autres made in Seine-Saint-Denis dont les \u00e9changes culturels ont donn\u00e9 de nouvelles couleurs \u00e0 nos sc\u00e8nes locales.<\/p>\n<p class=\"p1\">3 jours, 3 villes, 3 lieux, 3 \u00e9v\u00e9nements dans lesquels on s\u2019infiltre pour r\u00e9veiller vos papilles, \u00e9tonner vos pupilles et \u00e9gayer vos oreilles.<\/p>\n<p>Au programme : Concerts et <span class=\"caps\">DJ<\/span> sets, projections, d\u00e9ambulations, ateliers, gastronomie\u2026<\/p>\n<p>Avec Aratan N\u2019Akalle, Popimane, Balaphonics, Yel\u00e9, Kanazo\u00e9 Orkestra, Praktika, Asna, Kandy Guira et Koto Brawa pr\u00e9sentent Burkina Tamanoir All Stars, <span class=\"caps\">TOKSA<\/span>, Sahel M\u00e9nilmontant.<\/p>\n<img decoding=\"async\" class=\"wp-image-24781 size-full lazyload\" data-src=\"http:\/\/www.auxsons.com\/wp-content\/uploads\/2022\/09\/bandeau-derives-5couverture-facebook.png\" alt=\"Bandeau De\u0301rives 5(couverture Facebook)\" width=\"2460\" height=\"1386\" data-srcset=\"https:\/\/www.auxsons.com\/wp-content\/uploads\/2022\/09\/bandeau-derives-5couverture-facebook.png 2460w, https:\/\/www.auxsons.com\/wp-content\/uploads\/2022\/09\/bandeau-derives-5couverture-facebook-300x169.png 300w, https:\/\/www.auxsons.com\/wp-content\/uploads\/2022\/09\/bandeau-derives-5couverture-facebook-1024x577.png 1024w, https:\/\/www.auxsons.com\/wp-content\/uploads\/2022\/09\/bandeau-derives-5couverture-facebook-768x433.png 768w, https:\/\/www.auxsons.com\/wp-content\/uploads\/2022\/09\/bandeau-derives-5couverture-facebook-1536x865.png 1536w, https:\/\/www.auxsons.com\/wp-content\/uploads\/2022\/09\/bandeau-derives-5couverture-facebook-2048x1154.png 2048w, https:\/\/www.auxsons.com\/wp-content\/uploads\/2022\/09\/bandeau-derives-5couverture-facebook-693x390.png 693w\" data-sizes=\"(max-width: 2460px) 100vw, 2460px\" src=\"data:image\/svg+xml;base64,PHN2ZyB3aWR0aD0iMSIgaGVpZ2h0PSIxIiB4bWxucz0iaHR0cDovL3d3dy53My5vcmcvMjAwMC9zdmciPjwvc3ZnPg==\" style=\"--smush-placeholder-width: 2460px; --smush-placeholder-aspect-ratio: 2460\/1386;\">\n<p>&nbsp;<\/p>\n<p><strong>Jour 1 : Burkina Tamanoir All Stars @ Le Tamanoir, Gennevilliers, 20h30-00h<\/strong><\/p>\n<div class=\"l7ghb35v kjdc1dyq kmwttqpk gh25dzvf jikcssrz\">Soir\u00e9e d\u2019ouverture du festival 100% burkinab\u00e8 avec les groupes Y\u00e9l\u00e9 et Kanazo\u00e9 Orchestra \u00e0 vous faire d\u00e9couvrir la nouvelle sc\u00e8ne franco-burkinab\u00e8.<\/div>\n<div class=\"l7ghb35v kjdc1dyq kmwttqpk gh25dzvf jikcssrz\">Suivra une cr\u00e9ation exclusive et in\u00e9dite r\u00e9unissant plusieurs artistes burkinab\u00e9s pass\u00e9s par le Tamanoir, autour de Kandy Guira et Koto Brawa, deux talents reconnus en France comme au Burkina, pour un projet ambitieux qui fusionne tradition et modernit\u00e9 : le <span class=\"caps\">BURKINA<\/span> <span class=\"caps\">TAMANOIR<\/span> <span class=\"caps\">ALL<\/span>&nbsp;<span class=\"caps\">STARS<\/span>.<\/div>\n<div>\u25cd&nbsp; <a href=\"https:\/\/www.facebook.com\/events\/1113140085905575\/\" target=\"_blank\" rel=\"noopener\">https:\/\/\u200bwww\u200b.facebook\u200b.com\/\u200be\u200bv\u200be\u200bn\u200bt\u200bs\u200b\/\u200b1\u200b1\u200b1\u200b3\u200b1\u200b4\u200b0\u200b0\u200b8\u200b5\u200b9\u200b0\u200b5\u200b5\u200b75\/<\/a><\/div>\n<div><\/div>\n<p><strong>Jour 2 : D\u00e9rives Souk Saint-Denis @ L\u2019Orf\u00e8vrerie, Saint-Denis, 15h30-5h30<\/strong><\/p>\n<p>La journ\u00e9e de la f\u00eate, la vraie. On investit l\u2019extraordinaire Orf\u00e8vrerie de Saint-Denis, ancienne usine Christofle g\u00e9r\u00e9e par les copains de <span class=\"caps\">SOUKMACHINES<\/span>. Un v\u00e9ritable village industriel qui accueillera 2 \u00e9v\u00e9nements en un, 4 sc\u00e8nes, d\u00e9ambulations, projections, cours de danse, atelier berceuse pour parents et tout-petits\u2026 On d\u00e9rive dans tous les sens au sein de ce magnifique b\u00e2timent industriel class\u00e9 monument historique.<br>\n\u25cd&nbsp; <a href=\"https:\/\/www.facebook.com\/events\/2130244197146634\" target=\"_blank\" rel=\"noopener\">https:\/\/\u200bwww\u200b.facebook\u200b.com\/\u200be\u200bv\u200be\u200bn\u200bt\u200bs\u200b\/\u200b2\u200b1\u200b3\u200b0\u200b2\u200b4\u200b4\u200b1\u200b9\u200b7\u200b1\u200b4\u200b6\u200b634<\/a><\/p>\n<p><strong>Jour 3 : Cl\u00f4ture \u00e0 table @ Saint-Ouen Les Docks (avec La Plus grande table du monde), 12h-17h<\/strong><\/p>\n<div class=\"l7ghb35v kjdc1dyq kmwttqpk gh25dzvf jikcssrz\">On vous propose de troquer le repas du dimanche chez mamie pour vous r\u00e9galer avec des inconnu\u00b7e\u00b7s pour une derni\u00e8re journ\u00e9e avec La plus grande table du monde ! Venez battre un record d\u2019humanit\u00e9 en vous attablant autour de d\u00e9licieux mets 100% made in 93 sur une table commen\u00e7ant du quartier des Docks \u00e0 Saint-Ouen et s\u2019\u00e9talant jusqu\u2019\u00e0 la Basilique de Saint-Denis.<\/div>\n<div class=\"l7ghb35v kjdc1dyq kmwttqpk gh25dzvf jikcssrz\">On vous donne rdv de <span class=\"caps\">14H<\/span> \u00e0 <span class=\"caps\">17H<\/span> au d\u00e9but de la table au 46 quai de Seine (quartier des Docks, Saint-Ouen, pour encha\u00eener avec 2 concerts pour un voyage depuis Saint-Ouen \u00e0 la sc\u00e8ne montante du Burkina Faso en passant par le Sahel et M\u00e9nilmontant&nbsp;!<\/div>\n<div class=\"l7ghb35v kjdc1dyq kmwttqpk gh25dzvf jikcssrz\">\u25cd &nbsp;<a href=\"https:\/\/www.facebook.com\/events\/353756890282428\/\" target=\"_blank\" rel=\"noopener\">https:\/\/\u200bwww\u200b.facebook\u200b.com\/\u200be\u200bv\u200be\u200bn\u200bt\u200bs\u200b\/\u200b3\u200b5\u200b3\u200b7\u200b5\u200b6\u200b8\u200b9\u200b0\u200b2\u200b8\u200b2\u200b4\u200b28\/<\/a><\/div>\n<p>&nbsp;<\/p>\n<p>Infos et r\u00e9servations sur http:\/\/\u200bderives\u200b.studio\/ et sur les r\u00e9seaux&nbsp;:<\/p>\n<p><a href=\"http:\/\/instagram.com\/derives.studio\" target=\"_blank\" rel=\"noopener\">instagram\u200b.com\/\u200bd\u200be\u200br\u200bi\u200bv\u200be\u200bs\u200b.\u200bs\u200bt\u200bu\u200bdio<\/a><\/p>\n<p><a href=\"http:\/\/facebook.com\/derives.studio\" target=\"_blank\" rel=\"noopener\">facebook\u200b.com\/\u200bd\u200be\u200br\u200bi\u200bv\u200be\u200bs\u200b.\u200bs\u200bt\u200bu\u200bdio<\/a><\/p>\n<p>\u2742 \u00c9v\u00e9nement <span class=\"caps\">FB<\/span> g\u00e9n\u00e9ral : <a href=\"https:\/\/www.facebook.com\/events\/805032350663579\/\" target=\"_blank\" rel=\"noopener\">https:\/\/\u200bwww\u200b.facebook\u200b.com\/\u200be\u200bv\u200be\u200bn\u200bt\u200bs\u200b\/\u200b8\u200b0\u200b5\u200b0\u200b3\u200b2\u200b3\u200b5\u200b0\u200b6\u200b6\u200b3\u200b5\u200b79\/<\/a><\/p>\n<p>\u2742 Illustration par Chlo\u00e9 Bertschy<\/p>\n<p>&nbsp;<\/p>\n","protected":false},"excerpt":{"rendered":"<p>D\u00e9rives Festival d\u00e9ambule chaque ann\u00e9e dans le nord parisien et en Seine-Saint-Denis pour un voyage visuel et sonore qui pr\u00e9sente les sc\u00e8nes artistiques \u00e9mergentes et festives du&nbsp;monde. Pour cette cinqui\u00e8me \u00e9dition, le festival revient \u00e9gayer la rentr\u00e9e avec un voyage visuel et sonore de Ouagadougou \u00e0 Saint-Denis ! Focus sur la nouvelle sc\u00e8ne du Burkina<\/p>\n","protected":false},"author":51,"featured_media":24786,"template":"","meta":{"_acf_changed":false,"wp_typography_post_enhancements_disabled":false,"footnotes":""},"class_list":["post-24780","breves","type-breves","status-publish","has-post-thumbnail","hentry"],"acf":[],"yoast_head":"<!-- This site is optimized with the Yoast SEO plugin v27.5 - https:\/\/yoast.com\/product\/yoast-seo-wordpress\/ -->\n<title>D\u00e9rives Festival revient du 16 au 18 septembre en Seine-Saint-Denis pour une cinqui\u00e8me \u00e9dition qui met en lumi\u00e8re la nouvelle sc\u00e8ne du Burkina Faso - #AuxSons<\/title>\n<meta name=\"description\" content=\"D\u00e9rives Festival d\u00e9ambule chaque ann\u00e9e dans le nord parisien et en Seine-Saint-Denis pour un voyage visuel et sonore qui pr\u00e9sente les sc\u00e8nes artistiques\" \/>\n<meta name=\"robots\" content=\"index, follow, max-snippet:-1, max-image-preview:large, max-video-preview:-1\" \/>\n<link rel=\"canonical\" href=\"https:\/\/www.auxsons.com\/en\/breves\/derives-festival-revient-du-16-au-18-septembre-en-seine-saint-denis-pour-une-cinquieme-edition-qui-met-en-lumiere-la-nouvelle-scene-du-burkina-faso\/\" \/>\n<meta property=\"og:locale\" content=\"en_US\" \/>\n<meta property=\"og:type\" content=\"article\" \/>\n<meta property=\"og:title\" content=\"D\u00e9rives Festival revient du 16 au 18 septembre en Seine-Saint-Denis pour une cinqui\u00e8me \u00e9dition qui met en lumi\u00e8re la nouvelle sc\u00e8ne du Burkina Faso - #AuxSons\" \/>\n<meta property=\"og:description\" content=\"D\u00e9rives Festival d\u00e9ambule chaque ann\u00e9e dans le nord parisien et en Seine-Saint-Denis pour un voyage visuel et sonore qui pr\u00e9sente les sc\u00e8nes artistiques\" \/>\n<meta property=\"og:url\" content=\"https:\/\/www.auxsons.com\/en\/breves\/derives-festival-revient-du-16-au-18-septembre-en-seine-saint-denis-pour-une-cinquieme-edition-qui-met-en-lumiere-la-nouvelle-scene-du-burkina-faso\/\" \/>\n<meta property=\"og:site_name\" content=\"#AuxSons\" \/>\n<meta property=\"article:publisher\" content=\"https:\/\/www.facebook.com\/auxsons\/\" \/>\n<meta property=\"article:modified_time\" content=\"2022-09-05T14:23:10+00:00\" \/>\n<meta property=\"og:image\" content=\"https:\/\/www.auxsons.com\/wp-content\/uploads\/2022\/09\/oauaga-1024x880.png\" \/>\n\t<meta property=\"og:image:width\" content=\"1024\" \/>\n\t<meta property=\"og:image:height\" content=\"880\" \/>\n\t<meta property=\"og:image:type\" content=\"image\/png\" \/>\n<meta name=\"twitter:card\" content=\"summary_large_image\" \/>\n<meta name=\"twitter:site\" content=\"@auxsons\" \/>\n<meta name=\"twitter:label1\" content=\"Est. reading time\" \/>\n\t<meta name=\"twitter:data1\" content=\"3 minutes\" \/>\n<script type=\"application\/ld+json\" class=\"yoast-schema-graph\">{\"@context\":\"https:\\\/\\\/schema.org\",\"@graph\":[{\"@type\":\"WebPage\",\"@id\":\"https:\\\/\\\/www.auxsons.com\\\/en\\\/breves\\\/derives-festival-revient-du-16-au-18-septembre-en-seine-saint-denis-pour-une-cinquieme-edition-qui-met-en-lumiere-la-nouvelle-scene-du-burkina-faso\\\/\",\"url\":\"https:\\\/\\\/www.auxsons.com\\\/en\\\/breves\\\/derives-festival-revient-du-16-au-18-septembre-en-seine-saint-denis-pour-une-cinquieme-edition-qui-met-en-lumiere-la-nouvelle-scene-du-burkina-faso\\\/\",\"name\":\"D\u00e9rives Festival revient du 16 au 18 septembre en Seine-Saint-Denis pour une cinqui\u00e8me \u00e9dition qui met en lumi\u00e8re la nouvelle sc\u00e8ne du Burkina Faso - #AuxSons\",\"isPartOf\":{\"@id\":\"https:\\\/\\\/www.auxsons.com\\\/en\\\/#website\"},\"primaryImageOfPage\":{\"@id\":\"https:\\\/\\\/www.auxsons.com\\\/en\\\/breves\\\/derives-festival-revient-du-16-au-18-septembre-en-seine-saint-denis-pour-une-cinquieme-edition-qui-met-en-lumiere-la-nouvelle-scene-du-burkina-faso\\\/#primaryimage\"},\"image\":{\"@id\":\"https:\\\/\\\/www.auxsons.com\\\/en\\\/breves\\\/derives-festival-revient-du-16-au-18-septembre-en-seine-saint-denis-pour-une-cinquieme-edition-qui-met-en-lumiere-la-nouvelle-scene-du-burkina-faso\\\/#primaryimage\"},\"thumbnailUrl\":\"https:\\\/\\\/www.auxsons.com\\\/wp-content\\\/uploads\\\/2022\\\/09\\\/oauaga.png\",\"datePublished\":\"2022-09-05T14:05:09+00:00\",\"dateModified\":\"2022-09-05T14:23:10+00:00\",\"description\":\"D\u00e9rives Festival d\u00e9ambule chaque ann\u00e9e dans le nord parisien et en Seine-Saint-Denis pour un voyage visuel et sonore qui pr\u00e9sente les sc\u00e8nes artistiques\",\"breadcrumb\":{\"@id\":\"https:\\\/\\\/www.auxsons.com\\\/en\\\/breves\\\/derives-festival-revient-du-16-au-18-septembre-en-seine-saint-denis-pour-une-cinquieme-edition-qui-met-en-lumiere-la-nouvelle-scene-du-burkina-faso\\\/#breadcrumb\"},\"inLanguage\":\"en-US\",\"potentialAction\":[{\"@type\":\"ReadAction\",\"target\":[\"https:\\\/\\\/www.auxsons.com\\\/en\\\/breves\\\/derives-festival-revient-du-16-au-18-septembre-en-seine-saint-denis-pour-une-cinquieme-edition-qui-met-en-lumiere-la-nouvelle-scene-du-burkina-faso\\\/\"]}]},{\"@type\":\"ImageObject\",\"inLanguage\":\"en-US\",\"@id\":\"https:\\\/\\\/www.auxsons.com\\\/en\\\/breves\\\/derives-festival-revient-du-16-au-18-septembre-en-seine-saint-denis-pour-une-cinquieme-edition-qui-met-en-lumiere-la-nouvelle-scene-du-burkina-faso\\\/#primaryimage\",\"url\":\"https:\\\/\\\/www.auxsons.com\\\/wp-content\\\/uploads\\\/2022\\\/09\\\/oauaga.png\",\"contentUrl\":\"https:\\\/\\\/www.auxsons.com\\\/wp-content\\\/uploads\\\/2022\\\/09\\\/oauaga.png\",\"width\":2667,\"height\":2292,\"caption\":\"Oauaga\"},{\"@type\":\"BreadcrumbList\",\"@id\":\"https:\\\/\\\/www.auxsons.com\\\/en\\\/breves\\\/derives-festival-revient-du-16-au-18-septembre-en-seine-saint-denis-pour-une-cinquieme-edition-qui-met-en-lumiere-la-nouvelle-scene-du-burkina-faso\\\/#breadcrumb\",\"itemListElement\":[{\"@type\":\"ListItem\",\"position\":1,\"name\":\"Accueil\",\"item\":\"https:\\\/\\\/www.auxsons.com\\\/en\\\/\"},{\"@type\":\"ListItem\",\"position\":2,\"name\":\"Br\u00e8ves\",\"item\":\"https:\\\/\\\/www.auxsons.com\\\/en\\\/breves\\\/\"},{\"@type\":\"ListItem\",\"position\":3,\"name\":\"D\u00e9rives Festival revient du 16 au 18 septembre en Seine-Saint-Denis pour une cinqui\u00e8me \u00e9dition qui met en lumi\u00e8re la nouvelle sc\u00e8ne du Burkina Faso\"}]},{\"@type\":\"WebSite\",\"@id\":\"https:\\\/\\\/www.auxsons.com\\\/en\\\/#website\",\"url\":\"https:\\\/\\\/www.auxsons.com\\\/en\\\/\",\"name\":\"#AuxSons\",\"description\":\"Musiques &amp; Vibrations du Monde\",\"publisher\":{\"@id\":\"https:\\\/\\\/www.auxsons.com\\\/en\\\/#organization\"},\"potentialAction\":[{\"@type\":\"SearchAction\",\"target\":{\"@type\":\"EntryPoint\",\"urlTemplate\":\"https:\\\/\\\/www.auxsons.com\\\/en\\\/?s={search_term_string}\"},\"query-input\":{\"@type\":\"PropertyValueSpecification\",\"valueRequired\":true,\"valueName\":\"search_term_string\"}}],\"inLanguage\":\"en-US\"},{\"@type\":\"Organization\",\"@id\":\"https:\\\/\\\/www.auxsons.com\\\/en\\\/#organization\",\"name\":\"#AuxSons\",\"url\":\"https:\\\/\\\/www.auxsons.com\\\/en\\\/\",\"logo\":{\"@type\":\"ImageObject\",\"inLanguage\":\"en-US\",\"@id\":\"https:\\\/\\\/www.auxsons.com\\\/en\\\/#\\\/schema\\\/logo\\\/image\\\/\",\"url\":\"https:\\\/\\\/www.auxsons.com\\\/wp-content\\\/uploads\\\/2018\\\/10\\\/logo-aux-sons@2x.png\",\"contentUrl\":\"https:\\\/\\\/www.auxsons.com\\\/wp-content\\\/uploads\\\/2018\\\/10\\\/logo-aux-sons@2x.png\",\"width\":320,\"height\":192,\"caption\":\"#AuxSons\"},\"image\":{\"@id\":\"https:\\\/\\\/www.auxsons.com\\\/en\\\/#\\\/schema\\\/logo\\\/image\\\/\"},\"sameAs\":[\"https:\\\/\\\/www.facebook.com\\\/auxsons\\\/\",\"https:\\\/\\\/x.com\\\/auxsons\",\"https:\\\/\\\/www.instagram.com\\\/auxsons\\\/\",\"https:\\\/\\\/www.youtube.com\\\/channel\\\/UC_NjOjgZNHW-6MaXKWavFKQ\"]}]}<\/script>\n<!-- \/ Yoast SEO plugin. -->","yoast_head_json":{"title":"D\u00e9rives Festival revient du 16 au 18 septembre en Seine-Saint-Denis pour une cinqui\u00e8me \u00e9dition qui met en lumi\u00e8re la nouvelle sc\u00e8ne du Burkina Faso - #AuxSons","description":"D\u00e9rives Festival d\u00e9ambule chaque ann\u00e9e dans le nord parisien et en Seine-Saint-Denis pour un voyage visuel et sonore qui pr\u00e9sente les sc\u00e8nes artistiques","robots":{"index":"index","follow":"follow","max-snippet":"max-snippet:-1","max-image-preview":"max-image-preview:large","max-video-preview":"max-video-preview:-1"},"canonical":"https:\/\/www.auxsons.com\/en\/breves\/derives-festival-revient-du-16-au-18-septembre-en-seine-saint-denis-pour-une-cinquieme-edition-qui-met-en-lumiere-la-nouvelle-scene-du-burkina-faso\/","og_locale":"en_US","og_type":"article","og_title":"D\u00e9rives Festival revient du 16 au 18 septembre en Seine-Saint-Denis pour une cinqui\u00e8me \u00e9dition qui met en lumi\u00e8re la nouvelle sc\u00e8ne du Burkina Faso - #AuxSons","og_description":"D\u00e9rives Festival d\u00e9ambule chaque ann\u00e9e dans le nord parisien et en Seine-Saint-Denis pour un voyage visuel et sonore qui pr\u00e9sente les sc\u00e8nes artistiques","og_url":"https:\/\/www.auxsons.com\/en\/breves\/derives-festival-revient-du-16-au-18-septembre-en-seine-saint-denis-pour-une-cinquieme-edition-qui-met-en-lumiere-la-nouvelle-scene-du-burkina-faso\/","og_site_name":"#AuxSons","article_publisher":"https:\/\/www.facebook.com\/auxsons\/","article_modified_time":"2022-09-05T14:23:10+00:00","og_image":[{"width":1024,"height":880,"url":"https:\/\/www.auxsons.com\/wp-content\/uploads\/2022\/09\/oauaga-1024x880.png","type":"image\/png"}],"twitter_card":"summary_large_image","twitter_site":"@auxsons","twitter_misc":{"Est. reading time":"3 minutes"},"schema":{"@context":"https:\/\/schema.org","@graph":[{"@type":"WebPage","@id":"https:\/\/www.auxsons.com\/en\/breves\/derives-festival-revient-du-16-au-18-septembre-en-seine-saint-denis-pour-une-cinquieme-edition-qui-met-en-lumiere-la-nouvelle-scene-du-burkina-faso\/","url":"https:\/\/www.auxsons.com\/en\/breves\/derives-festival-revient-du-16-au-18-septembre-en-seine-saint-denis-pour-une-cinquieme-edition-qui-met-en-lumiere-la-nouvelle-scene-du-burkina-faso\/","name":"D\u00e9rives Festival revient du 16 au 18 septembre en Seine-Saint-Denis pour une cinqui\u00e8me \u00e9dition qui met en lumi\u00e8re la nouvelle sc\u00e8ne du Burkina Faso - #AuxSons","isPartOf":{"@id":"https:\/\/www.auxsons.com\/en\/#website"},"primaryImageOfPage":{"@id":"https:\/\/www.auxsons.com\/en\/breves\/derives-festival-revient-du-16-au-18-septembre-en-seine-saint-denis-pour-une-cinquieme-edition-qui-met-en-lumiere-la-nouvelle-scene-du-burkina-faso\/#primaryimage"},"image":{"@id":"https:\/\/www.auxsons.com\/en\/breves\/derives-festival-revient-du-16-au-18-septembre-en-seine-saint-denis-pour-une-cinquieme-edition-qui-met-en-lumiere-la-nouvelle-scene-du-burkina-faso\/#primaryimage"},"thumbnailUrl":"https:\/\/www.auxsons.com\/wp-content\/uploads\/2022\/09\/oauaga.png","datePublished":"2022-09-05T14:05:09+00:00","dateModified":"2022-09-05T14:23:10+00:00","description":"D\u00e9rives Festival d\u00e9ambule chaque ann\u00e9e dans le nord parisien et en Seine-Saint-Denis pour un voyage visuel et sonore qui pr\u00e9sente les sc\u00e8nes artistiques","breadcrumb":{"@id":"https:\/\/www.auxsons.com\/en\/breves\/derives-festival-revient-du-16-au-18-septembre-en-seine-saint-denis-pour-une-cinquieme-edition-qui-met-en-lumiere-la-nouvelle-scene-du-burkina-faso\/#breadcrumb"},"inLanguage":"en-US","potentialAction":[{"@type":"ReadAction","target":["https:\/\/www.auxsons.com\/en\/breves\/derives-festival-revient-du-16-au-18-septembre-en-seine-saint-denis-pour-une-cinquieme-edition-qui-met-en-lumiere-la-nouvelle-scene-du-burkina-faso\/"]}]},{"@type":"ImageObject","inLanguage":"en-US","@id":"https:\/\/www.auxsons.com\/en\/breves\/derives-festival-revient-du-16-au-18-septembre-en-seine-saint-denis-pour-une-cinquieme-edition-qui-met-en-lumiere-la-nouvelle-scene-du-burkina-faso\/#primaryimage","url":"https:\/\/www.auxsons.com\/wp-content\/uploads\/2022\/09\/oauaga.png","contentUrl":"https:\/\/www.auxsons.com\/wp-content\/uploads\/2022\/09\/oauaga.png","width":2667,"height":2292,"caption":"Oauaga"},{"@type":"BreadcrumbList","@id":"https:\/\/www.auxsons.com\/en\/breves\/derives-festival-revient-du-16-au-18-septembre-en-seine-saint-denis-pour-une-cinquieme-edition-qui-met-en-lumiere-la-nouvelle-scene-du-burkina-faso\/#breadcrumb","itemListElement":[{"@type":"ListItem","position":1,"name":"Accueil","item":"https:\/\/www.auxsons.com\/en\/"},{"@type":"ListItem","position":2,"name":"Br\u00e8ves","item":"https:\/\/www.auxsons.com\/en\/breves\/"},{"@type":"ListItem","position":3,"name":"D\u00e9rives Festival revient du 16 au 18 septembre en Seine-Saint-Denis pour une cinqui\u00e8me \u00e9dition qui met en lumi\u00e8re la nouvelle sc\u00e8ne du Burkina Faso"}]},{"@type":"WebSite","@id":"https:\/\/www.auxsons.com\/en\/#website","url":"https:\/\/www.auxsons.com\/en\/","name":"#AuxSons","description":"Musiques &amp; Vibrations du Monde","publisher":{"@id":"https:\/\/www.auxsons.com\/en\/#organization"},"potentialAction":[{"@type":"SearchAction","target":{"@type":"EntryPoint","urlTemplate":"https:\/\/www.auxsons.com\/en\/?s={search_term_string}"},"query-input":{"@type":"PropertyValueSpecification","valueRequired":true,"valueName":"search_term_string"}}],"inLanguage":"en-US"},{"@type":"Organization","@id":"https:\/\/www.auxsons.com\/en\/#organization","name":"#AuxSons","url":"https:\/\/www.auxsons.com\/en\/","logo":{"@type":"ImageObject","inLanguage":"en-US","@id":"https:\/\/www.auxsons.com\/en\/#\/schema\/logo\/image\/","url":"https:\/\/www.auxsons.com\/wp-content\/uploads\/2018\/10\/logo-aux-sons@2x.png","contentUrl":"https:\/\/www.auxsons.com\/wp-content\/uploads\/2018\/10\/logo-aux-sons@2x.png","width":320,"height":192,"caption":"#AuxSons"},"image":{"@id":"https:\/\/www.auxsons.com\/en\/#\/schema\/logo\/image\/"},"sameAs":["https:\/\/www.facebook.com\/auxsons\/","https:\/\/x.com\/auxsons","https:\/\/www.instagram.com\/auxsons\/","https:\/\/www.youtube.com\/channel\/UC_NjOjgZNHW-6MaXKWavFKQ"]}]}},"_links":{"self":[{"href":"https:\/\/www.auxsons.com\/en\/wp-json\/wp\/v2\/breves\/24780","targetHints":{"allow":["GET"]}}],"collection":[{"href":"https:\/\/www.auxsons.com\/en\/wp-json\/wp\/v2\/breves"}],"about":[{"href":"https:\/\/www.auxsons.com\/en\/wp-json\/wp\/v2\/types\/breves"}],"author":[{"embeddable":true,"href":"https:\/\/www.auxsons.com\/en\/wp-json\/wp\/v2\/users\/51"}],"version-history":[{"count":0,"href":"https:\/\/www.auxsons.com\/en\/wp-json\/wp\/v2\/breves\/24780\/revisions"}],"wp:featuredmedia":[{"embeddable":true,"href":"https:\/\/www.auxsons.com\/en\/wp-json\/wp\/v2\/media\/24786"}],"wp:attachment":[{"href":"https:\/\/www.auxsons.com\/en\/wp-json\/wp\/v2\/media?parent=24780"}],"curies":[{"name":"wp","href":"https:\/\/api.w.org\/{rel}","templated":true}]}}