{"id":23408,"date":"2022-06-02T15:21:37","date_gmt":"2022-06-02T13:21:37","guid":{"rendered":"https:\/\/www.auxsons.com\/?post_type=breves&#038;p=23408"},"modified":"2022-06-02T16:28:14","modified_gmt":"2022-06-02T14:28:14","slug":"avec-carnaval-de-oaio-donnez-des-couleurs-a-votre-ete","status":"publish","type":"breves","link":"https:\/\/www.auxsons.com\/en\/breves\/avec-carnaval-de-oaio-donnez-des-couleurs-a-votre-ete\/","title":{"rendered":"Clip | Avec \u201cCarnaval\u201d de Oaio, donnez des couleurs \u00e0 votre&nbsp;\u00e9t\u00e9&nbsp;!"},"content":{"rendered":"<div><em>Carnaval<\/em> est le 1er extrait de l\u2019album<em> Bizarre Monde<\/em> de <span class=\"caps\">OAIO<\/span> qui sortira \u00e0 l\u2019automne prochain.<\/div>\n<div><\/div>\n<div>\n<div>N\u00e9e en France \u00e0 la crois\u00e9e de courants berb\u00e8res, italiens et ard\u00e9chois, <span class=\"caps\">OAIO<\/span> a d\u2019abord esp\u00e9r\u00e9 sauver la plan\u00e8te, puis failli s\u2019installer pour de bon dans les montagnes argentines, avant d\u2019\u00eatre appel\u00e9e en cours de route par la musique et l\u2019\u00e9criture.&nbsp;Depuis 2020, elle se consacre \u00e0 la cr\u00e9ation d\u2019une folk world en fran\u00e7ais (mais pas que) dans lequel elle anime son monde recompos\u00e9.<\/div>\n<div><\/div>\n<\/div>\n<div><em>Carnaval<\/em> est une chanson entra\u00eenante \u00e0 moiti\u00e9 en fran\u00e7ais, \u00e0 moiti\u00e9 en espagnol, inspir\u00e9e de la musique populaire des Andes, une v\u00e9ritable incantation au soleil et \u00e0 la&nbsp;danse&nbsp;!<\/div>\n<div><\/div>\n<div><\/div>\n<div>\n<p class=\"title style-scope ytd-video-primary-info-renderer\"><strong>Oaio - <em>Carnaval<\/em><\/strong><\/p>\n<iframe title=\"Oaio - Carnaval\" width=\"640\" height=\"360\" src=\"https:\/\/www.youtube.com\/embed\/tqZBpb2p_bE?feature=oembed\" frameborder=\"0\" allow=\"accelerometer; autoplay; clipboard-write; encrypted-media; gyroscope; picture-in-picture; web-share\" referrerpolicy=\"strict-origin-when-cross-origin\" allowfullscreen><\/iframe>\n<\/div>\n<div><\/div>\n<div><\/div>\n<div><\/div>\n<div><\/div>\n<div><\/div>\n<div><\/div>\n<div><\/div>\n<div><\/div>\n<div><\/div>\n<div><\/div>\n<div><\/div>\n<div><\/div>\n<div><\/div>\n","protected":false},"excerpt":{"rendered":"<p>Carnaval est le 1er extrait de l\u2019album Bizarre Monde de <span class=\"caps\">OAIO<\/span> qui sortira \u00e0 l\u2019automne prochain. N\u00e9e en France \u00e0 la crois\u00e9e de courants berb\u00e8res, italiens et ard\u00e9chois, <span class=\"caps\">OAIO<\/span> a d\u2019abord esp\u00e9r\u00e9 sauver la plan\u00e8te, puis failli s\u2019installer pour de bon dans les montagnes argentines, avant d\u2019\u00eatre appel\u00e9e en cours de route par la musique<\/p>\n","protected":false},"author":422,"featured_media":23409,"template":"","meta":{"_acf_changed":false,"wp_typography_post_enhancements_disabled":false,"footnotes":""},"class_list":["post-23408","breves","type-breves","status-publish","has-post-thumbnail","hentry"],"acf":[],"yoast_head":"<!-- This site is optimized with the Yoast SEO plugin v27.5 - https:\/\/yoast.com\/product\/yoast-seo-wordpress\/ -->\n<title>Clip | Avec \u201cCarnaval\u201d de Oaio, donnez des couleurs \u00e0 votre \u00e9t\u00e9 ! - #AuxSons<\/title>\n<meta name=\"description\" content=\"Carnaval est le 1er extrait de l&#039;album Bizarre Monde de OAIO qui sortira \u00e0 l&#039;automne prochain. N\u00e9e en France \u00e0 la crois\u00e9e de courants berb\u00e8res, italiens\" \/>\n<meta name=\"robots\" content=\"index, follow, max-snippet:-1, max-image-preview:large, max-video-preview:-1\" \/>\n<link rel=\"canonical\" href=\"https:\/\/www.auxsons.com\/en\/breves\/avec-carnaval-de-oaio-donnez-des-couleurs-a-votre-ete\/\" \/>\n<meta property=\"og:locale\" content=\"en_US\" \/>\n<meta property=\"og:type\" content=\"article\" \/>\n<meta property=\"og:title\" content=\"Clip | Avec \u201cCarnaval\u201d de Oaio, donnez des couleurs \u00e0 votre \u00e9t\u00e9 ! - #AuxSons\" \/>\n<meta property=\"og:description\" content=\"Carnaval est le 1er extrait de l&#039;album Bizarre Monde de OAIO qui sortira \u00e0 l&#039;automne prochain. N\u00e9e en France \u00e0 la crois\u00e9e de courants berb\u00e8res, italiens\" \/>\n<meta property=\"og:url\" content=\"https:\/\/www.auxsons.com\/en\/breves\/avec-carnaval-de-oaio-donnez-des-couleurs-a-votre-ete\/\" \/>\n<meta property=\"og:site_name\" content=\"#AuxSons\" \/>\n<meta property=\"article:publisher\" content=\"https:\/\/www.facebook.com\/auxsons\/\" \/>\n<meta property=\"article:modified_time\" content=\"2022-06-02T14:28:14+00:00\" \/>\n<meta property=\"og:image\" content=\"https:\/\/www.auxsons.com\/wp-content\/uploads\/2022\/06\/site.png\" \/>\n\t<meta property=\"og:image:width\" content=\"500\" \/>\n\t<meta property=\"og:image:height\" content=\"500\" \/>\n\t<meta property=\"og:image:type\" content=\"image\/png\" \/>\n<meta name=\"twitter:card\" content=\"summary_large_image\" \/>\n<meta name=\"twitter:site\" content=\"@auxsons\" \/>\n<meta name=\"twitter:label1\" content=\"Est. reading time\" \/>\n\t<meta name=\"twitter:data1\" content=\"1 minute\" \/>\n<script type=\"application\/ld+json\" class=\"yoast-schema-graph\">{\"@context\":\"https:\\\/\\\/schema.org\",\"@graph\":[{\"@type\":\"WebPage\",\"@id\":\"https:\\\/\\\/www.auxsons.com\\\/en\\\/breves\\\/avec-carnaval-de-oaio-donnez-des-couleurs-a-votre-ete\\\/\",\"url\":\"https:\\\/\\\/www.auxsons.com\\\/en\\\/breves\\\/avec-carnaval-de-oaio-donnez-des-couleurs-a-votre-ete\\\/\",\"name\":\"Clip | Avec \u201cCarnaval\u201d de Oaio, donnez des couleurs \u00e0 votre \u00e9t\u00e9 ! - #AuxSons\",\"isPartOf\":{\"@id\":\"https:\\\/\\\/www.auxsons.com\\\/en\\\/#website\"},\"primaryImageOfPage\":{\"@id\":\"https:\\\/\\\/www.auxsons.com\\\/en\\\/breves\\\/avec-carnaval-de-oaio-donnez-des-couleurs-a-votre-ete\\\/#primaryimage\"},\"image\":{\"@id\":\"https:\\\/\\\/www.auxsons.com\\\/en\\\/breves\\\/avec-carnaval-de-oaio-donnez-des-couleurs-a-votre-ete\\\/#primaryimage\"},\"thumbnailUrl\":\"https:\\\/\\\/www.auxsons.com\\\/wp-content\\\/uploads\\\/2022\\\/06\\\/site.png\",\"datePublished\":\"2022-06-02T13:21:37+00:00\",\"dateModified\":\"2022-06-02T14:28:14+00:00\",\"description\":\"Carnaval est le 1er extrait de l'album Bizarre Monde de OAIO qui sortira \u00e0 l'automne prochain. N\u00e9e en France \u00e0 la crois\u00e9e de courants berb\u00e8res, italiens\",\"breadcrumb\":{\"@id\":\"https:\\\/\\\/www.auxsons.com\\\/en\\\/breves\\\/avec-carnaval-de-oaio-donnez-des-couleurs-a-votre-ete\\\/#breadcrumb\"},\"inLanguage\":\"en-US\",\"potentialAction\":[{\"@type\":\"ReadAction\",\"target\":[\"https:\\\/\\\/www.auxsons.com\\\/en\\\/breves\\\/avec-carnaval-de-oaio-donnez-des-couleurs-a-votre-ete\\\/\"]}]},{\"@type\":\"ImageObject\",\"inLanguage\":\"en-US\",\"@id\":\"https:\\\/\\\/www.auxsons.com\\\/en\\\/breves\\\/avec-carnaval-de-oaio-donnez-des-couleurs-a-votre-ete\\\/#primaryimage\",\"url\":\"https:\\\/\\\/www.auxsons.com\\\/wp-content\\\/uploads\\\/2022\\\/06\\\/site.png\",\"contentUrl\":\"https:\\\/\\\/www.auxsons.com\\\/wp-content\\\/uploads\\\/2022\\\/06\\\/site.png\",\"width\":500,\"height\":500,\"caption\":\"Site\"},{\"@type\":\"BreadcrumbList\",\"@id\":\"https:\\\/\\\/www.auxsons.com\\\/en\\\/breves\\\/avec-carnaval-de-oaio-donnez-des-couleurs-a-votre-ete\\\/#breadcrumb\",\"itemListElement\":[{\"@type\":\"ListItem\",\"position\":1,\"name\":\"Accueil\",\"item\":\"https:\\\/\\\/www.auxsons.com\\\/en\\\/\"},{\"@type\":\"ListItem\",\"position\":2,\"name\":\"Br\u00e8ves\",\"item\":\"https:\\\/\\\/www.auxsons.com\\\/en\\\/breves\\\/\"},{\"@type\":\"ListItem\",\"position\":3,\"name\":\"Clip | Avec \u201cCarnaval\u201d de Oaio, donnez des couleurs \u00e0 votre&nbsp;\u00e9t\u00e9&nbsp;!\"}]},{\"@type\":\"WebSite\",\"@id\":\"https:\\\/\\\/www.auxsons.com\\\/en\\\/#website\",\"url\":\"https:\\\/\\\/www.auxsons.com\\\/en\\\/\",\"name\":\"#AuxSons\",\"description\":\"Musiques &amp; Vibrations du Monde\",\"publisher\":{\"@id\":\"https:\\\/\\\/www.auxsons.com\\\/en\\\/#organization\"},\"potentialAction\":[{\"@type\":\"SearchAction\",\"target\":{\"@type\":\"EntryPoint\",\"urlTemplate\":\"https:\\\/\\\/www.auxsons.com\\\/en\\\/?s={search_term_string}\"},\"query-input\":{\"@type\":\"PropertyValueSpecification\",\"valueRequired\":true,\"valueName\":\"search_term_string\"}}],\"inLanguage\":\"en-US\"},{\"@type\":\"Organization\",\"@id\":\"https:\\\/\\\/www.auxsons.com\\\/en\\\/#organization\",\"name\":\"#AuxSons\",\"url\":\"https:\\\/\\\/www.auxsons.com\\\/en\\\/\",\"logo\":{\"@type\":\"ImageObject\",\"inLanguage\":\"en-US\",\"@id\":\"https:\\\/\\\/www.auxsons.com\\\/en\\\/#\\\/schema\\\/logo\\\/image\\\/\",\"url\":\"https:\\\/\\\/www.auxsons.com\\\/wp-content\\\/uploads\\\/2018\\\/10\\\/logo-aux-sons@2x.png\",\"contentUrl\":\"https:\\\/\\\/www.auxsons.com\\\/wp-content\\\/uploads\\\/2018\\\/10\\\/logo-aux-sons@2x.png\",\"width\":320,\"height\":192,\"caption\":\"#AuxSons\"},\"image\":{\"@id\":\"https:\\\/\\\/www.auxsons.com\\\/en\\\/#\\\/schema\\\/logo\\\/image\\\/\"},\"sameAs\":[\"https:\\\/\\\/www.facebook.com\\\/auxsons\\\/\",\"https:\\\/\\\/x.com\\\/auxsons\",\"https:\\\/\\\/www.instagram.com\\\/auxsons\\\/\",\"https:\\\/\\\/www.youtube.com\\\/channel\\\/UC_NjOjgZNHW-6MaXKWavFKQ\"]}]}<\/script>\n<!-- \/ Yoast SEO plugin. -->","yoast_head_json":{"title":"Clip | Avec \u201cCarnaval\u201d de Oaio, donnez des couleurs \u00e0 votre \u00e9t\u00e9 ! - #AuxSons","description":"Carnaval est le 1er extrait de l'album Bizarre Monde de OAIO qui sortira \u00e0 l'automne prochain. N\u00e9e en France \u00e0 la crois\u00e9e de courants berb\u00e8res, italiens","robots":{"index":"index","follow":"follow","max-snippet":"max-snippet:-1","max-image-preview":"max-image-preview:large","max-video-preview":"max-video-preview:-1"},"canonical":"https:\/\/www.auxsons.com\/en\/breves\/avec-carnaval-de-oaio-donnez-des-couleurs-a-votre-ete\/","og_locale":"en_US","og_type":"article","og_title":"Clip | Avec \u201cCarnaval\u201d de Oaio, donnez des couleurs \u00e0 votre \u00e9t\u00e9 ! - #AuxSons","og_description":"Carnaval est le 1er extrait de l'album Bizarre Monde de OAIO qui sortira \u00e0 l'automne prochain. N\u00e9e en France \u00e0 la crois\u00e9e de courants berb\u00e8res, italiens","og_url":"https:\/\/www.auxsons.com\/en\/breves\/avec-carnaval-de-oaio-donnez-des-couleurs-a-votre-ete\/","og_site_name":"#AuxSons","article_publisher":"https:\/\/www.facebook.com\/auxsons\/","article_modified_time":"2022-06-02T14:28:14+00:00","og_image":[{"width":500,"height":500,"url":"https:\/\/www.auxsons.com\/wp-content\/uploads\/2022\/06\/site.png","type":"image\/png"}],"twitter_card":"summary_large_image","twitter_site":"@auxsons","twitter_misc":{"Est. reading time":"1 minute"},"schema":{"@context":"https:\/\/schema.org","@graph":[{"@type":"WebPage","@id":"https:\/\/www.auxsons.com\/en\/breves\/avec-carnaval-de-oaio-donnez-des-couleurs-a-votre-ete\/","url":"https:\/\/www.auxsons.com\/en\/breves\/avec-carnaval-de-oaio-donnez-des-couleurs-a-votre-ete\/","name":"Clip | Avec \u201cCarnaval\u201d de Oaio, donnez des couleurs \u00e0 votre \u00e9t\u00e9 ! - #AuxSons","isPartOf":{"@id":"https:\/\/www.auxsons.com\/en\/#website"},"primaryImageOfPage":{"@id":"https:\/\/www.auxsons.com\/en\/breves\/avec-carnaval-de-oaio-donnez-des-couleurs-a-votre-ete\/#primaryimage"},"image":{"@id":"https:\/\/www.auxsons.com\/en\/breves\/avec-carnaval-de-oaio-donnez-des-couleurs-a-votre-ete\/#primaryimage"},"thumbnailUrl":"https:\/\/www.auxsons.com\/wp-content\/uploads\/2022\/06\/site.png","datePublished":"2022-06-02T13:21:37+00:00","dateModified":"2022-06-02T14:28:14+00:00","description":"Carnaval est le 1er extrait de l'album Bizarre Monde de OAIO qui sortira \u00e0 l'automne prochain. N\u00e9e en France \u00e0 la crois\u00e9e de courants berb\u00e8res, italiens","breadcrumb":{"@id":"https:\/\/www.auxsons.com\/en\/breves\/avec-carnaval-de-oaio-donnez-des-couleurs-a-votre-ete\/#breadcrumb"},"inLanguage":"en-US","potentialAction":[{"@type":"ReadAction","target":["https:\/\/www.auxsons.com\/en\/breves\/avec-carnaval-de-oaio-donnez-des-couleurs-a-votre-ete\/"]}]},{"@type":"ImageObject","inLanguage":"en-US","@id":"https:\/\/www.auxsons.com\/en\/breves\/avec-carnaval-de-oaio-donnez-des-couleurs-a-votre-ete\/#primaryimage","url":"https:\/\/www.auxsons.com\/wp-content\/uploads\/2022\/06\/site.png","contentUrl":"https:\/\/www.auxsons.com\/wp-content\/uploads\/2022\/06\/site.png","width":500,"height":500,"caption":"Site"},{"@type":"BreadcrumbList","@id":"https:\/\/www.auxsons.com\/en\/breves\/avec-carnaval-de-oaio-donnez-des-couleurs-a-votre-ete\/#breadcrumb","itemListElement":[{"@type":"ListItem","position":1,"name":"Accueil","item":"https:\/\/www.auxsons.com\/en\/"},{"@type":"ListItem","position":2,"name":"Br\u00e8ves","item":"https:\/\/www.auxsons.com\/en\/breves\/"},{"@type":"ListItem","position":3,"name":"Clip | Avec \u201cCarnaval\u201d de Oaio, donnez des couleurs \u00e0 votre&nbsp;\u00e9t\u00e9&nbsp;!"}]},{"@type":"WebSite","@id":"https:\/\/www.auxsons.com\/en\/#website","url":"https:\/\/www.auxsons.com\/en\/","name":"#AuxSons","description":"Musiques &amp; Vibrations du Monde","publisher":{"@id":"https:\/\/www.auxsons.com\/en\/#organization"},"potentialAction":[{"@type":"SearchAction","target":{"@type":"EntryPoint","urlTemplate":"https:\/\/www.auxsons.com\/en\/?s={search_term_string}"},"query-input":{"@type":"PropertyValueSpecification","valueRequired":true,"valueName":"search_term_string"}}],"inLanguage":"en-US"},{"@type":"Organization","@id":"https:\/\/www.auxsons.com\/en\/#organization","name":"#AuxSons","url":"https:\/\/www.auxsons.com\/en\/","logo":{"@type":"ImageObject","inLanguage":"en-US","@id":"https:\/\/www.auxsons.com\/en\/#\/schema\/logo\/image\/","url":"https:\/\/www.auxsons.com\/wp-content\/uploads\/2018\/10\/logo-aux-sons@2x.png","contentUrl":"https:\/\/www.auxsons.com\/wp-content\/uploads\/2018\/10\/logo-aux-sons@2x.png","width":320,"height":192,"caption":"#AuxSons"},"image":{"@id":"https:\/\/www.auxsons.com\/en\/#\/schema\/logo\/image\/"},"sameAs":["https:\/\/www.facebook.com\/auxsons\/","https:\/\/x.com\/auxsons","https:\/\/www.instagram.com\/auxsons\/","https:\/\/www.youtube.com\/channel\/UC_NjOjgZNHW-6MaXKWavFKQ"]}]}},"_links":{"self":[{"href":"https:\/\/www.auxsons.com\/en\/wp-json\/wp\/v2\/breves\/23408","targetHints":{"allow":["GET"]}}],"collection":[{"href":"https:\/\/www.auxsons.com\/en\/wp-json\/wp\/v2\/breves"}],"about":[{"href":"https:\/\/www.auxsons.com\/en\/wp-json\/wp\/v2\/types\/breves"}],"author":[{"embeddable":true,"href":"https:\/\/www.auxsons.com\/en\/wp-json\/wp\/v2\/users\/422"}],"version-history":[{"count":0,"href":"https:\/\/www.auxsons.com\/en\/wp-json\/wp\/v2\/breves\/23408\/revisions"}],"wp:featuredmedia":[{"embeddable":true,"href":"https:\/\/www.auxsons.com\/en\/wp-json\/wp\/v2\/media\/23409"}],"wp:attachment":[{"href":"https:\/\/www.auxsons.com\/en\/wp-json\/wp\/v2\/media?parent=23408"}],"curies":[{"name":"wp","href":"https:\/\/api.w.org\/{rel}","templated":true}]}}