{"id":20058,"date":"2021-11-18T12:07:23","date_gmt":"2021-11-18T11:07:23","guid":{"rendered":"https:\/\/www.auxsons.com\/?post_type=breves&#038;p=20058"},"modified":"2021-11-18T12:12:58","modified_gmt":"2021-11-18T11:12:58","slug":"4eme-journee-des-musiques-du-monde-en-auvergne-rhone-alpes","status":"publish","type":"breves","link":"https:\/\/www.auxsons.com\/en\/breves\/4eme-journee-des-musiques-du-monde-en-auvergne-rhone-alpes\/","title":{"rendered":"4\u00e8me journ\u00e9e des musiques du monde en Auvergne-Rh\u00f4ne-Alpes"},"content":{"rendered":"<div><span class=\"a3bd9o3v a8c37x1j aigsh9s9 b1v8xokw c1et5uql c8b282yb d2edcug0 d3f4x2em fe6kdd0r hpfvmrgz ht8s03o8 ik7dh3pa iv3no6db jq4qci2q keod5gw0 mau55g9w nxhoafnm oi732d6d oo9gr5id qv66sw1b\" dir=\"auto\">La 4\u00e8me rencontre professionnelle en Auvergne-Rh\u00f4ne-Alpes d\u00e9di\u00e9e aux musiques du monde et traditionnelles r\u00e9unit des artistes, des programmateur\u00b7rice\u00b7s, producteur\u00b7rice\u00b7s, labels, journalistes, chercheur\u00b7euse\u00b7s autour de la cr\u00e9ation et de la diffusion des musiques du&nbsp;monde.<\/span><\/div>\n<div class=\"o9v6fnle cxmmr5t8 oygrvhab hcukyx3x c1et5uql\">\n<p>&nbsp;<\/p>\n<p><span class=\"a3bd9o3v a8c37x1j aigsh9s9 b1v8xokw c1et5uql c8b282yb d2edcug0 d3f4x2em fe6kdd0r hpfvmrgz ht8s03o8 ik7dh3pa iv3no6db jq4qci2q keod5gw0 mau55g9w nxhoafnm oi732d6d oo9gr5id qv66sw1b\" dir=\"auto\">Organis\u00e9e par le <span class=\"caps\">CMTRA<\/span>, cette journ\u00e9e \u00e0 pour vocation de rassembler les \u00e9nergies de tout un secteur et mettre en lumi\u00e8re le foisonnement de projets des deux c\u00f4t\u00e9s de la fronti\u00e8re franco-suisse.&nbsp;<\/span><\/p>\n<\/div>\n<div class=\"o9v6fnle cxmmr5t8 oygrvhab hcukyx3x c1et5uql\"><span class=\"a3bd9o3v a8c37x1j aigsh9s9 b1v8xokw c1et5uql c8b282yb d2edcug0 d3f4x2em fe6kdd0r hpfvmrgz ht8s03o8 ik7dh3pa iv3no6db jq4qci2q keod5gw0 mau55g9w nxhoafnm oi732d6d oo9gr5id qv66sw1b\" dir=\"auto\">Temps de r\u00e9flexion, partages d\u2019exp\u00e9riences, speed-meetings, concerts et moments conviviaux seront propos\u00e9s pour se rencontrer, prendre le temps de poser les probl\u00e9matiques des acteurs, et imaginer collectivement de nouvelles perspectives.<\/span><\/div>\n<div><\/div>\n<div><\/div>\n<div><\/div>\n<blockquote><p>Pour l\u2019occasion, des salons d\u2019\u00e9coute ouverts au public partageront les paysages sonores de quelques invit\u00e9s aux parcours marquants. #AuxSons se fera l\u2019\u00e9cho de ces \u00e9coutes via la rubrique <strong><a href=\"https:\/\/www.auxsons.com\/playlists\/\" target=\"_blank\" rel=\"noopener\">Playlist<\/a><\/strong>\u2026 \u00e0 suivre&nbsp;!<\/p><\/blockquote>\n<div><strong><br>\n<\/strong><span class=\"a3bd9o3v a8c37x1j aigsh9s9 b1v8xokw c1et5uql c8b282yb d2edcug0 d3f4x2em fe6kdd0r hpfvmrgz ht8s03o8 ik7dh3pa iv3no6db jq4qci2q keod5gw0 mau55g9w nxhoafnm oi732d6d oo9gr5id qv66sw1b\" dir=\"auto\">Cette journ\u00e9e de rencontre aura lieu le j<\/span>eudi 9 d\u00e9cembre 2021 \u00e0 Ch\u00e2teau Rouge, 1, route de Bonneville, 74100 Annemasse.<\/div>\n<div>Artistes, producteur\u00b7rice\u00b7s, programmateur\u00b7rice\u00b7s, d\u00e9veloppeur\u00b7euse\u00b7s d\u2019artistes, acteur\u00b7rice\u00b7s du disques, journalistes, chercheur\u00b7euse\u00b7s\u2026 sont invit\u00e9s au rendez-vous&nbsp;!<\/div>\n<div>Le public de professionnel\u00b7le\u00b7s suisses et fran\u00e7ais\u00b7e\u00b7s est attendu \u00e0 cette journ\u00e9e. L\u2019inscription est gratuite, via ce <strong><a href=\"https:\/\/docs.google.com\/forms\/d\/e\/1FAIpQLScUjPhCdp128_TXumtCLugG4rP8k5Ulx2S7axG65HxAVoPTSQ\/viewform\" target=\"_blank\" rel=\"noopener\" data-cke-saved-href=\"https:\/\/docs.google.com\/forms\/d\/e\/1FAIpQLScUjPhCdp128_TXumtCLugG4rP8k5Ulx2S7axG65HxAVoPTSQ\/viewform\">formulaire.<\/a><\/strong><\/div>\n","protected":false},"excerpt":{"rendered":"<p>La 4\u00e8me rencontre professionnelle en Auvergne-Rh\u00f4ne-Alpes d\u00e9di\u00e9e aux musiques du monde et traditionnelles r\u00e9unit des artistes, des programmateur\u00b7rice\u00b7s, producteur\u00b7rice\u00b7s, labels, journalistes, chercheur\u00b7euse\u00b7s autour de la cr\u00e9ation et de la diffusion des musiques du&nbsp;monde. &nbsp; Organis\u00e9e par le <span class=\"caps\">CMTRA<\/span>, cette journ\u00e9e \u00e0 pour vocation de rassembler les \u00e9nergies de tout un secteur et mettre en lumi\u00e8re<\/p>\n","protected":false},"author":385,"featured_media":20060,"template":"","meta":{"_acf_changed":false,"wp_typography_post_enhancements_disabled":false,"footnotes":""},"class_list":["post-20058","breves","type-breves","status-publish","has-post-thumbnail","hentry"],"acf":[],"yoast_head":"<!-- This site is optimized with the Yoast SEO plugin v28.4 - https:\/\/yoast.com\/product\/yoast-seo-wordpress\/ -->\n<title>4\u00e8me journ\u00e9e des musiques du monde en Auvergne-Rh\u00f4ne-Alpes - #AuxSons<\/title>\n<meta name=\"description\" content=\"La 4\u00e8me rencontre professionnelle en Auvergne-Rh\u00f4ne-Alpes d\u00e9di\u00e9e aux musiques du monde et traditionnelles r\u00e9unit des artistes, des programmateur\u00b7rice\u00b7s,\" \/>\n<meta name=\"robots\" content=\"index, follow, max-snippet:-1, max-image-preview:large, max-video-preview:-1\" \/>\n<link rel=\"canonical\" href=\"https:\/\/www.auxsons.com\/en\/breves\/4eme-journee-des-musiques-du-monde-en-auvergne-rhone-alpes\/\" \/>\n<meta property=\"og:locale\" content=\"en_US\" \/>\n<meta property=\"og:type\" content=\"article\" \/>\n<meta property=\"og:title\" content=\"4\u00e8me journ\u00e9e des musiques du monde en Auvergne-Rh\u00f4ne-Alpes - #AuxSons\" \/>\n<meta property=\"og:description\" content=\"La 4\u00e8me rencontre professionnelle en Auvergne-Rh\u00f4ne-Alpes d\u00e9di\u00e9e aux musiques du monde et traditionnelles r\u00e9unit des artistes, des programmateur\u00b7rice\u00b7s,\" \/>\n<meta property=\"og:url\" content=\"https:\/\/www.auxsons.com\/en\/breves\/4eme-journee-des-musiques-du-monde-en-auvergne-rhone-alpes\/\" \/>\n<meta property=\"og:site_name\" content=\"#AuxSons\" \/>\n<meta property=\"article:publisher\" content=\"https:\/\/www.facebook.com\/auxsons\/\" \/>\n<meta property=\"article:modified_time\" content=\"2021-11-18T11:12:58+00:00\" \/>\n<meta property=\"og:image\" content=\"https:\/\/www.auxsons.com\/wp-content\/uploads\/2021\/11\/auxsons-rencontres.png\" \/>\n\t<meta property=\"og:image:width\" content=\"640\" \/>\n\t<meta property=\"og:image:height\" content=\"550\" \/>\n\t<meta property=\"og:image:type\" content=\"image\/png\" \/>\n<meta name=\"twitter:card\" content=\"summary_large_image\" \/>\n<meta name=\"twitter:site\" content=\"@auxsons\" \/>\n<meta name=\"twitter:label1\" content=\"Est. reading time\" \/>\n\t<meta name=\"twitter:data1\" content=\"1 minute\" \/>\n<script type=\"application\/ld+json\" class=\"yoast-schema-graph\">{\"@context\":\"https:\\\/\\\/schema.org\",\"@graph\":[{\"@type\":\"WebPage\",\"@id\":\"https:\\\/\\\/www.auxsons.com\\\/en\\\/breves\\\/4eme-journee-des-musiques-du-monde-en-auvergne-rhone-alpes\\\/\",\"url\":\"https:\\\/\\\/www.auxsons.com\\\/en\\\/breves\\\/4eme-journee-des-musiques-du-monde-en-auvergne-rhone-alpes\\\/\",\"name\":\"4\u00e8me journ\u00e9e des musiques du monde en Auvergne-Rh\u00f4ne-Alpes - #AuxSons\",\"isPartOf\":{\"@id\":\"https:\\\/\\\/www.auxsons.com\\\/en\\\/#website\"},\"primaryImageOfPage\":{\"@id\":\"https:\\\/\\\/www.auxsons.com\\\/en\\\/breves\\\/4eme-journee-des-musiques-du-monde-en-auvergne-rhone-alpes\\\/#primaryimage\"},\"image\":{\"@id\":\"https:\\\/\\\/www.auxsons.com\\\/en\\\/breves\\\/4eme-journee-des-musiques-du-monde-en-auvergne-rhone-alpes\\\/#primaryimage\"},\"thumbnailUrl\":\"https:\\\/\\\/www.auxsons.com\\\/wp-content\\\/uploads\\\/2021\\\/11\\\/auxsons-rencontres.png\",\"datePublished\":\"2021-11-18T11:07:23+00:00\",\"dateModified\":\"2021-11-18T11:12:58+00:00\",\"description\":\"La 4\u00e8me rencontre professionnelle en Auvergne-Rh\u00f4ne-Alpes d\u00e9di\u00e9e aux musiques du monde et traditionnelles r\u00e9unit des artistes, des programmateur\u00b7rice\u00b7s,\",\"breadcrumb\":{\"@id\":\"https:\\\/\\\/www.auxsons.com\\\/en\\\/breves\\\/4eme-journee-des-musiques-du-monde-en-auvergne-rhone-alpes\\\/#breadcrumb\"},\"inLanguage\":\"en-US\",\"potentialAction\":[{\"@type\":\"ReadAction\",\"target\":[\"https:\\\/\\\/www.auxsons.com\\\/en\\\/breves\\\/4eme-journee-des-musiques-du-monde-en-auvergne-rhone-alpes\\\/\"]}]},{\"@type\":\"ImageObject\",\"inLanguage\":\"en-US\",\"@id\":\"https:\\\/\\\/www.auxsons.com\\\/en\\\/breves\\\/4eme-journee-des-musiques-du-monde-en-auvergne-rhone-alpes\\\/#primaryimage\",\"url\":\"https:\\\/\\\/www.auxsons.com\\\/wp-content\\\/uploads\\\/2021\\\/11\\\/auxsons-rencontres.png\",\"contentUrl\":\"https:\\\/\\\/www.auxsons.com\\\/wp-content\\\/uploads\\\/2021\\\/11\\\/auxsons-rencontres.png\",\"width\":640,\"height\":550,\"caption\":\"Auxsons Rencontres\"},{\"@type\":\"BreadcrumbList\",\"@id\":\"https:\\\/\\\/www.auxsons.com\\\/en\\\/breves\\\/4eme-journee-des-musiques-du-monde-en-auvergne-rhone-alpes\\\/#breadcrumb\",\"itemListElement\":[{\"@type\":\"ListItem\",\"position\":1,\"name\":\"Accueil\",\"item\":\"https:\\\/\\\/www.auxsons.com\\\/en\\\/\"},{\"@type\":\"ListItem\",\"position\":2,\"name\":\"Br\u00e8ves\",\"item\":\"https:\\\/\\\/www.auxsons.com\\\/en\\\/breves\\\/\"},{\"@type\":\"ListItem\",\"position\":3,\"name\":\"4\u00e8me journ\u00e9e des musiques du monde en Auvergne-Rh\u00f4ne-Alpes\"}]},{\"@type\":\"WebSite\",\"@id\":\"https:\\\/\\\/www.auxsons.com\\\/en\\\/#website\",\"url\":\"https:\\\/\\\/www.auxsons.com\\\/en\\\/\",\"name\":\"#AuxSons\",\"description\":\"Musiques &amp; Vibrations du Monde\",\"publisher\":{\"@id\":\"https:\\\/\\\/www.auxsons.com\\\/en\\\/#organization\"},\"potentialAction\":[{\"@type\":\"SearchAction\",\"target\":{\"@type\":\"EntryPoint\",\"urlTemplate\":\"https:\\\/\\\/www.auxsons.com\\\/en\\\/?s={search_term_string}\"},\"query-input\":{\"@type\":\"PropertyValueSpecification\",\"valueRequired\":true,\"valueName\":\"search_term_string\"}}],\"inLanguage\":\"en-US\"},{\"@type\":\"Organization\",\"@id\":\"https:\\\/\\\/www.auxsons.com\\\/en\\\/#organization\",\"name\":\"#AuxSons\",\"url\":\"https:\\\/\\\/www.auxsons.com\\\/en\\\/\",\"logo\":{\"@type\":\"ImageObject\",\"inLanguage\":\"en-US\",\"@id\":\"https:\\\/\\\/www.auxsons.com\\\/en\\\/#\\\/schema\\\/logo\\\/image\\\/\",\"url\":\"https:\\\/\\\/www.auxsons.com\\\/wp-content\\\/uploads\\\/2018\\\/10\\\/logo-aux-sons@2x.png\",\"contentUrl\":\"https:\\\/\\\/www.auxsons.com\\\/wp-content\\\/uploads\\\/2018\\\/10\\\/logo-aux-sons@2x.png\",\"width\":320,\"height\":192,\"caption\":\"#AuxSons\"},\"image\":{\"@id\":\"https:\\\/\\\/www.auxsons.com\\\/en\\\/#\\\/schema\\\/logo\\\/image\\\/\"},\"sameAs\":[\"https:\\\/\\\/www.facebook.com\\\/auxsons\\\/\",\"https:\\\/\\\/x.com\\\/auxsons\",\"https:\\\/\\\/www.instagram.com\\\/auxsons\\\/\",\"https:\\\/\\\/www.youtube.com\\\/channel\\\/UC_NjOjgZNHW-6MaXKWavFKQ\"]}]}<\/script>\n<!-- \/ Yoast SEO plugin. -->","yoast_head_json":{"title":"4\u00e8me journ\u00e9e des musiques du monde en Auvergne-Rh\u00f4ne-Alpes - #AuxSons","description":"La 4\u00e8me rencontre professionnelle en Auvergne-Rh\u00f4ne-Alpes d\u00e9di\u00e9e aux musiques du monde et traditionnelles r\u00e9unit des artistes, des programmateur\u00b7rice\u00b7s,","robots":{"index":"index","follow":"follow","max-snippet":"max-snippet:-1","max-image-preview":"max-image-preview:large","max-video-preview":"max-video-preview:-1"},"canonical":"https:\/\/www.auxsons.com\/en\/breves\/4eme-journee-des-musiques-du-monde-en-auvergne-rhone-alpes\/","og_locale":"en_US","og_type":"article","og_title":"4\u00e8me journ\u00e9e des musiques du monde en Auvergne-Rh\u00f4ne-Alpes - #AuxSons","og_description":"La 4\u00e8me rencontre professionnelle en Auvergne-Rh\u00f4ne-Alpes d\u00e9di\u00e9e aux musiques du monde et traditionnelles r\u00e9unit des artistes, des programmateur\u00b7rice\u00b7s,","og_url":"https:\/\/www.auxsons.com\/en\/breves\/4eme-journee-des-musiques-du-monde-en-auvergne-rhone-alpes\/","og_site_name":"#AuxSons","article_publisher":"https:\/\/www.facebook.com\/auxsons\/","article_modified_time":"2021-11-18T11:12:58+00:00","og_image":[{"width":640,"height":550,"url":"https:\/\/www.auxsons.com\/wp-content\/uploads\/2021\/11\/auxsons-rencontres.png","type":"image\/png"}],"twitter_card":"summary_large_image","twitter_site":"@auxsons","twitter_misc":{"Est. reading time":"1 minute"},"schema":{"@context":"https:\/\/schema.org","@graph":[{"@type":"WebPage","@id":"https:\/\/www.auxsons.com\/en\/breves\/4eme-journee-des-musiques-du-monde-en-auvergne-rhone-alpes\/","url":"https:\/\/www.auxsons.com\/en\/breves\/4eme-journee-des-musiques-du-monde-en-auvergne-rhone-alpes\/","name":"4\u00e8me journ\u00e9e des musiques du monde en Auvergne-Rh\u00f4ne-Alpes - #AuxSons","isPartOf":{"@id":"https:\/\/www.auxsons.com\/en\/#website"},"primaryImageOfPage":{"@id":"https:\/\/www.auxsons.com\/en\/breves\/4eme-journee-des-musiques-du-monde-en-auvergne-rhone-alpes\/#primaryimage"},"image":{"@id":"https:\/\/www.auxsons.com\/en\/breves\/4eme-journee-des-musiques-du-monde-en-auvergne-rhone-alpes\/#primaryimage"},"thumbnailUrl":"https:\/\/www.auxsons.com\/wp-content\/uploads\/2021\/11\/auxsons-rencontres.png","datePublished":"2021-11-18T11:07:23+00:00","dateModified":"2021-11-18T11:12:58+00:00","description":"La 4\u00e8me rencontre professionnelle en Auvergne-Rh\u00f4ne-Alpes d\u00e9di\u00e9e aux musiques du monde et traditionnelles r\u00e9unit des artistes, des programmateur\u00b7rice\u00b7s,","breadcrumb":{"@id":"https:\/\/www.auxsons.com\/en\/breves\/4eme-journee-des-musiques-du-monde-en-auvergne-rhone-alpes\/#breadcrumb"},"inLanguage":"en-US","potentialAction":[{"@type":"ReadAction","target":["https:\/\/www.auxsons.com\/en\/breves\/4eme-journee-des-musiques-du-monde-en-auvergne-rhone-alpes\/"]}]},{"@type":"ImageObject","inLanguage":"en-US","@id":"https:\/\/www.auxsons.com\/en\/breves\/4eme-journee-des-musiques-du-monde-en-auvergne-rhone-alpes\/#primaryimage","url":"https:\/\/www.auxsons.com\/wp-content\/uploads\/2021\/11\/auxsons-rencontres.png","contentUrl":"https:\/\/www.auxsons.com\/wp-content\/uploads\/2021\/11\/auxsons-rencontres.png","width":640,"height":550,"caption":"Auxsons Rencontres"},{"@type":"BreadcrumbList","@id":"https:\/\/www.auxsons.com\/en\/breves\/4eme-journee-des-musiques-du-monde-en-auvergne-rhone-alpes\/#breadcrumb","itemListElement":[{"@type":"ListItem","position":1,"name":"Accueil","item":"https:\/\/www.auxsons.com\/en\/"},{"@type":"ListItem","position":2,"name":"Br\u00e8ves","item":"https:\/\/www.auxsons.com\/en\/breves\/"},{"@type":"ListItem","position":3,"name":"4\u00e8me journ\u00e9e des musiques du monde en Auvergne-Rh\u00f4ne-Alpes"}]},{"@type":"WebSite","@id":"https:\/\/www.auxsons.com\/en\/#website","url":"https:\/\/www.auxsons.com\/en\/","name":"#AuxSons","description":"Musiques &amp; Vibrations du Monde","publisher":{"@id":"https:\/\/www.auxsons.com\/en\/#organization"},"potentialAction":[{"@type":"SearchAction","target":{"@type":"EntryPoint","urlTemplate":"https:\/\/www.auxsons.com\/en\/?s={search_term_string}"},"query-input":{"@type":"PropertyValueSpecification","valueRequired":true,"valueName":"search_term_string"}}],"inLanguage":"en-US"},{"@type":"Organization","@id":"https:\/\/www.auxsons.com\/en\/#organization","name":"#AuxSons","url":"https:\/\/www.auxsons.com\/en\/","logo":{"@type":"ImageObject","inLanguage":"en-US","@id":"https:\/\/www.auxsons.com\/en\/#\/schema\/logo\/image\/","url":"https:\/\/www.auxsons.com\/wp-content\/uploads\/2018\/10\/logo-aux-sons@2x.png","contentUrl":"https:\/\/www.auxsons.com\/wp-content\/uploads\/2018\/10\/logo-aux-sons@2x.png","width":320,"height":192,"caption":"#AuxSons"},"image":{"@id":"https:\/\/www.auxsons.com\/en\/#\/schema\/logo\/image\/"},"sameAs":["https:\/\/www.facebook.com\/auxsons\/","https:\/\/x.com\/auxsons","https:\/\/www.instagram.com\/auxsons\/","https:\/\/www.youtube.com\/channel\/UC_NjOjgZNHW-6MaXKWavFKQ"]}]}},"_links":{"self":[{"href":"https:\/\/www.auxsons.com\/en\/wp-json\/wp\/v2\/breves\/20058","targetHints":{"allow":["GET"]}}],"collection":[{"href":"https:\/\/www.auxsons.com\/en\/wp-json\/wp\/v2\/breves"}],"about":[{"href":"https:\/\/www.auxsons.com\/en\/wp-json\/wp\/v2\/types\/breves"}],"author":[{"embeddable":true,"href":"https:\/\/www.auxsons.com\/en\/wp-json\/wp\/v2\/users\/385"}],"version-history":[{"count":0,"href":"https:\/\/www.auxsons.com\/en\/wp-json\/wp\/v2\/breves\/20058\/revisions"}],"wp:featuredmedia":[{"embeddable":true,"href":"https:\/\/www.auxsons.com\/en\/wp-json\/wp\/v2\/media\/20060"}],"wp:attachment":[{"href":"https:\/\/www.auxsons.com\/en\/wp-json\/wp\/v2\/media?parent=20058"}],"curies":[{"name":"wp","href":"https:\/\/api.w.org\/{rel}","templated":true}]}}