{"id":16108,"date":"2021-03-22T12:22:46","date_gmt":"2021-03-22T11:22:46","guid":{"rendered":"http:\/\/www.auxsons.com\/?post_type=breves&#038;p=16108"},"modified":"2021-03-25T12:58:22","modified_gmt":"2021-03-25T11:58:22","slug":"rencontre-avec-luna-silva-prix-du-jury-icart-sessions-2021","status":"publish","type":"breves","link":"https:\/\/www.auxsons.com\/en\/breves\/rencontre-avec-luna-silva-prix-du-jury-icart-sessions-2021\/","title":{"rendered":"Rencontre avec Luna Silva, prix du jury <span class=\"caps\">ICART<\/span> Sessions 2021"},"content":{"rendered":"<p class=\"p1\">photo : Luna Silva - \u00a9&nbsp; Ory Minie&nbsp;Meuel<\/p>\n<p><strong>Apr\u00e8s un appel \u00e0 candidatures d\u2019un mois,&nbsp;<span class=\"caps\">ICART<\/span> Sessions a s\u00e9lectionn\u00e9 20 artistes parmi 150 candidats lors d\u2019auditions organis\u00e9es au Studio FGO-Barbara les 28 et 29 janvier derniers. Les six finalistes se sont produits sur la sc\u00e8ne du Carreau du Temple dans le cadre de l\u2019\u00e9mission Ocora Couleurs du monde de Fran\u00e7oise Degeorges. Rencontre avec Luna Silva, laur\u00e9ate du prix du&nbsp;jury&nbsp;!<\/strong><\/p>\n<p>&nbsp;<\/p>\n<h3><strong>Vous \u00eates une voyageuse, avez-vous un port d\u2019attache ?<\/strong><\/h3>\n<p><span style=\"font-weight: 400;\">Je m\u2019attache surtout aux personnes que je rencontre. Je reste parce que j\u2019aime autant construire que d\u00e9couvrir des mondes inconnus. Quand tu voyages tout le temps tu ne peux pas construire. Par contre j\u2019ai la bougeotte, si \u00e7a fait longtemps que je n\u2019ai pas voyag\u00e9 je ne me sens pas tr\u00e8s&nbsp;bien.<\/span><\/p>\n<p>&nbsp;<\/p>\n<h3><strong>Dans les nombreuses cultures auxquelles vous vous \u00eates frott\u00e9es, voyez-vous un point commun&nbsp;?<\/strong><\/h3>\n<p><span style=\"font-weight: 400;\">Il m\u2019est difficile de voir des points communs car ce qui m\u2019attire c\u2019est la diff\u00e9rence; nous avons un principe en ethnomusicologie qui est \u201cil n\u2019y a pas de musique que je n\u2019aime pas seulement des musiques que je ne comprends pas\u201d. J\u2019ai une esp\u00e8ce de curiosit\u00e9 infinie pour toutes les cultures et musiques. Par contre il y a peut-\u00eatre un point commun dans les cultures musicales que j\u2019ai pu rencontrer physiquement, c\u2019est que tout le monde peut chanter ou taper un rythme sur une table. La musique appartient \u00e0 tout le monde. Durant mes voyages je n\u2019ai pas ressenti l\u2019id\u00e9e que la musique n\u2019appartient qu\u2019\u00e0 une classe de personnes \u201cdou\u00e9es\u201d.&nbsp;<\/span><\/p>\n<p>&nbsp;<\/p>\n<h3><strong>Desquelles vous sentez-vous la plus proche&nbsp;?<\/strong><\/h3>\n<p><span style=\"font-weight: 400;\">La culture dont je me sens la plus proche est celle de mon dernier voyage, en G\u00e9orgie. Humainement je ne sais pas pourquoi mais je comprends leurs codes et je suis tr\u00e8s touch\u00e9e par leur polyphonie. En G\u00e9orgie, il y a un ph\u00e9nom\u00e8ne appel\u00e9 \u201chomo-polyphonicus\u201d, la meilleure fa\u00e7on de le d\u00e9crire est que beaucoup de g\u00e9orgiens entendent \u00e0 tout moment des harmonies dans leurs t\u00eate. En somme la musique n\u2019existe pas sans les autres, elle est, la plupart du temps, v\u00e9cue&nbsp;\u00e0 plusieurs.&nbsp;<\/span><\/p>\n<p>&nbsp;<\/p>\n<h3><strong>Vous avez fait des \u00e9tudes d\u2019ethnomusicologie, quel fut votre terrain de recherches&nbsp;?<\/strong><\/h3>\n<p><span style=\"font-weight: 400;\">Pendant mes \u00e9tudes j\u2019ai eu une fascination pour les musiques d\u2019Asie Centrale, Afrique de l\u2019Ouest, et Cuba. J\u2019ai fait un focus sur la musique et la gu\u00e9rison&nbsp;; j\u2019ai pu observ\u00e9 qu\u2019\u00e0 travers le monde la musique est utilis\u00e9e comme outil de gu\u00e9rison. Le fil conducteur de toutes mes recherches, ce sont les voix chant\u00e9es, singuli\u00e8res et polyphoniques. Leurs fonctions sociales, comment elles expriment les m\u0153urs, les \u00e9motions. En tant que musicienne ma recherche se trouvait dans le \u201ccomment je copie ce son, cette ornement, la sensation que me procure ce groove?\u201d.<\/span><\/p>\n<p>&nbsp;<\/p>\n<h3><strong>Comment avez-vous rencontr\u00e9 les musiciens de votre groupe&nbsp;?<\/strong><\/h3>\n<p><span style=\"font-weight: 400;\">Anissa Nehari (percussionniste) m\u2019a \u00e9t\u00e9 recommand\u00e9e par un ami batteur. Je connais Maxime Barcelona&nbsp; (guitariste)&nbsp; depuis le lyc\u00e9e ! Yann-lou Bertrand (contrebassiste) je l\u2019ai vu en concert et j\u2019ai \u00e9t\u00e9 tr\u00e8s touch\u00e9 par son jeu, il n\u2019a pas \u00e9t\u00e9 disponible tout de suite mais on l\u2019a eu \u00e0 la&nbsp;fin.&nbsp;<\/span><\/p>\n<p>&nbsp;<\/p>\n<h3><strong>Quels musiciens ont \u00e9t\u00e9 des r\u00e9f\u00e9rences pour&nbsp;vous&nbsp;?<\/strong><\/h3>\n<p><span style=\"font-weight: 400;\">La grande Oumou Sangar\u00e9 est une r\u00e9f\u00e9rence pour sa musicalit\u00e9 et sa force. Bobby McFerrin m\u2019inspire par sa cr\u00e9ativit\u00e9 et sa libert\u00e9. J\u2019ai \u00e9t\u00e9 tr\u00e8s marqu\u00e9e par un de ses concerts au Th\u00e9\u00e2tre du Ch\u00e2telet. Ella Fitzgerald pour sa capacit\u00e9 \u00e0 chanter toutes les \u00e9motions qui existent. Danyel Waro pour ses compositions et son enracinement. Ladysmith Black Mambazo (Afrique du Sud), Kraja (Su\u00e8de) ou l\u2019ensemble Basiani (G\u00e9orgie) pour la magie de la polyphonie.&nbsp;Lady Gaga pour les m\u00e9tamorphoses et le show.&nbsp;Et beaucoup d\u2019autres musiciens moins connus mais qui m\u2019ont beaucoup marqu\u00e9s.<\/span><\/p>\n<figure id=\"attachment_16157\" aria-describedby=\"caption-attachment-16157\" style=\"width: 1920px\" class=\"wp-caption alignnone\"><img decoding=\"async\" class=\"wp-image-16157 size-full lazyload\" data-src=\"https:\/\/www.auxsons.com\/wp-content\/uploads\/2021\/03\/dscf8395-3-scaled.jpg\" alt=\"Luna Silva, ICART Sessions 2021 \u00a9 photo : Jennyfer Routaboul \" width=\"1920\" height=\"1280\" data-srcset=\"https:\/\/www.auxsons.com\/wp-content\/uploads\/2021\/03\/dscf8395-3-scaled.jpg 1920w, https:\/\/www.auxsons.com\/wp-content\/uploads\/2021\/03\/dscf8395-3-300x200.jpg 300w, https:\/\/www.auxsons.com\/wp-content\/uploads\/2021\/03\/dscf8395-3-1024x683.jpg 1024w, https:\/\/www.auxsons.com\/wp-content\/uploads\/2021\/03\/dscf8395-3-768x512.jpg 768w, https:\/\/www.auxsons.com\/wp-content\/uploads\/2021\/03\/dscf8395-3-1536x1024.jpg 1536w\" data-sizes=\"(max-width: 1920px) 100vw, 1920px\" src=\"data:image\/svg+xml;base64,PHN2ZyB3aWR0aD0iMSIgaGVpZ2h0PSIxIiB4bWxucz0iaHR0cDovL3d3dy53My5vcmcvMjAwMC9zdmciPjwvc3ZnPg==\" style=\"--smush-placeholder-width: 1920px; --smush-placeholder-aspect-ratio: 1920\/1280;\"><figcaption id=\"caption-attachment-16157\" class=\"wp-caption-text\">Luna Silva, <span class=\"caps\">ICART<\/span> Sessions 2021 \u00a9 photo : Jennyfer Routaboul<\/figcaption><\/figure>\n<p>&nbsp;<\/p>\n<p>&nbsp;<\/p>\n","protected":false},"excerpt":{"rendered":"<p>photo : Luna Silva - \u00a9&nbsp; Ory Minie&nbsp;Meuel Apr\u00e8s un appel \u00e0 candidatures d\u2019un mois,&nbsp;<span class=\"caps\">ICART<\/span> Sessions a s\u00e9lectionn\u00e9 20 artistes parmi 150 candidats lors d\u2019auditions organis\u00e9es au Studio FGO-Barbara les 28 et 29 janvier derniers. Les six finalistes se sont produits sur la sc\u00e8ne du Carreau du Temple dans le cadre de l\u2019\u00e9mission Ocora Couleurs<\/p>\n","protected":false},"author":4,"featured_media":16109,"template":"","meta":{"_acf_changed":false,"wp_typography_post_enhancements_disabled":false,"footnotes":""},"class_list":["post-16108","breves","type-breves","status-publish","has-post-thumbnail","hentry"],"acf":[],"yoast_head":"<!-- This site is optimized with the Yoast SEO plugin v27.5 - https:\/\/yoast.com\/product\/yoast-seo-wordpress\/ -->\n<title>Rencontre avec Luna Silva, prix du jury ICART Sessions 2021 - #AuxSons<\/title>\n<meta name=\"description\" content=\"photo : Luna Silva - \u00a9\u00a0 Ory Minie Meuel Apr\u00e8s un appel \u00e0 candidatures d\u2019un mois,\u00a0ICART Sessions a s\u00e9lectionn\u00e9 20 artistes parmi 150 candidats lors\" \/>\n<meta name=\"robots\" content=\"index, follow, max-snippet:-1, max-image-preview:large, max-video-preview:-1\" \/>\n<link rel=\"canonical\" href=\"https:\/\/www.auxsons.com\/en\/breves\/rencontre-avec-luna-silva-prix-du-jury-icart-sessions-2021\/\" \/>\n<meta property=\"og:locale\" content=\"en_US\" \/>\n<meta property=\"og:type\" content=\"article\" \/>\n<meta property=\"og:title\" content=\"Rencontre avec Luna Silva, prix du jury ICART Sessions 2021 - #AuxSons\" \/>\n<meta property=\"og:description\" content=\"photo : Luna Silva - \u00a9\u00a0 Ory Minie Meuel Apr\u00e8s un appel \u00e0 candidatures d\u2019un mois,\u00a0ICART Sessions a s\u00e9lectionn\u00e9 20 artistes parmi 150 candidats lors\" \/>\n<meta property=\"og:url\" content=\"https:\/\/www.auxsons.com\/en\/breves\/rencontre-avec-luna-silva-prix-du-jury-icart-sessions-2021\/\" \/>\n<meta property=\"og:site_name\" content=\"#AuxSons\" \/>\n<meta property=\"article:publisher\" content=\"https:\/\/www.facebook.com\/auxsons\/\" \/>\n<meta property=\"article:modified_time\" content=\"2021-03-25T11:58:22+00:00\" \/>\n<meta property=\"og:image\" content=\"https:\/\/www.auxsons.com\/wp-content\/uploads\/2021\/03\/ory-minie-meuelluna-silva.jpg\" \/>\n\t<meta property=\"og:image:width\" content=\"1488\" \/>\n\t<meta property=\"og:image:height\" content=\"1488\" \/>\n\t<meta property=\"og:image:type\" content=\"image\/jpeg\" \/>\n<meta name=\"twitter:card\" content=\"summary_large_image\" \/>\n<meta name=\"twitter:site\" content=\"@auxsons\" \/>\n<meta name=\"twitter:label1\" content=\"Est. reading time\" \/>\n\t<meta name=\"twitter:data1\" content=\"3 minutes\" \/>\n<script type=\"application\/ld+json\" class=\"yoast-schema-graph\">{\"@context\":\"https:\\\/\\\/schema.org\",\"@graph\":[{\"@type\":\"WebPage\",\"@id\":\"https:\\\/\\\/www.auxsons.com\\\/en\\\/breves\\\/rencontre-avec-luna-silva-prix-du-jury-icart-sessions-2021\\\/\",\"url\":\"https:\\\/\\\/www.auxsons.com\\\/en\\\/breves\\\/rencontre-avec-luna-silva-prix-du-jury-icart-sessions-2021\\\/\",\"name\":\"Rencontre avec Luna Silva, prix du jury ICART Sessions 2021 - #AuxSons\",\"isPartOf\":{\"@id\":\"https:\\\/\\\/www.auxsons.com\\\/en\\\/#website\"},\"primaryImageOfPage\":{\"@id\":\"https:\\\/\\\/www.auxsons.com\\\/en\\\/breves\\\/rencontre-avec-luna-silva-prix-du-jury-icart-sessions-2021\\\/#primaryimage\"},\"image\":{\"@id\":\"https:\\\/\\\/www.auxsons.com\\\/en\\\/breves\\\/rencontre-avec-luna-silva-prix-du-jury-icart-sessions-2021\\\/#primaryimage\"},\"thumbnailUrl\":\"https:\\\/\\\/www.auxsons.com\\\/wp-content\\\/uploads\\\/2021\\\/03\\\/ory-minie-meuelluna-silva.jpg\",\"datePublished\":\"2021-03-22T11:22:46+00:00\",\"dateModified\":\"2021-03-25T11:58:22+00:00\",\"description\":\"photo : Luna Silva - \u00a9\u00a0 Ory Minie Meuel Apr\u00e8s un appel \u00e0 candidatures d\u2019un mois,\u00a0ICART Sessions a s\u00e9lectionn\u00e9 20 artistes parmi 150 candidats lors\",\"breadcrumb\":{\"@id\":\"https:\\\/\\\/www.auxsons.com\\\/en\\\/breves\\\/rencontre-avec-luna-silva-prix-du-jury-icart-sessions-2021\\\/#breadcrumb\"},\"inLanguage\":\"en-US\",\"potentialAction\":[{\"@type\":\"ReadAction\",\"target\":[\"https:\\\/\\\/www.auxsons.com\\\/en\\\/breves\\\/rencontre-avec-luna-silva-prix-du-jury-icart-sessions-2021\\\/\"]}]},{\"@type\":\"ImageObject\",\"inLanguage\":\"en-US\",\"@id\":\"https:\\\/\\\/www.auxsons.com\\\/en\\\/breves\\\/rencontre-avec-luna-silva-prix-du-jury-icart-sessions-2021\\\/#primaryimage\",\"url\":\"https:\\\/\\\/www.auxsons.com\\\/wp-content\\\/uploads\\\/2021\\\/03\\\/ory-minie-meuelluna-silva.jpg\",\"contentUrl\":\"https:\\\/\\\/www.auxsons.com\\\/wp-content\\\/uploads\\\/2021\\\/03\\\/ory-minie-meuelluna-silva.jpg\",\"width\":1488,\"height\":1488,\"caption\":\"Ory Minie Meuelluna Silva\"},{\"@type\":\"BreadcrumbList\",\"@id\":\"https:\\\/\\\/www.auxsons.com\\\/en\\\/breves\\\/rencontre-avec-luna-silva-prix-du-jury-icart-sessions-2021\\\/#breadcrumb\",\"itemListElement\":[{\"@type\":\"ListItem\",\"position\":1,\"name\":\"Accueil\",\"item\":\"https:\\\/\\\/www.auxsons.com\\\/en\\\/\"},{\"@type\":\"ListItem\",\"position\":2,\"name\":\"Br\u00e8ves\",\"item\":\"https:\\\/\\\/www.auxsons.com\\\/en\\\/breves\\\/\"},{\"@type\":\"ListItem\",\"position\":3,\"name\":\"Rencontre avec Luna Silva, prix du jury ICART Sessions 2021\"}]},{\"@type\":\"WebSite\",\"@id\":\"https:\\\/\\\/www.auxsons.com\\\/en\\\/#website\",\"url\":\"https:\\\/\\\/www.auxsons.com\\\/en\\\/\",\"name\":\"#AuxSons\",\"description\":\"Musiques &amp; Vibrations du Monde\",\"publisher\":{\"@id\":\"https:\\\/\\\/www.auxsons.com\\\/en\\\/#organization\"},\"potentialAction\":[{\"@type\":\"SearchAction\",\"target\":{\"@type\":\"EntryPoint\",\"urlTemplate\":\"https:\\\/\\\/www.auxsons.com\\\/en\\\/?s={search_term_string}\"},\"query-input\":{\"@type\":\"PropertyValueSpecification\",\"valueRequired\":true,\"valueName\":\"search_term_string\"}}],\"inLanguage\":\"en-US\"},{\"@type\":\"Organization\",\"@id\":\"https:\\\/\\\/www.auxsons.com\\\/en\\\/#organization\",\"name\":\"#AuxSons\",\"url\":\"https:\\\/\\\/www.auxsons.com\\\/en\\\/\",\"logo\":{\"@type\":\"ImageObject\",\"inLanguage\":\"en-US\",\"@id\":\"https:\\\/\\\/www.auxsons.com\\\/en\\\/#\\\/schema\\\/logo\\\/image\\\/\",\"url\":\"https:\\\/\\\/www.auxsons.com\\\/wp-content\\\/uploads\\\/2018\\\/10\\\/logo-aux-sons@2x.png\",\"contentUrl\":\"https:\\\/\\\/www.auxsons.com\\\/wp-content\\\/uploads\\\/2018\\\/10\\\/logo-aux-sons@2x.png\",\"width\":320,\"height\":192,\"caption\":\"#AuxSons\"},\"image\":{\"@id\":\"https:\\\/\\\/www.auxsons.com\\\/en\\\/#\\\/schema\\\/logo\\\/image\\\/\"},\"sameAs\":[\"https:\\\/\\\/www.facebook.com\\\/auxsons\\\/\",\"https:\\\/\\\/x.com\\\/auxsons\",\"https:\\\/\\\/www.instagram.com\\\/auxsons\\\/\",\"https:\\\/\\\/www.youtube.com\\\/channel\\\/UC_NjOjgZNHW-6MaXKWavFKQ\"]}]}<\/script>\n<!-- \/ Yoast SEO plugin. -->","yoast_head_json":{"title":"Rencontre avec Luna Silva, prix du jury ICART Sessions 2021 - #AuxSons","description":"photo : Luna Silva - \u00a9\u00a0 Ory Minie Meuel Apr\u00e8s un appel \u00e0 candidatures d\u2019un mois,\u00a0ICART Sessions a s\u00e9lectionn\u00e9 20 artistes parmi 150 candidats lors","robots":{"index":"index","follow":"follow","max-snippet":"max-snippet:-1","max-image-preview":"max-image-preview:large","max-video-preview":"max-video-preview:-1"},"canonical":"https:\/\/www.auxsons.com\/en\/breves\/rencontre-avec-luna-silva-prix-du-jury-icart-sessions-2021\/","og_locale":"en_US","og_type":"article","og_title":"Rencontre avec Luna Silva, prix du jury ICART Sessions 2021 - #AuxSons","og_description":"photo : Luna Silva - \u00a9\u00a0 Ory Minie Meuel Apr\u00e8s un appel \u00e0 candidatures d\u2019un mois,\u00a0ICART Sessions a s\u00e9lectionn\u00e9 20 artistes parmi 150 candidats lors","og_url":"https:\/\/www.auxsons.com\/en\/breves\/rencontre-avec-luna-silva-prix-du-jury-icart-sessions-2021\/","og_site_name":"#AuxSons","article_publisher":"https:\/\/www.facebook.com\/auxsons\/","article_modified_time":"2021-03-25T11:58:22+00:00","og_image":[{"width":1488,"height":1488,"url":"https:\/\/www.auxsons.com\/wp-content\/uploads\/2021\/03\/ory-minie-meuelluna-silva.jpg","type":"image\/jpeg"}],"twitter_card":"summary_large_image","twitter_site":"@auxsons","twitter_misc":{"Est. reading time":"3 minutes"},"schema":{"@context":"https:\/\/schema.org","@graph":[{"@type":"WebPage","@id":"https:\/\/www.auxsons.com\/en\/breves\/rencontre-avec-luna-silva-prix-du-jury-icart-sessions-2021\/","url":"https:\/\/www.auxsons.com\/en\/breves\/rencontre-avec-luna-silva-prix-du-jury-icart-sessions-2021\/","name":"Rencontre avec Luna Silva, prix du jury ICART Sessions 2021 - #AuxSons","isPartOf":{"@id":"https:\/\/www.auxsons.com\/en\/#website"},"primaryImageOfPage":{"@id":"https:\/\/www.auxsons.com\/en\/breves\/rencontre-avec-luna-silva-prix-du-jury-icart-sessions-2021\/#primaryimage"},"image":{"@id":"https:\/\/www.auxsons.com\/en\/breves\/rencontre-avec-luna-silva-prix-du-jury-icart-sessions-2021\/#primaryimage"},"thumbnailUrl":"https:\/\/www.auxsons.com\/wp-content\/uploads\/2021\/03\/ory-minie-meuelluna-silva.jpg","datePublished":"2021-03-22T11:22:46+00:00","dateModified":"2021-03-25T11:58:22+00:00","description":"photo : Luna Silva - \u00a9\u00a0 Ory Minie Meuel Apr\u00e8s un appel \u00e0 candidatures d\u2019un mois,\u00a0ICART Sessions a s\u00e9lectionn\u00e9 20 artistes parmi 150 candidats lors","breadcrumb":{"@id":"https:\/\/www.auxsons.com\/en\/breves\/rencontre-avec-luna-silva-prix-du-jury-icart-sessions-2021\/#breadcrumb"},"inLanguage":"en-US","potentialAction":[{"@type":"ReadAction","target":["https:\/\/www.auxsons.com\/en\/breves\/rencontre-avec-luna-silva-prix-du-jury-icart-sessions-2021\/"]}]},{"@type":"ImageObject","inLanguage":"en-US","@id":"https:\/\/www.auxsons.com\/en\/breves\/rencontre-avec-luna-silva-prix-du-jury-icart-sessions-2021\/#primaryimage","url":"https:\/\/www.auxsons.com\/wp-content\/uploads\/2021\/03\/ory-minie-meuelluna-silva.jpg","contentUrl":"https:\/\/www.auxsons.com\/wp-content\/uploads\/2021\/03\/ory-minie-meuelluna-silva.jpg","width":1488,"height":1488,"caption":"Ory Minie Meuelluna Silva"},{"@type":"BreadcrumbList","@id":"https:\/\/www.auxsons.com\/en\/breves\/rencontre-avec-luna-silva-prix-du-jury-icart-sessions-2021\/#breadcrumb","itemListElement":[{"@type":"ListItem","position":1,"name":"Accueil","item":"https:\/\/www.auxsons.com\/en\/"},{"@type":"ListItem","position":2,"name":"Br\u00e8ves","item":"https:\/\/www.auxsons.com\/en\/breves\/"},{"@type":"ListItem","position":3,"name":"Rencontre avec Luna Silva, prix du jury ICART Sessions 2021"}]},{"@type":"WebSite","@id":"https:\/\/www.auxsons.com\/en\/#website","url":"https:\/\/www.auxsons.com\/en\/","name":"#AuxSons","description":"Musiques &amp; Vibrations du Monde","publisher":{"@id":"https:\/\/www.auxsons.com\/en\/#organization"},"potentialAction":[{"@type":"SearchAction","target":{"@type":"EntryPoint","urlTemplate":"https:\/\/www.auxsons.com\/en\/?s={search_term_string}"},"query-input":{"@type":"PropertyValueSpecification","valueRequired":true,"valueName":"search_term_string"}}],"inLanguage":"en-US"},{"@type":"Organization","@id":"https:\/\/www.auxsons.com\/en\/#organization","name":"#AuxSons","url":"https:\/\/www.auxsons.com\/en\/","logo":{"@type":"ImageObject","inLanguage":"en-US","@id":"https:\/\/www.auxsons.com\/en\/#\/schema\/logo\/image\/","url":"https:\/\/www.auxsons.com\/wp-content\/uploads\/2018\/10\/logo-aux-sons@2x.png","contentUrl":"https:\/\/www.auxsons.com\/wp-content\/uploads\/2018\/10\/logo-aux-sons@2x.png","width":320,"height":192,"caption":"#AuxSons"},"image":{"@id":"https:\/\/www.auxsons.com\/en\/#\/schema\/logo\/image\/"},"sameAs":["https:\/\/www.facebook.com\/auxsons\/","https:\/\/x.com\/auxsons","https:\/\/www.instagram.com\/auxsons\/","https:\/\/www.youtube.com\/channel\/UC_NjOjgZNHW-6MaXKWavFKQ"]}]}},"_links":{"self":[{"href":"https:\/\/www.auxsons.com\/en\/wp-json\/wp\/v2\/breves\/16108","targetHints":{"allow":["GET"]}}],"collection":[{"href":"https:\/\/www.auxsons.com\/en\/wp-json\/wp\/v2\/breves"}],"about":[{"href":"https:\/\/www.auxsons.com\/en\/wp-json\/wp\/v2\/types\/breves"}],"author":[{"embeddable":true,"href":"https:\/\/www.auxsons.com\/en\/wp-json\/wp\/v2\/users\/4"}],"version-history":[{"count":0,"href":"https:\/\/www.auxsons.com\/en\/wp-json\/wp\/v2\/breves\/16108\/revisions"}],"wp:featuredmedia":[{"embeddable":true,"href":"https:\/\/www.auxsons.com\/en\/wp-json\/wp\/v2\/media\/16109"}],"wp:attachment":[{"href":"https:\/\/www.auxsons.com\/en\/wp-json\/wp\/v2\/media?parent=16108"}],"curies":[{"name":"wp","href":"https:\/\/api.w.org\/{rel}","templated":true}]}}