{"id":15934,"date":"2021-03-15T15:00:54","date_gmt":"2021-03-15T14:00:54","guid":{"rendered":"http:\/\/www.auxsons.com\/?post_type=breves&#038;p=15934"},"modified":"2021-03-15T15:00:54","modified_gmt":"2021-03-15T14:00:54","slug":"41-stages-et-master-classes-au-programme-de-la-26e-edition-du-festival-les-suds-a-arles","status":"publish","type":"breves","link":"https:\/\/www.auxsons.com\/en\/breves\/41-stages-et-master-classes-au-programme-de-la-26e-edition-du-festival-les-suds-a-arles\/","title":{"rendered":"41 Stages et Master Classes au programme de la 26e \u00e9dition du festival Les Suds, \u00e0&nbsp;Arles."},"content":{"rendered":"<h5><b data-stringify-type=\"bold\">Du 12 au 17 juillet prochain, <a href=\"https:\/\/www.suds-arles.com\/fr\/2021\"><span class=\"caps\">SUDS<\/span><\/a> vous invite \u00e0 partager le plaisir de jouer, danser ou chanter ensemble.<\/b><\/h5>\n<p>Au programme, des propositions in\u00e9dites ou incontournables : fanfare des Balkans, chants traditionnels persans, danses afro-cubaines, qigong et ta\u00efchichuan, cante flamenco, gamelan de Java, calligraphie arabe, txalaparta, danses orientales <span class=\"amp\">&amp;<\/span> tsiganes, cuisine proven\u00e7ale, danse flamenca, \u00e9veil corporel et musical\u2026<br>\nPour exp\u00e9rimenter, apprendre, se perfectionner ou s\u2019initier \u00e0 l\u2019une de ces pratiques, les Stages et Master Classes sont ouverts \u00e0 tous, du niveau d\u00e9butant \u00e0 professionnel.<\/p>\n<p><strong>L\u2019inscription aux Stages et Master Classes vous donne acc\u00e8s \u00e0 des tarifs pr\u00e9f\u00e9rentiels pour assister aux concerts du festival.<\/strong> La programmation sera d\u00e9voil\u00e9e tr\u00e8s prochainement\u2026<\/p>\n<p>\u00c0 noter : <em>Suds est d\u00e9clar\u00e9 organisme de formation professionnelle. \u00c0 ce titre vous pouvez pr\u00e9tendre \u00e0 une prise en charge par votre organisme de r\u00e9f\u00e9rence (<span class=\"caps\">AFDAS<\/span>, Uniformation\u2026).<\/em><\/p>\n<p>&nbsp;<\/p>\n<p><strong><a href=\"https:\/\/www.suds-arles.com\/fr\/2021\/stages\">&gt; D\u00e9couvrir les Stages et Master Classes&nbsp;<\/a><\/strong><\/p>\n","protected":false},"excerpt":{"rendered":"<p>Du 12 au 17 juillet prochain, <span class=\"caps\">SUDS<\/span> vous invite \u00e0 partager le plaisir de jouer, danser ou chanter ensemble. Au programme, des propositions in\u00e9dites ou incontournables : fanfare des Balkans, chants traditionnels persans, danses afro-cubaines, qigong et ta\u00efchichuan, cante flamenco, gamelan de Java, calligraphie arabe, txalaparta, danses orientales <span class=\"amp\">&amp;<\/span> tsiganes, cuisine proven\u00e7ale, danse flamenca, \u00e9veil<\/p>\n","protected":false},"author":19,"featured_media":15932,"template":"","meta":{"_acf_changed":false,"wp_typography_post_enhancements_disabled":false,"footnotes":""},"class_list":["post-15934","breves","type-breves","status-publish","has-post-thumbnail","hentry"],"acf":[],"yoast_head":"<!-- This site is optimized with the Yoast SEO plugin v27.5 - https:\/\/yoast.com\/product\/yoast-seo-wordpress\/ -->\n<title>41 Stages et Master Classes au programme de la 26e \u00e9dition du festival Les Suds, \u00e0 Arles. - #AuxSons<\/title>\n<meta name=\"description\" content=\"Du 12 au 17 juillet prochain, SUDS vous invite \u00e0 partager le plaisir de jouer, danser ou chanter ensemble. Au programme, des propositions in\u00e9dites ou\" \/>\n<meta name=\"robots\" content=\"index, follow, max-snippet:-1, max-image-preview:large, max-video-preview:-1\" \/>\n<link rel=\"canonical\" href=\"https:\/\/www.auxsons.com\/en\/breves\/41-stages-et-master-classes-au-programme-de-la-26e-edition-du-festival-les-suds-a-arles\/\" \/>\n<meta property=\"og:locale\" content=\"en_US\" \/>\n<meta property=\"og:type\" content=\"article\" \/>\n<meta property=\"og:title\" content=\"41 Stages et Master Classes au programme de la 26e \u00e9dition du festival Les Suds, \u00e0 Arles. - #AuxSons\" \/>\n<meta property=\"og:description\" content=\"Du 12 au 17 juillet prochain, SUDS vous invite \u00e0 partager le plaisir de jouer, danser ou chanter ensemble. Au programme, des propositions in\u00e9dites ou\" \/>\n<meta property=\"og:url\" content=\"https:\/\/www.auxsons.com\/en\/breves\/41-stages-et-master-classes-au-programme-de-la-26e-edition-du-festival-les-suds-a-arles\/\" \/>\n<meta property=\"og:site_name\" content=\"#AuxSons\" \/>\n<meta property=\"article:publisher\" content=\"https:\/\/www.facebook.com\/auxsons\/\" \/>\n<meta property=\"og:image\" content=\"https:\/\/www.auxsons.com\/wp-content\/uploads\/2021\/03\/ambiance-stages-les-suds-a-arles-flamenco-stephane-barbier.jpg\" \/>\n\t<meta property=\"og:image:width\" content=\"1200\" \/>\n\t<meta property=\"og:image:height\" content=\"800\" \/>\n\t<meta property=\"og:image:type\" content=\"image\/jpeg\" \/>\n<meta name=\"twitter:card\" content=\"summary_large_image\" \/>\n<meta name=\"twitter:site\" content=\"@auxsons\" \/>\n<meta name=\"twitter:label1\" content=\"Est. reading time\" \/>\n\t<meta name=\"twitter:data1\" content=\"1 minute\" \/>\n<script type=\"application\/ld+json\" class=\"yoast-schema-graph\">{\"@context\":\"https:\\\/\\\/schema.org\",\"@graph\":[{\"@type\":\"WebPage\",\"@id\":\"https:\\\/\\\/www.auxsons.com\\\/en\\\/breves\\\/41-stages-et-master-classes-au-programme-de-la-26e-edition-du-festival-les-suds-a-arles\\\/\",\"url\":\"https:\\\/\\\/www.auxsons.com\\\/en\\\/breves\\\/41-stages-et-master-classes-au-programme-de-la-26e-edition-du-festival-les-suds-a-arles\\\/\",\"name\":\"41 Stages et Master Classes au programme de la 26e \u00e9dition du festival Les Suds, \u00e0 Arles. - #AuxSons\",\"isPartOf\":{\"@id\":\"https:\\\/\\\/www.auxsons.com\\\/en\\\/#website\"},\"primaryImageOfPage\":{\"@id\":\"https:\\\/\\\/www.auxsons.com\\\/en\\\/breves\\\/41-stages-et-master-classes-au-programme-de-la-26e-edition-du-festival-les-suds-a-arles\\\/#primaryimage\"},\"image\":{\"@id\":\"https:\\\/\\\/www.auxsons.com\\\/en\\\/breves\\\/41-stages-et-master-classes-au-programme-de-la-26e-edition-du-festival-les-suds-a-arles\\\/#primaryimage\"},\"thumbnailUrl\":\"https:\\\/\\\/www.auxsons.com\\\/wp-content\\\/uploads\\\/2021\\\/03\\\/ambiance-stages-les-suds-a-arles-flamenco-stephane-barbier.jpg\",\"datePublished\":\"2021-03-15T14:00:54+00:00\",\"description\":\"Du 12 au 17 juillet prochain, SUDS vous invite \u00e0 partager le plaisir de jouer, danser ou chanter ensemble. Au programme, des propositions in\u00e9dites ou\",\"breadcrumb\":{\"@id\":\"https:\\\/\\\/www.auxsons.com\\\/en\\\/breves\\\/41-stages-et-master-classes-au-programme-de-la-26e-edition-du-festival-les-suds-a-arles\\\/#breadcrumb\"},\"inLanguage\":\"en-US\",\"potentialAction\":[{\"@type\":\"ReadAction\",\"target\":[\"https:\\\/\\\/www.auxsons.com\\\/en\\\/breves\\\/41-stages-et-master-classes-au-programme-de-la-26e-edition-du-festival-les-suds-a-arles\\\/\"]}]},{\"@type\":\"ImageObject\",\"inLanguage\":\"en-US\",\"@id\":\"https:\\\/\\\/www.auxsons.com\\\/en\\\/breves\\\/41-stages-et-master-classes-au-programme-de-la-26e-edition-du-festival-les-suds-a-arles\\\/#primaryimage\",\"url\":\"https:\\\/\\\/www.auxsons.com\\\/wp-content\\\/uploads\\\/2021\\\/03\\\/ambiance-stages-les-suds-a-arles-flamenco-stephane-barbier.jpg\",\"contentUrl\":\"https:\\\/\\\/www.auxsons.com\\\/wp-content\\\/uploads\\\/2021\\\/03\\\/ambiance-stages-les-suds-a-arles-flamenco-stephane-barbier.jpg\",\"width\":1200,\"height\":800,\"caption\":\"Place Voltaire \\\/ Restitution stages Flamenco et fanfare lors du repas pique nique \u00a9 St\u00e9phane BARBIER\\\/ Les Suds \u00e0 Arles \\\/ 2019 www.stephanebarbier.fr\"},{\"@type\":\"BreadcrumbList\",\"@id\":\"https:\\\/\\\/www.auxsons.com\\\/en\\\/breves\\\/41-stages-et-master-classes-au-programme-de-la-26e-edition-du-festival-les-suds-a-arles\\\/#breadcrumb\",\"itemListElement\":[{\"@type\":\"ListItem\",\"position\":1,\"name\":\"Accueil\",\"item\":\"https:\\\/\\\/www.auxsons.com\\\/en\\\/\"},{\"@type\":\"ListItem\",\"position\":2,\"name\":\"Br\u00e8ves\",\"item\":\"https:\\\/\\\/www.auxsons.com\\\/en\\\/breves\\\/\"},{\"@type\":\"ListItem\",\"position\":3,\"name\":\"41 Stages et Master Classes au programme de la 26e \u00e9dition du festival Les Suds, \u00e0&nbsp;Arles.\"}]},{\"@type\":\"WebSite\",\"@id\":\"https:\\\/\\\/www.auxsons.com\\\/en\\\/#website\",\"url\":\"https:\\\/\\\/www.auxsons.com\\\/en\\\/\",\"name\":\"#AuxSons\",\"description\":\"Musiques &amp; Vibrations du Monde\",\"publisher\":{\"@id\":\"https:\\\/\\\/www.auxsons.com\\\/en\\\/#organization\"},\"potentialAction\":[{\"@type\":\"SearchAction\",\"target\":{\"@type\":\"EntryPoint\",\"urlTemplate\":\"https:\\\/\\\/www.auxsons.com\\\/en\\\/?s={search_term_string}\"},\"query-input\":{\"@type\":\"PropertyValueSpecification\",\"valueRequired\":true,\"valueName\":\"search_term_string\"}}],\"inLanguage\":\"en-US\"},{\"@type\":\"Organization\",\"@id\":\"https:\\\/\\\/www.auxsons.com\\\/en\\\/#organization\",\"name\":\"#AuxSons\",\"url\":\"https:\\\/\\\/www.auxsons.com\\\/en\\\/\",\"logo\":{\"@type\":\"ImageObject\",\"inLanguage\":\"en-US\",\"@id\":\"https:\\\/\\\/www.auxsons.com\\\/en\\\/#\\\/schema\\\/logo\\\/image\\\/\",\"url\":\"https:\\\/\\\/www.auxsons.com\\\/wp-content\\\/uploads\\\/2018\\\/10\\\/logo-aux-sons@2x.png\",\"contentUrl\":\"https:\\\/\\\/www.auxsons.com\\\/wp-content\\\/uploads\\\/2018\\\/10\\\/logo-aux-sons@2x.png\",\"width\":320,\"height\":192,\"caption\":\"#AuxSons\"},\"image\":{\"@id\":\"https:\\\/\\\/www.auxsons.com\\\/en\\\/#\\\/schema\\\/logo\\\/image\\\/\"},\"sameAs\":[\"https:\\\/\\\/www.facebook.com\\\/auxsons\\\/\",\"https:\\\/\\\/x.com\\\/auxsons\",\"https:\\\/\\\/www.instagram.com\\\/auxsons\\\/\",\"https:\\\/\\\/www.youtube.com\\\/channel\\\/UC_NjOjgZNHW-6MaXKWavFKQ\"]}]}<\/script>\n<!-- \/ Yoast SEO plugin. -->","yoast_head_json":{"title":"41 Stages et Master Classes au programme de la 26e \u00e9dition du festival Les Suds, \u00e0 Arles. - #AuxSons","description":"Du 12 au 17 juillet prochain, SUDS vous invite \u00e0 partager le plaisir de jouer, danser ou chanter ensemble. Au programme, des propositions in\u00e9dites ou","robots":{"index":"index","follow":"follow","max-snippet":"max-snippet:-1","max-image-preview":"max-image-preview:large","max-video-preview":"max-video-preview:-1"},"canonical":"https:\/\/www.auxsons.com\/en\/breves\/41-stages-et-master-classes-au-programme-de-la-26e-edition-du-festival-les-suds-a-arles\/","og_locale":"en_US","og_type":"article","og_title":"41 Stages et Master Classes au programme de la 26e \u00e9dition du festival Les Suds, \u00e0 Arles. - #AuxSons","og_description":"Du 12 au 17 juillet prochain, SUDS vous invite \u00e0 partager le plaisir de jouer, danser ou chanter ensemble. Au programme, des propositions in\u00e9dites ou","og_url":"https:\/\/www.auxsons.com\/en\/breves\/41-stages-et-master-classes-au-programme-de-la-26e-edition-du-festival-les-suds-a-arles\/","og_site_name":"#AuxSons","article_publisher":"https:\/\/www.facebook.com\/auxsons\/","og_image":[{"width":1200,"height":800,"url":"https:\/\/www.auxsons.com\/wp-content\/uploads\/2021\/03\/ambiance-stages-les-suds-a-arles-flamenco-stephane-barbier.jpg","type":"image\/jpeg"}],"twitter_card":"summary_large_image","twitter_site":"@auxsons","twitter_misc":{"Est. reading time":"1 minute"},"schema":{"@context":"https:\/\/schema.org","@graph":[{"@type":"WebPage","@id":"https:\/\/www.auxsons.com\/en\/breves\/41-stages-et-master-classes-au-programme-de-la-26e-edition-du-festival-les-suds-a-arles\/","url":"https:\/\/www.auxsons.com\/en\/breves\/41-stages-et-master-classes-au-programme-de-la-26e-edition-du-festival-les-suds-a-arles\/","name":"41 Stages et Master Classes au programme de la 26e \u00e9dition du festival Les Suds, \u00e0 Arles. - #AuxSons","isPartOf":{"@id":"https:\/\/www.auxsons.com\/en\/#website"},"primaryImageOfPage":{"@id":"https:\/\/www.auxsons.com\/en\/breves\/41-stages-et-master-classes-au-programme-de-la-26e-edition-du-festival-les-suds-a-arles\/#primaryimage"},"image":{"@id":"https:\/\/www.auxsons.com\/en\/breves\/41-stages-et-master-classes-au-programme-de-la-26e-edition-du-festival-les-suds-a-arles\/#primaryimage"},"thumbnailUrl":"https:\/\/www.auxsons.com\/wp-content\/uploads\/2021\/03\/ambiance-stages-les-suds-a-arles-flamenco-stephane-barbier.jpg","datePublished":"2021-03-15T14:00:54+00:00","description":"Du 12 au 17 juillet prochain, SUDS vous invite \u00e0 partager le plaisir de jouer, danser ou chanter ensemble. Au programme, des propositions in\u00e9dites ou","breadcrumb":{"@id":"https:\/\/www.auxsons.com\/en\/breves\/41-stages-et-master-classes-au-programme-de-la-26e-edition-du-festival-les-suds-a-arles\/#breadcrumb"},"inLanguage":"en-US","potentialAction":[{"@type":"ReadAction","target":["https:\/\/www.auxsons.com\/en\/breves\/41-stages-et-master-classes-au-programme-de-la-26e-edition-du-festival-les-suds-a-arles\/"]}]},{"@type":"ImageObject","inLanguage":"en-US","@id":"https:\/\/www.auxsons.com\/en\/breves\/41-stages-et-master-classes-au-programme-de-la-26e-edition-du-festival-les-suds-a-arles\/#primaryimage","url":"https:\/\/www.auxsons.com\/wp-content\/uploads\/2021\/03\/ambiance-stages-les-suds-a-arles-flamenco-stephane-barbier.jpg","contentUrl":"https:\/\/www.auxsons.com\/wp-content\/uploads\/2021\/03\/ambiance-stages-les-suds-a-arles-flamenco-stephane-barbier.jpg","width":1200,"height":800,"caption":"Place Voltaire \/ Restitution stages Flamenco et fanfare lors du repas pique nique \u00a9 St\u00e9phane BARBIER\/ Les Suds \u00e0 Arles \/ 2019 www.stephanebarbier.fr"},{"@type":"BreadcrumbList","@id":"https:\/\/www.auxsons.com\/en\/breves\/41-stages-et-master-classes-au-programme-de-la-26e-edition-du-festival-les-suds-a-arles\/#breadcrumb","itemListElement":[{"@type":"ListItem","position":1,"name":"Accueil","item":"https:\/\/www.auxsons.com\/en\/"},{"@type":"ListItem","position":2,"name":"Br\u00e8ves","item":"https:\/\/www.auxsons.com\/en\/breves\/"},{"@type":"ListItem","position":3,"name":"41 Stages et Master Classes au programme de la 26e \u00e9dition du festival Les Suds, \u00e0&nbsp;Arles."}]},{"@type":"WebSite","@id":"https:\/\/www.auxsons.com\/en\/#website","url":"https:\/\/www.auxsons.com\/en\/","name":"#AuxSons","description":"Musiques &amp; Vibrations du Monde","publisher":{"@id":"https:\/\/www.auxsons.com\/en\/#organization"},"potentialAction":[{"@type":"SearchAction","target":{"@type":"EntryPoint","urlTemplate":"https:\/\/www.auxsons.com\/en\/?s={search_term_string}"},"query-input":{"@type":"PropertyValueSpecification","valueRequired":true,"valueName":"search_term_string"}}],"inLanguage":"en-US"},{"@type":"Organization","@id":"https:\/\/www.auxsons.com\/en\/#organization","name":"#AuxSons","url":"https:\/\/www.auxsons.com\/en\/","logo":{"@type":"ImageObject","inLanguage":"en-US","@id":"https:\/\/www.auxsons.com\/en\/#\/schema\/logo\/image\/","url":"https:\/\/www.auxsons.com\/wp-content\/uploads\/2018\/10\/logo-aux-sons@2x.png","contentUrl":"https:\/\/www.auxsons.com\/wp-content\/uploads\/2018\/10\/logo-aux-sons@2x.png","width":320,"height":192,"caption":"#AuxSons"},"image":{"@id":"https:\/\/www.auxsons.com\/en\/#\/schema\/logo\/image\/"},"sameAs":["https:\/\/www.facebook.com\/auxsons\/","https:\/\/x.com\/auxsons","https:\/\/www.instagram.com\/auxsons\/","https:\/\/www.youtube.com\/channel\/UC_NjOjgZNHW-6MaXKWavFKQ"]}]}},"_links":{"self":[{"href":"https:\/\/www.auxsons.com\/en\/wp-json\/wp\/v2\/breves\/15934","targetHints":{"allow":["GET"]}}],"collection":[{"href":"https:\/\/www.auxsons.com\/en\/wp-json\/wp\/v2\/breves"}],"about":[{"href":"https:\/\/www.auxsons.com\/en\/wp-json\/wp\/v2\/types\/breves"}],"author":[{"embeddable":true,"href":"https:\/\/www.auxsons.com\/en\/wp-json\/wp\/v2\/users\/19"}],"version-history":[{"count":0,"href":"https:\/\/www.auxsons.com\/en\/wp-json\/wp\/v2\/breves\/15934\/revisions"}],"wp:featuredmedia":[{"embeddable":true,"href":"https:\/\/www.auxsons.com\/en\/wp-json\/wp\/v2\/media\/15932"}],"wp:attachment":[{"href":"https:\/\/www.auxsons.com\/en\/wp-json\/wp\/v2\/media?parent=15934"}],"curies":[{"name":"wp","href":"https:\/\/api.w.org\/{rel}","templated":true}]}}