{"id":15509,"date":"2021-03-02T17:07:54","date_gmt":"2021-03-02T16:07:54","guid":{"rendered":"http:\/\/www.auxsons.com\/?post_type=breves&#038;p=15509"},"modified":"2021-03-03T11:15:53","modified_gmt":"2021-03-03T10:15:53","slug":"auxsons-scenefrancaise-crise-sanitaire-innovations-et-sources-despoir-pour-la-musique","status":"publish","type":"breves","link":"https:\/\/www.auxsons.com\/en\/breves\/auxsons-scenefrancaise-crise-sanitaire-innovations-et-sources-despoir-pour-la-musique\/","title":{"rendered":"#AuxSons #Sc\u00e8neFran\u00e7aise : Crise sanitaire, innovations et sources d\u2019espoir pour la musique"},"content":{"rendered":"<p><strong><em>Face \u00e0 la crise sanitaire, les artistes se sont mobilis\u00e9s pour continuer \u00e0 animer nos quotidiens moroses. Les professionnels et cr\u00e9ateurs de la #Sc\u00e8neFran\u00e7aise, sans qui le monde de la musique ne tournerait pas rond, se sont d\u00e9men\u00e9s pour trouver de nouvelles formules innovantes et autant d\u2019astuces pour continuer \u00e0 proposer ce qu\u2019ils font de mieux : une culture essentielle. Petit tour d\u2019horizon de ces innovations et sources d\u2019espoir pour les musiques actuelles du monde en France.<\/em><\/strong><\/p>\n<p>&nbsp;<\/p>\n<img decoding=\"async\" class=\"aligncenter wp-image-15337 size-full lazyload\" data-src=\"https:\/\/www.auxsons.com\/wp-content\/uploads\/2021\/02\/adherents-2-scaled.jpg\" alt width=\"2560\" height=\"1024\" data-srcset=\"https:\/\/www.auxsons.com\/wp-content\/uploads\/2021\/02\/adherents-2-scaled.jpg 1920w, https:\/\/www.auxsons.com\/wp-content\/uploads\/2021\/02\/adherents-2-300x120.jpg 300w, https:\/\/www.auxsons.com\/wp-content\/uploads\/2021\/02\/adherents-2-1024x410.jpg 1024w, https:\/\/www.auxsons.com\/wp-content\/uploads\/2021\/02\/adherents-2-768x307.jpg 768w, https:\/\/www.auxsons.com\/wp-content\/uploads\/2021\/02\/adherents-2-1536x615.jpg 1536w, https:\/\/www.auxsons.com\/wp-content\/uploads\/2021\/02\/adherents-2-2048x819.jpg 2048w\" data-sizes=\"(max-width: 2560px) 100vw, 2560px\" src=\"data:image\/svg+xml;base64,PHN2ZyB3aWR0aD0iMSIgaGVpZ2h0PSIxIiB4bWxucz0iaHR0cDovL3d3dy53My5vcmcvMjAwMC9zdmciPjwvc3ZnPg==\" style=\"--smush-placeholder-width: 2560px; --smush-placeholder-aspect-ratio: 2560\/1024;\">\n<p><em>Avec les interventions de : 1. Colin Rigaud, bookeur et programmateur de <\/em><strong><a href=\"https:\/\/prod.jaspir.com\/\" target=\"_blank\" rel=\"noopener\"><em>Jaspir Prod<\/em><\/a><\/strong><em> (production, booking et diffusion) \/ 2. Jean Michel Journet manager de <\/em><a href=\"https:\/\/www.facebook.com\/wookaii\/\" target=\"_blank\" rel=\"noopener\"><em><strong>Wooka\u00ef\u00ef<\/strong><\/em><\/a><em> (management et \u00e9dition) \/ 3. Jean-Christophe Delcroix directeur et programmateur du <\/em><strong><a href=\"https:\/\/www.letamanoir.com\/\" target=\"_blank\" rel=\"noopener\"><em>Tamanoir<\/em><\/a><\/strong><em> (salle de concert \u00e0 Genevilliers \u2013 Hauts de Seine) \/4. Fr\u00e9d\u00e9ric Perrot Label manager, bookeur et attach\u00e9 de presse d\u2019<\/em><strong><a href=\"https:\/\/www.auraskymusic.com\/\" target=\"_blank\" rel=\"noopener\"><em>Aurasky music<\/em><\/a><\/strong><em> (label et agence de services pour artistes) \/ 5. Raphael Vuillard directeur artistique du groupe lyonnais <\/em><strong><a href=\"http:\/\/www.babassalam.com\/\" target=\"_blank\" rel=\"noopener\"><em>Bab Assalam<\/em><\/a><\/strong><em> \/ 6. Marine Thuilliez, charg\u00e9e de communication et Sabiha Zabiteva, assistante de production et diffusion pour <\/em><strong><a href=\"http:\/\/dellarte.fr\/\" target=\"_blank\" rel=\"noopener\"><em>l\u2019association socio-culturelle Dell\u2019Arte<\/em><\/a><\/strong><em> (bas\u00e9e \u00e0 Toulouse) \/ 7. Cendryne Ro\u00eb directrice de <\/em><a href=\"https:\/\/nomadeskultur.com\/\" target=\"_blank\" rel=\"noopener\"><em><strong>Nomades Kultur<\/strong><\/em><\/a><em> \/ 8. <\/em><strong><a href=\"https:\/\/www.collectifmedzbazar.com\/fr\" target=\"_blank\" rel=\"noopener\"><em>Le Collectif Medz Bazar<\/em><\/a><\/strong><em> (groupe d\u2019alternative-folk) \/ 9. Roch Amedet Banzouzi, com\u00e9dien d\u2019origine congolaise, cofondateur de la compagnie <\/em><strong><a href=\"https:\/\/www.facebook.com\/groups\/compagniepuntanegra\"><em>Punta Negra<\/em><\/a><\/strong><em> et de <\/em><strong><a href=\"https:\/\/www.facebook.com\/drumsbantu243\" target=\"_blank\" rel=\"noopener\"><em>Drum\u2019s Bantu<\/em><\/a><\/strong><em> \/ 10. Thomas Belet, programmateur et r\u00e9gisseur g\u00e9n\u00e9ral du <\/em><strong><a href=\"https:\/\/locombiafestival.com\/\" target=\"_blank\" rel=\"noopener\"><em>Festival Locombia<\/em><\/a><\/strong><em>&nbsp;(\u00e0 Toulouse).<\/em><\/p>\n<h2><\/h2>\n<h2 style=\"text-align: left;\"><strong>La solidarit\u00e9, une source d\u2019espoir partag\u00e9e<\/strong><\/h2>\n<p>La solidarit\u00e9 et les nouvelles collaborations entre acteurs, est une des sources d\u2019espoir les plus partag\u00e9es dans le secteur.<\/p>\n<p>Jean-Christophe Delcroix, du<strong> Tamanoir<\/strong> se r\u00e9jouit d\u2019avoir constat\u00e9 : <em>\u201cune solidarit\u00e9 entre les diff\u00e9rents acteurs de l\u2019\u00e9cosyst\u00e8me des musiques actuelles.\u201d<\/em><\/p>\n<p>Pour <strong>Dell\u2019Arte Association<\/strong> la priorit\u00e9 a \u00e9t\u00e9 : <em>\u201cd\u2019inventer des nouvelles postures dans un contexte avant tout collectif et solidaire tel que nous le d\u00e9fendons depuis toujours. La coordination \u00ab Kif Kif pour tous \u00bb \u00e9merge de cette dynamique collective de solidarit\u00e9. Elle met en lumi\u00e8re notre volont\u00e9 de faire ensemble, de partager nos valeurs, d\u2019avancer et de participer activement \u00e0 la co-construction du monde d\u2019apr\u00e8s Covid-19.&nbsp;<\/em><\/p>\n<p><em><span class=\"dquo\">\u201c<\/span>La coordination \u00ab Kif Kif pour tous \u00bb s\u2019engage alors dans une cr\u00e9ation artistique et collective&nbsp;: Bal <span class=\"amp\">&amp;<\/span> Masques prend vie. Rapidement, les th\u00e8mes du spectacle \u00e9mergent : Ind\u00e9pendance \/ Autonomie \/ Solidarit\u00e9 \/ Transformation \/ Egalit\u00e9.\u201d<\/em><\/p>\n<iframe title=\"Making-of r\u00e9sidence &quot;Bal &amp; Masques&quot;\" width=\"640\" height=\"360\" src=\"https:\/\/www.youtube.com\/embed\/fZzLdDJT4lM?feature=oembed\" frameborder=\"0\" allow=\"accelerometer; autoplay; clipboard-write; encrypted-media; gyroscope; picture-in-picture; web-share\" referrerpolicy=\"strict-origin-when-cross-origin\" allowfullscreen><\/iframe>\n<p>&nbsp;<\/p>\n<p>Autre projet port\u00e9 par Dell\u2019Arte :<em> \u201cBal <span class=\"amp\">&amp;<\/span> Masques\u201c retrace l\u2019\u00e9volution du monde avant, pendant et apr\u00e8s le confinement. C\u2019est l\u2019histoire de l\u2019humanit\u00e9, mis \u00e0 l\u2019\u00e9preuve par le Coronavirus. Les artistes expriment leurs peurs, leurs espoirs et leurs v\u00e9cus \u00e0 travers des textes engag\u00e9s et touchants, des musiques r\u00e9volt\u00e9es et inspirantes, des danses \u00e9nergiques et envo\u00fbtantes. Le confinement physique a rendu nos esprits encore plus libres. <\/em>\u201d<\/p>\n<h2><\/h2>\n<h2 style=\"text-align: left;\"><strong><strong>Nouvelles formules et capacit\u00e9 d\u2019adaptation<\/strong><\/strong><\/h2>\n<p>&nbsp;<\/p>\n<p>S\u2019il fallait retirer un point positif de cette crise ? Cendryne Ro\u00eb, directrice de <strong>Nomades Kultur,<\/strong> r\u00e9pond sans h\u00e9siter&nbsp;: \u201c<em>Peut \u00eatre notre capacit\u00e9 \u00e0 r\u00e9sister car on ne s\u2019est jamais r\u00e9sign\u00e9 ! Depuis presqu\u2019un an, nous avons malgr\u00e9 tout r\u00e9ussi \u00e0 trouver des solutions pour que nos projets se r\u00e9alisent sous des formats diff\u00e9rents, en faisant preuve de beaucoup d\u2019imagination et d\u2019une grande adaptabilit\u00e9. Une chose est s\u00fbre : La culture est l\u2019essence m\u00eame &nbsp;de l\u2019individu, c\u2019est ce qui nous diff\u00e9rencie entre autres du monde animal, v\u00e9g\u00e9tal \u2026&nbsp; Notre secteur est <span class=\"caps\">ESSENTIEL<\/span> !<\/em>\u201d<\/p>\n<p>Cl\u00e9mentine Parlier explique comment le Collectif <strong>Medz Baza<\/strong>r a pu adapter son processus de cr\u00e9ation : \u201c<em>Les restrictions sanitaires nous ont pouss\u00e9s \u00e0 d\u00e9velopper l\u2019enregistrement \u00e0 distance et la production \u201cmaison\u201d. Bien que bloqu\u00e9s aux quatre coins du monde, nous avons produit un clip pendant le premier confinement. Plus r\u00e9cemment, secou\u00e9s par la guerre au Haut-Karabagh, nous avons \u00e9crit la chanson \u201c<strong><a href=\"https:\/\/www.auxsons.com\/breves\/nouveau-clip-du-collectif-medz-bazar-vodki-debout\/\">Vodki<\/a><\/strong>\u201d (\u201cDebout\u201d en arm\u00e9nien) et avons fait appel \u00e0 nos amis pour faire un clip participatif. Nous avons produit, de A \u00e0 Z, deux nouveaux morceaux accompagn\u00e9s de clips vid\u00e9o, ce qui nous a permis de nous impliquer beaucoup plus dans ce que l\u2019aspect technique a de plus cr\u00e9atif.&nbsp;<\/em><\/p>\n<iframe title=\"VODKI \u0548\u054f\u0554\u053b \/ STAND \/ AYAKLAN \/ DEBOUT\" width=\"640\" height=\"360\" src=\"https:\/\/www.youtube.com\/embed\/PpgLalxXNLQ?feature=oembed\" frameborder=\"0\" allow=\"accelerometer; autoplay; clipboard-write; encrypted-media; gyroscope; picture-in-picture; web-share\" referrerpolicy=\"strict-origin-when-cross-origin\" allowfullscreen><\/iframe>\n<p>&nbsp;<\/p>\n<p>Jean-Christophe Delcroix a pu utiliser l\u2019espace ext\u00e9rieur de la salle du <strong>Tamanoir<\/strong> pour organiser des \u00ab&nbsp;concerts sous les fen\u00eatres&nbsp;\u00bb : \u201c<em>Durant tout le mois de juillet nous avons organis\u00e9 une s\u00e9rie de 8 soir\u00e9es \u201csous les fen\u00eatres\u201d. Un \u00ab&nbsp;mini festival&nbsp;\u00bb mont\u00e9 \u00e0 la derni\u00e8re minute, dont le principe \u00e9tait de faire jouer des musicien dans les cours et jardins de diff\u00e9rents quartiers de la Ville, afin que les habitants puissent assister \u00e0 leurs prestations depuis leurs fen\u00eatres ou balcons.&nbsp;Le contexte \u201cde rel\u00e2chement estival\u201d a aussi permis au public d\u2019y assister directement en ext\u00e9rieur, dans le respect des \u00ab&nbsp;gestes barri\u00e8res&nbsp;\u00bb. Cette exp\u00e9rience montre qu\u2019il \u00e9tait possible d\u2019organiser des concerts tout en respectant les protocoles sanitaires en vigueur. Parmi les artistes accueilli.e.s : <strong><a href=\"https:\/\/www.auxsons.com\/playlists\/playlist-de-la-dame-blanche\/\" target=\"_blank\" rel=\"noopener\">La Dame Blanche<\/a><\/strong>, <strong><a href=\"https:\/\/www.auxsons.com\/agenda\/?oaq%5Bfrom%5D=2020-07-01&amp;oaq%5Bto%5D=2020-08-09&amp;oaq%5Buid%5D=37474888&amp;doing_wp_cron=1614252545.1971280574798583984375\" target=\"_blank\" rel=\"noopener\">Al Akhareen<\/a><\/strong>, <strong><a href=\"https:\/\/www.auxsons.com\/breves\/scenefrancaise-auxsons-3-questions-a-sandra-nkake\/\" target=\"_blank\" rel=\"noopener\">Sandra Nkak\u00e9,<\/a> <a href=\"https:\/\/openagenda.com\/agendas\/4310687\/embeds\/79108693\/events\/42021252?oaq%5Bfrom%5D=2020-07-01&amp;oaq%5Bto%5D=2020-08-09&amp;oaq%5Bwhat%5D=Concerts%20%C3%A0%20vivre%20de%20sa%20fen%C3%AAtre&amp;lang=fr\" target=\"_blank\" rel=\"noopener\">&nbsp;Koto Brawa<\/a><\/strong>, <strong><a href=\"https:\/\/www.auxsons.com\/agenda\/?oaq%5Bfrom%5D=2020-07-01&amp;oaq%5Bto%5D=2020-08-09&amp;oaq%5Buid%5D=72497472&amp;doing_wp_cron=1614182332.9414501190185546875000\" target=\"_blank\" rel=\"noopener\">Djeuhdjoah <span class=\"amp\">&amp;<\/span> Lieutenant Nicholson, El Gato Negro, Edgar Sekloka<\/a><\/strong>, <strong><a href=\"https:\/\/www.auxsons.com\/agenda\/?oaq%5Bfrom%5D=2020-07-01&amp;oaq%5Bto%5D=2020-08-09&amp;oaq%5Buid%5D=33798141&amp;doing_wp_cron=1614252429.0855319499969482421875\" target=\"_blank\" rel=\"noopener\">Natascha Rogers<\/a><\/strong>, \u2026\u201d<\/em><\/p>\n<h2><\/h2>\n<h2><strong>Continuer \u00e0 exister et s\u2019ouvrir \u00e0 l\u2019international gr\u00e2ce au num\u00e9rique<\/strong><\/h2>\n<p>&nbsp;<\/p>\n<p>Alors que le second confinement compromet la tenue du <strong>Festival Locombia<\/strong>, Thomas Belet \u201c<em>lance les <strong><a href=\"https:\/\/www.auxsons.com\/breves\/lancement-des-locombia-dj-sessions\/\">Locombia <span class=\"caps\">DJ<\/span> sessions<\/a><\/strong> pendant trois vendredis de novembre \u00e0 l\u2019heure de l\u2019ap\u00e9ro sous le format Facebook live, en proposant \u00e0 des DJ\u2019s colombiens, que nous souhaitions mettre en avant. <span class=\"caps\">DJ<\/span> Buenavibra, Doc Keyta de Ghetto Kumb\u00e9 et Monosonik\u00f3 Champetuo ont cr\u00e9e des sets d\u2019une heure. Cette initiative a rencontr\u00e9 un franc succ\u00e8s aupr\u00e8s de notre public et nous envisageons de r\u00e9it\u00e9rer la proposition en&nbsp;2021.\u201d&nbsp;<\/em><\/p>\n<iframe src=\"https:\/\/www.youtube.com\/embed\/EwDkWnPTmTc\" width=\"560\" height=\"315\" frameborder=\"0\" allowfullscreen=\"allowfullscreen\"><\/iframe>\n<p>&nbsp;<\/p>\n<p>Jean-Michel Journet de l\u2019agence <strong><span class=\"caps\">WOOKA\u00cf<\/span><\/strong> a \u201c<em>pu exp\u00e9rimenter des livestreams, notamment avec <span class=\"caps\">YADAM<\/span> gr\u00e2ce \u00e0 l\u2019organisation mondiale SofarSounds, et sur les r\u00e9seaux sociaux de la <a href=\"https:\/\/www.scenefrancaise.fr\/\" target=\"_blank\" rel=\"noopener\"><strong><span class=\"caps\">SACEM<\/span><\/strong><\/a> dans le cadre de son soutien \u00e0 la <strong>#Sc\u00e8neFran\u00e7aise<\/strong><\/em>\u201d<\/p>\n<p>Cendryne Ro\u00eb, de <strong>Nomades Kultur,<\/strong> a imagin\u00e9 une E-F\u00eate de la Musique \u00e0 Aubagne <em>: \u201cUn format original,&nbsp;assez innovant, proposant une balade musicale virtuelle dans les rues d\u2019Aubagne valorisant les artistes de la r\u00e9gion Sud. Cette balade musicale a permis&nbsp;de retrouver les lieux embl\u00e9matiques de la ville o\u00f9 ont traditionnellement lieu les concerts du&nbsp;21 juin.&nbsp; Le programme a mis en avant &nbsp;15 artistes<strong>&nbsp;<\/strong>r\u00e9gionaux dans&nbsp;15 lieux&nbsp;du c\u0153ur de ville et l\u2019\u00e9mission a \u00e9t\u00e9 diffus\u00e9e sur Youtube,&nbsp;sur les sites et r\u00e9seaux sociaux de la ville d\u2019Aubagne et de Nomades Kultur. C\u2019est un format qui a tr\u00e8s bien fonctionn\u00e9.&nbsp;<\/em>&nbsp;\u201d<\/p>\n<iframe title=\"En balade \u00e0 Aubagne pour une e-f\u00eate de la musique 2020 !\" width=\"640\" height=\"360\" src=\"https:\/\/www.youtube.com\/embed\/CGTXDA9vDgc?feature=oembed\" frameborder=\"0\" allow=\"accelerometer; autoplay; clipboard-write; encrypted-media; gyroscope; picture-in-picture; web-share\" referrerpolicy=\"strict-origin-when-cross-origin\" allowfullscreen><\/iframe>\n<p>&nbsp;<\/p>\n<p>Pour Fr\u00e9d\u00e9ric Perrot, d\u2019<strong>Aurasky Music<\/strong> : \u201c<em>Le point positif est, \u00e9tonnement, l\u2019ouverture sur l\u2019international\u2026 Nous avons concentr\u00e9 nos efforts sur les recherches de synchro et la diffusion sur l\u2019international. Nous avons travaill\u00e9 sur l\u2019export en Chine avec un contact local qui vient de signer le groupe Engine, dont nous sommes \u00e9diteurs, pour une tourn\u00e9e en juin 2021 gr\u00e2ce au live stream initi\u00e9 par le travail remarquable d\u2019Eric de Fontenay, <span class=\"caps\">CEO<\/span> de MusicDish China. Nous avons \u00e9galement sign\u00e9 un accord de distribution locale de tout notre catalogue avec leur partenaire <span class=\"caps\">HI<\/span>!Five. Notre catalogue en sync licensing est souvent shortlist\u00e9 sur des agences de publicit\u00e9 en Allemagne ainsi qu\u2019aux <span class=\"caps\">USA<\/span> ! Ce qui nous laisse un peu d\u2019espoir pour l\u2019avenir\u2026&nbsp;\u201d<\/em><\/p>\n<p>Jean-Michel Journet&nbsp;de l\u2019agence <strong><span class=\"caps\">WOOKA\u00cf\u00cf<\/span>&nbsp;<\/strong>va aussi dans ce sens :<em> \u201cEn tant que manager, la possibilit\u00e9 d\u2019assister de fa\u00e7on virtuelle \u00e0 des salons internationaux et speedmeetings a permis d\u2019\u00e9tendre davantage mon r\u00e9seau hors de France.\u201d<\/em><\/p>\n<p>&nbsp;<\/p>\n<p><strong>#AuxSons #Sc\u00e8neFran\u00e7aise, une s\u00e9rie \u00e0 suivre \u2026 La semaine prochaine : <b>&nbsp;Crise sanitaire, les difficult\u00e9s persistantes et les limites du num\u00e9rique.<\/b><\/strong><\/p>\n<p>&nbsp;<\/p>\n<p>#AuxSons est partenaire de l\u2019op\u00e9ration #Sc\u00e8neFran\u00e7aise de la <strong><a href=\"https:\/\/www.scenefrancaise.fr\/\"><span class=\"caps\">SACEM<\/span><\/a>. <\/strong>D\u00e9couvrez tous <strong><a href=\"https:\/\/www.auxsons.com\/en\/?s=%23Sc%C3%A8neFran%C3%A7aise&amp;doing_wp_cron=1614252112.1796360015869140625000\" target=\"_blank\" rel=\"noopener\">nos contenus #Sc\u00e8neFran\u00e7aise<\/a><\/strong> :<\/p>\n<ul>\n<li>3 questions \u00e0&nbsp;<strong><strong><strong><a href=\"https:\/\/www.auxsons.com\/en\/breves\/scenefrancaise-auxsons-3-questions-a-toma-feterman\/\" target=\"_blank\" rel=\"noopener\">Toma Feterman<\/a>, <a href=\"https:\/\/www.auxsons.com\/en\/breves\/scenefrancaise-auxsons-3-questions-a-bafang\/\" target=\"_blank\" rel=\"noopener\"><span class=\"caps\">BAFANG<\/span><\/a>, <a href=\"https:\/\/www.auxsons.com\/en\/breves\/scenefrancaise-auxsons-3-questions-a-sofiane-saidi\/\" target=\"_blank\" rel=\"noopener\">Sofiane Sa\u00efdi<\/a>, <a href=\"https:\/\/www.auxsons.com\/en\/breves\/scenefrancaise-auxsons-3-questions-a-naissam-jalal\/\" target=\"_blank\" rel=\"noopener\">Na\u00efssam Jalal<\/a>, <a href=\"https:\/\/www.auxsons.com\/en\/breves\/scenefrancaise-auxsons-3-questions-a-oum\/\" target=\"_blank\" rel=\"noopener\"><span class=\"caps\">OUM<\/span><\/a>, <a href=\"https:\/\/www.auxsons.com\/en\/?post_type=breves&amp;p=11770\" target=\"_blank\" rel=\"noopener\">La Chica<\/a>, <a href=\"https:\/\/www.auxsons.com\/en\/breves\/scenefrancaise-auxsons-3-questions-a-sandra-nkake\/\" target=\"_blank\" rel=\"noopener\">Sandra Nkak\u00e9<\/a><\/strong><\/strong><\/strong><\/li>\n<li>portraits de <strong><a href=\"https:\/\/www.auxsons.com\/en\/breves\/scenefrancaise-auxsons-olena-uutai-le-souffle-chamanique\/\" target=\"_blank\" rel=\"noopener\">Olena Uutai<\/a><\/strong>, <strong><a href=\"https:\/\/www.auxsons.com\/en\/breves\/scenefrancaise-auxsons-bim-benin-international-musical-le-benin-passe-et-futur-au-present\/\" target=\"_blank\" rel=\"noopener\">B\u00e9nin International Musical<\/a><\/strong>, <strong><a href=\"https:\/\/www.auxsons.com\/en\/breves\/scenefrancaise-auxsons-dakhabrakha-folklore-ukrainien-reinvente\/\" target=\"_blank\" rel=\"noopener\">DakhaBrakha<\/a><\/strong>, <strong><a href=\"https:\/\/www.auxsons.com\/en\/breves\/scenefrancaise-auxsons-fulu-misiki-afro-recyclage-avant-gardiste\/\" target=\"_blank\" rel=\"noopener\">Fulu Miziki<\/a><\/strong>, <strong><a href=\"https:\/\/www.auxsons.com\/en\/breves\/scenefrancaise-auxsons-kumbia-boruka-cumbia-metisse\/\" target=\"_blank\" rel=\"noopener\">Kumbia Boruka<\/a><\/strong>, <strong><a href=\"https:\/\/www.auxsons.com\/en\/breves\/scenefrancaise-auxsons-derya-yildirim-et-grup-simsek-psyche-funk-et-poesie-turque-engagee\/\" target=\"_blank\" rel=\"noopener\">Derya Yildirim et Grup \u015eim\u015fek<\/a><\/strong>, <strong><a href=\"https:\/\/www.auxsons.com\/en\/breves\/scenefrancaise-auxsons-lemma-des-algeriennes-reunies-pour-preserver-leurs-traditions-musicales-et-vaincre-les-tabous-sexistes\/\" target=\"_blank\" rel=\"noopener\">Lemma<\/a><\/strong>, <strong><a href=\"https:\/\/www.auxsons.com\/en\/breves\/scenefrancaise-auxsons-lankum-revolution-folk-en-irlande\/\" target=\"_blank\" rel=\"noopener\">Lankum<\/a><\/strong>, <strong><a href=\"https:\/\/www.auxsons.com\/en\/breves\/scenefrancaise-auxsons-sona-jobarteh-la-kora-au-feminin\/\" target=\"_blank\" rel=\"noopener\">Sona Jobarteh<\/a><\/strong> et <strong><a href=\"https:\/\/www.auxsons.com\/en\/breves\/scenefrancaise-auxsons-guiss-guiss-bou-bess-alliage-cisele-de-sabar-senegalais-et-delectro-eclectique\/\" target=\"_blank\" rel=\"noopener\">Guiss Guiss Bou Bess<\/a><\/strong> !<\/li>\n<\/ul>\n","protected":false},"excerpt":{"rendered":"<p><strong><em>#Sc\u00e8neFran\u00e7aise des musiques actuelles du monde : petit tour d\u2019horizon des innovations, sources d\u2019espoir, nouvelles formules <span class=\"amp\">&amp;<\/span> astuces pour continuer \u00e0 proposer une culture essentielle&nbsp;!<\/em><\/strong><\/p>\n","protected":false},"author":4,"featured_media":15513,"template":"","meta":{"_acf_changed":false,"wp_typography_post_enhancements_disabled":false,"footnotes":""},"class_list":["post-15509","breves","type-breves","status-publish","has-post-thumbnail","hentry"],"acf":[],"yoast_head":"<!-- This site is optimized with the Yoast SEO plugin v27.5 - https:\/\/yoast.com\/product\/yoast-seo-wordpress\/ -->\n<title>#Sc\u00e8neFran\u00e7aise : Crise sanitaire, innovations et sources d\u2019espoir pour la musique - #AuxSons<\/title>\n<meta name=\"description\" content=\"La #Sc\u00e8neFran\u00e7aise des musiques actuelles du monde : tour d\u2019horizon des innovations &amp; sources d\u2019espoir pour continuer \u00e0 proposer une culture essentielle !\" \/>\n<meta name=\"robots\" content=\"index, follow, max-snippet:-1, max-image-preview:large, max-video-preview:-1\" \/>\n<link rel=\"canonical\" href=\"https:\/\/www.auxsons.com\/en\/breves\/auxsons-scenefrancaise-crise-sanitaire-innovations-et-sources-despoir-pour-la-musique\/\" \/>\n<meta property=\"og:locale\" content=\"en_US\" \/>\n<meta property=\"og:type\" content=\"article\" \/>\n<meta property=\"og:title\" content=\"#Sc\u00e8neFran\u00e7aise : Crise sanitaire, innovations et sources d\u2019espoir pour la musique - #AuxSons\" \/>\n<meta property=\"og:description\" content=\"La #Sc\u00e8neFran\u00e7aise des musiques actuelles du monde : tour d\u2019horizon des innovations &amp; sources d\u2019espoir pour continuer \u00e0 proposer une culture essentielle !\" \/>\n<meta property=\"og:url\" content=\"https:\/\/www.auxsons.com\/en\/breves\/auxsons-scenefrancaise-crise-sanitaire-innovations-et-sources-despoir-pour-la-musique\/\" \/>\n<meta property=\"og:site_name\" content=\"#AuxSons\" \/>\n<meta property=\"article:publisher\" content=\"https:\/\/www.facebook.com\/auxsons\/\" \/>\n<meta property=\"article:modified_time\" content=\"2021-03-03T10:15:53+00:00\" \/>\n<meta property=\"og:image\" content=\"https:\/\/www.auxsons.com\/wp-content\/uploads\/2021\/02\/sfadherents-episode-2opt-scaled.jpg\" \/>\n\t<meta property=\"og:image:width\" content=\"2560\" \/>\n\t<meta property=\"og:image:height\" content=\"2560\" \/>\n\t<meta property=\"og:image:type\" content=\"image\/jpeg\" \/>\n<meta name=\"twitter:card\" content=\"summary_large_image\" \/>\n<meta name=\"twitter:site\" content=\"@auxsons\" \/>\n<meta name=\"twitter:label1\" content=\"Est. reading time\" \/>\n\t<meta name=\"twitter:data1\" content=\"6 minutes\" \/>\n<script type=\"application\/ld+json\" class=\"yoast-schema-graph\">{\"@context\":\"https:\\\/\\\/schema.org\",\"@graph\":[{\"@type\":\"WebPage\",\"@id\":\"https:\\\/\\\/www.auxsons.com\\\/en\\\/breves\\\/auxsons-scenefrancaise-crise-sanitaire-innovations-et-sources-despoir-pour-la-musique\\\/\",\"url\":\"https:\\\/\\\/www.auxsons.com\\\/en\\\/breves\\\/auxsons-scenefrancaise-crise-sanitaire-innovations-et-sources-despoir-pour-la-musique\\\/\",\"name\":\"#Sc\u00e8neFran\u00e7aise : Crise sanitaire, innovations et sources d\u2019espoir pour la musique - #AuxSons\",\"isPartOf\":{\"@id\":\"https:\\\/\\\/www.auxsons.com\\\/en\\\/#website\"},\"primaryImageOfPage\":{\"@id\":\"https:\\\/\\\/www.auxsons.com\\\/en\\\/breves\\\/auxsons-scenefrancaise-crise-sanitaire-innovations-et-sources-despoir-pour-la-musique\\\/#primaryimage\"},\"image\":{\"@id\":\"https:\\\/\\\/www.auxsons.com\\\/en\\\/breves\\\/auxsons-scenefrancaise-crise-sanitaire-innovations-et-sources-despoir-pour-la-musique\\\/#primaryimage\"},\"thumbnailUrl\":\"https:\\\/\\\/www.auxsons.com\\\/wp-content\\\/uploads\\\/2021\\\/02\\\/sfadherents-episode-2opt-scaled.jpg\",\"datePublished\":\"2021-03-02T16:07:54+00:00\",\"dateModified\":\"2021-03-03T10:15:53+00:00\",\"description\":\"La #Sc\u00e8neFran\u00e7aise des musiques actuelles du monde : tour d\u2019horizon des innovations & sources d\u2019espoir pour continuer \u00e0 proposer une culture essentielle !\",\"breadcrumb\":{\"@id\":\"https:\\\/\\\/www.auxsons.com\\\/en\\\/breves\\\/auxsons-scenefrancaise-crise-sanitaire-innovations-et-sources-despoir-pour-la-musique\\\/#breadcrumb\"},\"inLanguage\":\"en-US\",\"potentialAction\":[{\"@type\":\"ReadAction\",\"target\":[\"https:\\\/\\\/www.auxsons.com\\\/en\\\/breves\\\/auxsons-scenefrancaise-crise-sanitaire-innovations-et-sources-despoir-pour-la-musique\\\/\"]}]},{\"@type\":\"ImageObject\",\"inLanguage\":\"en-US\",\"@id\":\"https:\\\/\\\/www.auxsons.com\\\/en\\\/breves\\\/auxsons-scenefrancaise-crise-sanitaire-innovations-et-sources-despoir-pour-la-musique\\\/#primaryimage\",\"url\":\"https:\\\/\\\/www.auxsons.com\\\/wp-content\\\/uploads\\\/2021\\\/02\\\/sfadherents-episode-2opt-scaled.jpg\",\"contentUrl\":\"https:\\\/\\\/www.auxsons.com\\\/wp-content\\\/uploads\\\/2021\\\/02\\\/sfadherents-episode-2opt-scaled.jpg\",\"width\":2560,\"height\":2560,\"caption\":\"#Sc\u00e8neFran\u00e7aise\"},{\"@type\":\"BreadcrumbList\",\"@id\":\"https:\\\/\\\/www.auxsons.com\\\/en\\\/breves\\\/auxsons-scenefrancaise-crise-sanitaire-innovations-et-sources-despoir-pour-la-musique\\\/#breadcrumb\",\"itemListElement\":[{\"@type\":\"ListItem\",\"position\":1,\"name\":\"Accueil\",\"item\":\"https:\\\/\\\/www.auxsons.com\\\/en\\\/\"},{\"@type\":\"ListItem\",\"position\":2,\"name\":\"Br\u00e8ves\",\"item\":\"https:\\\/\\\/www.auxsons.com\\\/en\\\/breves\\\/\"},{\"@type\":\"ListItem\",\"position\":3,\"name\":\"#AuxSons #Sc\u00e8neFran\u00e7aise&nbsp;: Crise sanitaire, innovations et sources d\u2019espoir pour la musique\"}]},{\"@type\":\"WebSite\",\"@id\":\"https:\\\/\\\/www.auxsons.com\\\/en\\\/#website\",\"url\":\"https:\\\/\\\/www.auxsons.com\\\/en\\\/\",\"name\":\"#AuxSons\",\"description\":\"Musiques &amp; Vibrations du Monde\",\"publisher\":{\"@id\":\"https:\\\/\\\/www.auxsons.com\\\/en\\\/#organization\"},\"potentialAction\":[{\"@type\":\"SearchAction\",\"target\":{\"@type\":\"EntryPoint\",\"urlTemplate\":\"https:\\\/\\\/www.auxsons.com\\\/en\\\/?s={search_term_string}\"},\"query-input\":{\"@type\":\"PropertyValueSpecification\",\"valueRequired\":true,\"valueName\":\"search_term_string\"}}],\"inLanguage\":\"en-US\"},{\"@type\":\"Organization\",\"@id\":\"https:\\\/\\\/www.auxsons.com\\\/en\\\/#organization\",\"name\":\"#AuxSons\",\"url\":\"https:\\\/\\\/www.auxsons.com\\\/en\\\/\",\"logo\":{\"@type\":\"ImageObject\",\"inLanguage\":\"en-US\",\"@id\":\"https:\\\/\\\/www.auxsons.com\\\/en\\\/#\\\/schema\\\/logo\\\/image\\\/\",\"url\":\"https:\\\/\\\/www.auxsons.com\\\/wp-content\\\/uploads\\\/2018\\\/10\\\/logo-aux-sons@2x.png\",\"contentUrl\":\"https:\\\/\\\/www.auxsons.com\\\/wp-content\\\/uploads\\\/2018\\\/10\\\/logo-aux-sons@2x.png\",\"width\":320,\"height\":192,\"caption\":\"#AuxSons\"},\"image\":{\"@id\":\"https:\\\/\\\/www.auxsons.com\\\/en\\\/#\\\/schema\\\/logo\\\/image\\\/\"},\"sameAs\":[\"https:\\\/\\\/www.facebook.com\\\/auxsons\\\/\",\"https:\\\/\\\/x.com\\\/auxsons\",\"https:\\\/\\\/www.instagram.com\\\/auxsons\\\/\",\"https:\\\/\\\/www.youtube.com\\\/channel\\\/UC_NjOjgZNHW-6MaXKWavFKQ\"]}]}<\/script>\n<!-- \/ Yoast SEO plugin. -->","yoast_head_json":{"title":"#Sc\u00e8neFran\u00e7aise : Crise sanitaire, innovations et sources d\u2019espoir pour la musique - #AuxSons","description":"La #Sc\u00e8neFran\u00e7aise des musiques actuelles du monde : tour d\u2019horizon des innovations & sources d\u2019espoir pour continuer \u00e0 proposer une culture essentielle !","robots":{"index":"index","follow":"follow","max-snippet":"max-snippet:-1","max-image-preview":"max-image-preview:large","max-video-preview":"max-video-preview:-1"},"canonical":"https:\/\/www.auxsons.com\/en\/breves\/auxsons-scenefrancaise-crise-sanitaire-innovations-et-sources-despoir-pour-la-musique\/","og_locale":"en_US","og_type":"article","og_title":"#Sc\u00e8neFran\u00e7aise : Crise sanitaire, innovations et sources d\u2019espoir pour la musique - #AuxSons","og_description":"La #Sc\u00e8neFran\u00e7aise des musiques actuelles du monde : tour d\u2019horizon des innovations & sources d\u2019espoir pour continuer \u00e0 proposer une culture essentielle !","og_url":"https:\/\/www.auxsons.com\/en\/breves\/auxsons-scenefrancaise-crise-sanitaire-innovations-et-sources-despoir-pour-la-musique\/","og_site_name":"#AuxSons","article_publisher":"https:\/\/www.facebook.com\/auxsons\/","article_modified_time":"2021-03-03T10:15:53+00:00","og_image":[{"width":2560,"height":2560,"url":"https:\/\/www.auxsons.com\/wp-content\/uploads\/2021\/02\/sfadherents-episode-2opt-scaled.jpg","type":"image\/jpeg"}],"twitter_card":"summary_large_image","twitter_site":"@auxsons","twitter_misc":{"Est. reading time":"6 minutes"},"schema":{"@context":"https:\/\/schema.org","@graph":[{"@type":"WebPage","@id":"https:\/\/www.auxsons.com\/en\/breves\/auxsons-scenefrancaise-crise-sanitaire-innovations-et-sources-despoir-pour-la-musique\/","url":"https:\/\/www.auxsons.com\/en\/breves\/auxsons-scenefrancaise-crise-sanitaire-innovations-et-sources-despoir-pour-la-musique\/","name":"#Sc\u00e8neFran\u00e7aise : Crise sanitaire, innovations et sources d\u2019espoir pour la musique - #AuxSons","isPartOf":{"@id":"https:\/\/www.auxsons.com\/en\/#website"},"primaryImageOfPage":{"@id":"https:\/\/www.auxsons.com\/en\/breves\/auxsons-scenefrancaise-crise-sanitaire-innovations-et-sources-despoir-pour-la-musique\/#primaryimage"},"image":{"@id":"https:\/\/www.auxsons.com\/en\/breves\/auxsons-scenefrancaise-crise-sanitaire-innovations-et-sources-despoir-pour-la-musique\/#primaryimage"},"thumbnailUrl":"https:\/\/www.auxsons.com\/wp-content\/uploads\/2021\/02\/sfadherents-episode-2opt-scaled.jpg","datePublished":"2021-03-02T16:07:54+00:00","dateModified":"2021-03-03T10:15:53+00:00","description":"La #Sc\u00e8neFran\u00e7aise des musiques actuelles du monde : tour d\u2019horizon des innovations & sources d\u2019espoir pour continuer \u00e0 proposer une culture essentielle !","breadcrumb":{"@id":"https:\/\/www.auxsons.com\/en\/breves\/auxsons-scenefrancaise-crise-sanitaire-innovations-et-sources-despoir-pour-la-musique\/#breadcrumb"},"inLanguage":"en-US","potentialAction":[{"@type":"ReadAction","target":["https:\/\/www.auxsons.com\/en\/breves\/auxsons-scenefrancaise-crise-sanitaire-innovations-et-sources-despoir-pour-la-musique\/"]}]},{"@type":"ImageObject","inLanguage":"en-US","@id":"https:\/\/www.auxsons.com\/en\/breves\/auxsons-scenefrancaise-crise-sanitaire-innovations-et-sources-despoir-pour-la-musique\/#primaryimage","url":"https:\/\/www.auxsons.com\/wp-content\/uploads\/2021\/02\/sfadherents-episode-2opt-scaled.jpg","contentUrl":"https:\/\/www.auxsons.com\/wp-content\/uploads\/2021\/02\/sfadherents-episode-2opt-scaled.jpg","width":2560,"height":2560,"caption":"#Sc\u00e8neFran\u00e7aise"},{"@type":"BreadcrumbList","@id":"https:\/\/www.auxsons.com\/en\/breves\/auxsons-scenefrancaise-crise-sanitaire-innovations-et-sources-despoir-pour-la-musique\/#breadcrumb","itemListElement":[{"@type":"ListItem","position":1,"name":"Accueil","item":"https:\/\/www.auxsons.com\/en\/"},{"@type":"ListItem","position":2,"name":"Br\u00e8ves","item":"https:\/\/www.auxsons.com\/en\/breves\/"},{"@type":"ListItem","position":3,"name":"#AuxSons #Sc\u00e8neFran\u00e7aise&nbsp;: Crise sanitaire, innovations et sources d\u2019espoir pour la musique"}]},{"@type":"WebSite","@id":"https:\/\/www.auxsons.com\/en\/#website","url":"https:\/\/www.auxsons.com\/en\/","name":"#AuxSons","description":"Musiques &amp; Vibrations du Monde","publisher":{"@id":"https:\/\/www.auxsons.com\/en\/#organization"},"potentialAction":[{"@type":"SearchAction","target":{"@type":"EntryPoint","urlTemplate":"https:\/\/www.auxsons.com\/en\/?s={search_term_string}"},"query-input":{"@type":"PropertyValueSpecification","valueRequired":true,"valueName":"search_term_string"}}],"inLanguage":"en-US"},{"@type":"Organization","@id":"https:\/\/www.auxsons.com\/en\/#organization","name":"#AuxSons","url":"https:\/\/www.auxsons.com\/en\/","logo":{"@type":"ImageObject","inLanguage":"en-US","@id":"https:\/\/www.auxsons.com\/en\/#\/schema\/logo\/image\/","url":"https:\/\/www.auxsons.com\/wp-content\/uploads\/2018\/10\/logo-aux-sons@2x.png","contentUrl":"https:\/\/www.auxsons.com\/wp-content\/uploads\/2018\/10\/logo-aux-sons@2x.png","width":320,"height":192,"caption":"#AuxSons"},"image":{"@id":"https:\/\/www.auxsons.com\/en\/#\/schema\/logo\/image\/"},"sameAs":["https:\/\/www.facebook.com\/auxsons\/","https:\/\/x.com\/auxsons","https:\/\/www.instagram.com\/auxsons\/","https:\/\/www.youtube.com\/channel\/UC_NjOjgZNHW-6MaXKWavFKQ"]}]}},"_links":{"self":[{"href":"https:\/\/www.auxsons.com\/en\/wp-json\/wp\/v2\/breves\/15509","targetHints":{"allow":["GET"]}}],"collection":[{"href":"https:\/\/www.auxsons.com\/en\/wp-json\/wp\/v2\/breves"}],"about":[{"href":"https:\/\/www.auxsons.com\/en\/wp-json\/wp\/v2\/types\/breves"}],"author":[{"embeddable":true,"href":"https:\/\/www.auxsons.com\/en\/wp-json\/wp\/v2\/users\/4"}],"version-history":[{"count":0,"href":"https:\/\/www.auxsons.com\/en\/wp-json\/wp\/v2\/breves\/15509\/revisions"}],"wp:featuredmedia":[{"embeddable":true,"href":"https:\/\/www.auxsons.com\/en\/wp-json\/wp\/v2\/media\/15513"}],"wp:attachment":[{"href":"https:\/\/www.auxsons.com\/en\/wp-json\/wp\/v2\/media?parent=15509"}],"curies":[{"name":"wp","href":"https:\/\/api.w.org\/{rel}","templated":true}]}}