{"id":15240,"date":"2021-02-23T11:13:49","date_gmt":"2021-02-23T10:13:49","guid":{"rendered":"http:\/\/www.auxsons.com\/?post_type=breves&#038;p=15240"},"modified":"2021-02-25T14:55:31","modified_gmt":"2021-02-25T13:55:31","slug":"auxsons-scenefrancaise-crise-sanitaire-qua-t-on-rate-en-2020","status":"publish","type":"breves","link":"https:\/\/www.auxsons.com\/en\/breves\/auxsons-scenefrancaise-crise-sanitaire-qua-t-on-rate-en-2020\/","title":{"rendered":"#AuxSons #Sc\u00e8neFran\u00e7aise : Crise sanitaire, qu\u2019a-t-on rat\u00e9 en&nbsp;2020&nbsp;?"},"content":{"rendered":"<p><strong><em>Face aux vagues d\u2019annulations et de reports, #AuxSons rep\u00eache les initiatives tomb\u00e9es \u00e0 l\u2019eau dont on aurait d\u00fb s\u2019abreuver en 2020. Rencontre avec quelques uns des cr\u00e9ateurs, ou des professionnels de l\u2019ombre, qui se d\u00e9m\u00e8nent pour continuer \u00e0 braquer les projecteurs sur la #Sc\u00e8neFran\u00e7aise des musiques actuelles du&nbsp;monde.<\/em><\/strong><\/p>\n<p>&nbsp;<\/p>\n<img decoding=\"async\" class=\"alignnone wp-image-15337 size-full lazyload\" data-src=\"https:\/\/www.auxsons.com\/wp-content\/uploads\/2021\/02\/adherents-2-scaled.jpg\" alt width=\"2560\" height=\"1024\" data-srcset=\"https:\/\/www.auxsons.com\/wp-content\/uploads\/2021\/02\/adherents-2-scaled.jpg 1920w, https:\/\/www.auxsons.com\/wp-content\/uploads\/2021\/02\/adherents-2-300x120.jpg 300w, https:\/\/www.auxsons.com\/wp-content\/uploads\/2021\/02\/adherents-2-1024x410.jpg 1024w, https:\/\/www.auxsons.com\/wp-content\/uploads\/2021\/02\/adherents-2-768x307.jpg 768w, https:\/\/www.auxsons.com\/wp-content\/uploads\/2021\/02\/adherents-2-1536x615.jpg 1536w, https:\/\/www.auxsons.com\/wp-content\/uploads\/2021\/02\/adherents-2-2048x819.jpg 2048w\" data-sizes=\"(max-width: 2560px) 100vw, 2560px\" src=\"data:image\/svg+xml;base64,PHN2ZyB3aWR0aD0iMSIgaGVpZ2h0PSIxIiB4bWxucz0iaHR0cDovL3d3dy53My5vcmcvMjAwMC9zdmciPjwvc3ZnPg==\" style=\"--smush-placeholder-width: 2560px; --smush-placeholder-aspect-ratio: 2560\/1024;\">\n<p><strong>Avec les interventions de : 1. Colin Rigaud, <\/strong>bookeur et programmateur de <a href=\"https:\/\/prod.jaspir.com\/\" target=\"_blank\" rel=\"noopener\"><strong>Jaspir Prod<\/strong><\/a>&nbsp;(production, booking et diffusion)<strong> \/ 2. Jean Michel Journet <\/strong>manager de <strong><a href=\"https:\/\/www.facebook.com\/wookaii\/\" target=\"_blank\" rel=\"noopener\">Wooka\u00ef\u00ef<\/a> <\/strong>(management et \u00e9dition) <strong>\/ 3.<\/strong>&nbsp;<strong>Jean-Christophe Delcroix <\/strong>directeur et programmateur du <a href=\"https:\/\/www.letamanoir.com\/\" target=\"_blank\" rel=\"noopener\"><strong>Tamanoir<\/strong><\/a> (salle de concert \u00e0 Genevilliers - Hauts de Seine) \/<strong>4. Fr\u00e9d\u00e9ric Perrot <\/strong>Label manager, bookeur et attach\u00e9 de presse d\u2019<a href=\"https:\/\/www.auraskymusic.com\/\" target=\"_blank\" rel=\"noopener\"><strong>Aurasky music<\/strong><\/a> (label et agence de services pour artistes) \/<strong> 5. Raphael Vuillard <\/strong>directeur artistique du groupe lyonnais <strong><a href=\"http:\/\/www.babassalam.com\/\" target=\"_blank\" rel=\"noopener\">Bab Assalam<\/a> \/ 6. Marine Thuilliez<\/strong>, charg\u00e9e de communication et <strong>Sabiha Zabiteva<\/strong>, assistante de production et diffusion pour <a href=\"http:\/\/dellarte.fr\/\" target=\"_blank\" rel=\"noopener\"><strong>l\u2019association socio-culturelle<\/strong> <strong>Dell\u2019Arte<\/strong><\/a> (bas\u00e9e \u00e0 Toulouse)<strong> \/ 7. Cendryne Ro\u00eb <\/strong>directrice de <strong><a href=\"https:\/\/nomadeskultur.com\/\" target=\"_blank\" rel=\"noopener\">Nomades Kultur<\/a> \/ 8.<\/strong> <a href=\"https:\/\/www.collectifmedzbazar.com\/fr\" target=\"_blank\" rel=\"noopener\"><strong>Le Collectif Medz Bazar<\/strong><\/a> (groupe d\u2019alternative-folk) <strong>\/ 9. Roch Amedet Banzouzi<\/strong>, com\u00e9dien d\u2019origine congolaise, cofondateur de la compagnie <strong><a href=\"https:\/\/www.facebook.com\/groups\/compagniepuntanegra\" target=\"_blank\" rel=\"noopener\">Punta Negra<\/a><\/strong> et de <strong><a href=\"https:\/\/www.facebook.com\/drumsbantu243\" target=\"_blank\" rel=\"noopener\">Drum\u2019s Bantu<\/a><\/strong>&nbsp;\/ <strong>10.&nbsp;Thomas Belet,<\/strong> programmateur et r\u00e9gisseur g\u00e9n\u00e9ral du <strong><a href=\"https:\/\/locombiafestival.com\/\" target=\"_blank\" rel=\"noopener\">Festival Locombia <\/a><\/strong>(\u00e0 Toulouse).<\/p>\n<p>&nbsp;<\/p>\n<h2><strong>Les annulations de concerts compromettent l\u2019existence des projets<\/strong><\/h2>\n<p>&nbsp;<\/p>\n<p><em><span class=\"dquo\">\u201c<\/span>Les dates de concerts qui ont pu \u00eatre maintenues se comptent sur les doigts de la main\u2026\u201d <\/em>confie Colin Rigaud de <strong><a href=\"https:\/\/www.auxsons.com\/breves\/djely-tapa-remporte-le-prix-du-meilleur-album-world-music-aux-juno-awards\/?doing_wp_cron=1613409874.7297949790954589843750\">Jaspir Prod<\/a> <\/strong><em>: \u201cOn pr\u00e9voyait de d\u00e9marrer le d\u00e9veloppement en Europe de <strong><a href=\"https:\/\/www.auxsons.com\/breves\/djely-tapa-remporte-le-prix-du-meilleur-album-world-music-aux-juno-awards\/\" target=\"_blank\" rel=\"noopener\">Djely Tapa<\/a><\/strong> (Mali - Canada) via une tourn\u00e9e et une sortie d\u2019album. La tourn\u00e9e qui aurait d\u00fb avoir lieu en mai et juin a finalement \u00e9t\u00e9 report\u00e9e.\u201d<\/em><\/p>\n<iframe title=\"Djely Tapa - Barokan (Official Music Video)\" width=\"640\" height=\"360\" src=\"https:\/\/www.youtube.com\/embed\/UUbD1aZ6UGs?feature=oembed\" frameborder=\"0\" allow=\"accelerometer; autoplay; clipboard-write; encrypted-media; gyroscope; picture-in-picture; web-share\" referrerpolicy=\"strict-origin-when-cross-origin\" allowfullscreen><\/iframe>\n<p>&nbsp;<\/p>\n<p>M\u00eame constat chez <strong><span class=\"caps\">WOOKA\u00cf\u00cf<\/span>&nbsp;<\/strong>: \u201c<em>Nous avons d\u00fb repousser<\/em><em> \u00e0 2021\/2022 une grande partie de la tourn\u00e9e du oudiste palestinien Hussam Aliwat d\u00e9fendant l\u2019album \u201cBorn Now\u201d ( 2019), dont le concert pour les 30 ans du <strong><a href=\"https:\/\/www.zonefranche.com\/\" target=\"_blank\" rel=\"noopener\">R\u00e9seau Zone Franche<\/a> <\/strong><\/em>\u201d, d\u00e9plore Jean-Michel Journet : \u201c<em>Le premier <span class=\"caps\">EP<\/span> \u201cSafeplace\u201d de l\u2019artiste v\u00e9n\u00e9zu\u00e9lien <span class=\"caps\">YADAM<\/span> venait \u00e0 peine de sortir en f\u00e9vrier 2020, que la promotion et les concerts ont \u00e9t\u00e9 arr\u00eat\u00e9s.\u201d<\/em><\/p>\n<iframe title=\"Osam (aka Hussam Aliwat) -  OUT OF THE BLUE (Live Session)\" width=\"640\" height=\"360\" src=\"https:\/\/www.youtube.com\/embed\/6VSqiMck2xI?feature=oembed\" frameborder=\"0\" allow=\"accelerometer; autoplay; clipboard-write; encrypted-media; gyroscope; picture-in-picture; web-share\" referrerpolicy=\"strict-origin-when-cross-origin\" allowfullscreen><\/iframe>\n<p>&nbsp;<\/p>\n<p>Chez <strong><span class=\"caps\">AURASKY<\/span> <span class=\"caps\">MUSIC<\/span> <\/strong>Fr\u00e9d\u00e9ric Perrot \u00e9value les d\u00e9g\u00e2ts : \u201c<em>les artistes A\u00efcha Tour\u00e9, Adrian Clarck, Uptight et <strong><a href=\"https:\/\/www.auxsons.com\/album\/out-of-sight\/\" target=\"_blank\" rel=\"noopener\">Archibald<\/a><\/strong> ont \u00e9t\u00e9 les plus touch\u00e9s par cette crise du fait des concerts report\u00e9s ou annul\u00e9s.\u201d <\/em>De m\u00eame, <em>\u201c les sorties digitales, comme celles de <strong><a href=\"https:\/\/www.auxsons.com\/album\/capitan\/\" target=\"_blank\" rel=\"noopener\">Capitan de \u2018Cuba Libre Grupo\u2019<\/a>,<\/strong> et \u2018Unfeeling\u2019 de Cool Ruins sont pass\u00e9es totalement inaper\u00e7ues\u2026\u201d<br>\n<\/em><\/p>\n<iframe title=\"LADY CAIRN (Clip) \/\/ Out Of Sight\" width=\"640\" height=\"360\" src=\"https:\/\/www.youtube.com\/embed\/P2tOjR84oAk?feature=oembed\" frameborder=\"0\" allow=\"accelerometer; autoplay; clipboard-write; encrypted-media; gyroscope; picture-in-picture; web-share\" referrerpolicy=\"strict-origin-when-cross-origin\" allowfullscreen><\/iframe>\n<p>&nbsp;<\/p>\n<p>Jean-Christophe Delcroix du <strong>Tamanoir<\/strong>, \u00e9voque les actions auxquelles il a du renoncer : \u201c<em>Au printemps 2020, dans le cadre d\u2019un jumelage avec Gennevilliers, il devait y avoir une repr\u00e9sentation au Panth\u00e9on de la chorale soul hip hop interg\u00e9n\u00e9rationnelle Tama Vox, encadr\u00e9e par Sly Johnson. Nous devions \u00e9galement accueillir au Tamanoir une tr\u00e8s belle programmation avec notamment des groupes ou des artistes comme Lee Perry, Kokoroko, David Walters, London Afrobeat Collective, Les Fr\u00e8res Guiss\u00e9, Arat Kilo <span class=\"amp\">&amp;<\/span> Mamani Keita, ou l\u2019Orchestre National de Barb\u00e8s&nbsp;\u2026.\u201d<\/em><\/p>\n<iframe title=\"Sly Johnson &amp; Tama Vox Ain't no sunshine when she's gone (Sting) @La Cave Argenteuil 25\/01\/2020\" width=\"640\" height=\"360\" src=\"https:\/\/www.youtube.com\/embed\/8d_ENNOIV3A?feature=oembed\" frameborder=\"0\" allow=\"accelerometer; autoplay; clipboard-write; encrypted-media; gyroscope; picture-in-picture; web-share\" referrerpolicy=\"strict-origin-when-cross-origin\" allowfullscreen><\/iframe>\n<p>&nbsp;<\/p>\n<p>Face aux reports, les nouveaux projets ne trouvent plus de place dans la saison 2021\/2022. Le groupe <strong>Bab Assalam<\/strong> en t\u00e9moigne : \u201c<em>Les calendriers des th\u00e9\u00e2tres et salles de spectacles sont ing\u00e9rables, il n\u2019y a pas de place pour les nouvelles cr\u00e9ations car les programmateurs sont surcharg\u00e9s et injoignables sur ce&nbsp;sujet.\u201d<\/em><\/p>\n<iframe title=\"Bab Assalam - &quot;Eloignement&quot;\" width=\"640\" height=\"360\" src=\"https:\/\/www.youtube.com\/embed\/xoBbpqLBzbQ?feature=oembed\" frameborder=\"0\" allow=\"accelerometer; autoplay; clipboard-write; encrypted-media; gyroscope; picture-in-picture; web-share\" referrerpolicy=\"strict-origin-when-cross-origin\" allowfullscreen><\/iframe>\n<p>&nbsp;<\/p>\n<p><strong>L\u2019association Dell\u2019Arte<\/strong> a d\u00fb reporter tous ses projets, m\u00eame apr\u00e8s avoir adapt\u00e9 \u201cL\u2019alternative Toucouleurs\u201d aux circonstances de la crise sanitaire. Pour marquer le caract\u00e8re solidaire de l\u2019\u00e9v\u00e9nement, \u201d <em>Avant, <\/em><em>pendant et apr\u00e8s le Coronavirus : rien ne sera plus pareil. Notre fil rouge mettait en lumi\u00e8re ce qui il y avait de positif avec une dimension interculturelle<\/em>.\u201d Dell\u2019Arte a d\u00fb l\u2019abandonner pour cette saison \u201c<em>Apr\u00e8s des mois de travail (m\u00eame pendant le confinement), de coordination en visio et en pr\u00e9sentiel, \u00e0 s\u2019adapter encore et encore, \u00e0 d\u00e9faire et refaire\u2026<\/em>\u201d<\/p>\n<h2><strong>La mobilit\u00e9 internationale des artistes impossible<\/strong><\/h2>\n<p>La mobilit\u00e9 est de plus en plus compliqu\u00e9e et chamboule les projets des artistes habitu\u00e9s \u00e0 pr\u00e9senter leurs cr\u00e9ations de par le monde. L\u2019agence de management et de Booking <strong>Nomades Kultur, <\/strong>bas\u00e9e \u00e0 Aubagne, a ainsi d\u00fb \u201c<em>reporter les deux tourn\u00e9es internationales <\/em><em>de <\/em>Juan Carmona<em> initialement pr\u00e9vues, en plus de tous les concerts en France.\u201d<\/em><\/p>\n<iframe title=\"JUAN CARMONA Septet - Jazz \u00e0 Vienne 2019\" width=\"640\" height=\"360\" src=\"https:\/\/www.youtube.com\/embed\/hsaNzpCBifQ?feature=oembed\" frameborder=\"0\" allow=\"accelerometer; autoplay; clipboard-write; encrypted-media; gyroscope; picture-in-picture; web-share\" referrerpolicy=\"strict-origin-when-cross-origin\" allowfullscreen><\/iframe>\n<p>&nbsp;<\/p>\n<p>M\u00eame sc\u00e9nario pour le collectif <strong>Medz Bazar<\/strong> (alternative-folk du Caucase, d\u2019Anatolie et des alentours), contraint d\u2019annuler leurs tourn\u00e9es \u00e0 Stockholm, au Kurdistan irakien et en Arm\u00e9nie.<\/p>\n<iframe src=\"https:\/\/www.youtube.com\/embed\/U-Y8SPt-rH0\" width=\"560\" height=\"315\" frameborder=\"0\" allowfullscreen=\"allowfullscreen\"><\/iframe>\n<p>&nbsp;<\/p>\n<p>La saison Africa 2020 pr\u00e9voyait la venue en France d\u2019une multitude d\u2019artistes du continent africain. C\u2019\u00e9tait le cas de <strong>Roch Amedet <span class=\"caps\">BANZOUZI<\/span><\/strong>, com\u00e9dien d\u2019origine congolaise, cofondateur de la compagnie Punta Negra et de <strong>Drum\u2019s Bantu<\/strong>. \u201c<em>On avait plus de 30 dates, mais les probl\u00e8mes de visas, pour faire d\u00e9placer les artistes qui venaient pour la plupart du Cameroun, n\u2019ont pas permis que la tourn\u00e9e se fasse\u201d, <\/em>nous dit-il : \u201c<em>Rien n\u2019a \u00e9t\u00e9 maintenu.<\/em> <em>On a d\u00fb tout abandonner, laissant les artistes dans une pr\u00e9carit\u00e9 qui ne dit pas son nom, surtout en Afrique.\u201d<\/em><\/p>\n<iframe title=\"DEMANDE L\u00c0 PARDON\" width=\"640\" height=\"360\" src=\"https:\/\/www.youtube.com\/embed\/ZdQztH_ZWnw?feature=oembed\" frameborder=\"0\" allow=\"accelerometer; autoplay; clipboard-write; encrypted-media; gyroscope; picture-in-picture; web-share\" referrerpolicy=\"strict-origin-when-cross-origin\" allowfullscreen><\/iframe>\n<p>&nbsp;<\/p>\n<p>Thomas Belet, programmateur et r\u00e9gisseur g\u00e9n\u00e9ral du <strong>Festival Locombia <\/strong>\u00e0 Toulouse<strong>,<\/strong> avait lui aussi pr\u00e9vu de traverser des fronti\u00e8res musicales : \u201c<em>De nombreux projets entre France et Colombie \u00e9taient pr\u00e9vus, \u00e0 commencer par la rencontre entre le groupe Canal\u00f3n de Timbiqu\u00ed<\/em><em> et le groupe toulousain R<\/em><em>eco Reco<\/em><em> autour d\u2019une r\u00e9sidence de cr\u00e9ation, suivie d\u2019une tourn\u00e9e \u00e0 l\u2019\u00e9t\u00e9 2020 en France et en Colombie. Nous continuons de travailler avec nos partenaires sur ce projet avec l\u2019espoir qu\u2019il puisse voir le jour en mai 2021 en France et \u00e0 l\u2019\u00e9t\u00e9 en Colombie.\u201d<\/em><\/p>\n<iframe title=\"Canal\u00f3n De Timbiqu\u00ed - Que Pena (V\u00efdeo Oficial)\" width=\"640\" height=\"360\" src=\"https:\/\/www.youtube.com\/embed\/FVOBUdFbxxY?feature=oembed\" frameborder=\"0\" allow=\"accelerometer; autoplay; clipboard-write; encrypted-media; gyroscope; picture-in-picture; web-share\" referrerpolicy=\"strict-origin-when-cross-origin\" allowfullscreen><\/iframe>\n<p>&nbsp;<\/p>\n<p><strong>#AuxSons #Sc\u00e8neFran\u00e7aise, une s\u00e9rie \u00e0 suivre \u2026 La semaine prochaine : Crise sanitaire, innovations et sources d\u2019espoir pour la musique<\/strong>.<\/p>\n<p>&nbsp;<\/p>\n<p>#AuxSons est partenaire de l\u2019op\u00e9ration #Sc\u00e8neFran\u00e7aise de la <strong><a href=\"https:\/\/www.scenefrancaise.fr\/\"><span class=\"caps\">SACEM<\/span><\/a>. <\/strong>D\u00e9couvrez tous <strong><a href=\"https:\/\/www.auxsons.com\/en\/?s=%23Sc%C3%A8neFran%C3%A7aise&amp;doing_wp_cron=1614252112.1796360015869140625000\" target=\"_blank\" rel=\"noopener\">nos contenus #Sc\u00e8neFran\u00e7aise<\/a><\/strong> :<\/p>\n<ul>\n<li>3 questions \u00e0&nbsp;<strong><strong><a href=\"https:\/\/www.auxsons.com\/en\/breves\/scenefrancaise-auxsons-3-questions-a-toma-feterman\/\" target=\"_blank\" rel=\"noopener\">Toma Feterman<\/a>, <a href=\"https:\/\/www.auxsons.com\/en\/breves\/scenefrancaise-auxsons-3-questions-a-bafang\/\" target=\"_blank\" rel=\"noopener\"><span class=\"caps\">BAFANG<\/span><\/a>, <a href=\"https:\/\/www.auxsons.com\/en\/breves\/scenefrancaise-auxsons-3-questions-a-sofiane-saidi\/\" target=\"_blank\" rel=\"noopener\">Sofiane Sa\u00efdi<\/a>, <a href=\"https:\/\/www.auxsons.com\/en\/breves\/scenefrancaise-auxsons-3-questions-a-naissam-jalal\/\" target=\"_blank\" rel=\"noopener\">Na\u00efssam Jalal<\/a>, <a href=\"https:\/\/www.auxsons.com\/en\/breves\/scenefrancaise-auxsons-3-questions-a-oum\/\" target=\"_blank\" rel=\"noopener\"><span class=\"caps\">OUM<\/span><\/a>, <a href=\"https:\/\/www.auxsons.com\/en\/?post_type=breves&amp;p=11770\" target=\"_blank\" rel=\"noopener\">La Chica<\/a>, <a href=\"https:\/\/www.auxsons.com\/en\/breves\/scenefrancaise-auxsons-3-questions-a-sandra-nkake\/\" target=\"_blank\" rel=\"noopener\">Sandra Nkak\u00e9<\/a><\/strong><\/strong>&nbsp;<\/li>\n<li>portraits de <strong><a href=\"https:\/\/www.auxsons.com\/en\/breves\/scenefrancaise-auxsons-olena-uutai-le-souffle-chamanique\/\" target=\"_blank\" rel=\"noopener\">Olena Uutai<\/a><\/strong>, <strong><a href=\"https:\/\/www.auxsons.com\/en\/breves\/scenefrancaise-auxsons-bim-benin-international-musical-le-benin-passe-et-futur-au-present\/\" target=\"_blank\" rel=\"noopener\">B\u00e9nin International Musical<\/a><\/strong>, <strong><a href=\"https:\/\/www.auxsons.com\/en\/breves\/scenefrancaise-auxsons-dakhabrakha-folklore-ukrainien-reinvente\/\" target=\"_blank\" rel=\"noopener\">DakhaBrakha<\/a><\/strong>, <strong><a href=\"https:\/\/www.auxsons.com\/en\/breves\/scenefrancaise-auxsons-fulu-misiki-afro-recyclage-avant-gardiste\/\" target=\"_blank\" rel=\"noopener\">Fulu Miziki<\/a><\/strong>, <strong><a href=\"https:\/\/www.auxsons.com\/en\/breves\/scenefrancaise-auxsons-kumbia-boruka-cumbia-metisse\/\" target=\"_blank\" rel=\"noopener\">Kumbia Boruka<\/a><\/strong>, <strong><a href=\"https:\/\/www.auxsons.com\/en\/breves\/scenefrancaise-auxsons-derya-yildirim-et-grup-simsek-psyche-funk-et-poesie-turque-engagee\/\" target=\"_blank\" rel=\"noopener\">Derya Yildirim et Grup \u015eim\u015fek<\/a><\/strong>, <strong><a href=\"https:\/\/www.auxsons.com\/en\/breves\/scenefrancaise-auxsons-lemma-des-algeriennes-reunies-pour-preserver-leurs-traditions-musicales-et-vaincre-les-tabous-sexistes\/\" target=\"_blank\" rel=\"noopener\">Lemma<\/a><\/strong>, <strong><a href=\"https:\/\/www.auxsons.com\/en\/breves\/scenefrancaise-auxsons-lankum-revolution-folk-en-irlande\/\" target=\"_blank\" rel=\"noopener\">Lankum<\/a><\/strong>, <strong><a href=\"https:\/\/www.auxsons.com\/en\/breves\/scenefrancaise-auxsons-sona-jobarteh-la-kora-au-feminin\/\" target=\"_blank\" rel=\"noopener\">Sona Jobarteh<\/a><\/strong> et <strong><a href=\"https:\/\/www.auxsons.com\/en\/breves\/scenefrancaise-auxsons-guiss-guiss-bou-bess-alliage-cisele-de-sabar-senegalais-et-delectro-eclectique\/\" target=\"_blank\" rel=\"noopener\">Guiss Guiss Bou Bess<\/a><\/strong> !<\/li>\n<\/ul>\n","protected":false},"excerpt":{"rendered":"<p><strong><em>Rencontre avec quelques uns des professionnels qui se d\u00e9m\u00e8nent pour continuer \u00e0 braquer les projecteurs sur la #Sc\u00e8neFran\u00e7aise des musiques actuelles du&nbsp;monde.<\/em><\/strong><\/p>\n","protected":false},"author":4,"featured_media":15321,"template":"","meta":{"_acf_changed":false,"wp_typography_post_enhancements_disabled":false,"footnotes":""},"class_list":["post-15240","breves","type-breves","status-publish","has-post-thumbnail","hentry"],"acf":[],"yoast_head":"<!-- This site is optimized with the Yoast SEO plugin v27.5 - https:\/\/yoast.com\/product\/yoast-seo-wordpress\/ -->\n<title>#AuxSons #Sc\u00e8neFran\u00e7aise : Crise sanitaire, qu\u2019a-t-on rat\u00e9 en 2020 ?<\/title>\n<meta name=\"description\" content=\"Rencontre avec quelques uns des professionnels qui se d\u00e9m\u00e8nent pour continuer \u00e0 braquer les projecteurs sur la #Sc\u00e8neFran\u00e7aise des musiques actuelles du monde.\" \/>\n<meta name=\"robots\" content=\"index, follow, max-snippet:-1, max-image-preview:large, max-video-preview:-1\" \/>\n<link rel=\"canonical\" href=\"https:\/\/www.auxsons.com\/en\/breves\/auxsons-scenefrancaise-crise-sanitaire-qua-t-on-rate-en-2020\/\" \/>\n<meta property=\"og:locale\" content=\"en_US\" \/>\n<meta property=\"og:type\" content=\"article\" \/>\n<meta property=\"og:title\" content=\"#AuxSons #Sc\u00e8neFran\u00e7aise : Crise sanitaire, qu\u2019a-t-on rat\u00e9 en 2020 ?\" \/>\n<meta property=\"og:description\" content=\"Rencontre avec quelques uns des professionnels qui se d\u00e9m\u00e8nent pour continuer \u00e0 braquer les projecteurs sur la #Sc\u00e8neFran\u00e7aise des musiques actuelles du monde.\" \/>\n<meta property=\"og:url\" content=\"https:\/\/www.auxsons.com\/en\/breves\/auxsons-scenefrancaise-crise-sanitaire-qua-t-on-rate-en-2020\/\" \/>\n<meta property=\"og:site_name\" content=\"#AuxSons\" \/>\n<meta property=\"article:publisher\" content=\"https:\/\/www.facebook.com\/auxsons\/\" \/>\n<meta property=\"article:modified_time\" content=\"2021-02-25T13:55:31+00:00\" \/>\n<meta property=\"og:image\" content=\"https:\/\/www.auxsons.com\/wp-content\/uploads\/2021\/02\/sfadherents-episode-1-3.jpg\" \/>\n\t<meta property=\"og:image:width\" content=\"2250\" \/>\n\t<meta property=\"og:image:height\" content=\"2250\" \/>\n\t<meta property=\"og:image:type\" content=\"image\/jpeg\" \/>\n<meta name=\"twitter:card\" content=\"summary_large_image\" \/>\n<meta name=\"twitter:site\" content=\"@auxsons\" \/>\n<meta name=\"twitter:label1\" content=\"Est. reading time\" \/>\n\t<meta name=\"twitter:data1\" content=\"5 minutes\" \/>\n<script type=\"application\/ld+json\" class=\"yoast-schema-graph\">{\"@context\":\"https:\\\/\\\/schema.org\",\"@graph\":[{\"@type\":\"WebPage\",\"@id\":\"https:\\\/\\\/www.auxsons.com\\\/en\\\/breves\\\/auxsons-scenefrancaise-crise-sanitaire-qua-t-on-rate-en-2020\\\/\",\"url\":\"https:\\\/\\\/www.auxsons.com\\\/en\\\/breves\\\/auxsons-scenefrancaise-crise-sanitaire-qua-t-on-rate-en-2020\\\/\",\"name\":\"#AuxSons #Sc\u00e8neFran\u00e7aise : Crise sanitaire, qu\u2019a-t-on rat\u00e9 en 2020 ?\",\"isPartOf\":{\"@id\":\"https:\\\/\\\/www.auxsons.com\\\/en\\\/#website\"},\"primaryImageOfPage\":{\"@id\":\"https:\\\/\\\/www.auxsons.com\\\/en\\\/breves\\\/auxsons-scenefrancaise-crise-sanitaire-qua-t-on-rate-en-2020\\\/#primaryimage\"},\"image\":{\"@id\":\"https:\\\/\\\/www.auxsons.com\\\/en\\\/breves\\\/auxsons-scenefrancaise-crise-sanitaire-qua-t-on-rate-en-2020\\\/#primaryimage\"},\"thumbnailUrl\":\"https:\\\/\\\/www.auxsons.com\\\/wp-content\\\/uploads\\\/2021\\\/02\\\/sfadherents-episode-1-3.jpg\",\"datePublished\":\"2021-02-23T10:13:49+00:00\",\"dateModified\":\"2021-02-25T13:55:31+00:00\",\"description\":\"Rencontre avec quelques uns des professionnels qui se d\u00e9m\u00e8nent pour continuer \u00e0 braquer les projecteurs sur la #Sc\u00e8neFran\u00e7aise des musiques actuelles du monde.\",\"breadcrumb\":{\"@id\":\"https:\\\/\\\/www.auxsons.com\\\/en\\\/breves\\\/auxsons-scenefrancaise-crise-sanitaire-qua-t-on-rate-en-2020\\\/#breadcrumb\"},\"inLanguage\":\"en-US\",\"potentialAction\":[{\"@type\":\"ReadAction\",\"target\":[\"https:\\\/\\\/www.auxsons.com\\\/en\\\/breves\\\/auxsons-scenefrancaise-crise-sanitaire-qua-t-on-rate-en-2020\\\/\"]}]},{\"@type\":\"ImageObject\",\"inLanguage\":\"en-US\",\"@id\":\"https:\\\/\\\/www.auxsons.com\\\/en\\\/breves\\\/auxsons-scenefrancaise-crise-sanitaire-qua-t-on-rate-en-2020\\\/#primaryimage\",\"url\":\"https:\\\/\\\/www.auxsons.com\\\/wp-content\\\/uploads\\\/2021\\\/02\\\/sfadherents-episode-1-3.jpg\",\"contentUrl\":\"https:\\\/\\\/www.auxsons.com\\\/wp-content\\\/uploads\\\/2021\\\/02\\\/sfadherents-episode-1-3.jpg\",\"width\":2250,\"height\":2250},{\"@type\":\"BreadcrumbList\",\"@id\":\"https:\\\/\\\/www.auxsons.com\\\/en\\\/breves\\\/auxsons-scenefrancaise-crise-sanitaire-qua-t-on-rate-en-2020\\\/#breadcrumb\",\"itemListElement\":[{\"@type\":\"ListItem\",\"position\":1,\"name\":\"Accueil\",\"item\":\"https:\\\/\\\/www.auxsons.com\\\/en\\\/\"},{\"@type\":\"ListItem\",\"position\":2,\"name\":\"Br\u00e8ves\",\"item\":\"https:\\\/\\\/www.auxsons.com\\\/en\\\/breves\\\/\"},{\"@type\":\"ListItem\",\"position\":3,\"name\":\"#AuxSons #Sc\u00e8neFran\u00e7aise&nbsp;: Crise sanitaire, qu\u2019a-t-on rat\u00e9 en&nbsp;2020&nbsp;?\"}]},{\"@type\":\"WebSite\",\"@id\":\"https:\\\/\\\/www.auxsons.com\\\/en\\\/#website\",\"url\":\"https:\\\/\\\/www.auxsons.com\\\/en\\\/\",\"name\":\"#AuxSons\",\"description\":\"Musiques &amp; Vibrations du Monde\",\"publisher\":{\"@id\":\"https:\\\/\\\/www.auxsons.com\\\/en\\\/#organization\"},\"potentialAction\":[{\"@type\":\"SearchAction\",\"target\":{\"@type\":\"EntryPoint\",\"urlTemplate\":\"https:\\\/\\\/www.auxsons.com\\\/en\\\/?s={search_term_string}\"},\"query-input\":{\"@type\":\"PropertyValueSpecification\",\"valueRequired\":true,\"valueName\":\"search_term_string\"}}],\"inLanguage\":\"en-US\"},{\"@type\":\"Organization\",\"@id\":\"https:\\\/\\\/www.auxsons.com\\\/en\\\/#organization\",\"name\":\"#AuxSons\",\"url\":\"https:\\\/\\\/www.auxsons.com\\\/en\\\/\",\"logo\":{\"@type\":\"ImageObject\",\"inLanguage\":\"en-US\",\"@id\":\"https:\\\/\\\/www.auxsons.com\\\/en\\\/#\\\/schema\\\/logo\\\/image\\\/\",\"url\":\"https:\\\/\\\/www.auxsons.com\\\/wp-content\\\/uploads\\\/2018\\\/10\\\/logo-aux-sons@2x.png\",\"contentUrl\":\"https:\\\/\\\/www.auxsons.com\\\/wp-content\\\/uploads\\\/2018\\\/10\\\/logo-aux-sons@2x.png\",\"width\":320,\"height\":192,\"caption\":\"#AuxSons\"},\"image\":{\"@id\":\"https:\\\/\\\/www.auxsons.com\\\/en\\\/#\\\/schema\\\/logo\\\/image\\\/\"},\"sameAs\":[\"https:\\\/\\\/www.facebook.com\\\/auxsons\\\/\",\"https:\\\/\\\/x.com\\\/auxsons\",\"https:\\\/\\\/www.instagram.com\\\/auxsons\\\/\",\"https:\\\/\\\/www.youtube.com\\\/channel\\\/UC_NjOjgZNHW-6MaXKWavFKQ\"]}]}<\/script>\n<!-- \/ Yoast SEO plugin. -->","yoast_head_json":{"title":"#AuxSons #Sc\u00e8neFran\u00e7aise : Crise sanitaire, qu\u2019a-t-on rat\u00e9 en 2020 ?","description":"Rencontre avec quelques uns des professionnels qui se d\u00e9m\u00e8nent pour continuer \u00e0 braquer les projecteurs sur la #Sc\u00e8neFran\u00e7aise des musiques actuelles du monde.","robots":{"index":"index","follow":"follow","max-snippet":"max-snippet:-1","max-image-preview":"max-image-preview:large","max-video-preview":"max-video-preview:-1"},"canonical":"https:\/\/www.auxsons.com\/en\/breves\/auxsons-scenefrancaise-crise-sanitaire-qua-t-on-rate-en-2020\/","og_locale":"en_US","og_type":"article","og_title":"#AuxSons #Sc\u00e8neFran\u00e7aise : Crise sanitaire, qu\u2019a-t-on rat\u00e9 en 2020 ?","og_description":"Rencontre avec quelques uns des professionnels qui se d\u00e9m\u00e8nent pour continuer \u00e0 braquer les projecteurs sur la #Sc\u00e8neFran\u00e7aise des musiques actuelles du monde.","og_url":"https:\/\/www.auxsons.com\/en\/breves\/auxsons-scenefrancaise-crise-sanitaire-qua-t-on-rate-en-2020\/","og_site_name":"#AuxSons","article_publisher":"https:\/\/www.facebook.com\/auxsons\/","article_modified_time":"2021-02-25T13:55:31+00:00","og_image":[{"width":2250,"height":2250,"url":"https:\/\/www.auxsons.com\/wp-content\/uploads\/2021\/02\/sfadherents-episode-1-3.jpg","type":"image\/jpeg"}],"twitter_card":"summary_large_image","twitter_site":"@auxsons","twitter_misc":{"Est. reading time":"5 minutes"},"schema":{"@context":"https:\/\/schema.org","@graph":[{"@type":"WebPage","@id":"https:\/\/www.auxsons.com\/en\/breves\/auxsons-scenefrancaise-crise-sanitaire-qua-t-on-rate-en-2020\/","url":"https:\/\/www.auxsons.com\/en\/breves\/auxsons-scenefrancaise-crise-sanitaire-qua-t-on-rate-en-2020\/","name":"#AuxSons #Sc\u00e8neFran\u00e7aise : Crise sanitaire, qu\u2019a-t-on rat\u00e9 en 2020 ?","isPartOf":{"@id":"https:\/\/www.auxsons.com\/en\/#website"},"primaryImageOfPage":{"@id":"https:\/\/www.auxsons.com\/en\/breves\/auxsons-scenefrancaise-crise-sanitaire-qua-t-on-rate-en-2020\/#primaryimage"},"image":{"@id":"https:\/\/www.auxsons.com\/en\/breves\/auxsons-scenefrancaise-crise-sanitaire-qua-t-on-rate-en-2020\/#primaryimage"},"thumbnailUrl":"https:\/\/www.auxsons.com\/wp-content\/uploads\/2021\/02\/sfadherents-episode-1-3.jpg","datePublished":"2021-02-23T10:13:49+00:00","dateModified":"2021-02-25T13:55:31+00:00","description":"Rencontre avec quelques uns des professionnels qui se d\u00e9m\u00e8nent pour continuer \u00e0 braquer les projecteurs sur la #Sc\u00e8neFran\u00e7aise des musiques actuelles du monde.","breadcrumb":{"@id":"https:\/\/www.auxsons.com\/en\/breves\/auxsons-scenefrancaise-crise-sanitaire-qua-t-on-rate-en-2020\/#breadcrumb"},"inLanguage":"en-US","potentialAction":[{"@type":"ReadAction","target":["https:\/\/www.auxsons.com\/en\/breves\/auxsons-scenefrancaise-crise-sanitaire-qua-t-on-rate-en-2020\/"]}]},{"@type":"ImageObject","inLanguage":"en-US","@id":"https:\/\/www.auxsons.com\/en\/breves\/auxsons-scenefrancaise-crise-sanitaire-qua-t-on-rate-en-2020\/#primaryimage","url":"https:\/\/www.auxsons.com\/wp-content\/uploads\/2021\/02\/sfadherents-episode-1-3.jpg","contentUrl":"https:\/\/www.auxsons.com\/wp-content\/uploads\/2021\/02\/sfadherents-episode-1-3.jpg","width":2250,"height":2250},{"@type":"BreadcrumbList","@id":"https:\/\/www.auxsons.com\/en\/breves\/auxsons-scenefrancaise-crise-sanitaire-qua-t-on-rate-en-2020\/#breadcrumb","itemListElement":[{"@type":"ListItem","position":1,"name":"Accueil","item":"https:\/\/www.auxsons.com\/en\/"},{"@type":"ListItem","position":2,"name":"Br\u00e8ves","item":"https:\/\/www.auxsons.com\/en\/breves\/"},{"@type":"ListItem","position":3,"name":"#AuxSons #Sc\u00e8neFran\u00e7aise&nbsp;: Crise sanitaire, qu\u2019a-t-on rat\u00e9 en&nbsp;2020&nbsp;?"}]},{"@type":"WebSite","@id":"https:\/\/www.auxsons.com\/en\/#website","url":"https:\/\/www.auxsons.com\/en\/","name":"#AuxSons","description":"Musiques &amp; Vibrations du Monde","publisher":{"@id":"https:\/\/www.auxsons.com\/en\/#organization"},"potentialAction":[{"@type":"SearchAction","target":{"@type":"EntryPoint","urlTemplate":"https:\/\/www.auxsons.com\/en\/?s={search_term_string}"},"query-input":{"@type":"PropertyValueSpecification","valueRequired":true,"valueName":"search_term_string"}}],"inLanguage":"en-US"},{"@type":"Organization","@id":"https:\/\/www.auxsons.com\/en\/#organization","name":"#AuxSons","url":"https:\/\/www.auxsons.com\/en\/","logo":{"@type":"ImageObject","inLanguage":"en-US","@id":"https:\/\/www.auxsons.com\/en\/#\/schema\/logo\/image\/","url":"https:\/\/www.auxsons.com\/wp-content\/uploads\/2018\/10\/logo-aux-sons@2x.png","contentUrl":"https:\/\/www.auxsons.com\/wp-content\/uploads\/2018\/10\/logo-aux-sons@2x.png","width":320,"height":192,"caption":"#AuxSons"},"image":{"@id":"https:\/\/www.auxsons.com\/en\/#\/schema\/logo\/image\/"},"sameAs":["https:\/\/www.facebook.com\/auxsons\/","https:\/\/x.com\/auxsons","https:\/\/www.instagram.com\/auxsons\/","https:\/\/www.youtube.com\/channel\/UC_NjOjgZNHW-6MaXKWavFKQ"]}]}},"_links":{"self":[{"href":"https:\/\/www.auxsons.com\/en\/wp-json\/wp\/v2\/breves\/15240","targetHints":{"allow":["GET"]}}],"collection":[{"href":"https:\/\/www.auxsons.com\/en\/wp-json\/wp\/v2\/breves"}],"about":[{"href":"https:\/\/www.auxsons.com\/en\/wp-json\/wp\/v2\/types\/breves"}],"author":[{"embeddable":true,"href":"https:\/\/www.auxsons.com\/en\/wp-json\/wp\/v2\/users\/4"}],"version-history":[{"count":0,"href":"https:\/\/www.auxsons.com\/en\/wp-json\/wp\/v2\/breves\/15240\/revisions"}],"wp:featuredmedia":[{"embeddable":true,"href":"https:\/\/www.auxsons.com\/en\/wp-json\/wp\/v2\/media\/15321"}],"wp:attachment":[{"href":"https:\/\/www.auxsons.com\/en\/wp-json\/wp\/v2\/media?parent=15240"}],"curies":[{"name":"wp","href":"https:\/\/api.w.org\/{rel}","templated":true}]}}