{"id":14430,"date":"2021-01-21T11:12:38","date_gmt":"2021-01-21T10:12:38","guid":{"rendered":"http:\/\/www.auxsons.com\/?post_type=breves&#038;p=14430"},"modified":"2021-01-24T18:40:40","modified_gmt":"2021-01-24T17:40:40","slug":"africask-cameroun-dans-le-casque-de-guy-marc-tony-mefe","status":"publish","type":"breves","link":"https:\/\/www.auxsons.com\/en\/breves\/africask-cameroun-dans-le-casque-de-guy-marc-tony-mefe\/","title":{"rendered":"Afri\u2019Cask Cameroun : Dans le Casque de Guy Marc Tony&nbsp;Mefe"},"content":{"rendered":"<p><b>Un projet d\u2019Anya - Visa for&nbsp;Music<\/b><\/p>\n<p>Sous la direction de Brahim El-Mazned<\/p>\n<p><b>Afri\u2019cask : <\/b><b>Les meilleurs sons de l\u2019Afrique dans vos oreilles&nbsp;!<\/b><\/p>\n<p><b>Pour l\u2019ann\u00e9e 2021, d\u00e9couvrez tous les lundis une nouvelle playlist, concoct\u00e9e par un fin connaisseur et professionnel de la musique de diff\u00e9rents pays d\u2019Afrique. Chaque semaine, un nouveau pays sera mis \u00e0 l\u2019honneur, \u00e0 travers les musiques actuelles qui y sont les plus en vogue, \u00e0 d\u00e9couvrir sur le site d\u2019<a href=\"https:\/\/www.anya.africa\/\">Anya<\/a> et sur la <a href=\"https:\/\/www.youtube.com\/channel\/UCT9Xbn9L3P7lE_38J0yRnPw\">cha\u00eene YouTube d\u2019Afri\u2019Cask<\/a> !<\/b><\/p>\n<p id=\"viewer-fhehb\" class=\"XzvDs _208Ie ljrnk blog-post-text-font blog-post-text-color _2QAo- _1iXso wj-V5 ljrnk public-DraftStyleDefault-block-depth0 public-DraftStyleDefault-text-ltr\"><span class=\"vkIF2 public-DraftStyleDefault-ltr PDkkw\">S\u2019inscrivant dans la volont\u00e9 de <strong>promouvoir la richesse musicale du continent africain<\/strong>, <a href=\"https:\/\/www.anya.africa\/\"><strong>Anya<\/strong> <\/a>et <a href=\"https:\/\/visaformusic.com\/fr\/accueil\/\"><strong>Visa for Music<\/strong><\/a> vous proposent une nouvelle <strong>playlist refl\u00e9tant le paysage musical actuel du Cameroun<\/strong>, pr\u00e9par\u00e9e par <strong>Guy Marc Tony Mefe<\/strong>, professionnel de la musique et directeur de Sc\u00e8ne Eb\u00e8ne et du programme Escale Bantoo, partenaires du festival et march\u00e9 de la musique <a href=\"https:\/\/visaformusic.com\/fr\/accueil\/\">Visa for Music<\/a>.<\/span><\/p>\n<p class=\"XzvDs _208Ie ljrnk blog-post-text-font blog-post-text-color _2QAo- _1iXso wj-V5 ljrnk public-DraftStyleDefault-block-depth0 public-DraftStyleDefault-text-ltr\"><strong><span class=\"vkIF2 public-DraftStyleDefault-ltr PDkkw\">Laissez-vous porter par des musiques hautes en couleur&nbsp;!<\/span><\/strong><\/p>\n<p>&nbsp;<\/p>\n<p>1-<strong><span class=\"caps\">BEN<\/span> <span class=\"caps\">DECCA<\/span><\/strong> - <em>Souffrance D\u2019Amour<\/em><\/p>\n<iframe title=\"BEN DECCA - Souffrance D'Amour [Lyrics &amp; Traduction]\" width=\"640\" height=\"360\" src=\"https:\/\/www.youtube.com\/embed\/pEnArIA5p1k?feature=oembed\" frameborder=\"0\" allow=\"accelerometer; autoplay; clipboard-write; encrypted-media; gyroscope; picture-in-picture; web-share\" referrerpolicy=\"strict-origin-when-cross-origin\" allowfullscreen><\/iframe>\n<p>&nbsp;<\/p>\n<p>2-<strong>Coco Argent\u00e9e<\/strong> - <em>Femme<\/em><\/p>\n<iframe title=\"Coco Argent\u00e9e  FEMME\" width=\"640\" height=\"360\" src=\"https:\/\/www.youtube.com\/embed\/km-3uT-_VBc?feature=oembed\" frameborder=\"0\" allow=\"accelerometer; autoplay; clipboard-write; encrypted-media; gyroscope; picture-in-picture; web-share\" referrerpolicy=\"strict-origin-when-cross-origin\" allowfullscreen><\/iframe>\n<p>&nbsp;<\/p>\n<p>3-<strong>Salatiel<\/strong> - <em>Touche Pas<\/em> (Anita 2)<\/p>\n<iframe title=\"Salatiel - Touche Pas (Anita 2) [Official Video]\" width=\"640\" height=\"360\" src=\"https:\/\/www.youtube.com\/embed\/QMJTafbSO-M?feature=oembed\" frameborder=\"0\" allow=\"accelerometer; autoplay; clipboard-write; encrypted-media; gyroscope; picture-in-picture; web-share\" referrerpolicy=\"strict-origin-when-cross-origin\" allowfullscreen><\/iframe>\n<p>&nbsp;<\/p>\n<p>4-<strong>Stanley Enow<\/strong> ft. <strong>Locko<\/strong>, <strong>Tzy Panchak<\/strong> - <em>My Way<\/em><\/p>\n<iframe title=\"Stanley Enow - My Way (Official Music Video) ft. Locko, Tzy Panchak\" width=\"640\" height=\"360\" src=\"https:\/\/www.youtube.com\/embed\/T46oVO0KyCA?feature=oembed\" frameborder=\"0\" allow=\"accelerometer; autoplay; clipboard-write; encrypted-media; gyroscope; picture-in-picture; web-share\" referrerpolicy=\"strict-origin-when-cross-origin\" allowfullscreen><\/iframe>\n<p>&nbsp;<\/p>\n<p>5-<strong>Locko<\/strong> - <em>M\u00eames m\u00eames choses<\/em><\/p>\n<iframe title=\"Locko - M\u00eames m\u00eames choses\" width=\"640\" height=\"360\" src=\"https:\/\/www.youtube.com\/embed\/VARDjilbcxc?feature=oembed\" frameborder=\"0\" allow=\"accelerometer; autoplay; clipboard-write; encrypted-media; gyroscope; picture-in-picture; web-share\" referrerpolicy=\"strict-origin-when-cross-origin\" allowfullscreen><\/iframe>\n<p>&nbsp;<\/p>\n<p>6-<strong>Ko-C<\/strong> - <em>\u00c7a A&nbsp;Cuit<\/em><\/p>\n<iframe title=\"Ko-C - \u00c7a A Cuit (Official Video)\" width=\"640\" height=\"360\" src=\"https:\/\/www.youtube.com\/embed\/M8zsgFwzHrw?feature=oembed\" frameborder=\"0\" allow=\"accelerometer; autoplay; clipboard-write; encrypted-media; gyroscope; picture-in-picture; web-share\" referrerpolicy=\"strict-origin-when-cross-origin\" allowfullscreen><\/iframe>\n<p>&nbsp;<\/p>\n<p>7-<strong>Darina Victry<\/strong> - <em>Laisse Moi T\u2019aimer<\/em><\/p>\n<iframe title=\"Darina Victry Laisse Moi T'aimer (Clip Officiel) Afro Soul\" width=\"640\" height=\"360\" src=\"https:\/\/www.youtube.com\/embed\/LHSJUm6ygOo?feature=oembed\" frameborder=\"0\" allow=\"accelerometer; autoplay; clipboard-write; encrypted-media; gyroscope; picture-in-picture; web-share\" referrerpolicy=\"strict-origin-when-cross-origin\" allowfullscreen><\/iframe>\n<p>&nbsp;<\/p>\n<p>8-<strong><span class=\"caps\">PETIT<\/span> <span class=\"caps\">PAYS<\/span><\/strong> - <em>Eboki<\/em><\/p>\n<iframe title=\"PETIT PAYS - Eboki ( OFFICIAL VIDEO)\" width=\"640\" height=\"360\" src=\"https:\/\/www.youtube.com\/embed\/A8P5viaL1Bk?feature=oembed\" frameborder=\"0\" allow=\"accelerometer; autoplay; clipboard-write; encrypted-media; gyroscope; picture-in-picture; web-share\" referrerpolicy=\"strict-origin-when-cross-origin\" allowfullscreen><\/iframe>\n<p>&nbsp;<\/p>\n<p>9-<strong>Mr Shyne ft Charlotte Dipanda<\/strong> - <em>A Jamais<\/em><\/p>\n<iframe title=\"Mr Shyne - A Jamais Ft Charlotte Dipanda (Official video by Adah Akenji)\" width=\"640\" height=\"360\" src=\"https:\/\/www.youtube.com\/embed\/pQPiwdh7-zo?feature=oembed\" frameborder=\"0\" allow=\"accelerometer; autoplay; clipboard-write; encrypted-media; gyroscope; picture-in-picture; web-share\" referrerpolicy=\"strict-origin-when-cross-origin\" allowfullscreen><\/iframe>\n<p>&nbsp;<\/p>\n<p>10-<strong>Daphne<\/strong> - <em>Doucement<\/em><\/p>\n<p>https:\/\/\u200byoutu\u200b.be\/\u200bd\u200bp\u200b6\u200b9\u200bJ\u200bC\u200b5\u200bx\u200bxT0<\/p>\n<p>&nbsp;<\/p>\n<p>11-<strong>Magasco<\/strong> x <strong>Lady Ponce<\/strong> - <em>Nyang Nyang&nbsp;Remix<\/em><\/p>\n<iframe title=\"Magasco x Lady Ponce - Nyang Nyang Remix (Official Video)\" width=\"640\" height=\"360\" src=\"https:\/\/www.youtube.com\/embed\/uDk7mKnT4js?feature=oembed\" frameborder=\"0\" allow=\"accelerometer; autoplay; clipboard-write; encrypted-media; gyroscope; picture-in-picture; web-share\" referrerpolicy=\"strict-origin-when-cross-origin\" allowfullscreen><\/iframe>\n<p>&nbsp;<\/p>\n<h4><strong>Qui est Guy Marc Tony&nbsp;Mefe?<\/strong><\/h4>\n<p id=\"viewer-90p65\" class=\"XzvDs _208Ie ljrnk blog-post-text-font blog-post-text-color _2QAo- _1iXso wj-V5 ljrnk public-DraftStyleDefault-block-depth0 public-DraftStyleDefault-text-ltr\"><span class=\"vkIF2 public-DraftStyleDefault-ltr PDkkw\">Directeur de Sc\u00e8ne d\u2019Eb\u00e8ne, Guy Marc Tony Mefe est actif dans le domaine des arts de la sc\u00e8ne depuis une vingtaine d\u2019ann\u00e9e d\u2019environ. Il a initi\u00e9 et coordonne depuis deux ans le Programme Escale Bantoo dont le but est de d\u00e9velopper la pr\u00e9sence des jeunes groupes de musique d\u2019Afrique centrale sur la sc\u00e8ne internationale.&nbsp;<\/span><\/p>\n<p id=\"viewer-aipn2\" class=\"XzvDs _208Ie ljrnk blog-post-text-font blog-post-text-color _2QAo- _1iXso wj-V5 ljrnk public-DraftStyleDefault-block-depth0 public-DraftStyleDefault-text-ltr\"><span class=\"vkIF2 public-DraftStyleDefault-ltr PDkkw\">Formateur, il anime des stages et ateliers de formation qui ont d\u00e9j\u00e0 b\u00e9n\u00e9fici\u00e9 \u00e0 plus de 300 jeunes managers et op\u00e9rateurs culturels \u00e9tablis dans une dizaine de pays africains. Dans le prolongement de ces formations, il a publi\u00e9 trois guides th\u00e9matiques dont&nbsp;:&nbsp;<\/span><\/p>\n<p id=\"viewer-88lnr\" class=\"XzvDs _208Ie ljrnk blog-post-text-font blog-post-text-color _2QAo- _1iXso wj-V5 ljrnk public-DraftStyleDefault-block-depth0 public-DraftStyleDefault-text-ltr\"><span class=\"vkIF2 public-DraftStyleDefault-ltr PDkkw\">- <em>Le guide du Manager en carri\u00e8re artistique en Afrique<\/em> (2003), <\/span><\/p>\n<p id=\"viewer-4j3qu\" class=\"XzvDs _208Ie ljrnk blog-post-text-font blog-post-text-color _2QAo- _1iXso wj-V5 ljrnk public-DraftStyleDefault-block-depth0 public-DraftStyleDefault-text-ltr\"><span class=\"vkIF2 public-DraftStyleDefault-ltr PDkkw\">- <em>Le Guide du Droit d\u2019auteur et des droits voisins<\/em> (2005), <\/span><\/p>\n<p id=\"viewer-5469l\" class=\"XzvDs _208Ie ljrnk blog-post-text-font blog-post-text-color _2QAo- _1iXso wj-V5 ljrnk public-DraftStyleDefault-block-depth0 public-DraftStyleDefault-text-ltr\"><span class=\"vkIF2 public-DraftStyleDefault-ltr PDkkw\">- <em>Le Guide du producteur de cr\u00e9ation th\u00e9\u00e2trale et chor\u00e9graphique en Afrique<\/em> (2010).<\/span><\/p>\n<p id=\"viewer-961hd\" class=\"XzvDs _208Ie ljrnk blog-post-text-font blog-post-text-color _2QAo- _1iXso wj-V5 ljrnk public-DraftStyleDefault-block-depth0 public-DraftStyleDefault-text-ltr\"><span class=\"vkIF2 public-DraftStyleDefault-ltr PDkkw\">Guy Marc Tony Mefe est membre du Comit\u00e9 artistique international du <span class=\"caps\">MASA<\/span> depuis 2015, du Jury international des 8\u00e8me Jeux de la Francophonie et depuis mars dernier Ambassadeur de Visa For Music, le Salon international des musiques d\u2019Afrique et du Moyen Orient de Rabat (Maroc).<\/span><\/p>\n<p>&nbsp;<\/p>\n<h4><strong>Qui sont <span class=\"caps\">ANYA<\/span> et Visa for&nbsp;Music?<\/strong><\/h4>\n<p>Visa For Music est port\u00e9 par l\u2019entreprise d\u2019ing\u00e9nierie culturelle <span class=\"caps\">ANYA<\/span> <span class=\"caps\">SARL<\/span> dont la vision et de permettre aux artistes et aux op\u00e9rateurs culturels du Maroc, du continent africain et du Moyen-Orient de vivre de la musique et de l\u2019industrie musicale.<\/p>\n<p>&nbsp;<\/p>\n<h5><strong>Retrouvez l\u2019int\u00e9gralit\u00e9 de notre playlist sur le Cameroun, ainsi que celles des autres pays d\u2019Afrique, sur la cha\u00eene YouTube d\u2019Afri\u2019Cask&nbsp;:<\/strong><\/h5>\n<iframe title=\"Afri'Cask Cameroun: Dans le Casque de Guy Marc Tony Mefe\" width=\"640\" height=\"360\" src=\"https:\/\/www.youtube.com\/embed\/50ixl5HAqhM?list=PLcxSPYUaMuPgWuyX-3JZAUAhkyoHyqk7w\" frameborder=\"0\" allow=\"accelerometer; autoplay; clipboard-write; encrypted-media; gyroscope; picture-in-picture; web-share\" referrerpolicy=\"strict-origin-when-cross-origin\" allowfullscreen><\/iframe>\n<p>&nbsp;<\/p>\n","protected":false},"excerpt":{"rendered":"<p>Un projet d\u2019Anya - Visa for&nbsp;Music Sous la direction de Brahim El-Mazned Afri\u2019cask : Les meilleurs sons de l\u2019Afrique dans vos oreilles&nbsp;! Pour l\u2019ann\u00e9e 2021, d\u00e9couvrez tous les lundis une nouvelle playlist, concoct\u00e9e par un fin connaisseur et professionnel de la musique de diff\u00e9rents pays d\u2019Afrique. Chaque semaine, un nouveau pays sera mis \u00e0 l\u2019honneur,<\/p>\n","protected":false},"author":344,"featured_media":14504,"template":"","meta":{"_acf_changed":false,"wp_typography_post_enhancements_disabled":false,"footnotes":""},"class_list":["post-14430","breves","type-breves","status-publish","has-post-thumbnail","hentry"],"acf":[],"yoast_head":"<!-- This site is optimized with the Yoast SEO plugin v27.5 - https:\/\/yoast.com\/product\/yoast-seo-wordpress\/ -->\n<title>Afri&#039;Cask Cameroun : Dans le Casque de Guy Marc Tony Mefe - #AuxSons<\/title>\n<meta name=\"description\" content=\"Un projet d&#039;Anya - Visa for Music Sous la direction de Brahim El-Mazned Afri\u2019cask : Les meilleurs sons de l\u2019Afrique dans vos oreilles ! Pour l\u2019ann\u00e9e 2021,\" \/>\n<meta name=\"robots\" content=\"index, follow, max-snippet:-1, max-image-preview:large, max-video-preview:-1\" \/>\n<link rel=\"canonical\" href=\"https:\/\/www.auxsons.com\/en\/breves\/africask-cameroun-dans-le-casque-de-guy-marc-tony-mefe\/\" \/>\n<meta property=\"og:locale\" content=\"en_US\" \/>\n<meta property=\"og:type\" content=\"article\" \/>\n<meta property=\"og:title\" content=\"Afri&#039;Cask Cameroun : Dans le Casque de Guy Marc Tony Mefe - #AuxSons\" \/>\n<meta property=\"og:description\" content=\"Un projet d&#039;Anya - Visa for Music Sous la direction de Brahim El-Mazned Afri\u2019cask : Les meilleurs sons de l\u2019Afrique dans vos oreilles ! Pour l\u2019ann\u00e9e 2021,\" \/>\n<meta property=\"og:url\" content=\"https:\/\/www.auxsons.com\/en\/breves\/africask-cameroun-dans-le-casque-de-guy-marc-tony-mefe\/\" \/>\n<meta property=\"og:site_name\" content=\"#AuxSons\" \/>\n<meta property=\"article:publisher\" content=\"https:\/\/www.facebook.com\/auxsons\/\" \/>\n<meta property=\"article:modified_time\" content=\"2021-01-24T17:40:40+00:00\" \/>\n<meta property=\"og:image\" content=\"https:\/\/www.auxsons.com\/wp-content\/uploads\/2021\/01\/posts-africask-1.jpg\" \/>\n\t<meta property=\"og:image:width\" content=\"1080\" \/>\n\t<meta property=\"og:image:height\" content=\"1080\" \/>\n\t<meta property=\"og:image:type\" content=\"image\/jpeg\" \/>\n<meta name=\"twitter:card\" content=\"summary_large_image\" \/>\n<meta name=\"twitter:site\" content=\"@auxsons\" \/>\n<meta name=\"twitter:label1\" content=\"Est. reading time\" \/>\n\t<meta name=\"twitter:data1\" content=\"3 minutes\" \/>\n<script type=\"application\/ld+json\" class=\"yoast-schema-graph\">{\"@context\":\"https:\\\/\\\/schema.org\",\"@graph\":[{\"@type\":\"WebPage\",\"@id\":\"https:\\\/\\\/www.auxsons.com\\\/en\\\/breves\\\/africask-cameroun-dans-le-casque-de-guy-marc-tony-mefe\\\/\",\"url\":\"https:\\\/\\\/www.auxsons.com\\\/en\\\/breves\\\/africask-cameroun-dans-le-casque-de-guy-marc-tony-mefe\\\/\",\"name\":\"Afri'Cask Cameroun : Dans le Casque de Guy Marc Tony Mefe - #AuxSons\",\"isPartOf\":{\"@id\":\"https:\\\/\\\/www.auxsons.com\\\/en\\\/#website\"},\"primaryImageOfPage\":{\"@id\":\"https:\\\/\\\/www.auxsons.com\\\/en\\\/breves\\\/africask-cameroun-dans-le-casque-de-guy-marc-tony-mefe\\\/#primaryimage\"},\"image\":{\"@id\":\"https:\\\/\\\/www.auxsons.com\\\/en\\\/breves\\\/africask-cameroun-dans-le-casque-de-guy-marc-tony-mefe\\\/#primaryimage\"},\"thumbnailUrl\":\"https:\\\/\\\/www.auxsons.com\\\/wp-content\\\/uploads\\\/2021\\\/01\\\/posts-africask-1.jpg\",\"datePublished\":\"2021-01-21T10:12:38+00:00\",\"dateModified\":\"2021-01-24T17:40:40+00:00\",\"description\":\"Un projet d'Anya - Visa for Music Sous la direction de Brahim El-Mazned Afri\u2019cask : Les meilleurs sons de l\u2019Afrique dans vos oreilles ! Pour l\u2019ann\u00e9e 2021,\",\"breadcrumb\":{\"@id\":\"https:\\\/\\\/www.auxsons.com\\\/en\\\/breves\\\/africask-cameroun-dans-le-casque-de-guy-marc-tony-mefe\\\/#breadcrumb\"},\"inLanguage\":\"en-US\",\"potentialAction\":[{\"@type\":\"ReadAction\",\"target\":[\"https:\\\/\\\/www.auxsons.com\\\/en\\\/breves\\\/africask-cameroun-dans-le-casque-de-guy-marc-tony-mefe\\\/\"]}]},{\"@type\":\"ImageObject\",\"inLanguage\":\"en-US\",\"@id\":\"https:\\\/\\\/www.auxsons.com\\\/en\\\/breves\\\/africask-cameroun-dans-le-casque-de-guy-marc-tony-mefe\\\/#primaryimage\",\"url\":\"https:\\\/\\\/www.auxsons.com\\\/wp-content\\\/uploads\\\/2021\\\/01\\\/posts-africask-1.jpg\",\"contentUrl\":\"https:\\\/\\\/www.auxsons.com\\\/wp-content\\\/uploads\\\/2021\\\/01\\\/posts-africask-1.jpg\",\"width\":1080,\"height\":1080},{\"@type\":\"BreadcrumbList\",\"@id\":\"https:\\\/\\\/www.auxsons.com\\\/en\\\/breves\\\/africask-cameroun-dans-le-casque-de-guy-marc-tony-mefe\\\/#breadcrumb\",\"itemListElement\":[{\"@type\":\"ListItem\",\"position\":1,\"name\":\"Accueil\",\"item\":\"https:\\\/\\\/www.auxsons.com\\\/en\\\/\"},{\"@type\":\"ListItem\",\"position\":2,\"name\":\"Br\u00e8ves\",\"item\":\"https:\\\/\\\/www.auxsons.com\\\/en\\\/breves\\\/\"},{\"@type\":\"ListItem\",\"position\":3,\"name\":\"Afri\u2019Cask Cameroun : Dans le Casque de Guy Marc Tony&nbsp;Mefe\"}]},{\"@type\":\"WebSite\",\"@id\":\"https:\\\/\\\/www.auxsons.com\\\/en\\\/#website\",\"url\":\"https:\\\/\\\/www.auxsons.com\\\/en\\\/\",\"name\":\"#AuxSons\",\"description\":\"Musiques &amp; Vibrations du Monde\",\"publisher\":{\"@id\":\"https:\\\/\\\/www.auxsons.com\\\/en\\\/#organization\"},\"potentialAction\":[{\"@type\":\"SearchAction\",\"target\":{\"@type\":\"EntryPoint\",\"urlTemplate\":\"https:\\\/\\\/www.auxsons.com\\\/en\\\/?s={search_term_string}\"},\"query-input\":{\"@type\":\"PropertyValueSpecification\",\"valueRequired\":true,\"valueName\":\"search_term_string\"}}],\"inLanguage\":\"en-US\"},{\"@type\":\"Organization\",\"@id\":\"https:\\\/\\\/www.auxsons.com\\\/en\\\/#organization\",\"name\":\"#AuxSons\",\"url\":\"https:\\\/\\\/www.auxsons.com\\\/en\\\/\",\"logo\":{\"@type\":\"ImageObject\",\"inLanguage\":\"en-US\",\"@id\":\"https:\\\/\\\/www.auxsons.com\\\/en\\\/#\\\/schema\\\/logo\\\/image\\\/\",\"url\":\"https:\\\/\\\/www.auxsons.com\\\/wp-content\\\/uploads\\\/2018\\\/10\\\/logo-aux-sons@2x.png\",\"contentUrl\":\"https:\\\/\\\/www.auxsons.com\\\/wp-content\\\/uploads\\\/2018\\\/10\\\/logo-aux-sons@2x.png\",\"width\":320,\"height\":192,\"caption\":\"#AuxSons\"},\"image\":{\"@id\":\"https:\\\/\\\/www.auxsons.com\\\/en\\\/#\\\/schema\\\/logo\\\/image\\\/\"},\"sameAs\":[\"https:\\\/\\\/www.facebook.com\\\/auxsons\\\/\",\"https:\\\/\\\/x.com\\\/auxsons\",\"https:\\\/\\\/www.instagram.com\\\/auxsons\\\/\",\"https:\\\/\\\/www.youtube.com\\\/channel\\\/UC_NjOjgZNHW-6MaXKWavFKQ\"]}]}<\/script>\n<!-- \/ Yoast SEO plugin. -->","yoast_head_json":{"title":"Afri'Cask Cameroun : Dans le Casque de Guy Marc Tony Mefe - #AuxSons","description":"Un projet d'Anya - Visa for Music Sous la direction de Brahim El-Mazned Afri\u2019cask : Les meilleurs sons de l\u2019Afrique dans vos oreilles ! Pour l\u2019ann\u00e9e 2021,","robots":{"index":"index","follow":"follow","max-snippet":"max-snippet:-1","max-image-preview":"max-image-preview:large","max-video-preview":"max-video-preview:-1"},"canonical":"https:\/\/www.auxsons.com\/en\/breves\/africask-cameroun-dans-le-casque-de-guy-marc-tony-mefe\/","og_locale":"en_US","og_type":"article","og_title":"Afri'Cask Cameroun : Dans le Casque de Guy Marc Tony Mefe - #AuxSons","og_description":"Un projet d'Anya - Visa for Music Sous la direction de Brahim El-Mazned Afri\u2019cask : Les meilleurs sons de l\u2019Afrique dans vos oreilles ! Pour l\u2019ann\u00e9e 2021,","og_url":"https:\/\/www.auxsons.com\/en\/breves\/africask-cameroun-dans-le-casque-de-guy-marc-tony-mefe\/","og_site_name":"#AuxSons","article_publisher":"https:\/\/www.facebook.com\/auxsons\/","article_modified_time":"2021-01-24T17:40:40+00:00","og_image":[{"width":1080,"height":1080,"url":"https:\/\/www.auxsons.com\/wp-content\/uploads\/2021\/01\/posts-africask-1.jpg","type":"image\/jpeg"}],"twitter_card":"summary_large_image","twitter_site":"@auxsons","twitter_misc":{"Est. reading time":"3 minutes"},"schema":{"@context":"https:\/\/schema.org","@graph":[{"@type":"WebPage","@id":"https:\/\/www.auxsons.com\/en\/breves\/africask-cameroun-dans-le-casque-de-guy-marc-tony-mefe\/","url":"https:\/\/www.auxsons.com\/en\/breves\/africask-cameroun-dans-le-casque-de-guy-marc-tony-mefe\/","name":"Afri'Cask Cameroun : Dans le Casque de Guy Marc Tony Mefe - #AuxSons","isPartOf":{"@id":"https:\/\/www.auxsons.com\/en\/#website"},"primaryImageOfPage":{"@id":"https:\/\/www.auxsons.com\/en\/breves\/africask-cameroun-dans-le-casque-de-guy-marc-tony-mefe\/#primaryimage"},"image":{"@id":"https:\/\/www.auxsons.com\/en\/breves\/africask-cameroun-dans-le-casque-de-guy-marc-tony-mefe\/#primaryimage"},"thumbnailUrl":"https:\/\/www.auxsons.com\/wp-content\/uploads\/2021\/01\/posts-africask-1.jpg","datePublished":"2021-01-21T10:12:38+00:00","dateModified":"2021-01-24T17:40:40+00:00","description":"Un projet d'Anya - Visa for Music Sous la direction de Brahim El-Mazned Afri\u2019cask : Les meilleurs sons de l\u2019Afrique dans vos oreilles ! Pour l\u2019ann\u00e9e 2021,","breadcrumb":{"@id":"https:\/\/www.auxsons.com\/en\/breves\/africask-cameroun-dans-le-casque-de-guy-marc-tony-mefe\/#breadcrumb"},"inLanguage":"en-US","potentialAction":[{"@type":"ReadAction","target":["https:\/\/www.auxsons.com\/en\/breves\/africask-cameroun-dans-le-casque-de-guy-marc-tony-mefe\/"]}]},{"@type":"ImageObject","inLanguage":"en-US","@id":"https:\/\/www.auxsons.com\/en\/breves\/africask-cameroun-dans-le-casque-de-guy-marc-tony-mefe\/#primaryimage","url":"https:\/\/www.auxsons.com\/wp-content\/uploads\/2021\/01\/posts-africask-1.jpg","contentUrl":"https:\/\/www.auxsons.com\/wp-content\/uploads\/2021\/01\/posts-africask-1.jpg","width":1080,"height":1080},{"@type":"BreadcrumbList","@id":"https:\/\/www.auxsons.com\/en\/breves\/africask-cameroun-dans-le-casque-de-guy-marc-tony-mefe\/#breadcrumb","itemListElement":[{"@type":"ListItem","position":1,"name":"Accueil","item":"https:\/\/www.auxsons.com\/en\/"},{"@type":"ListItem","position":2,"name":"Br\u00e8ves","item":"https:\/\/www.auxsons.com\/en\/breves\/"},{"@type":"ListItem","position":3,"name":"Afri\u2019Cask Cameroun : Dans le Casque de Guy Marc Tony&nbsp;Mefe"}]},{"@type":"WebSite","@id":"https:\/\/www.auxsons.com\/en\/#website","url":"https:\/\/www.auxsons.com\/en\/","name":"#AuxSons","description":"Musiques &amp; Vibrations du Monde","publisher":{"@id":"https:\/\/www.auxsons.com\/en\/#organization"},"potentialAction":[{"@type":"SearchAction","target":{"@type":"EntryPoint","urlTemplate":"https:\/\/www.auxsons.com\/en\/?s={search_term_string}"},"query-input":{"@type":"PropertyValueSpecification","valueRequired":true,"valueName":"search_term_string"}}],"inLanguage":"en-US"},{"@type":"Organization","@id":"https:\/\/www.auxsons.com\/en\/#organization","name":"#AuxSons","url":"https:\/\/www.auxsons.com\/en\/","logo":{"@type":"ImageObject","inLanguage":"en-US","@id":"https:\/\/www.auxsons.com\/en\/#\/schema\/logo\/image\/","url":"https:\/\/www.auxsons.com\/wp-content\/uploads\/2018\/10\/logo-aux-sons@2x.png","contentUrl":"https:\/\/www.auxsons.com\/wp-content\/uploads\/2018\/10\/logo-aux-sons@2x.png","width":320,"height":192,"caption":"#AuxSons"},"image":{"@id":"https:\/\/www.auxsons.com\/en\/#\/schema\/logo\/image\/"},"sameAs":["https:\/\/www.facebook.com\/auxsons\/","https:\/\/x.com\/auxsons","https:\/\/www.instagram.com\/auxsons\/","https:\/\/www.youtube.com\/channel\/UC_NjOjgZNHW-6MaXKWavFKQ"]}]}},"_links":{"self":[{"href":"https:\/\/www.auxsons.com\/en\/wp-json\/wp\/v2\/breves\/14430","targetHints":{"allow":["GET"]}}],"collection":[{"href":"https:\/\/www.auxsons.com\/en\/wp-json\/wp\/v2\/breves"}],"about":[{"href":"https:\/\/www.auxsons.com\/en\/wp-json\/wp\/v2\/types\/breves"}],"author":[{"embeddable":true,"href":"https:\/\/www.auxsons.com\/en\/wp-json\/wp\/v2\/users\/344"}],"version-history":[{"count":0,"href":"https:\/\/www.auxsons.com\/en\/wp-json\/wp\/v2\/breves\/14430\/revisions"}],"wp:featuredmedia":[{"embeddable":true,"href":"https:\/\/www.auxsons.com\/en\/wp-json\/wp\/v2\/media\/14504"}],"wp:attachment":[{"href":"https:\/\/www.auxsons.com\/en\/wp-json\/wp\/v2\/media?parent=14430"}],"curies":[{"name":"wp","href":"https:\/\/api.w.org\/{rel}","templated":true}]}}