{"id":13118,"date":"2020-11-19T16:43:09","date_gmt":"2020-11-19T15:43:09","guid":{"rendered":"http:\/\/www.auxsons.com\/?post_type=breves&#038;p=13118"},"modified":"2021-06-29T15:10:43","modified_gmt":"2021-06-29T13:10:43","slug":"scenefrancaise-auxsons-3-questions-a-bafang","status":"publish","type":"breves","link":"https:\/\/www.auxsons.com\/en\/breves\/scenefrancaise-auxsons-3-questions-a-bafang\/","title":{"rendered":"#Sc\u00e8neFran\u00e7aise #AuxSons : 3 questions \u00e0 <span class=\"caps\">BAFANG<\/span>"},"content":{"rendered":"<p class=\"p1\">Une batterie, une guitare, quelques effets, deux voix, nul besoin pour <span class=\"caps\">BAFANG<\/span> d\u2019autre chose pour embarquer le public dans un voyage empli de fort agr\u00e9ables turbulences sonores. Sur sc\u00e8ne (Transmusicales, Papillons de Nuit, Beauregard, Reggae Sun Ska, Afrika Tage\u2026) ou sur disque, comme sur leur explosif 1er album <i>Elektrik Makossa<\/i> (sortie le 27 novembre 2020), les deux fr\u00e8res Enguerran et Lancelot, furieux pilotes de leur pirogue afro rock, nous entra\u00eenent sur les flots tumultueux d\u2019un fleuve exub\u00e9rant entre blues du d\u00e9sert, pulsations hard-rock et groove aux contours world\u2026 Nous avons pos\u00e9 3 questions aux 2 fr\u00e8res de <span class=\"caps\">BAFANG<\/span>.<\/p>\n<p class=\"p2\"><b>&nbsp;<\/b><\/p>\n<h3 class=\"p2\"><b>Comment, du point de vue artistique, avez-vous v\u00e9cu le premier confinement&nbsp;?<br>\n<\/b><\/h3>\n<p class=\"p1\"><span class=\"dquo\">\u00ab<\/span> <i>Un peu mal car nous \u00e9tions s\u00e9par\u00e9s par la restriction des 100km et n\u2019avons pas pu jouer ensemble pendant toute cette p\u00e9riode. Le c\u00f4t\u00e9 positif a \u00e9t\u00e9 qu\u2019on s\u2019est pench\u00e9s sur les derniers d\u00e9tails de l\u2019album, on a pu travailler \u00e0 distance la dessus. Apr\u00e8s \u00e7a nous a permis de travailler notre instrument respectif chacun de notre c\u00f4t\u00e9 et prendre du recul sur les \u00e9tapes \u00e0 venir qui s\u2019annonce bien charg\u00e9es. <\/i>\u00bb<\/p>\n<h3 class=\"p2\"><b>Avez-vous particip\u00e9 \u00e0 des \u00e9v\u00e9nements ou des initiatives pendant cette p\u00e9riode&nbsp;?<\/b><\/h3>\n<p class=\"p1\"><span class=\"dquo\">\u00ab<\/span> <i>Non pas vraiment.\u2026. On a pris le parti de ne pas faire de choses en streaming ou autre estimant que notre musique est faite pour \u00eatre partag\u00e9 en live avec de vrais gens. C\u2019est la force de <span class=\"caps\">BAFANG<\/span> , le c\u00f4t\u00e9 f\u00e9d\u00e9rateur et transcendantal. On a besoin du public pour bien jouer. <\/i>\u00bb<\/p>\n<h3 class=\"p2\"><b>Comment envisagez-vous ce second confinement&nbsp;?<\/b><\/h3>\n<p class=\"p1\"><span class=\"dquo\">\u00ab<\/span> <i>Avec amertume\u2026 M\u00eame si en ce moment nous sommes pas mal occup\u00e9s par la promotion de l\u2019album, on s\u2019imagine&nbsp;pas encore des mois et des moi sans retourner sur&nbsp;sc\u00e8ne.<\/i><\/p>\n<p class=\"p2\"><i>Et on est conscient malgr\u00e9 toute la qualit\u00e9 du travail et la motivation des \u00e9quipes de notre label \u201cSoulbeats record\u201d et des attach\u00e9s presse de \u201cDaydream music\u201d que \u00e7a va \u00eatre tr\u00e8s dur de d\u00e9fendre notre album sans concerts\u2026<\/i><\/p>\n<p class=\"p1\"><i>On croise les doigts pour que 2021 soit la tourn\u00e9e d\u2019Elektrik Makossa en France et partout dans le monde. <\/i>\u00bb<\/p>\n<iframe title=\"BAFANG - International Makossa (Official video) - Elektrik Makossa\" width=\"640\" height=\"360\" src=\"https:\/\/www.youtube.com\/embed\/2-ljuz78AUY?feature=oembed\" frameborder=\"0\" allow=\"accelerometer; autoplay; clipboard-write; encrypted-media; gyroscope; picture-in-picture; web-share\" referrerpolicy=\"strict-origin-when-cross-origin\" allowfullscreen><\/iframe>\n<p>&nbsp;<\/p>\n<p>&nbsp;<\/p>\n<p>#AuxSons s\u2019associe \u00e0 la campagne Sacem de soutien \u00e0 la #Sc\u00e8neFran\u00e7aise.<\/p>\n<img decoding=\"async\" class=\"alignnone size-full wp-image-10640 lazyload\" data-src=\"https:\/\/www.auxsons.com\/wp-content\/uploads\/2020\/07\/scenefrancaise-red.png\" data-sizes=\"(max-width: 576px) 100vw, 576px\" data-srcset=\"https:\/\/www.auxsons.com\/wp-content\/uploads\/2020\/07\/scenefrancaise-red.png 576w, https:\/\/www.auxsons.com\/wp-content\/uploads\/2020\/07\/scenefrancaise-red-300x152.png 300w\" alt width=\"576\" height=\"292\" src=\"data:image\/svg+xml;base64,PHN2ZyB3aWR0aD0iMSIgaGVpZ2h0PSIxIiB4bWxucz0iaHR0cDovL3d3dy53My5vcmcvMjAwMC9zdmciPjwvc3ZnPg==\" style=\"--smush-placeholder-width: 576px; --smush-placeholder-aspect-ratio: 576\/292;\">\n<p class=\"p1\">\u00a9 photo : Franck Blanquin<\/p>\n<p class=\"p1\">\n<\/p>","protected":false},"excerpt":{"rendered":"<p>Une batterie, une guitare, quelques effets, deux voix, nul besoin pour <span class=\"caps\">BAFANG<\/span> d\u2019autre chose pour embarquer le public dans un voyage empli de fort agr\u00e9ables turbulences sonores. Sur sc\u00e8ne (Transmusicales, Papillons de Nuit, Beauregard, Reggae Sun Ska, Afrika Tage\u2026) ou sur disque, comme sur leur explosif 1er album Elektrik Makossa (sortie le 27 novembre 2020),<\/p>\n","protected":false},"author":271,"featured_media":13119,"template":"","meta":{"_acf_changed":false,"wp_typography_post_enhancements_disabled":false,"footnotes":""},"class_list":["post-13118","breves","type-breves","status-publish","has-post-thumbnail","hentry"],"acf":[],"yoast_head":"<!-- This site is optimized with the Yoast SEO plugin v27.5 - https:\/\/yoast.com\/product\/yoast-seo-wordpress\/ -->\n<title>#Sc\u00e8neFran\u00e7aise #AuxSons : 3 questions \u00e0 BAFANG - #AuxSons<\/title>\n<meta name=\"description\" content=\"Une batterie, une guitare, quelques effets, deux voix, nul besoin pour BAFANG d\u2019autre chose pour embarquer le public dans un voyage empli de fort\" \/>\n<meta name=\"robots\" content=\"index, follow, max-snippet:-1, max-image-preview:large, max-video-preview:-1\" \/>\n<link rel=\"canonical\" href=\"https:\/\/www.auxsons.com\/en\/breves\/scenefrancaise-auxsons-3-questions-a-bafang\/\" \/>\n<meta property=\"og:locale\" content=\"en_US\" \/>\n<meta property=\"og:type\" content=\"article\" \/>\n<meta property=\"og:title\" content=\"#Sc\u00e8neFran\u00e7aise #AuxSons : 3 questions \u00e0 BAFANG - #AuxSons\" \/>\n<meta property=\"og:description\" content=\"Une batterie, une guitare, quelques effets, deux voix, nul besoin pour BAFANG d\u2019autre chose pour embarquer le public dans un voyage empli de fort\" \/>\n<meta property=\"og:url\" content=\"https:\/\/www.auxsons.com\/en\/breves\/scenefrancaise-auxsons-3-questions-a-bafang\/\" \/>\n<meta property=\"og:site_name\" content=\"#AuxSons\" \/>\n<meta property=\"article:publisher\" content=\"https:\/\/www.facebook.com\/auxsons\/\" \/>\n<meta property=\"article:modified_time\" content=\"2021-06-29T13:10:43+00:00\" \/>\n<meta property=\"og:image\" content=\"https:\/\/www.auxsons.com\/wp-content\/uploads\/2020\/11\/capture-decran-2020-11-18-a-164018.png\" \/>\n\t<meta property=\"og:image:width\" content=\"1424\" \/>\n\t<meta property=\"og:image:height\" content=\"1068\" \/>\n\t<meta property=\"og:image:type\" content=\"image\/png\" \/>\n<meta name=\"twitter:card\" content=\"summary_large_image\" \/>\n<meta name=\"twitter:site\" content=\"@auxsons\" \/>\n<meta name=\"twitter:label1\" content=\"Est. reading time\" \/>\n\t<meta name=\"twitter:data1\" content=\"2 minutes\" \/>\n<script type=\"application\/ld+json\" class=\"yoast-schema-graph\">{\"@context\":\"https:\\\/\\\/schema.org\",\"@graph\":[{\"@type\":\"WebPage\",\"@id\":\"https:\\\/\\\/www.auxsons.com\\\/en\\\/breves\\\/scenefrancaise-auxsons-3-questions-a-bafang\\\/\",\"url\":\"https:\\\/\\\/www.auxsons.com\\\/en\\\/breves\\\/scenefrancaise-auxsons-3-questions-a-bafang\\\/\",\"name\":\"#Sc\u00e8neFran\u00e7aise #AuxSons : 3 questions \u00e0 BAFANG - #AuxSons\",\"isPartOf\":{\"@id\":\"https:\\\/\\\/www.auxsons.com\\\/en\\\/#website\"},\"primaryImageOfPage\":{\"@id\":\"https:\\\/\\\/www.auxsons.com\\\/en\\\/breves\\\/scenefrancaise-auxsons-3-questions-a-bafang\\\/#primaryimage\"},\"image\":{\"@id\":\"https:\\\/\\\/www.auxsons.com\\\/en\\\/breves\\\/scenefrancaise-auxsons-3-questions-a-bafang\\\/#primaryimage\"},\"thumbnailUrl\":\"https:\\\/\\\/www.auxsons.com\\\/wp-content\\\/uploads\\\/2020\\\/11\\\/capture-decran-2020-11-18-a-164018.png\",\"datePublished\":\"2020-11-19T15:43:09+00:00\",\"dateModified\":\"2021-06-29T13:10:43+00:00\",\"description\":\"Une batterie, une guitare, quelques effets, deux voix, nul besoin pour BAFANG d\u2019autre chose pour embarquer le public dans un voyage empli de fort\",\"breadcrumb\":{\"@id\":\"https:\\\/\\\/www.auxsons.com\\\/en\\\/breves\\\/scenefrancaise-auxsons-3-questions-a-bafang\\\/#breadcrumb\"},\"inLanguage\":\"en-US\",\"potentialAction\":[{\"@type\":\"ReadAction\",\"target\":[\"https:\\\/\\\/www.auxsons.com\\\/en\\\/breves\\\/scenefrancaise-auxsons-3-questions-a-bafang\\\/\"]}]},{\"@type\":\"ImageObject\",\"inLanguage\":\"en-US\",\"@id\":\"https:\\\/\\\/www.auxsons.com\\\/en\\\/breves\\\/scenefrancaise-auxsons-3-questions-a-bafang\\\/#primaryimage\",\"url\":\"https:\\\/\\\/www.auxsons.com\\\/wp-content\\\/uploads\\\/2020\\\/11\\\/capture-decran-2020-11-18-a-164018.png\",\"contentUrl\":\"https:\\\/\\\/www.auxsons.com\\\/wp-content\\\/uploads\\\/2020\\\/11\\\/capture-decran-2020-11-18-a-164018.png\",\"width\":1424,\"height\":1068,\"caption\":\"Franck Blanquin\"},{\"@type\":\"BreadcrumbList\",\"@id\":\"https:\\\/\\\/www.auxsons.com\\\/en\\\/breves\\\/scenefrancaise-auxsons-3-questions-a-bafang\\\/#breadcrumb\",\"itemListElement\":[{\"@type\":\"ListItem\",\"position\":1,\"name\":\"Accueil\",\"item\":\"https:\\\/\\\/www.auxsons.com\\\/en\\\/\"},{\"@type\":\"ListItem\",\"position\":2,\"name\":\"Br\u00e8ves\",\"item\":\"https:\\\/\\\/www.auxsons.com\\\/en\\\/breves\\\/\"},{\"@type\":\"ListItem\",\"position\":3,\"name\":\"#Sc\u00e8neFran\u00e7aise #AuxSons&nbsp;: 3 questions \u00e0 BAFANG\"}]},{\"@type\":\"WebSite\",\"@id\":\"https:\\\/\\\/www.auxsons.com\\\/en\\\/#website\",\"url\":\"https:\\\/\\\/www.auxsons.com\\\/en\\\/\",\"name\":\"#AuxSons\",\"description\":\"Musiques &amp; Vibrations du Monde\",\"publisher\":{\"@id\":\"https:\\\/\\\/www.auxsons.com\\\/en\\\/#organization\"},\"potentialAction\":[{\"@type\":\"SearchAction\",\"target\":{\"@type\":\"EntryPoint\",\"urlTemplate\":\"https:\\\/\\\/www.auxsons.com\\\/en\\\/?s={search_term_string}\"},\"query-input\":{\"@type\":\"PropertyValueSpecification\",\"valueRequired\":true,\"valueName\":\"search_term_string\"}}],\"inLanguage\":\"en-US\"},{\"@type\":\"Organization\",\"@id\":\"https:\\\/\\\/www.auxsons.com\\\/en\\\/#organization\",\"name\":\"#AuxSons\",\"url\":\"https:\\\/\\\/www.auxsons.com\\\/en\\\/\",\"logo\":{\"@type\":\"ImageObject\",\"inLanguage\":\"en-US\",\"@id\":\"https:\\\/\\\/www.auxsons.com\\\/en\\\/#\\\/schema\\\/logo\\\/image\\\/\",\"url\":\"https:\\\/\\\/www.auxsons.com\\\/wp-content\\\/uploads\\\/2018\\\/10\\\/logo-aux-sons@2x.png\",\"contentUrl\":\"https:\\\/\\\/www.auxsons.com\\\/wp-content\\\/uploads\\\/2018\\\/10\\\/logo-aux-sons@2x.png\",\"width\":320,\"height\":192,\"caption\":\"#AuxSons\"},\"image\":{\"@id\":\"https:\\\/\\\/www.auxsons.com\\\/en\\\/#\\\/schema\\\/logo\\\/image\\\/\"},\"sameAs\":[\"https:\\\/\\\/www.facebook.com\\\/auxsons\\\/\",\"https:\\\/\\\/x.com\\\/auxsons\",\"https:\\\/\\\/www.instagram.com\\\/auxsons\\\/\",\"https:\\\/\\\/www.youtube.com\\\/channel\\\/UC_NjOjgZNHW-6MaXKWavFKQ\"]}]}<\/script>\n<!-- \/ Yoast SEO plugin. -->","yoast_head_json":{"title":"#Sc\u00e8neFran\u00e7aise #AuxSons : 3 questions \u00e0 BAFANG - #AuxSons","description":"Une batterie, une guitare, quelques effets, deux voix, nul besoin pour BAFANG d\u2019autre chose pour embarquer le public dans un voyage empli de fort","robots":{"index":"index","follow":"follow","max-snippet":"max-snippet:-1","max-image-preview":"max-image-preview:large","max-video-preview":"max-video-preview:-1"},"canonical":"https:\/\/www.auxsons.com\/en\/breves\/scenefrancaise-auxsons-3-questions-a-bafang\/","og_locale":"en_US","og_type":"article","og_title":"#Sc\u00e8neFran\u00e7aise #AuxSons : 3 questions \u00e0 BAFANG - #AuxSons","og_description":"Une batterie, une guitare, quelques effets, deux voix, nul besoin pour BAFANG d\u2019autre chose pour embarquer le public dans un voyage empli de fort","og_url":"https:\/\/www.auxsons.com\/en\/breves\/scenefrancaise-auxsons-3-questions-a-bafang\/","og_site_name":"#AuxSons","article_publisher":"https:\/\/www.facebook.com\/auxsons\/","article_modified_time":"2021-06-29T13:10:43+00:00","og_image":[{"width":1424,"height":1068,"url":"https:\/\/www.auxsons.com\/wp-content\/uploads\/2020\/11\/capture-decran-2020-11-18-a-164018.png","type":"image\/png"}],"twitter_card":"summary_large_image","twitter_site":"@auxsons","twitter_misc":{"Est. reading time":"2 minutes"},"schema":{"@context":"https:\/\/schema.org","@graph":[{"@type":"WebPage","@id":"https:\/\/www.auxsons.com\/en\/breves\/scenefrancaise-auxsons-3-questions-a-bafang\/","url":"https:\/\/www.auxsons.com\/en\/breves\/scenefrancaise-auxsons-3-questions-a-bafang\/","name":"#Sc\u00e8neFran\u00e7aise #AuxSons : 3 questions \u00e0 BAFANG - #AuxSons","isPartOf":{"@id":"https:\/\/www.auxsons.com\/en\/#website"},"primaryImageOfPage":{"@id":"https:\/\/www.auxsons.com\/en\/breves\/scenefrancaise-auxsons-3-questions-a-bafang\/#primaryimage"},"image":{"@id":"https:\/\/www.auxsons.com\/en\/breves\/scenefrancaise-auxsons-3-questions-a-bafang\/#primaryimage"},"thumbnailUrl":"https:\/\/www.auxsons.com\/wp-content\/uploads\/2020\/11\/capture-decran-2020-11-18-a-164018.png","datePublished":"2020-11-19T15:43:09+00:00","dateModified":"2021-06-29T13:10:43+00:00","description":"Une batterie, une guitare, quelques effets, deux voix, nul besoin pour BAFANG d\u2019autre chose pour embarquer le public dans un voyage empli de fort","breadcrumb":{"@id":"https:\/\/www.auxsons.com\/en\/breves\/scenefrancaise-auxsons-3-questions-a-bafang\/#breadcrumb"},"inLanguage":"en-US","potentialAction":[{"@type":"ReadAction","target":["https:\/\/www.auxsons.com\/en\/breves\/scenefrancaise-auxsons-3-questions-a-bafang\/"]}]},{"@type":"ImageObject","inLanguage":"en-US","@id":"https:\/\/www.auxsons.com\/en\/breves\/scenefrancaise-auxsons-3-questions-a-bafang\/#primaryimage","url":"https:\/\/www.auxsons.com\/wp-content\/uploads\/2020\/11\/capture-decran-2020-11-18-a-164018.png","contentUrl":"https:\/\/www.auxsons.com\/wp-content\/uploads\/2020\/11\/capture-decran-2020-11-18-a-164018.png","width":1424,"height":1068,"caption":"Franck Blanquin"},{"@type":"BreadcrumbList","@id":"https:\/\/www.auxsons.com\/en\/breves\/scenefrancaise-auxsons-3-questions-a-bafang\/#breadcrumb","itemListElement":[{"@type":"ListItem","position":1,"name":"Accueil","item":"https:\/\/www.auxsons.com\/en\/"},{"@type":"ListItem","position":2,"name":"Br\u00e8ves","item":"https:\/\/www.auxsons.com\/en\/breves\/"},{"@type":"ListItem","position":3,"name":"#Sc\u00e8neFran\u00e7aise #AuxSons&nbsp;: 3 questions \u00e0 BAFANG"}]},{"@type":"WebSite","@id":"https:\/\/www.auxsons.com\/en\/#website","url":"https:\/\/www.auxsons.com\/en\/","name":"#AuxSons","description":"Musiques &amp; Vibrations du Monde","publisher":{"@id":"https:\/\/www.auxsons.com\/en\/#organization"},"potentialAction":[{"@type":"SearchAction","target":{"@type":"EntryPoint","urlTemplate":"https:\/\/www.auxsons.com\/en\/?s={search_term_string}"},"query-input":{"@type":"PropertyValueSpecification","valueRequired":true,"valueName":"search_term_string"}}],"inLanguage":"en-US"},{"@type":"Organization","@id":"https:\/\/www.auxsons.com\/en\/#organization","name":"#AuxSons","url":"https:\/\/www.auxsons.com\/en\/","logo":{"@type":"ImageObject","inLanguage":"en-US","@id":"https:\/\/www.auxsons.com\/en\/#\/schema\/logo\/image\/","url":"https:\/\/www.auxsons.com\/wp-content\/uploads\/2018\/10\/logo-aux-sons@2x.png","contentUrl":"https:\/\/www.auxsons.com\/wp-content\/uploads\/2018\/10\/logo-aux-sons@2x.png","width":320,"height":192,"caption":"#AuxSons"},"image":{"@id":"https:\/\/www.auxsons.com\/en\/#\/schema\/logo\/image\/"},"sameAs":["https:\/\/www.facebook.com\/auxsons\/","https:\/\/x.com\/auxsons","https:\/\/www.instagram.com\/auxsons\/","https:\/\/www.youtube.com\/channel\/UC_NjOjgZNHW-6MaXKWavFKQ"]}]}},"_links":{"self":[{"href":"https:\/\/www.auxsons.com\/en\/wp-json\/wp\/v2\/breves\/13118","targetHints":{"allow":["GET"]}}],"collection":[{"href":"https:\/\/www.auxsons.com\/en\/wp-json\/wp\/v2\/breves"}],"about":[{"href":"https:\/\/www.auxsons.com\/en\/wp-json\/wp\/v2\/types\/breves"}],"author":[{"embeddable":true,"href":"https:\/\/www.auxsons.com\/en\/wp-json\/wp\/v2\/users\/271"}],"version-history":[{"count":0,"href":"https:\/\/www.auxsons.com\/en\/wp-json\/wp\/v2\/breves\/13118\/revisions"}],"wp:featuredmedia":[{"embeddable":true,"href":"https:\/\/www.auxsons.com\/en\/wp-json\/wp\/v2\/media\/13119"}],"wp:attachment":[{"href":"https:\/\/www.auxsons.com\/en\/wp-json\/wp\/v2\/media?parent=13118"}],"curies":[{"name":"wp","href":"https:\/\/api.w.org\/{rel}","templated":true}]}}