{"id":11586,"date":"2020-09-14T15:06:37","date_gmt":"2020-09-14T13:06:37","guid":{"rendered":"http:\/\/www.auxsons.com\/?post_type=breves&#038;p=11586"},"modified":"2020-09-14T15:20:18","modified_gmt":"2020-09-14T13:20:18","slug":"la-chanteuse-cubaine-la-dame-blanche-nous-revient-avec-le-clip-la-maltratada","status":"publish","type":"breves","link":"https:\/\/www.auxsons.com\/en\/breves\/la-chanteuse-cubaine-la-dame-blanche-nous-revient-avec-le-clip-la-maltratada\/","title":{"rendered":"La chanteuse cubaine <span class=\"caps\">LA<\/span> <span class=\"caps\">DAME<\/span> <span class=\"caps\">BLANCHE<\/span> nous revient avec le clip&nbsp;\u201cLa Maltratada\u201d"},"content":{"rendered":"<p><em>La Maltratada<\/em> est l\u2019une des 10 femmes que <strong>La Dame Blanche<\/strong> d\u00e9fend et revendique dans son nouvel et quatri\u00e8me album, intitul\u00e9 <span class=\"caps\">ELLA<\/span>.<\/p>\n<p>Ce morceau en particulier parle d\u2019abus, de machisme et de lutte: \u00ab <em>Cette chanson est le produit de l\u2019impuissance, c\u2019est ma d\u00e9fense contre les abus. C\u2019est mon cri pour toutes les femmes maltrait\u00e9es dans le monde.<\/em> \u00bb<\/p>\n<p>&nbsp;<\/p>\n<iframe title=\"La Dame Blanche - La Maltratada\" width=\"640\" height=\"360\" src=\"https:\/\/www.youtube.com\/embed\/SpoMXyCicgk?feature=oembed\" frameborder=\"0\" allow=\"accelerometer; autoplay; clipboard-write; encrypted-media; gyroscope; picture-in-picture; web-share\" referrerpolicy=\"strict-origin-when-cross-origin\" allowfullscreen><\/iframe>\n<p>&nbsp;<\/p>\n<p>La chanson est pleine d\u2019une \u00e9nergie f\u00e9minine, d\u2019ironies et est faite pour danser. La danse de <span class=\"caps\">LA<\/span> <span class=\"caps\">MALTRATADA<\/span>, Yaite Ramos l\u2019offre \u00e0 la Makuta cubaine, un rythme originaire du Congo qui accompagnait les c\u00e9r\u00e9monies royales de couronnement, comme pour rappeler \u00e0 chaque femme la divinit\u00e9 qu\u2019elle porte en&nbsp;elle.<\/p>\n<p>Le vid\u00e9oclip qui l\u2019accompagne est r\u00e9alis\u00e9 par Conurbana et Lule Oke, et a \u00e9t\u00e9 film\u00e9 \u00e0 Buenos Aires par une \u00e9quipe 100% f\u00e9minine.<\/p>\n<p>Les autres morceaux du disque sont \u00e9galement d\u00e9di\u00e9s aux femmes. Un album qui rejoint le mouvement mondial de sororit\u00e9 #NiUnaMenos pour l\u2019int\u00e9grit\u00e9 et la dignit\u00e9.<\/p>\n<p>A retrouver sur la <strong><a href=\"https:\/\/www.youtube.com\/c\/LaDameBlanche13\">chaine YouTube de l\u2019artiste<\/a>.<\/strong><\/p>\n","protected":false},"excerpt":{"rendered":"<p>Ce morceau parle d\u2019abus, de machisme et de lutte. Le clip a \u00e9t\u00e9 film\u00e9 \u00e0 Buenos Aires par une \u00e9quipe 100% f\u00e9minine.<\/p>\n","protected":false},"author":316,"featured_media":11589,"template":"","meta":{"_acf_changed":false,"wp_typography_post_enhancements_disabled":false,"footnotes":""},"class_list":["post-11586","breves","type-breves","status-publish","has-post-thumbnail","hentry"],"acf":[],"yoast_head":"<!-- This site is optimized with the Yoast SEO plugin v27.5 - https:\/\/yoast.com\/product\/yoast-seo-wordpress\/ -->\n<title>La chanteuse cubaine LA DAME BLANCHE nous revient avec le clip\u00a0&quot;La Maltratada\u201d - #AuxSons<\/title>\n<meta name=\"description\" content=\"Ce morceau parle d\u2019abus, de machisme et de lutte. Le clip a \u00e9t\u00e9 film\u00e9 \u00e0 Buenos Aires par une \u00e9quipe 100% f\u00e9minine.\" \/>\n<meta name=\"robots\" content=\"index, follow, max-snippet:-1, max-image-preview:large, max-video-preview:-1\" \/>\n<link rel=\"canonical\" href=\"https:\/\/www.auxsons.com\/en\/breves\/la-chanteuse-cubaine-la-dame-blanche-nous-revient-avec-le-clip-la-maltratada\/\" \/>\n<meta property=\"og:locale\" content=\"en_US\" \/>\n<meta property=\"og:type\" content=\"article\" \/>\n<meta property=\"og:title\" content=\"La chanteuse cubaine LA DAME BLANCHE nous revient avec le clip\u00a0&quot;La Maltratada\u201d - #AuxSons\" \/>\n<meta property=\"og:description\" content=\"Ce morceau parle d\u2019abus, de machisme et de lutte. Le clip a \u00e9t\u00e9 film\u00e9 \u00e0 Buenos Aires par une \u00e9quipe 100% f\u00e9minine.\" \/>\n<meta property=\"og:url\" content=\"https:\/\/www.auxsons.com\/en\/breves\/la-chanteuse-cubaine-la-dame-blanche-nous-revient-avec-le-clip-la-maltratada\/\" \/>\n<meta property=\"og:site_name\" content=\"#AuxSons\" \/>\n<meta property=\"article:publisher\" content=\"https:\/\/www.facebook.com\/auxsons\/\" \/>\n<meta property=\"article:modified_time\" content=\"2020-09-14T13:20:18+00:00\" \/>\n<meta property=\"og:image\" content=\"https:\/\/www.auxsons.com\/wp-content\/uploads\/2020\/09\/ladameblanche-lamaltratada-pochetteweb.png\" \/>\n\t<meta property=\"og:image:width\" content=\"1000\" \/>\n\t<meta property=\"og:image:height\" content=\"1000\" \/>\n\t<meta property=\"og:image:type\" content=\"image\/png\" \/>\n<meta name=\"twitter:card\" content=\"summary_large_image\" \/>\n<meta name=\"twitter:site\" content=\"@auxsons\" \/>\n<meta name=\"twitter:label1\" content=\"Est. reading time\" \/>\n\t<meta name=\"twitter:data1\" content=\"1 minute\" \/>\n<script type=\"application\/ld+json\" class=\"yoast-schema-graph\">{\"@context\":\"https:\\\/\\\/schema.org\",\"@graph\":[{\"@type\":\"WebPage\",\"@id\":\"https:\\\/\\\/www.auxsons.com\\\/en\\\/breves\\\/la-chanteuse-cubaine-la-dame-blanche-nous-revient-avec-le-clip-la-maltratada\\\/\",\"url\":\"https:\\\/\\\/www.auxsons.com\\\/en\\\/breves\\\/la-chanteuse-cubaine-la-dame-blanche-nous-revient-avec-le-clip-la-maltratada\\\/\",\"name\":\"La chanteuse cubaine LA DAME BLANCHE nous revient avec le clip\u00a0\\\"La Maltratada\u201d - #AuxSons\",\"isPartOf\":{\"@id\":\"https:\\\/\\\/www.auxsons.com\\\/en\\\/#website\"},\"primaryImageOfPage\":{\"@id\":\"https:\\\/\\\/www.auxsons.com\\\/en\\\/breves\\\/la-chanteuse-cubaine-la-dame-blanche-nous-revient-avec-le-clip-la-maltratada\\\/#primaryimage\"},\"image\":{\"@id\":\"https:\\\/\\\/www.auxsons.com\\\/en\\\/breves\\\/la-chanteuse-cubaine-la-dame-blanche-nous-revient-avec-le-clip-la-maltratada\\\/#primaryimage\"},\"thumbnailUrl\":\"https:\\\/\\\/www.auxsons.com\\\/wp-content\\\/uploads\\\/2020\\\/09\\\/ladameblanche-lamaltratada-pochetteweb.png\",\"datePublished\":\"2020-09-14T13:06:37+00:00\",\"dateModified\":\"2020-09-14T13:20:18+00:00\",\"description\":\"Ce morceau parle d\u2019abus, de machisme et de lutte. Le clip a \u00e9t\u00e9 film\u00e9 \u00e0 Buenos Aires par une \u00e9quipe 100% f\u00e9minine.\",\"breadcrumb\":{\"@id\":\"https:\\\/\\\/www.auxsons.com\\\/en\\\/breves\\\/la-chanteuse-cubaine-la-dame-blanche-nous-revient-avec-le-clip-la-maltratada\\\/#breadcrumb\"},\"inLanguage\":\"en-US\",\"potentialAction\":[{\"@type\":\"ReadAction\",\"target\":[\"https:\\\/\\\/www.auxsons.com\\\/en\\\/breves\\\/la-chanteuse-cubaine-la-dame-blanche-nous-revient-avec-le-clip-la-maltratada\\\/\"]}]},{\"@type\":\"ImageObject\",\"inLanguage\":\"en-US\",\"@id\":\"https:\\\/\\\/www.auxsons.com\\\/en\\\/breves\\\/la-chanteuse-cubaine-la-dame-blanche-nous-revient-avec-le-clip-la-maltratada\\\/#primaryimage\",\"url\":\"https:\\\/\\\/www.auxsons.com\\\/wp-content\\\/uploads\\\/2020\\\/09\\\/ladameblanche-lamaltratada-pochetteweb.png\",\"contentUrl\":\"https:\\\/\\\/www.auxsons.com\\\/wp-content\\\/uploads\\\/2020\\\/09\\\/ladameblanche-lamaltratada-pochetteweb.png\",\"width\":1000,\"height\":1000},{\"@type\":\"BreadcrumbList\",\"@id\":\"https:\\\/\\\/www.auxsons.com\\\/en\\\/breves\\\/la-chanteuse-cubaine-la-dame-blanche-nous-revient-avec-le-clip-la-maltratada\\\/#breadcrumb\",\"itemListElement\":[{\"@type\":\"ListItem\",\"position\":1,\"name\":\"Accueil\",\"item\":\"https:\\\/\\\/www.auxsons.com\\\/en\\\/\"},{\"@type\":\"ListItem\",\"position\":2,\"name\":\"Br\u00e8ves\",\"item\":\"https:\\\/\\\/www.auxsons.com\\\/en\\\/breves\\\/\"},{\"@type\":\"ListItem\",\"position\":3,\"name\":\"La chanteuse cubaine LA DAME BLANCHE nous revient avec le clip&nbsp;\u201cLa Maltratada\u201d\"}]},{\"@type\":\"WebSite\",\"@id\":\"https:\\\/\\\/www.auxsons.com\\\/en\\\/#website\",\"url\":\"https:\\\/\\\/www.auxsons.com\\\/en\\\/\",\"name\":\"#AuxSons\",\"description\":\"Musiques &amp; Vibrations du Monde\",\"publisher\":{\"@id\":\"https:\\\/\\\/www.auxsons.com\\\/en\\\/#organization\"},\"potentialAction\":[{\"@type\":\"SearchAction\",\"target\":{\"@type\":\"EntryPoint\",\"urlTemplate\":\"https:\\\/\\\/www.auxsons.com\\\/en\\\/?s={search_term_string}\"},\"query-input\":{\"@type\":\"PropertyValueSpecification\",\"valueRequired\":true,\"valueName\":\"search_term_string\"}}],\"inLanguage\":\"en-US\"},{\"@type\":\"Organization\",\"@id\":\"https:\\\/\\\/www.auxsons.com\\\/en\\\/#organization\",\"name\":\"#AuxSons\",\"url\":\"https:\\\/\\\/www.auxsons.com\\\/en\\\/\",\"logo\":{\"@type\":\"ImageObject\",\"inLanguage\":\"en-US\",\"@id\":\"https:\\\/\\\/www.auxsons.com\\\/en\\\/#\\\/schema\\\/logo\\\/image\\\/\",\"url\":\"https:\\\/\\\/www.auxsons.com\\\/wp-content\\\/uploads\\\/2018\\\/10\\\/logo-aux-sons@2x.png\",\"contentUrl\":\"https:\\\/\\\/www.auxsons.com\\\/wp-content\\\/uploads\\\/2018\\\/10\\\/logo-aux-sons@2x.png\",\"width\":320,\"height\":192,\"caption\":\"#AuxSons\"},\"image\":{\"@id\":\"https:\\\/\\\/www.auxsons.com\\\/en\\\/#\\\/schema\\\/logo\\\/image\\\/\"},\"sameAs\":[\"https:\\\/\\\/www.facebook.com\\\/auxsons\\\/\",\"https:\\\/\\\/x.com\\\/auxsons\",\"https:\\\/\\\/www.instagram.com\\\/auxsons\\\/\",\"https:\\\/\\\/www.youtube.com\\\/channel\\\/UC_NjOjgZNHW-6MaXKWavFKQ\"]}]}<\/script>\n<!-- \/ Yoast SEO plugin. -->","yoast_head_json":{"title":"La chanteuse cubaine LA DAME BLANCHE nous revient avec le clip\u00a0\"La Maltratada\u201d - #AuxSons","description":"Ce morceau parle d\u2019abus, de machisme et de lutte. Le clip a \u00e9t\u00e9 film\u00e9 \u00e0 Buenos Aires par une \u00e9quipe 100% f\u00e9minine.","robots":{"index":"index","follow":"follow","max-snippet":"max-snippet:-1","max-image-preview":"max-image-preview:large","max-video-preview":"max-video-preview:-1"},"canonical":"https:\/\/www.auxsons.com\/en\/breves\/la-chanteuse-cubaine-la-dame-blanche-nous-revient-avec-le-clip-la-maltratada\/","og_locale":"en_US","og_type":"article","og_title":"La chanteuse cubaine LA DAME BLANCHE nous revient avec le clip\u00a0\"La Maltratada\u201d - #AuxSons","og_description":"Ce morceau parle d\u2019abus, de machisme et de lutte. Le clip a \u00e9t\u00e9 film\u00e9 \u00e0 Buenos Aires par une \u00e9quipe 100% f\u00e9minine.","og_url":"https:\/\/www.auxsons.com\/en\/breves\/la-chanteuse-cubaine-la-dame-blanche-nous-revient-avec-le-clip-la-maltratada\/","og_site_name":"#AuxSons","article_publisher":"https:\/\/www.facebook.com\/auxsons\/","article_modified_time":"2020-09-14T13:20:18+00:00","og_image":[{"width":1000,"height":1000,"url":"https:\/\/www.auxsons.com\/wp-content\/uploads\/2020\/09\/ladameblanche-lamaltratada-pochetteweb.png","type":"image\/png"}],"twitter_card":"summary_large_image","twitter_site":"@auxsons","twitter_misc":{"Est. reading time":"1 minute"},"schema":{"@context":"https:\/\/schema.org","@graph":[{"@type":"WebPage","@id":"https:\/\/www.auxsons.com\/en\/breves\/la-chanteuse-cubaine-la-dame-blanche-nous-revient-avec-le-clip-la-maltratada\/","url":"https:\/\/www.auxsons.com\/en\/breves\/la-chanteuse-cubaine-la-dame-blanche-nous-revient-avec-le-clip-la-maltratada\/","name":"La chanteuse cubaine LA DAME BLANCHE nous revient avec le clip\u00a0\"La Maltratada\u201d - #AuxSons","isPartOf":{"@id":"https:\/\/www.auxsons.com\/en\/#website"},"primaryImageOfPage":{"@id":"https:\/\/www.auxsons.com\/en\/breves\/la-chanteuse-cubaine-la-dame-blanche-nous-revient-avec-le-clip-la-maltratada\/#primaryimage"},"image":{"@id":"https:\/\/www.auxsons.com\/en\/breves\/la-chanteuse-cubaine-la-dame-blanche-nous-revient-avec-le-clip-la-maltratada\/#primaryimage"},"thumbnailUrl":"https:\/\/www.auxsons.com\/wp-content\/uploads\/2020\/09\/ladameblanche-lamaltratada-pochetteweb.png","datePublished":"2020-09-14T13:06:37+00:00","dateModified":"2020-09-14T13:20:18+00:00","description":"Ce morceau parle d\u2019abus, de machisme et de lutte. Le clip a \u00e9t\u00e9 film\u00e9 \u00e0 Buenos Aires par une \u00e9quipe 100% f\u00e9minine.","breadcrumb":{"@id":"https:\/\/www.auxsons.com\/en\/breves\/la-chanteuse-cubaine-la-dame-blanche-nous-revient-avec-le-clip-la-maltratada\/#breadcrumb"},"inLanguage":"en-US","potentialAction":[{"@type":"ReadAction","target":["https:\/\/www.auxsons.com\/en\/breves\/la-chanteuse-cubaine-la-dame-blanche-nous-revient-avec-le-clip-la-maltratada\/"]}]},{"@type":"ImageObject","inLanguage":"en-US","@id":"https:\/\/www.auxsons.com\/en\/breves\/la-chanteuse-cubaine-la-dame-blanche-nous-revient-avec-le-clip-la-maltratada\/#primaryimage","url":"https:\/\/www.auxsons.com\/wp-content\/uploads\/2020\/09\/ladameblanche-lamaltratada-pochetteweb.png","contentUrl":"https:\/\/www.auxsons.com\/wp-content\/uploads\/2020\/09\/ladameblanche-lamaltratada-pochetteweb.png","width":1000,"height":1000},{"@type":"BreadcrumbList","@id":"https:\/\/www.auxsons.com\/en\/breves\/la-chanteuse-cubaine-la-dame-blanche-nous-revient-avec-le-clip-la-maltratada\/#breadcrumb","itemListElement":[{"@type":"ListItem","position":1,"name":"Accueil","item":"https:\/\/www.auxsons.com\/en\/"},{"@type":"ListItem","position":2,"name":"Br\u00e8ves","item":"https:\/\/www.auxsons.com\/en\/breves\/"},{"@type":"ListItem","position":3,"name":"La chanteuse cubaine LA DAME BLANCHE nous revient avec le clip&nbsp;\u201cLa Maltratada\u201d"}]},{"@type":"WebSite","@id":"https:\/\/www.auxsons.com\/en\/#website","url":"https:\/\/www.auxsons.com\/en\/","name":"#AuxSons","description":"Musiques &amp; Vibrations du Monde","publisher":{"@id":"https:\/\/www.auxsons.com\/en\/#organization"},"potentialAction":[{"@type":"SearchAction","target":{"@type":"EntryPoint","urlTemplate":"https:\/\/www.auxsons.com\/en\/?s={search_term_string}"},"query-input":{"@type":"PropertyValueSpecification","valueRequired":true,"valueName":"search_term_string"}}],"inLanguage":"en-US"},{"@type":"Organization","@id":"https:\/\/www.auxsons.com\/en\/#organization","name":"#AuxSons","url":"https:\/\/www.auxsons.com\/en\/","logo":{"@type":"ImageObject","inLanguage":"en-US","@id":"https:\/\/www.auxsons.com\/en\/#\/schema\/logo\/image\/","url":"https:\/\/www.auxsons.com\/wp-content\/uploads\/2018\/10\/logo-aux-sons@2x.png","contentUrl":"https:\/\/www.auxsons.com\/wp-content\/uploads\/2018\/10\/logo-aux-sons@2x.png","width":320,"height":192,"caption":"#AuxSons"},"image":{"@id":"https:\/\/www.auxsons.com\/en\/#\/schema\/logo\/image\/"},"sameAs":["https:\/\/www.facebook.com\/auxsons\/","https:\/\/x.com\/auxsons","https:\/\/www.instagram.com\/auxsons\/","https:\/\/www.youtube.com\/channel\/UC_NjOjgZNHW-6MaXKWavFKQ"]}]}},"_links":{"self":[{"href":"https:\/\/www.auxsons.com\/en\/wp-json\/wp\/v2\/breves\/11586","targetHints":{"allow":["GET"]}}],"collection":[{"href":"https:\/\/www.auxsons.com\/en\/wp-json\/wp\/v2\/breves"}],"about":[{"href":"https:\/\/www.auxsons.com\/en\/wp-json\/wp\/v2\/types\/breves"}],"author":[{"embeddable":true,"href":"https:\/\/www.auxsons.com\/en\/wp-json\/wp\/v2\/users\/316"}],"version-history":[{"count":0,"href":"https:\/\/www.auxsons.com\/en\/wp-json\/wp\/v2\/breves\/11586\/revisions"}],"wp:featuredmedia":[{"embeddable":true,"href":"https:\/\/www.auxsons.com\/en\/wp-json\/wp\/v2\/media\/11589"}],"wp:attachment":[{"href":"https:\/\/www.auxsons.com\/en\/wp-json\/wp\/v2\/media?parent=11586"}],"curies":[{"name":"wp","href":"https:\/\/api.w.org\/{rel}","templated":true}]}}