{"id":11387,"date":"2020-08-26T15:04:14","date_gmt":"2020-08-26T13:04:14","guid":{"rendered":"http:\/\/www.auxsons.com\/?post_type=breves&#038;p=11387"},"modified":"2020-09-02T21:53:25","modified_gmt":"2020-09-02T19:53:25","slug":"scenefrancaise-auxsons-bim-benin-international-musical-le-benin-passe-et-futur-au-present","status":"publish","type":"breves","link":"https:\/\/www.auxsons.com\/en\/breves\/scenefrancaise-auxsons-bim-benin-international-musical-le-benin-passe-et-futur-au-present\/","title":{"rendered":"#Sc\u00e8neFran\u00e7aise #AuxSons : <span class=\"caps\">BIM<\/span> (Benin International Musical) le B\u00e9nin pass\u00e9 et futur au pr\u00e9sent."},"content":{"rendered":"<p>Le B\u00e9nin, ancien Dahomey, lieu de naissance de la riche culture vodun est un terreau musical qui a inspir\u00e9 nombre de musiques actuelles.<br>\nIniti\u00e9 par Herv\u00e9 Riesen (Radio France, Eurosonic, \u2026 ) et le producteur J\u00e9r\u00f4me Ettinger (Worldtour Records, Togezer Productions), le <span class=\"caps\">BIM<\/span> r\u00e9unit les talents les plus saillants du pays. Ils ont constitu\u00e9 un r\u00e9pertoire qui rassemble des rythmes et traditions musicales de toutes les ethnies du B\u00e9nin et les plongent dans un bain \u00e9nergique o\u00f9 le jazz, le hip hop, le gospel, l\u2019afrobeat ou le rock se r\u00e9g\u00e9n\u00e8rent \u00e0 l\u2019une de leur source.<\/p>\n<iframe title=\"BIM &quot;B\u00e9nin International Musical&quot;  - LIVE \u00e0 FIP - Festival Les Nuits du B\u00e9nin - Nantes - France\" width=\"640\" height=\"360\" src=\"https:\/\/www.youtube.com\/embed\/PMdvxRlLaQo?start=14&amp;feature=oembed\" frameborder=\"0\" allow=\"accelerometer; autoplay; clipboard-write; encrypted-media; gyroscope; picture-in-picture; web-share\" referrerpolicy=\"strict-origin-when-cross-origin\" allowfullscreen><\/iframe>\n<p><span class=\"caps\">BIM<\/span> en live \u00e0&nbsp;<span class=\"caps\">FIP<\/span><\/p>\n<p>Le chanteur Yewhe Yeton du groupe de rap Diflex, le batteur, chanteur et compositeur&nbsp; Jimmy Belah, les chanteuses Nayel Oxo et Amessiamey, le bassiste Babatounde , le guitariste Yaovi et le percussionniste Emile, fils d\u2019un grand pr\u00eatre vodun forment ce groupe h\u00e9t\u00e9rog\u00e8ne mais coh\u00e9rent qui navigue entre pass\u00e9 et pr\u00e9sent et pointe les pistes musicales de demain.<\/p>\n<p>Depuis leur premier album en 2018 ils ont parcouru l\u2019Europe et les Etats Unis o\u00f9 ils ont \u00e9t\u00e9 invit\u00e9s par leur c\u00e9l\u00e8bre compatriote Ang\u00e9lique Kidjo \u00e0 se produire au prestigieux Carnegie Hall. Au del\u00e0 de leur vie de super groupe, les membres de <span class=\"caps\">BIM<\/span> participent activement \u00e0 travers des ateliers de percussions, de chants ou de danses \u00e0&nbsp;un<br>\nprogramme \u00e9ducatif qui vise \u00e0 promouvoir leur patrimoine et \u00e0 initier leurs contemporains aux techniques nmusicales et m\u00e9diatiques num\u00e9riques.<br>\nLe printemps 2020 devait \u00eatre l\u2019occasion d\u2019une nouvelle tourn\u00e9e europ\u00e9enne qui devait notamment s\u2019arr\u00eater au festival Les Escales de Saint Nazaire. Mais la sortie du single Abobo qui signifie le cri de la victoire en hommage au Black live matter sortira \u00e0 l\u2019automne. Un titre enregistr\u00e9 entre New Yortk et Cotonou avec le c\u00e9l\u00e8bre producteur New Yorkais aux 7 Grammy Awards Gordon Williams (Lauryn Hill, Amy Winehouse, Carlos Santana, Alicia Keys, Damian Marley, Quincy Jones) et le producteur Nantais<br>\nJ\u00e9r\u00f4me Ettinger.<\/p>\n<p>&nbsp;<\/p>\n<p>&nbsp;<\/p>\n<img decoding=\"async\" class=\"alignnone size-full wp-image-10640 lazyload\" data-src=\"http:\/\/www.auxsons.com\/wp-content\/uploads\/2020\/07\/scenefrancaise-red.png\" data-sizes=\"(max-width: 576px) 100vw, 576px\" data-srcset=\"http:\/\/www.auxsons.com\/wp-content\/uploads\/2020\/07\/scenefrancaise-red.png 576w, http:\/\/www.auxsons.com\/wp-content\/uploads\/2020\/07\/scenefrancaise-red-300x152.png 300w\" alt width=\"576\" height=\"292\" src=\"data:image\/svg+xml;base64,PHN2ZyB3aWR0aD0iMSIgaGVpZ2h0PSIxIiB4bWxucz0iaHR0cDovL3d3dy53My5vcmcvMjAwMC9zdmciPjwvc3ZnPg==\" style=\"--smush-placeholder-width: 576px; --smush-placeholder-aspect-ratio: 576\/292;\">\n<p>&nbsp;<\/p>\n<p>Dans le cadre de la campagne Sacem&nbsp;de soutien \u00e0 la&nbsp;<span class=\"_5afx\"><span class=\"_58cl _5afz\" aria-label=\"hashtag\">#<\/span><span class=\"_58cm\">Sc\u00e8neFran\u00e7aise<\/span><\/span>, #AuxSons propose pendant tout l\u2019\u00e9t\u00e9 2020 des portraits d\u2019artistes de diff\u00e9rents horizons.<\/p>\n","protected":false},"excerpt":{"rendered":"<p><span class=\"caps\">BIM<\/span> a constitu\u00e9 un r\u00e9pertoire qui rassemble des rythmes et traditions musicales de toutes les ethnies du B\u00e9nin et les plongent dans un bain \u00e9nergique o\u00f9 le jazz, le hip hop, le gospel, l\u2019afrobeat ou le rock se r\u00e9g\u00e9n\u00e8rent \u00e0 l\u2019une de leur source.<\/p>\n","protected":false},"author":291,"featured_media":11429,"template":"","meta":{"_acf_changed":false,"wp_typography_post_enhancements_disabled":false,"footnotes":""},"class_list":["post-11387","breves","type-breves","status-publish","has-post-thumbnail","hentry"],"acf":[],"yoast_head":"<!-- This site is optimized with the Yoast SEO plugin v27.5 - https:\/\/yoast.com\/product\/yoast-seo-wordpress\/ -->\n<title>#Sc\u00e8neFran\u00e7aise #AuxSons : BIM (Benin International Musical) le B\u00e9nin pass\u00e9 et futur au pr\u00e9sent. - #AuxSons<\/title>\n<meta name=\"description\" content=\"BIM a constitu\u00e9 un r\u00e9pertoire qui rassemble des rythmes et traditions musicales de toutes les ethnies du B\u00e9nin et les plongent dans un bain \u00e9nergique o\u00f9 le jazz, le hip hop, le gospel, l\u2019afrobeat ou le rock se r\u00e9g\u00e9n\u00e8rent \u00e0 l\u2019une de leur source.\" \/>\n<meta name=\"robots\" content=\"index, follow, max-snippet:-1, max-image-preview:large, max-video-preview:-1\" \/>\n<link rel=\"canonical\" href=\"https:\/\/www.auxsons.com\/en\/breves\/scenefrancaise-auxsons-bim-benin-international-musical-le-benin-passe-et-futur-au-present\/\" \/>\n<meta property=\"og:locale\" content=\"en_US\" \/>\n<meta property=\"og:type\" content=\"article\" \/>\n<meta property=\"og:title\" content=\"#Sc\u00e8neFran\u00e7aise #AuxSons : BIM (Benin International Musical) le B\u00e9nin pass\u00e9 et futur au pr\u00e9sent. - #AuxSons\" \/>\n<meta property=\"og:description\" content=\"BIM a constitu\u00e9 un r\u00e9pertoire qui rassemble des rythmes et traditions musicales de toutes les ethnies du B\u00e9nin et les plongent dans un bain \u00e9nergique o\u00f9 le jazz, le hip hop, le gospel, l\u2019afrobeat ou le rock se r\u00e9g\u00e9n\u00e8rent \u00e0 l\u2019une de leur source.\" \/>\n<meta property=\"og:url\" content=\"https:\/\/www.auxsons.com\/en\/breves\/scenefrancaise-auxsons-bim-benin-international-musical-le-benin-passe-et-futur-au-present\/\" \/>\n<meta property=\"og:site_name\" content=\"#AuxSons\" \/>\n<meta property=\"article:publisher\" content=\"https:\/\/www.facebook.com\/auxsons\/\" \/>\n<meta property=\"article:modified_time\" content=\"2020-09-02T19:53:25+00:00\" \/>\n<meta property=\"og:image\" content=\"https:\/\/www.auxsons.com\/wp-content\/uploads\/2020\/08\/photo-8-benin-international-musical.jpg\" \/>\n\t<meta property=\"og:image:width\" content=\"1024\" \/>\n\t<meta property=\"og:image:height\" content=\"864\" \/>\n\t<meta property=\"og:image:type\" content=\"image\/jpeg\" \/>\n<meta name=\"twitter:card\" content=\"summary_large_image\" \/>\n<meta name=\"twitter:site\" content=\"@auxsons\" \/>\n<meta name=\"twitter:label1\" content=\"Est. reading time\" \/>\n\t<meta name=\"twitter:data1\" content=\"2 minutes\" \/>\n<script type=\"application\/ld+json\" class=\"yoast-schema-graph\">{\"@context\":\"https:\\\/\\\/schema.org\",\"@graph\":[{\"@type\":\"WebPage\",\"@id\":\"https:\\\/\\\/www.auxsons.com\\\/en\\\/breves\\\/scenefrancaise-auxsons-bim-benin-international-musical-le-benin-passe-et-futur-au-present\\\/\",\"url\":\"https:\\\/\\\/www.auxsons.com\\\/en\\\/breves\\\/scenefrancaise-auxsons-bim-benin-international-musical-le-benin-passe-et-futur-au-present\\\/\",\"name\":\"#Sc\u00e8neFran\u00e7aise #AuxSons : BIM (Benin International Musical) le B\u00e9nin pass\u00e9 et futur au pr\u00e9sent. - #AuxSons\",\"isPartOf\":{\"@id\":\"https:\\\/\\\/www.auxsons.com\\\/en\\\/#website\"},\"primaryImageOfPage\":{\"@id\":\"https:\\\/\\\/www.auxsons.com\\\/en\\\/breves\\\/scenefrancaise-auxsons-bim-benin-international-musical-le-benin-passe-et-futur-au-present\\\/#primaryimage\"},\"image\":{\"@id\":\"https:\\\/\\\/www.auxsons.com\\\/en\\\/breves\\\/scenefrancaise-auxsons-bim-benin-international-musical-le-benin-passe-et-futur-au-present\\\/#primaryimage\"},\"thumbnailUrl\":\"https:\\\/\\\/www.auxsons.com\\\/wp-content\\\/uploads\\\/2020\\\/08\\\/photo-8-benin-international-musical.jpg\",\"datePublished\":\"2020-08-26T13:04:14+00:00\",\"dateModified\":\"2020-09-02T19:53:25+00:00\",\"description\":\"BIM a constitu\u00e9 un r\u00e9pertoire qui rassemble des rythmes et traditions musicales de toutes les ethnies du B\u00e9nin et les plongent dans un bain \u00e9nergique o\u00f9 le jazz, le hip hop, le gospel, l\u2019afrobeat ou le rock se r\u00e9g\u00e9n\u00e8rent \u00e0 l\u2019une de leur source.\",\"breadcrumb\":{\"@id\":\"https:\\\/\\\/www.auxsons.com\\\/en\\\/breves\\\/scenefrancaise-auxsons-bim-benin-international-musical-le-benin-passe-et-futur-au-present\\\/#breadcrumb\"},\"inLanguage\":\"en-US\",\"potentialAction\":[{\"@type\":\"ReadAction\",\"target\":[\"https:\\\/\\\/www.auxsons.com\\\/en\\\/breves\\\/scenefrancaise-auxsons-bim-benin-international-musical-le-benin-passe-et-futur-au-present\\\/\"]}]},{\"@type\":\"ImageObject\",\"inLanguage\":\"en-US\",\"@id\":\"https:\\\/\\\/www.auxsons.com\\\/en\\\/breves\\\/scenefrancaise-auxsons-bim-benin-international-musical-le-benin-passe-et-futur-au-present\\\/#primaryimage\",\"url\":\"https:\\\/\\\/www.auxsons.com\\\/wp-content\\\/uploads\\\/2020\\\/08\\\/photo-8-benin-international-musical.jpg\",\"contentUrl\":\"https:\\\/\\\/www.auxsons.com\\\/wp-content\\\/uploads\\\/2020\\\/08\\\/photo-8-benin-international-musical.jpg\",\"width\":1024,\"height\":864},{\"@type\":\"BreadcrumbList\",\"@id\":\"https:\\\/\\\/www.auxsons.com\\\/en\\\/breves\\\/scenefrancaise-auxsons-bim-benin-international-musical-le-benin-passe-et-futur-au-present\\\/#breadcrumb\",\"itemListElement\":[{\"@type\":\"ListItem\",\"position\":1,\"name\":\"Accueil\",\"item\":\"https:\\\/\\\/www.auxsons.com\\\/en\\\/\"},{\"@type\":\"ListItem\",\"position\":2,\"name\":\"Br\u00e8ves\",\"item\":\"https:\\\/\\\/www.auxsons.com\\\/en\\\/breves\\\/\"},{\"@type\":\"ListItem\",\"position\":3,\"name\":\"#Sc\u00e8neFran\u00e7aise #AuxSons : BIM (Benin International Musical) le B\u00e9nin pass\u00e9 et futur au pr\u00e9sent.\"}]},{\"@type\":\"WebSite\",\"@id\":\"https:\\\/\\\/www.auxsons.com\\\/en\\\/#website\",\"url\":\"https:\\\/\\\/www.auxsons.com\\\/en\\\/\",\"name\":\"#AuxSons\",\"description\":\"Musiques &amp; Vibrations du Monde\",\"publisher\":{\"@id\":\"https:\\\/\\\/www.auxsons.com\\\/en\\\/#organization\"},\"potentialAction\":[{\"@type\":\"SearchAction\",\"target\":{\"@type\":\"EntryPoint\",\"urlTemplate\":\"https:\\\/\\\/www.auxsons.com\\\/en\\\/?s={search_term_string}\"},\"query-input\":{\"@type\":\"PropertyValueSpecification\",\"valueRequired\":true,\"valueName\":\"search_term_string\"}}],\"inLanguage\":\"en-US\"},{\"@type\":\"Organization\",\"@id\":\"https:\\\/\\\/www.auxsons.com\\\/en\\\/#organization\",\"name\":\"#AuxSons\",\"url\":\"https:\\\/\\\/www.auxsons.com\\\/en\\\/\",\"logo\":{\"@type\":\"ImageObject\",\"inLanguage\":\"en-US\",\"@id\":\"https:\\\/\\\/www.auxsons.com\\\/en\\\/#\\\/schema\\\/logo\\\/image\\\/\",\"url\":\"https:\\\/\\\/www.auxsons.com\\\/wp-content\\\/uploads\\\/2018\\\/10\\\/logo-aux-sons@2x.png\",\"contentUrl\":\"https:\\\/\\\/www.auxsons.com\\\/wp-content\\\/uploads\\\/2018\\\/10\\\/logo-aux-sons@2x.png\",\"width\":320,\"height\":192,\"caption\":\"#AuxSons\"},\"image\":{\"@id\":\"https:\\\/\\\/www.auxsons.com\\\/en\\\/#\\\/schema\\\/logo\\\/image\\\/\"},\"sameAs\":[\"https:\\\/\\\/www.facebook.com\\\/auxsons\\\/\",\"https:\\\/\\\/x.com\\\/auxsons\",\"https:\\\/\\\/www.instagram.com\\\/auxsons\\\/\",\"https:\\\/\\\/www.youtube.com\\\/channel\\\/UC_NjOjgZNHW-6MaXKWavFKQ\"]}]}<\/script>\n<!-- \/ Yoast SEO plugin. -->","yoast_head_json":{"title":"#Sc\u00e8neFran\u00e7aise #AuxSons : BIM (Benin International Musical) le B\u00e9nin pass\u00e9 et futur au pr\u00e9sent. - #AuxSons","description":"BIM a constitu\u00e9 un r\u00e9pertoire qui rassemble des rythmes et traditions musicales de toutes les ethnies du B\u00e9nin et les plongent dans un bain \u00e9nergique o\u00f9 le jazz, le hip hop, le gospel, l\u2019afrobeat ou le rock se r\u00e9g\u00e9n\u00e8rent \u00e0 l\u2019une de leur source.","robots":{"index":"index","follow":"follow","max-snippet":"max-snippet:-1","max-image-preview":"max-image-preview:large","max-video-preview":"max-video-preview:-1"},"canonical":"https:\/\/www.auxsons.com\/en\/breves\/scenefrancaise-auxsons-bim-benin-international-musical-le-benin-passe-et-futur-au-present\/","og_locale":"en_US","og_type":"article","og_title":"#Sc\u00e8neFran\u00e7aise #AuxSons : BIM (Benin International Musical) le B\u00e9nin pass\u00e9 et futur au pr\u00e9sent. - #AuxSons","og_description":"BIM a constitu\u00e9 un r\u00e9pertoire qui rassemble des rythmes et traditions musicales de toutes les ethnies du B\u00e9nin et les plongent dans un bain \u00e9nergique o\u00f9 le jazz, le hip hop, le gospel, l\u2019afrobeat ou le rock se r\u00e9g\u00e9n\u00e8rent \u00e0 l\u2019une de leur source.","og_url":"https:\/\/www.auxsons.com\/en\/breves\/scenefrancaise-auxsons-bim-benin-international-musical-le-benin-passe-et-futur-au-present\/","og_site_name":"#AuxSons","article_publisher":"https:\/\/www.facebook.com\/auxsons\/","article_modified_time":"2020-09-02T19:53:25+00:00","og_image":[{"width":1024,"height":864,"url":"https:\/\/www.auxsons.com\/wp-content\/uploads\/2020\/08\/photo-8-benin-international-musical.jpg","type":"image\/jpeg"}],"twitter_card":"summary_large_image","twitter_site":"@auxsons","twitter_misc":{"Est. reading time":"2 minutes"},"schema":{"@context":"https:\/\/schema.org","@graph":[{"@type":"WebPage","@id":"https:\/\/www.auxsons.com\/en\/breves\/scenefrancaise-auxsons-bim-benin-international-musical-le-benin-passe-et-futur-au-present\/","url":"https:\/\/www.auxsons.com\/en\/breves\/scenefrancaise-auxsons-bim-benin-international-musical-le-benin-passe-et-futur-au-present\/","name":"#Sc\u00e8neFran\u00e7aise #AuxSons : BIM (Benin International Musical) le B\u00e9nin pass\u00e9 et futur au pr\u00e9sent. - #AuxSons","isPartOf":{"@id":"https:\/\/www.auxsons.com\/en\/#website"},"primaryImageOfPage":{"@id":"https:\/\/www.auxsons.com\/en\/breves\/scenefrancaise-auxsons-bim-benin-international-musical-le-benin-passe-et-futur-au-present\/#primaryimage"},"image":{"@id":"https:\/\/www.auxsons.com\/en\/breves\/scenefrancaise-auxsons-bim-benin-international-musical-le-benin-passe-et-futur-au-present\/#primaryimage"},"thumbnailUrl":"https:\/\/www.auxsons.com\/wp-content\/uploads\/2020\/08\/photo-8-benin-international-musical.jpg","datePublished":"2020-08-26T13:04:14+00:00","dateModified":"2020-09-02T19:53:25+00:00","description":"BIM a constitu\u00e9 un r\u00e9pertoire qui rassemble des rythmes et traditions musicales de toutes les ethnies du B\u00e9nin et les plongent dans un bain \u00e9nergique o\u00f9 le jazz, le hip hop, le gospel, l\u2019afrobeat ou le rock se r\u00e9g\u00e9n\u00e8rent \u00e0 l\u2019une de leur source.","breadcrumb":{"@id":"https:\/\/www.auxsons.com\/en\/breves\/scenefrancaise-auxsons-bim-benin-international-musical-le-benin-passe-et-futur-au-present\/#breadcrumb"},"inLanguage":"en-US","potentialAction":[{"@type":"ReadAction","target":["https:\/\/www.auxsons.com\/en\/breves\/scenefrancaise-auxsons-bim-benin-international-musical-le-benin-passe-et-futur-au-present\/"]}]},{"@type":"ImageObject","inLanguage":"en-US","@id":"https:\/\/www.auxsons.com\/en\/breves\/scenefrancaise-auxsons-bim-benin-international-musical-le-benin-passe-et-futur-au-present\/#primaryimage","url":"https:\/\/www.auxsons.com\/wp-content\/uploads\/2020\/08\/photo-8-benin-international-musical.jpg","contentUrl":"https:\/\/www.auxsons.com\/wp-content\/uploads\/2020\/08\/photo-8-benin-international-musical.jpg","width":1024,"height":864},{"@type":"BreadcrumbList","@id":"https:\/\/www.auxsons.com\/en\/breves\/scenefrancaise-auxsons-bim-benin-international-musical-le-benin-passe-et-futur-au-present\/#breadcrumb","itemListElement":[{"@type":"ListItem","position":1,"name":"Accueil","item":"https:\/\/www.auxsons.com\/en\/"},{"@type":"ListItem","position":2,"name":"Br\u00e8ves","item":"https:\/\/www.auxsons.com\/en\/breves\/"},{"@type":"ListItem","position":3,"name":"#Sc\u00e8neFran\u00e7aise #AuxSons : BIM (Benin International Musical) le B\u00e9nin pass\u00e9 et futur au pr\u00e9sent."}]},{"@type":"WebSite","@id":"https:\/\/www.auxsons.com\/en\/#website","url":"https:\/\/www.auxsons.com\/en\/","name":"#AuxSons","description":"Musiques &amp; Vibrations du Monde","publisher":{"@id":"https:\/\/www.auxsons.com\/en\/#organization"},"potentialAction":[{"@type":"SearchAction","target":{"@type":"EntryPoint","urlTemplate":"https:\/\/www.auxsons.com\/en\/?s={search_term_string}"},"query-input":{"@type":"PropertyValueSpecification","valueRequired":true,"valueName":"search_term_string"}}],"inLanguage":"en-US"},{"@type":"Organization","@id":"https:\/\/www.auxsons.com\/en\/#organization","name":"#AuxSons","url":"https:\/\/www.auxsons.com\/en\/","logo":{"@type":"ImageObject","inLanguage":"en-US","@id":"https:\/\/www.auxsons.com\/en\/#\/schema\/logo\/image\/","url":"https:\/\/www.auxsons.com\/wp-content\/uploads\/2018\/10\/logo-aux-sons@2x.png","contentUrl":"https:\/\/www.auxsons.com\/wp-content\/uploads\/2018\/10\/logo-aux-sons@2x.png","width":320,"height":192,"caption":"#AuxSons"},"image":{"@id":"https:\/\/www.auxsons.com\/en\/#\/schema\/logo\/image\/"},"sameAs":["https:\/\/www.facebook.com\/auxsons\/","https:\/\/x.com\/auxsons","https:\/\/www.instagram.com\/auxsons\/","https:\/\/www.youtube.com\/channel\/UC_NjOjgZNHW-6MaXKWavFKQ"]}]}},"_links":{"self":[{"href":"https:\/\/www.auxsons.com\/en\/wp-json\/wp\/v2\/breves\/11387","targetHints":{"allow":["GET"]}}],"collection":[{"href":"https:\/\/www.auxsons.com\/en\/wp-json\/wp\/v2\/breves"}],"about":[{"href":"https:\/\/www.auxsons.com\/en\/wp-json\/wp\/v2\/types\/breves"}],"author":[{"embeddable":true,"href":"https:\/\/www.auxsons.com\/en\/wp-json\/wp\/v2\/users\/291"}],"version-history":[{"count":0,"href":"https:\/\/www.auxsons.com\/en\/wp-json\/wp\/v2\/breves\/11387\/revisions"}],"wp:featuredmedia":[{"embeddable":true,"href":"https:\/\/www.auxsons.com\/en\/wp-json\/wp\/v2\/media\/11429"}],"wp:attachment":[{"href":"https:\/\/www.auxsons.com\/en\/wp-json\/wp\/v2\/media?parent=11387"}],"curies":[{"name":"wp","href":"https:\/\/api.w.org\/{rel}","templated":true}]}}