{"id":10955,"date":"2020-07-16T16:45:57","date_gmt":"2020-07-16T14:45:57","guid":{"rendered":"http:\/\/www.auxsons.com\/?post_type=breves&#038;p=10955"},"modified":"2020-07-16T16:45:57","modified_gmt":"2020-07-16T14:45:57","slug":"djely-tapa-remporte-le-prix-du-meilleur-album-world-music-aux-juno-awards","status":"publish","type":"breves","link":"https:\/\/www.auxsons.com\/en\/breves\/djely-tapa-remporte-le-prix-du-meilleur-album-world-music-aux-juno-awards\/","title":{"rendered":"Djely Tapa remporte le prix du meilleur album \u201cworld music\u201d aux Juno Awards"},"content":{"rendered":"<p>Apr\u00e8s avoir re\u00e7u le titre de<strong> R\u00e9v\u00e9lation Musique du Monde <span class=\"caps\">RADIO<\/span> <span class=\"caps\">CANADA<\/span> 2019-2020<\/strong>, <strong><span class=\"caps\">DJELY<\/span> <span class=\"caps\">TAPA<\/span><\/strong> (Mali - Canada)<strong> re\u00e7oit un <span class=\"caps\">JUNO<\/span> (Grammy Awards Canadien)<\/strong> pour son 1er album <span class=\"caps\">BAROKAN<\/span>.<br>\nUn album r\u00e9alis\u00e9 par Caleb Rimtobaye (AfrotroniX), qui s\u2019inscrit dans une d\u00e9marche <strong>Afrofuturiste<\/strong>, entre tradition et modernit\u00e9 et qui sortira en Europe (version Deluxe) en octobre 2020 (Label 440).<\/p>\n<p>Pour d\u00e9couvrir cette artiste, voici le clip de Barokan.<\/p>\n<iframe src=\"https:\/\/www.youtube.com\/embed\/UUbD1aZ6UGs\" width=\"560\" height=\"315\" frameborder=\"0\" allowfullscreen=\"allowfullscreen\"><\/iframe>\n<p><strong><a href=\"http:\/\/label440.com\/djelytapajuno-award\/\" target=\"_blank\" rel=\"noopener noreferrer\">+ d\u2019informations<\/a><\/strong><\/p>\n","protected":false},"excerpt":{"rendered":"<p>Son 1er album <span class=\"caps\">BAROKAN<\/span> est r\u00e9alis\u00e9 par Caleb Rimtobaye (AfrotroniX), qui s\u2019inscrit dans une d\u00e9marche Afrofuturiste, entre tradition et modernit\u00e9 et qui sortira en Europe (version Deluxe) en octobre 2020 (Label 440).<\/p>\n","protected":false},"author":307,"featured_media":10956,"template":"","meta":{"_acf_changed":false,"wp_typography_post_enhancements_disabled":false,"footnotes":""},"class_list":["post-10955","breves","type-breves","status-publish","has-post-thumbnail","hentry"],"acf":[],"yoast_head":"<!-- This site is optimized with the Yoast SEO plugin v27.5 - https:\/\/yoast.com\/product\/yoast-seo-wordpress\/ -->\n<title>Djely Tapa remporte le prix du meilleur album &quot;world music&quot; aux Juno Awards - #AuxSons<\/title>\n<meta name=\"description\" content=\"Son 1er album BAROKAN est r\u00e9alis\u00e9 par Caleb Rimtobaye (AfrotroniX), qui s&#039;inscrit dans une d\u00e9marche Afrofuturiste, entre tradition et modernit\u00e9 et qui sortira en Europe (version Deluxe) en octobre 2020 (Label 440).\" \/>\n<meta name=\"robots\" content=\"index, follow, max-snippet:-1, max-image-preview:large, max-video-preview:-1\" \/>\n<link rel=\"canonical\" href=\"https:\/\/www.auxsons.com\/en\/breves\/djely-tapa-remporte-le-prix-du-meilleur-album-world-music-aux-juno-awards\/\" \/>\n<meta property=\"og:locale\" content=\"en_US\" \/>\n<meta property=\"og:type\" content=\"article\" \/>\n<meta property=\"og:title\" content=\"Djely Tapa remporte le prix du meilleur album &quot;world music&quot; aux Juno Awards - #AuxSons\" \/>\n<meta property=\"og:description\" content=\"Son 1er album BAROKAN est r\u00e9alis\u00e9 par Caleb Rimtobaye (AfrotroniX), qui s&#039;inscrit dans une d\u00e9marche Afrofuturiste, entre tradition et modernit\u00e9 et qui sortira en Europe (version Deluxe) en octobre 2020 (Label 440).\" \/>\n<meta property=\"og:url\" content=\"https:\/\/www.auxsons.com\/en\/breves\/djely-tapa-remporte-le-prix-du-meilleur-album-world-music-aux-juno-awards\/\" \/>\n<meta property=\"og:site_name\" content=\"#AuxSons\" \/>\n<meta property=\"article:publisher\" content=\"https:\/\/www.facebook.com\/auxsons\/\" \/>\n<meta property=\"og:image\" content=\"https:\/\/www.auxsons.com\/wp-content\/uploads\/2020\/07\/tapa-credit-photo-jypheal-pour-etallon-group-carre.png\" \/>\n\t<meta property=\"og:image:width\" content=\"1093\" \/>\n\t<meta property=\"og:image:height\" content=\"1083\" \/>\n\t<meta property=\"og:image:type\" content=\"image\/png\" \/>\n<meta name=\"twitter:card\" content=\"summary_large_image\" \/>\n<meta name=\"twitter:site\" content=\"@auxsons\" \/>\n<script type=\"application\/ld+json\" class=\"yoast-schema-graph\">{\"@context\":\"https:\\\/\\\/schema.org\",\"@graph\":[{\"@type\":\"WebPage\",\"@id\":\"https:\\\/\\\/www.auxsons.com\\\/en\\\/breves\\\/djely-tapa-remporte-le-prix-du-meilleur-album-world-music-aux-juno-awards\\\/\",\"url\":\"https:\\\/\\\/www.auxsons.com\\\/en\\\/breves\\\/djely-tapa-remporte-le-prix-du-meilleur-album-world-music-aux-juno-awards\\\/\",\"name\":\"Djely Tapa remporte le prix du meilleur album \\\"world music\\\" aux Juno Awards - #AuxSons\",\"isPartOf\":{\"@id\":\"https:\\\/\\\/www.auxsons.com\\\/en\\\/#website\"},\"primaryImageOfPage\":{\"@id\":\"https:\\\/\\\/www.auxsons.com\\\/en\\\/breves\\\/djely-tapa-remporte-le-prix-du-meilleur-album-world-music-aux-juno-awards\\\/#primaryimage\"},\"image\":{\"@id\":\"https:\\\/\\\/www.auxsons.com\\\/en\\\/breves\\\/djely-tapa-remporte-le-prix-du-meilleur-album-world-music-aux-juno-awards\\\/#primaryimage\"},\"thumbnailUrl\":\"https:\\\/\\\/www.auxsons.com\\\/wp-content\\\/uploads\\\/2020\\\/07\\\/tapa-credit-photo-jypheal-pour-etallon-group-carre.png\",\"datePublished\":\"2020-07-16T14:45:57+00:00\",\"description\":\"Son 1er album BAROKAN est r\u00e9alis\u00e9 par Caleb Rimtobaye (AfrotroniX), qui s'inscrit dans une d\u00e9marche Afrofuturiste, entre tradition et modernit\u00e9 et qui sortira en Europe (version Deluxe) en octobre 2020 (Label 440).\",\"breadcrumb\":{\"@id\":\"https:\\\/\\\/www.auxsons.com\\\/en\\\/breves\\\/djely-tapa-remporte-le-prix-du-meilleur-album-world-music-aux-juno-awards\\\/#breadcrumb\"},\"inLanguage\":\"en-US\",\"potentialAction\":[{\"@type\":\"ReadAction\",\"target\":[\"https:\\\/\\\/www.auxsons.com\\\/en\\\/breves\\\/djely-tapa-remporte-le-prix-du-meilleur-album-world-music-aux-juno-awards\\\/\"]}]},{\"@type\":\"ImageObject\",\"inLanguage\":\"en-US\",\"@id\":\"https:\\\/\\\/www.auxsons.com\\\/en\\\/breves\\\/djely-tapa-remporte-le-prix-du-meilleur-album-world-music-aux-juno-awards\\\/#primaryimage\",\"url\":\"https:\\\/\\\/www.auxsons.com\\\/wp-content\\\/uploads\\\/2020\\\/07\\\/tapa-credit-photo-jypheal-pour-etallon-group-carre.png\",\"contentUrl\":\"https:\\\/\\\/www.auxsons.com\\\/wp-content\\\/uploads\\\/2020\\\/07\\\/tapa-credit-photo-jypheal-pour-etallon-group-carre.png\",\"width\":1093,\"height\":1083},{\"@type\":\"BreadcrumbList\",\"@id\":\"https:\\\/\\\/www.auxsons.com\\\/en\\\/breves\\\/djely-tapa-remporte-le-prix-du-meilleur-album-world-music-aux-juno-awards\\\/#breadcrumb\",\"itemListElement\":[{\"@type\":\"ListItem\",\"position\":1,\"name\":\"Accueil\",\"item\":\"https:\\\/\\\/www.auxsons.com\\\/en\\\/\"},{\"@type\":\"ListItem\",\"position\":2,\"name\":\"Br\u00e8ves\",\"item\":\"https:\\\/\\\/www.auxsons.com\\\/en\\\/breves\\\/\"},{\"@type\":\"ListItem\",\"position\":3,\"name\":\"Djely Tapa remporte le prix du meilleur album \u00ab&nbsp;world music&nbsp;\u00bb aux Juno Awards\"}]},{\"@type\":\"WebSite\",\"@id\":\"https:\\\/\\\/www.auxsons.com\\\/en\\\/#website\",\"url\":\"https:\\\/\\\/www.auxsons.com\\\/en\\\/\",\"name\":\"#AuxSons\",\"description\":\"Musiques &amp; Vibrations du Monde\",\"publisher\":{\"@id\":\"https:\\\/\\\/www.auxsons.com\\\/en\\\/#organization\"},\"potentialAction\":[{\"@type\":\"SearchAction\",\"target\":{\"@type\":\"EntryPoint\",\"urlTemplate\":\"https:\\\/\\\/www.auxsons.com\\\/en\\\/?s={search_term_string}\"},\"query-input\":{\"@type\":\"PropertyValueSpecification\",\"valueRequired\":true,\"valueName\":\"search_term_string\"}}],\"inLanguage\":\"en-US\"},{\"@type\":\"Organization\",\"@id\":\"https:\\\/\\\/www.auxsons.com\\\/en\\\/#organization\",\"name\":\"#AuxSons\",\"url\":\"https:\\\/\\\/www.auxsons.com\\\/en\\\/\",\"logo\":{\"@type\":\"ImageObject\",\"inLanguage\":\"en-US\",\"@id\":\"https:\\\/\\\/www.auxsons.com\\\/en\\\/#\\\/schema\\\/logo\\\/image\\\/\",\"url\":\"https:\\\/\\\/www.auxsons.com\\\/wp-content\\\/uploads\\\/2018\\\/10\\\/logo-aux-sons@2x.png\",\"contentUrl\":\"https:\\\/\\\/www.auxsons.com\\\/wp-content\\\/uploads\\\/2018\\\/10\\\/logo-aux-sons@2x.png\",\"width\":320,\"height\":192,\"caption\":\"#AuxSons\"},\"image\":{\"@id\":\"https:\\\/\\\/www.auxsons.com\\\/en\\\/#\\\/schema\\\/logo\\\/image\\\/\"},\"sameAs\":[\"https:\\\/\\\/www.facebook.com\\\/auxsons\\\/\",\"https:\\\/\\\/x.com\\\/auxsons\",\"https:\\\/\\\/www.instagram.com\\\/auxsons\\\/\",\"https:\\\/\\\/www.youtube.com\\\/channel\\\/UC_NjOjgZNHW-6MaXKWavFKQ\"]}]}<\/script>\n<!-- \/ Yoast SEO plugin. -->","yoast_head_json":{"title":"Djely Tapa remporte le prix du meilleur album \"world music\" aux Juno Awards - #AuxSons","description":"Son 1er album BAROKAN est r\u00e9alis\u00e9 par Caleb Rimtobaye (AfrotroniX), qui s'inscrit dans une d\u00e9marche Afrofuturiste, entre tradition et modernit\u00e9 et qui sortira en Europe (version Deluxe) en octobre 2020 (Label 440).","robots":{"index":"index","follow":"follow","max-snippet":"max-snippet:-1","max-image-preview":"max-image-preview:large","max-video-preview":"max-video-preview:-1"},"canonical":"https:\/\/www.auxsons.com\/en\/breves\/djely-tapa-remporte-le-prix-du-meilleur-album-world-music-aux-juno-awards\/","og_locale":"en_US","og_type":"article","og_title":"Djely Tapa remporte le prix du meilleur album \"world music\" aux Juno Awards - #AuxSons","og_description":"Son 1er album BAROKAN est r\u00e9alis\u00e9 par Caleb Rimtobaye (AfrotroniX), qui s'inscrit dans une d\u00e9marche Afrofuturiste, entre tradition et modernit\u00e9 et qui sortira en Europe (version Deluxe) en octobre 2020 (Label 440).","og_url":"https:\/\/www.auxsons.com\/en\/breves\/djely-tapa-remporte-le-prix-du-meilleur-album-world-music-aux-juno-awards\/","og_site_name":"#AuxSons","article_publisher":"https:\/\/www.facebook.com\/auxsons\/","og_image":[{"width":1093,"height":1083,"url":"https:\/\/www.auxsons.com\/wp-content\/uploads\/2020\/07\/tapa-credit-photo-jypheal-pour-etallon-group-carre.png","type":"image\/png"}],"twitter_card":"summary_large_image","twitter_site":"@auxsons","schema":{"@context":"https:\/\/schema.org","@graph":[{"@type":"WebPage","@id":"https:\/\/www.auxsons.com\/en\/breves\/djely-tapa-remporte-le-prix-du-meilleur-album-world-music-aux-juno-awards\/","url":"https:\/\/www.auxsons.com\/en\/breves\/djely-tapa-remporte-le-prix-du-meilleur-album-world-music-aux-juno-awards\/","name":"Djely Tapa remporte le prix du meilleur album \"world music\" aux Juno Awards - #AuxSons","isPartOf":{"@id":"https:\/\/www.auxsons.com\/en\/#website"},"primaryImageOfPage":{"@id":"https:\/\/www.auxsons.com\/en\/breves\/djely-tapa-remporte-le-prix-du-meilleur-album-world-music-aux-juno-awards\/#primaryimage"},"image":{"@id":"https:\/\/www.auxsons.com\/en\/breves\/djely-tapa-remporte-le-prix-du-meilleur-album-world-music-aux-juno-awards\/#primaryimage"},"thumbnailUrl":"https:\/\/www.auxsons.com\/wp-content\/uploads\/2020\/07\/tapa-credit-photo-jypheal-pour-etallon-group-carre.png","datePublished":"2020-07-16T14:45:57+00:00","description":"Son 1er album BAROKAN est r\u00e9alis\u00e9 par Caleb Rimtobaye (AfrotroniX), qui s'inscrit dans une d\u00e9marche Afrofuturiste, entre tradition et modernit\u00e9 et qui sortira en Europe (version Deluxe) en octobre 2020 (Label 440).","breadcrumb":{"@id":"https:\/\/www.auxsons.com\/en\/breves\/djely-tapa-remporte-le-prix-du-meilleur-album-world-music-aux-juno-awards\/#breadcrumb"},"inLanguage":"en-US","potentialAction":[{"@type":"ReadAction","target":["https:\/\/www.auxsons.com\/en\/breves\/djely-tapa-remporte-le-prix-du-meilleur-album-world-music-aux-juno-awards\/"]}]},{"@type":"ImageObject","inLanguage":"en-US","@id":"https:\/\/www.auxsons.com\/en\/breves\/djely-tapa-remporte-le-prix-du-meilleur-album-world-music-aux-juno-awards\/#primaryimage","url":"https:\/\/www.auxsons.com\/wp-content\/uploads\/2020\/07\/tapa-credit-photo-jypheal-pour-etallon-group-carre.png","contentUrl":"https:\/\/www.auxsons.com\/wp-content\/uploads\/2020\/07\/tapa-credit-photo-jypheal-pour-etallon-group-carre.png","width":1093,"height":1083},{"@type":"BreadcrumbList","@id":"https:\/\/www.auxsons.com\/en\/breves\/djely-tapa-remporte-le-prix-du-meilleur-album-world-music-aux-juno-awards\/#breadcrumb","itemListElement":[{"@type":"ListItem","position":1,"name":"Accueil","item":"https:\/\/www.auxsons.com\/en\/"},{"@type":"ListItem","position":2,"name":"Br\u00e8ves","item":"https:\/\/www.auxsons.com\/en\/breves\/"},{"@type":"ListItem","position":3,"name":"Djely Tapa remporte le prix du meilleur album \u00ab&nbsp;world music&nbsp;\u00bb aux Juno Awards"}]},{"@type":"WebSite","@id":"https:\/\/www.auxsons.com\/en\/#website","url":"https:\/\/www.auxsons.com\/en\/","name":"#AuxSons","description":"Musiques &amp; Vibrations du Monde","publisher":{"@id":"https:\/\/www.auxsons.com\/en\/#organization"},"potentialAction":[{"@type":"SearchAction","target":{"@type":"EntryPoint","urlTemplate":"https:\/\/www.auxsons.com\/en\/?s={search_term_string}"},"query-input":{"@type":"PropertyValueSpecification","valueRequired":true,"valueName":"search_term_string"}}],"inLanguage":"en-US"},{"@type":"Organization","@id":"https:\/\/www.auxsons.com\/en\/#organization","name":"#AuxSons","url":"https:\/\/www.auxsons.com\/en\/","logo":{"@type":"ImageObject","inLanguage":"en-US","@id":"https:\/\/www.auxsons.com\/en\/#\/schema\/logo\/image\/","url":"https:\/\/www.auxsons.com\/wp-content\/uploads\/2018\/10\/logo-aux-sons@2x.png","contentUrl":"https:\/\/www.auxsons.com\/wp-content\/uploads\/2018\/10\/logo-aux-sons@2x.png","width":320,"height":192,"caption":"#AuxSons"},"image":{"@id":"https:\/\/www.auxsons.com\/en\/#\/schema\/logo\/image\/"},"sameAs":["https:\/\/www.facebook.com\/auxsons\/","https:\/\/x.com\/auxsons","https:\/\/www.instagram.com\/auxsons\/","https:\/\/www.youtube.com\/channel\/UC_NjOjgZNHW-6MaXKWavFKQ"]}]}},"_links":{"self":[{"href":"https:\/\/www.auxsons.com\/en\/wp-json\/wp\/v2\/breves\/10955","targetHints":{"allow":["GET"]}}],"collection":[{"href":"https:\/\/www.auxsons.com\/en\/wp-json\/wp\/v2\/breves"}],"about":[{"href":"https:\/\/www.auxsons.com\/en\/wp-json\/wp\/v2\/types\/breves"}],"author":[{"embeddable":true,"href":"https:\/\/www.auxsons.com\/en\/wp-json\/wp\/v2\/users\/307"}],"version-history":[{"count":0,"href":"https:\/\/www.auxsons.com\/en\/wp-json\/wp\/v2\/breves\/10955\/revisions"}],"wp:featuredmedia":[{"embeddable":true,"href":"https:\/\/www.auxsons.com\/en\/wp-json\/wp\/v2\/media\/10956"}],"wp:attachment":[{"href":"https:\/\/www.auxsons.com\/en\/wp-json\/wp\/v2\/media?parent=10955"}],"curies":[{"name":"wp","href":"https:\/\/api.w.org\/{rel}","templated":true}]}}