{"id":53501,"date":"2024-05-30T10:56:03","date_gmt":"2024-05-30T08:56:03","guid":{"rendered":"https:\/\/www.auxsons.com\/?post_type=album&#038;p=53501"},"modified":"2024-06-03T10:33:26","modified_gmt":"2024-06-03T08:33:26","slug":"fefanyi","status":"publish","type":"album","link":"https:\/\/www.auxsons.com\/en\/album\/fefanyi\/","title":{"rendered":"Fefanyi"},"content":{"rendered":"<p>Apr\u00e8s des ann\u00e9es pass\u00e9es \u00e0 sublimer les musiques des artistes qu\u2019il accompagne par son jeu de guitare et la douceur de sa Kora (Ba Cissoko, Mariama, Jain et Gabi Hartmann entre autres), Abdoulaye Kouyat\u00e9 met son \u00e9nergie cr\u00e9atrice dans un&nbsp;projet personnel qui rassemble ses compositions originales.<br>\nEn plus du guitariste virtuose, on d\u00e9couvre qu\u2019Abdoulaye Kouyat\u00e9 est un orf\u00e8vre de m\u00e9lodies et un chanteur au timbre feutr\u00e9. Tant\u00f4t profonde et touchante, tant\u00f4t rythm\u00e9e et dansante, sa musique m\u00e9tiss\u00e9e oscille entre ballades, instrumentaux&nbsp;\u00e0 la kora et des morceaux aux sonorit\u00e9s afropop empruntant leur rythmique au coup\u00e9 d\u00e9cal\u00e9, au zouk ou au yol\u00e9 traditionnel de Guin\u00e9e.<\/p>\n<p>Abdoulaye confie la r\u00e9alisation de l\u2019album \u00e0 Patrick Ruffino et&nbsp;s\u2019accompagne de Yannick Vela \u00e0 la basse et Nicolas Grupp \u00e0 la batterie.<br>\nL\u2019album est enrichi par les pr\u00e9cieuses contributions du joueur de fl\u00fbte&nbsp;peule Dramane Dembele, de la chanteuse Gabi Hartmann, du bassiste&nbsp;Guy Nsangu\u00e9, du saxophoniste Robbie Marshall, du violoncelliste&nbsp;Guillaume Latil, du djembefola Dartagnan Camara et des choeurs de la&nbsp;chanteuse Djene Kouyat\u00e9. Ce premier disque affiche une diversit\u00e9&nbsp;\u00e9tonnante.<\/p>\n<p>Chant\u00e9s en Soussou (la langue de la capitale guin\u00e9enne, Conakry) et en fran\u00e7ais, plusieurs titres s\u2019inspirent de la jeunesse romanesque d\u2019Abdoulaye dans le Conakry des ann\u00e9es 1990-2000. Une \u00e9poque o\u00f9 il se perfectionnait \u00e0 la guitare en suivant \u00e0 la trace les musiciens de son quartier, animait avec son groupe de folles soir\u00e9es expatri\u00e9s au Grand H\u00f4tel Camayenne, et tombait amoureux pour la premi\u00e8re fois (Inondi, Doumedira, On fait quoi ? et Nitanama notamment). \u00c0 l\u2019insouciance guin\u00e9enne succ\u00e8de la jungle de l\u2019Europe, la vie d\u2019adulte, les responsabilit\u00e9s, le froid, et les apprentissages difficiles. Ces le\u00e7ons de vie inspirent notamment les morceaux&nbsp;<em>Douni\u00e9ma (le rancunier), Sar\u00e9 (tout \u00e0 un prix) ou Inamakana (si tu ne peux pas aider ton prochain, ne l\u2019enfonce pas)<\/em>. Le morceau<em> Fefanyi (le bienfaiteur)<\/em> qui donne le titre de l\u2019album reprend la tradition des griots, dont les Kouyat\u00e9 sont issus, de \u00ab chanter les louanges \u00bb des grands Hommes, des g\u00e9n\u00e9reux bienfaiteurs.<\/p>\n<p>&nbsp;<\/p>\n<p>En concert le 20 Juin au studio de l\u2019ermitage -&nbsp;Paris<\/p>\n","protected":false},"excerpt":{"rendered":"<p>Apr\u00e8s des ann\u00e9es pass\u00e9es \u00e0 sublimer les musiques des artistes qu\u2019il accompagne par son jeu de guitare et la douceur de sa Kora (Ba Cissoko, Mariama, Jain et Gabi Hartmann entre autres), Abdoulaye Kouyat\u00e9 met son \u00e9nergie cr\u00e9atrice dans un&nbsp;projet personnel qui rassemble ses compositions originales. En plus du guitariste virtuose, on d\u00e9couvre qu\u2019Abdoulaye Kouyat\u00e9<\/p>\n","protected":false},"author":331,"featured_media":53499,"template":"","meta":{"_acf_changed":false,"wp_typography_post_enhancements_disabled":false,"footnotes":""},"class_list":["post-53501","album","type-album","status-publish","has-post-thumbnail","hentry"],"acf":[],"yoast_head":"<!-- This site is optimized with the Yoast SEO plugin v27.5 - https:\/\/yoast.com\/product\/yoast-seo-wordpress\/ -->\n<title>Fefanyi - #AuxSons<\/title>\n<meta name=\"description\" content=\"Apr\u00e8s des ann\u00e9es pass\u00e9es \u00e0 sublimer les musiques des artistes qu&#039;il accompagne par son jeu de guitare et la douceur de sa Kora (Ba Cissoko, Mariama, Jain\" \/>\n<meta name=\"robots\" content=\"index, follow, max-snippet:-1, max-image-preview:large, max-video-preview:-1\" \/>\n<link rel=\"canonical\" href=\"https:\/\/www.auxsons.com\/en\/album\/fefanyi\/\" \/>\n<meta property=\"og:locale\" content=\"en_US\" \/>\n<meta property=\"og:type\" content=\"article\" \/>\n<meta property=\"og:title\" content=\"Fefanyi - #AuxSons\" \/>\n<meta property=\"og:description\" content=\"Apr\u00e8s des ann\u00e9es pass\u00e9es \u00e0 sublimer les musiques des artistes qu&#039;il accompagne par son jeu de guitare et la douceur de sa Kora (Ba Cissoko, Mariama, Jain\" \/>\n<meta property=\"og:url\" content=\"https:\/\/www.auxsons.com\/en\/album\/fefanyi\/\" \/>\n<meta property=\"og:site_name\" content=\"#AuxSons\" \/>\n<meta property=\"article:publisher\" content=\"https:\/\/www.facebook.com\/auxsons\/\" \/>\n<meta property=\"article:modified_time\" content=\"2024-06-03T08:33:26+00:00\" \/>\n<meta property=\"og:image\" content=\"https:\/\/www.auxsons.com\/wp-content\/uploads\/2024\/05\/digipack-fefanyi-couverture-1-scaled.jpg\" \/>\n\t<meta property=\"og:image:width\" content=\"1920\" \/>\n\t<meta property=\"og:image:height\" content=\"1920\" \/>\n\t<meta property=\"og:image:type\" content=\"image\/jpeg\" \/>\n<meta name=\"twitter:card\" content=\"summary_large_image\" \/>\n<meta name=\"twitter:site\" content=\"@auxsons\" \/>\n<meta name=\"twitter:label1\" content=\"Est. reading time\" \/>\n\t<meta name=\"twitter:data1\" content=\"3 minutes\" \/>\n<script type=\"application\/ld+json\" class=\"yoast-schema-graph\">{\"@context\":\"https:\\\/\\\/schema.org\",\"@graph\":[{\"@type\":\"WebPage\",\"@id\":\"https:\\\/\\\/www.auxsons.com\\\/en\\\/album\\\/fefanyi\\\/\",\"url\":\"https:\\\/\\\/www.auxsons.com\\\/en\\\/album\\\/fefanyi\\\/\",\"name\":\"Fefanyi - #AuxSons\",\"isPartOf\":{\"@id\":\"https:\\\/\\\/www.auxsons.com\\\/en\\\/#website\"},\"primaryImageOfPage\":{\"@id\":\"https:\\\/\\\/www.auxsons.com\\\/en\\\/album\\\/fefanyi\\\/#primaryimage\"},\"image\":{\"@id\":\"https:\\\/\\\/www.auxsons.com\\\/en\\\/album\\\/fefanyi\\\/#primaryimage\"},\"thumbnailUrl\":\"https:\\\/\\\/www.auxsons.com\\\/wp-content\\\/uploads\\\/2024\\\/05\\\/digipack-fefanyi-couverture-1-scaled.jpg\",\"datePublished\":\"2024-05-30T08:56:03+00:00\",\"dateModified\":\"2024-06-03T08:33:26+00:00\",\"description\":\"Apr\u00e8s des ann\u00e9es pass\u00e9es \u00e0 sublimer les musiques des artistes qu'il accompagne par son jeu de guitare et la douceur de sa Kora (Ba Cissoko, Mariama, Jain\",\"breadcrumb\":{\"@id\":\"https:\\\/\\\/www.auxsons.com\\\/en\\\/album\\\/fefanyi\\\/#breadcrumb\"},\"inLanguage\":\"en-US\",\"potentialAction\":[{\"@type\":\"ReadAction\",\"target\":[\"https:\\\/\\\/www.auxsons.com\\\/en\\\/album\\\/fefanyi\\\/\"]}]},{\"@type\":\"ImageObject\",\"inLanguage\":\"en-US\",\"@id\":\"https:\\\/\\\/www.auxsons.com\\\/en\\\/album\\\/fefanyi\\\/#primaryimage\",\"url\":\"https:\\\/\\\/www.auxsons.com\\\/wp-content\\\/uploads\\\/2024\\\/05\\\/digipack-fefanyi-couverture-1-scaled.jpg\",\"contentUrl\":\"https:\\\/\\\/www.auxsons.com\\\/wp-content\\\/uploads\\\/2024\\\/05\\\/digipack-fefanyi-couverture-1-scaled.jpg\",\"width\":1920,\"height\":1920},{\"@type\":\"BreadcrumbList\",\"@id\":\"https:\\\/\\\/www.auxsons.com\\\/en\\\/album\\\/fefanyi\\\/#breadcrumb\",\"itemListElement\":[{\"@type\":\"ListItem\",\"position\":1,\"name\":\"Accueil\",\"item\":\"https:\\\/\\\/www.auxsons.com\\\/en\\\/\"},{\"@type\":\"ListItem\",\"position\":2,\"name\":\"Albums\",\"item\":\"https:\\\/\\\/www.auxsons.com\\\/en\\\/album\\\/\"},{\"@type\":\"ListItem\",\"position\":3,\"name\":\"Fefanyi\"}]},{\"@type\":\"WebSite\",\"@id\":\"https:\\\/\\\/www.auxsons.com\\\/en\\\/#website\",\"url\":\"https:\\\/\\\/www.auxsons.com\\\/en\\\/\",\"name\":\"#AuxSons\",\"description\":\"Musiques &amp; Vibrations du Monde\",\"publisher\":{\"@id\":\"https:\\\/\\\/www.auxsons.com\\\/en\\\/#organization\"},\"potentialAction\":[{\"@type\":\"SearchAction\",\"target\":{\"@type\":\"EntryPoint\",\"urlTemplate\":\"https:\\\/\\\/www.auxsons.com\\\/en\\\/?s={search_term_string}\"},\"query-input\":{\"@type\":\"PropertyValueSpecification\",\"valueRequired\":true,\"valueName\":\"search_term_string\"}}],\"inLanguage\":\"en-US\"},{\"@type\":\"Organization\",\"@id\":\"https:\\\/\\\/www.auxsons.com\\\/en\\\/#organization\",\"name\":\"#AuxSons\",\"url\":\"https:\\\/\\\/www.auxsons.com\\\/en\\\/\",\"logo\":{\"@type\":\"ImageObject\",\"inLanguage\":\"en-US\",\"@id\":\"https:\\\/\\\/www.auxsons.com\\\/en\\\/#\\\/schema\\\/logo\\\/image\\\/\",\"url\":\"https:\\\/\\\/www.auxsons.com\\\/wp-content\\\/uploads\\\/2018\\\/10\\\/logo-aux-sons@2x.png\",\"contentUrl\":\"https:\\\/\\\/www.auxsons.com\\\/wp-content\\\/uploads\\\/2018\\\/10\\\/logo-aux-sons@2x.png\",\"width\":320,\"height\":192,\"caption\":\"#AuxSons\"},\"image\":{\"@id\":\"https:\\\/\\\/www.auxsons.com\\\/en\\\/#\\\/schema\\\/logo\\\/image\\\/\"},\"sameAs\":[\"https:\\\/\\\/www.facebook.com\\\/auxsons\\\/\",\"https:\\\/\\\/x.com\\\/auxsons\",\"https:\\\/\\\/www.instagram.com\\\/auxsons\\\/\",\"https:\\\/\\\/www.youtube.com\\\/channel\\\/UC_NjOjgZNHW-6MaXKWavFKQ\"]}]}<\/script>\n<!-- \/ Yoast SEO plugin. -->","yoast_head_json":{"title":"Fefanyi - #AuxSons","description":"Apr\u00e8s des ann\u00e9es pass\u00e9es \u00e0 sublimer les musiques des artistes qu'il accompagne par son jeu de guitare et la douceur de sa Kora (Ba Cissoko, Mariama, Jain","robots":{"index":"index","follow":"follow","max-snippet":"max-snippet:-1","max-image-preview":"max-image-preview:large","max-video-preview":"max-video-preview:-1"},"canonical":"https:\/\/www.auxsons.com\/en\/album\/fefanyi\/","og_locale":"en_US","og_type":"article","og_title":"Fefanyi - #AuxSons","og_description":"Apr\u00e8s des ann\u00e9es pass\u00e9es \u00e0 sublimer les musiques des artistes qu'il accompagne par son jeu de guitare et la douceur de sa Kora (Ba Cissoko, Mariama, Jain","og_url":"https:\/\/www.auxsons.com\/en\/album\/fefanyi\/","og_site_name":"#AuxSons","article_publisher":"https:\/\/www.facebook.com\/auxsons\/","article_modified_time":"2024-06-03T08:33:26+00:00","og_image":[{"width":1920,"height":1920,"url":"https:\/\/www.auxsons.com\/wp-content\/uploads\/2024\/05\/digipack-fefanyi-couverture-1-scaled.jpg","type":"image\/jpeg"}],"twitter_card":"summary_large_image","twitter_site":"@auxsons","twitter_misc":{"Est. reading time":"3 minutes"},"schema":{"@context":"https:\/\/schema.org","@graph":[{"@type":"WebPage","@id":"https:\/\/www.auxsons.com\/en\/album\/fefanyi\/","url":"https:\/\/www.auxsons.com\/en\/album\/fefanyi\/","name":"Fefanyi - #AuxSons","isPartOf":{"@id":"https:\/\/www.auxsons.com\/en\/#website"},"primaryImageOfPage":{"@id":"https:\/\/www.auxsons.com\/en\/album\/fefanyi\/#primaryimage"},"image":{"@id":"https:\/\/www.auxsons.com\/en\/album\/fefanyi\/#primaryimage"},"thumbnailUrl":"https:\/\/www.auxsons.com\/wp-content\/uploads\/2024\/05\/digipack-fefanyi-couverture-1-scaled.jpg","datePublished":"2024-05-30T08:56:03+00:00","dateModified":"2024-06-03T08:33:26+00:00","description":"Apr\u00e8s des ann\u00e9es pass\u00e9es \u00e0 sublimer les musiques des artistes qu'il accompagne par son jeu de guitare et la douceur de sa Kora (Ba Cissoko, Mariama, Jain","breadcrumb":{"@id":"https:\/\/www.auxsons.com\/en\/album\/fefanyi\/#breadcrumb"},"inLanguage":"en-US","potentialAction":[{"@type":"ReadAction","target":["https:\/\/www.auxsons.com\/en\/album\/fefanyi\/"]}]},{"@type":"ImageObject","inLanguage":"en-US","@id":"https:\/\/www.auxsons.com\/en\/album\/fefanyi\/#primaryimage","url":"https:\/\/www.auxsons.com\/wp-content\/uploads\/2024\/05\/digipack-fefanyi-couverture-1-scaled.jpg","contentUrl":"https:\/\/www.auxsons.com\/wp-content\/uploads\/2024\/05\/digipack-fefanyi-couverture-1-scaled.jpg","width":1920,"height":1920},{"@type":"BreadcrumbList","@id":"https:\/\/www.auxsons.com\/en\/album\/fefanyi\/#breadcrumb","itemListElement":[{"@type":"ListItem","position":1,"name":"Accueil","item":"https:\/\/www.auxsons.com\/en\/"},{"@type":"ListItem","position":2,"name":"Albums","item":"https:\/\/www.auxsons.com\/en\/album\/"},{"@type":"ListItem","position":3,"name":"Fefanyi"}]},{"@type":"WebSite","@id":"https:\/\/www.auxsons.com\/en\/#website","url":"https:\/\/www.auxsons.com\/en\/","name":"#AuxSons","description":"Musiques &amp; Vibrations du Monde","publisher":{"@id":"https:\/\/www.auxsons.com\/en\/#organization"},"potentialAction":[{"@type":"SearchAction","target":{"@type":"EntryPoint","urlTemplate":"https:\/\/www.auxsons.com\/en\/?s={search_term_string}"},"query-input":{"@type":"PropertyValueSpecification","valueRequired":true,"valueName":"search_term_string"}}],"inLanguage":"en-US"},{"@type":"Organization","@id":"https:\/\/www.auxsons.com\/en\/#organization","name":"#AuxSons","url":"https:\/\/www.auxsons.com\/en\/","logo":{"@type":"ImageObject","inLanguage":"en-US","@id":"https:\/\/www.auxsons.com\/en\/#\/schema\/logo\/image\/","url":"https:\/\/www.auxsons.com\/wp-content\/uploads\/2018\/10\/logo-aux-sons@2x.png","contentUrl":"https:\/\/www.auxsons.com\/wp-content\/uploads\/2018\/10\/logo-aux-sons@2x.png","width":320,"height":192,"caption":"#AuxSons"},"image":{"@id":"https:\/\/www.auxsons.com\/en\/#\/schema\/logo\/image\/"},"sameAs":["https:\/\/www.facebook.com\/auxsons\/","https:\/\/x.com\/auxsons","https:\/\/www.instagram.com\/auxsons\/","https:\/\/www.youtube.com\/channel\/UC_NjOjgZNHW-6MaXKWavFKQ"]}]}},"_links":{"self":[{"href":"https:\/\/www.auxsons.com\/en\/wp-json\/wp\/v2\/album\/53501","targetHints":{"allow":["GET"]}}],"collection":[{"href":"https:\/\/www.auxsons.com\/en\/wp-json\/wp\/v2\/album"}],"about":[{"href":"https:\/\/www.auxsons.com\/en\/wp-json\/wp\/v2\/types\/album"}],"author":[{"embeddable":true,"href":"https:\/\/www.auxsons.com\/en\/wp-json\/wp\/v2\/users\/331"}],"version-history":[{"count":0,"href":"https:\/\/www.auxsons.com\/en\/wp-json\/wp\/v2\/album\/53501\/revisions"}],"wp:featuredmedia":[{"embeddable":true,"href":"https:\/\/www.auxsons.com\/en\/wp-json\/wp\/v2\/media\/53499"}],"wp:attachment":[{"href":"https:\/\/www.auxsons.com\/en\/wp-json\/wp\/v2\/media?parent=53501"}],"curies":[{"name":"wp","href":"https:\/\/api.w.org\/{rel}","templated":true}]}}