{"id":50257,"date":"2024-03-18T15:48:53","date_gmt":"2024-03-18T14:48:53","guid":{"rendered":"https:\/\/www.auxsons.com\/?post_type=album&#038;p=50257"},"modified":"2024-03-18T15:48:53","modified_gmt":"2024-03-18T14:48:53","slug":"par-le-hublot","status":"publish","type":"album","link":"https:\/\/www.auxsons.com\/en\/album\/par-le-hublot\/","title":{"rendered":"Par le Hublot"},"content":{"rendered":"<p>Sarah Amiel d\u00e9voile son premier album <em>Par le Hublot.<\/em><\/p>\n<p><em>Par le hublot<\/em>&nbsp;comme une fen\u00eatre ouverte sur un jardin que&nbsp;Sarah&nbsp;Amiel&nbsp;cultive depuis quelques ann\u00e9es maintenant. On y rencontre des fleurs, et beaucoup d\u2019oiseaux, des sentiers qui incitent \u00e0 l\u2019\u00e9garement et vous convient \u00e0 l\u2019ennui, juste le temps de fermer les yeux, pour entendre la musique du monde. R\u00e9alis\u00e9 dans le petit cocon, il expose 10 titres en fran\u00e7ais, r\u00e9solument intimistes et sensibles, r\u00e9v\u00e9lant une po\u00e9sie simple et contemplative, teint\u00e9e de&nbsp;jazz.<\/p>\n","protected":false},"excerpt":{"rendered":"<p>Sarah Amiel d\u00e9voile son premier album Par le Hublot. Par le hublot&nbsp;comme une fen\u00eatre ouverte sur un jardin que&nbsp;Sarah&nbsp;Amiel&nbsp;cultive depuis quelques ann\u00e9es maintenant. On y rencontre des fleurs, et beaucoup d\u2019oiseaux, des sentiers qui incitent \u00e0 l\u2019\u00e9garement et vous convient \u00e0 l\u2019ennui, juste le temps de fermer les yeux, pour entendre la musique du&nbsp;monde.<\/p>\n","protected":false},"author":598,"featured_media":50247,"template":"","meta":{"_acf_changed":false,"wp_typography_post_enhancements_disabled":false,"footnotes":""},"class_list":["post-50257","album","type-album","status-publish","has-post-thumbnail","hentry"],"acf":[],"yoast_head":"<!-- This site is optimized with the Yoast SEO plugin v27.5 - https:\/\/yoast.com\/product\/yoast-seo-wordpress\/ -->\n<title>Par le Hublot - #AuxSons<\/title>\n<meta name=\"description\" content=\"Sarah Amiel d\u00e9voile son premier album Par le Hublot. Par le hublot\u00a0comme une fen\u00eatre ouverte sur un jardin que\u00a0Sarah\u00a0Amiel\u00a0cultive depuis quelques ann\u00e9es\" \/>\n<meta name=\"robots\" content=\"index, follow, max-snippet:-1, max-image-preview:large, max-video-preview:-1\" \/>\n<link rel=\"canonical\" href=\"https:\/\/www.auxsons.com\/en\/album\/par-le-hublot\/\" \/>\n<meta property=\"og:locale\" content=\"en_US\" \/>\n<meta property=\"og:type\" content=\"article\" \/>\n<meta property=\"og:title\" content=\"Par le Hublot - #AuxSons\" \/>\n<meta property=\"og:description\" content=\"Sarah Amiel d\u00e9voile son premier album Par le Hublot. Par le hublot\u00a0comme une fen\u00eatre ouverte sur un jardin que\u00a0Sarah\u00a0Amiel\u00a0cultive depuis quelques ann\u00e9es\" \/>\n<meta property=\"og:url\" content=\"https:\/\/www.auxsons.com\/en\/album\/par-le-hublot\/\" \/>\n<meta property=\"og:site_name\" content=\"#AuxSons\" \/>\n<meta property=\"article:publisher\" content=\"https:\/\/www.facebook.com\/auxsons\/\" \/>\n<meta property=\"og:image\" content=\"https:\/\/www.auxsons.com\/wp-content\/uploads\/2024\/03\/capture-decran-2024-03-18-a-143719.png\" \/>\n\t<meta property=\"og:image:width\" content=\"1564\" \/>\n\t<meta property=\"og:image:height\" content=\"1562\" \/>\n\t<meta property=\"og:image:type\" content=\"image\/png\" \/>\n<meta name=\"twitter:card\" content=\"summary_large_image\" \/>\n<meta name=\"twitter:site\" content=\"@auxsons\" \/>\n<meta name=\"twitter:label1\" content=\"Est. reading time\" \/>\n\t<meta name=\"twitter:data1\" content=\"1 minute\" \/>\n<script type=\"application\/ld+json\" class=\"yoast-schema-graph\">{\"@context\":\"https:\\\/\\\/schema.org\",\"@graph\":[{\"@type\":\"WebPage\",\"@id\":\"https:\\\/\\\/www.auxsons.com\\\/en\\\/album\\\/par-le-hublot\\\/\",\"url\":\"https:\\\/\\\/www.auxsons.com\\\/en\\\/album\\\/par-le-hublot\\\/\",\"name\":\"Par le Hublot - #AuxSons\",\"isPartOf\":{\"@id\":\"https:\\\/\\\/www.auxsons.com\\\/en\\\/#website\"},\"primaryImageOfPage\":{\"@id\":\"https:\\\/\\\/www.auxsons.com\\\/en\\\/album\\\/par-le-hublot\\\/#primaryimage\"},\"image\":{\"@id\":\"https:\\\/\\\/www.auxsons.com\\\/en\\\/album\\\/par-le-hublot\\\/#primaryimage\"},\"thumbnailUrl\":\"https:\\\/\\\/www.auxsons.com\\\/wp-content\\\/uploads\\\/2024\\\/03\\\/capture-decran-2024-03-18-a-143719.png\",\"datePublished\":\"2024-03-18T14:48:53+00:00\",\"description\":\"Sarah Amiel d\u00e9voile son premier album Par le Hublot. Par le hublot\u00a0comme une fen\u00eatre ouverte sur un jardin que\u00a0Sarah\u00a0Amiel\u00a0cultive depuis quelques ann\u00e9es\",\"breadcrumb\":{\"@id\":\"https:\\\/\\\/www.auxsons.com\\\/en\\\/album\\\/par-le-hublot\\\/#breadcrumb\"},\"inLanguage\":\"en-US\",\"potentialAction\":[{\"@type\":\"ReadAction\",\"target\":[\"https:\\\/\\\/www.auxsons.com\\\/en\\\/album\\\/par-le-hublot\\\/\"]}]},{\"@type\":\"ImageObject\",\"inLanguage\":\"en-US\",\"@id\":\"https:\\\/\\\/www.auxsons.com\\\/en\\\/album\\\/par-le-hublot\\\/#primaryimage\",\"url\":\"https:\\\/\\\/www.auxsons.com\\\/wp-content\\\/uploads\\\/2024\\\/03\\\/capture-decran-2024-03-18-a-143719.png\",\"contentUrl\":\"https:\\\/\\\/www.auxsons.com\\\/wp-content\\\/uploads\\\/2024\\\/03\\\/capture-decran-2024-03-18-a-143719.png\",\"width\":1564,\"height\":1562},{\"@type\":\"BreadcrumbList\",\"@id\":\"https:\\\/\\\/www.auxsons.com\\\/en\\\/album\\\/par-le-hublot\\\/#breadcrumb\",\"itemListElement\":[{\"@type\":\"ListItem\",\"position\":1,\"name\":\"Accueil\",\"item\":\"https:\\\/\\\/www.auxsons.com\\\/en\\\/\"},{\"@type\":\"ListItem\",\"position\":2,\"name\":\"Albums\",\"item\":\"https:\\\/\\\/www.auxsons.com\\\/en\\\/album\\\/\"},{\"@type\":\"ListItem\",\"position\":3,\"name\":\"Par le Hublot\"}]},{\"@type\":\"WebSite\",\"@id\":\"https:\\\/\\\/www.auxsons.com\\\/en\\\/#website\",\"url\":\"https:\\\/\\\/www.auxsons.com\\\/en\\\/\",\"name\":\"#AuxSons\",\"description\":\"Musiques &amp; Vibrations du Monde\",\"publisher\":{\"@id\":\"https:\\\/\\\/www.auxsons.com\\\/en\\\/#organization\"},\"potentialAction\":[{\"@type\":\"SearchAction\",\"target\":{\"@type\":\"EntryPoint\",\"urlTemplate\":\"https:\\\/\\\/www.auxsons.com\\\/en\\\/?s={search_term_string}\"},\"query-input\":{\"@type\":\"PropertyValueSpecification\",\"valueRequired\":true,\"valueName\":\"search_term_string\"}}],\"inLanguage\":\"en-US\"},{\"@type\":\"Organization\",\"@id\":\"https:\\\/\\\/www.auxsons.com\\\/en\\\/#organization\",\"name\":\"#AuxSons\",\"url\":\"https:\\\/\\\/www.auxsons.com\\\/en\\\/\",\"logo\":{\"@type\":\"ImageObject\",\"inLanguage\":\"en-US\",\"@id\":\"https:\\\/\\\/www.auxsons.com\\\/en\\\/#\\\/schema\\\/logo\\\/image\\\/\",\"url\":\"https:\\\/\\\/www.auxsons.com\\\/wp-content\\\/uploads\\\/2018\\\/10\\\/logo-aux-sons@2x.png\",\"contentUrl\":\"https:\\\/\\\/www.auxsons.com\\\/wp-content\\\/uploads\\\/2018\\\/10\\\/logo-aux-sons@2x.png\",\"width\":320,\"height\":192,\"caption\":\"#AuxSons\"},\"image\":{\"@id\":\"https:\\\/\\\/www.auxsons.com\\\/en\\\/#\\\/schema\\\/logo\\\/image\\\/\"},\"sameAs\":[\"https:\\\/\\\/www.facebook.com\\\/auxsons\\\/\",\"https:\\\/\\\/x.com\\\/auxsons\",\"https:\\\/\\\/www.instagram.com\\\/auxsons\\\/\",\"https:\\\/\\\/www.youtube.com\\\/channel\\\/UC_NjOjgZNHW-6MaXKWavFKQ\"]}]}<\/script>\n<!-- \/ Yoast SEO plugin. -->","yoast_head_json":{"title":"Par le Hublot - #AuxSons","description":"Sarah Amiel d\u00e9voile son premier album Par le Hublot. Par le hublot\u00a0comme une fen\u00eatre ouverte sur un jardin que\u00a0Sarah\u00a0Amiel\u00a0cultive depuis quelques ann\u00e9es","robots":{"index":"index","follow":"follow","max-snippet":"max-snippet:-1","max-image-preview":"max-image-preview:large","max-video-preview":"max-video-preview:-1"},"canonical":"https:\/\/www.auxsons.com\/en\/album\/par-le-hublot\/","og_locale":"en_US","og_type":"article","og_title":"Par le Hublot - #AuxSons","og_description":"Sarah Amiel d\u00e9voile son premier album Par le Hublot. Par le hublot\u00a0comme une fen\u00eatre ouverte sur un jardin que\u00a0Sarah\u00a0Amiel\u00a0cultive depuis quelques ann\u00e9es","og_url":"https:\/\/www.auxsons.com\/en\/album\/par-le-hublot\/","og_site_name":"#AuxSons","article_publisher":"https:\/\/www.facebook.com\/auxsons\/","og_image":[{"width":1564,"height":1562,"url":"https:\/\/www.auxsons.com\/wp-content\/uploads\/2024\/03\/capture-decran-2024-03-18-a-143719.png","type":"image\/png"}],"twitter_card":"summary_large_image","twitter_site":"@auxsons","twitter_misc":{"Est. reading time":"1 minute"},"schema":{"@context":"https:\/\/schema.org","@graph":[{"@type":"WebPage","@id":"https:\/\/www.auxsons.com\/en\/album\/par-le-hublot\/","url":"https:\/\/www.auxsons.com\/en\/album\/par-le-hublot\/","name":"Par le Hublot - #AuxSons","isPartOf":{"@id":"https:\/\/www.auxsons.com\/en\/#website"},"primaryImageOfPage":{"@id":"https:\/\/www.auxsons.com\/en\/album\/par-le-hublot\/#primaryimage"},"image":{"@id":"https:\/\/www.auxsons.com\/en\/album\/par-le-hublot\/#primaryimage"},"thumbnailUrl":"https:\/\/www.auxsons.com\/wp-content\/uploads\/2024\/03\/capture-decran-2024-03-18-a-143719.png","datePublished":"2024-03-18T14:48:53+00:00","description":"Sarah Amiel d\u00e9voile son premier album Par le Hublot. Par le hublot\u00a0comme une fen\u00eatre ouverte sur un jardin que\u00a0Sarah\u00a0Amiel\u00a0cultive depuis quelques ann\u00e9es","breadcrumb":{"@id":"https:\/\/www.auxsons.com\/en\/album\/par-le-hublot\/#breadcrumb"},"inLanguage":"en-US","potentialAction":[{"@type":"ReadAction","target":["https:\/\/www.auxsons.com\/en\/album\/par-le-hublot\/"]}]},{"@type":"ImageObject","inLanguage":"en-US","@id":"https:\/\/www.auxsons.com\/en\/album\/par-le-hublot\/#primaryimage","url":"https:\/\/www.auxsons.com\/wp-content\/uploads\/2024\/03\/capture-decran-2024-03-18-a-143719.png","contentUrl":"https:\/\/www.auxsons.com\/wp-content\/uploads\/2024\/03\/capture-decran-2024-03-18-a-143719.png","width":1564,"height":1562},{"@type":"BreadcrumbList","@id":"https:\/\/www.auxsons.com\/en\/album\/par-le-hublot\/#breadcrumb","itemListElement":[{"@type":"ListItem","position":1,"name":"Accueil","item":"https:\/\/www.auxsons.com\/en\/"},{"@type":"ListItem","position":2,"name":"Albums","item":"https:\/\/www.auxsons.com\/en\/album\/"},{"@type":"ListItem","position":3,"name":"Par le Hublot"}]},{"@type":"WebSite","@id":"https:\/\/www.auxsons.com\/en\/#website","url":"https:\/\/www.auxsons.com\/en\/","name":"#AuxSons","description":"Musiques &amp; Vibrations du Monde","publisher":{"@id":"https:\/\/www.auxsons.com\/en\/#organization"},"potentialAction":[{"@type":"SearchAction","target":{"@type":"EntryPoint","urlTemplate":"https:\/\/www.auxsons.com\/en\/?s={search_term_string}"},"query-input":{"@type":"PropertyValueSpecification","valueRequired":true,"valueName":"search_term_string"}}],"inLanguage":"en-US"},{"@type":"Organization","@id":"https:\/\/www.auxsons.com\/en\/#organization","name":"#AuxSons","url":"https:\/\/www.auxsons.com\/en\/","logo":{"@type":"ImageObject","inLanguage":"en-US","@id":"https:\/\/www.auxsons.com\/en\/#\/schema\/logo\/image\/","url":"https:\/\/www.auxsons.com\/wp-content\/uploads\/2018\/10\/logo-aux-sons@2x.png","contentUrl":"https:\/\/www.auxsons.com\/wp-content\/uploads\/2018\/10\/logo-aux-sons@2x.png","width":320,"height":192,"caption":"#AuxSons"},"image":{"@id":"https:\/\/www.auxsons.com\/en\/#\/schema\/logo\/image\/"},"sameAs":["https:\/\/www.facebook.com\/auxsons\/","https:\/\/x.com\/auxsons","https:\/\/www.instagram.com\/auxsons\/","https:\/\/www.youtube.com\/channel\/UC_NjOjgZNHW-6MaXKWavFKQ"]}]}},"_links":{"self":[{"href":"https:\/\/www.auxsons.com\/en\/wp-json\/wp\/v2\/album\/50257","targetHints":{"allow":["GET"]}}],"collection":[{"href":"https:\/\/www.auxsons.com\/en\/wp-json\/wp\/v2\/album"}],"about":[{"href":"https:\/\/www.auxsons.com\/en\/wp-json\/wp\/v2\/types\/album"}],"author":[{"embeddable":true,"href":"https:\/\/www.auxsons.com\/en\/wp-json\/wp\/v2\/users\/598"}],"version-history":[{"count":0,"href":"https:\/\/www.auxsons.com\/en\/wp-json\/wp\/v2\/album\/50257\/revisions"}],"wp:featuredmedia":[{"embeddable":true,"href":"https:\/\/www.auxsons.com\/en\/wp-json\/wp\/v2\/media\/50247"}],"wp:attachment":[{"href":"https:\/\/www.auxsons.com\/en\/wp-json\/wp\/v2\/media?parent=50257"}],"curies":[{"name":"wp","href":"https:\/\/api.w.org\/{rel}","templated":true}]}}