{"id":50115,"date":"2024-03-14T15:11:56","date_gmt":"2024-03-14T14:11:56","guid":{"rendered":"https:\/\/www.auxsons.com\/?post_type=album&#038;p=50115"},"modified":"2024-03-18T14:23:55","modified_gmt":"2024-03-18T13:23:55","slug":"tarek-abdallah-presente-ousoul","status":"publish","type":"album","link":"https:\/\/www.auxsons.com\/en\/album\/tarek-abdallah-presente-ousoul\/","title":{"rendered":"Ousoul"},"content":{"rendered":"<div>Tarek Abdallah&nbsp;r\u00e9v\u00e8lera&nbsp; \u201cOusoul\u201d son nouvel&nbsp;album \u00e0&nbsp;l\u2019occasion de sa sortie&nbsp;le 15 mars&nbsp;2024&nbsp;chez&nbsp;Buda Musique \/ Socadisc.<\/div>\n<p>Dix ans apr\u00e8s le d\u00e9but de leur coop\u00e9ration pour leur premier album, <em>Wasla <\/em>(2015), Tarek Abdallah et Adel Shams El Din ont travaill\u00e9 en compl\u00e8te harmonie pour b\u00e2tir ce nouvel opus. Leurs compositions se succ\u00e8dent sur le mod\u00e8le de la suite musicale proche-orientale, <em>wasla<\/em>, qui encha\u00eene sur un m\u00eame mode, <em>maq\u00e2m<\/em>, plusieurs formes chant\u00e9es et instrumentales de cycles diff\u00e9rents. Tout en gardant l\u2019improvisation modale comme \u00e9l\u00e9ment central (<em>taqs\u00eem mursal<\/em>, non mesur\u00e9, et <em>taqs\u00eem muwaqqa\u2019<\/em>, mesur\u00e9), ils ont utilis\u00e9 des cycles rythmiques traditionnels, dont certains \u00e9taient abandonn\u00e9s, mais ils en ont aussi invent\u00e9 de nouveaux.<\/p>\n<p>Cet album se compose de cinq suites instrumentales bas\u00e9es sur cinq modes\/<em>maq\u00e2m <\/em>diff\u00e9rents : Nah\u00e2wand, Hig\u00e2zk\u00e2r, R\u00e2st, Bayy\u00e2t\u00ee et S\u00eek\u00e2h. Cette derni\u00e8re, la plus courte, ne contient qu\u2019une seule \u0153uvre vocale.<\/p>\n<p>En arabe, le mot <em>us\u00fbl<\/em>, pluriel de <em>asl<\/em>, signifie : \u00ab origine, racine, fondement, principe ou encore matrice&nbsp;\u00bb.<\/p>\n","protected":false},"excerpt":{"rendered":"<p>Tarek Abdallah&nbsp;r\u00e9v\u00e8lera&nbsp; \u201cOusoul\u201d son nouvel&nbsp;album \u00e0&nbsp;l\u2019occasion de sa sortie&nbsp;le 15 mars&nbsp;2024&nbsp;chez&nbsp;Buda Musique \/ Socadisc. Dix ans apr\u00e8s le d\u00e9but de leur coop\u00e9ration pour leur premier album, Wasla (2015), Tarek Abdallah et Adel Shams El Din ont travaill\u00e9 en compl\u00e8te harmonie pour b\u00e2tir ce nouvel opus. Leurs compositions se succ\u00e8dent sur le mod\u00e8le de la&nbsp;suite<\/p>\n","protected":false},"author":17,"featured_media":50113,"template":"","meta":{"_acf_changed":false,"wp_typography_post_enhancements_disabled":false,"footnotes":""},"class_list":["post-50115","album","type-album","status-publish","has-post-thumbnail","hentry"],"acf":[],"yoast_head":"<!-- This site is optimized with the Yoast SEO plugin v27.5 - https:\/\/yoast.com\/product\/yoast-seo-wordpress\/ -->\n<title>Ousoul - #AuxSons<\/title>\n<meta name=\"description\" content=\"Tarek Abdallah\u00a0r\u00e9v\u00e8lera\u00a0 &quot;Ousoul&quot; son nouvel\u00a0album \u00e0\u00a0l&#039;occasion de sa sortie\u00a0le 15 mars\u00a02024\u00a0chez\u00a0Buda Musique \/ Socadisc. Dix ans apr\u00e8s le d\u00e9but de leur\" \/>\n<meta name=\"robots\" content=\"index, follow, max-snippet:-1, max-image-preview:large, max-video-preview:-1\" \/>\n<link rel=\"canonical\" href=\"https:\/\/www.auxsons.com\/en\/album\/tarek-abdallah-presente-ousoul\/\" \/>\n<meta property=\"og:locale\" content=\"en_US\" \/>\n<meta property=\"og:type\" content=\"article\" \/>\n<meta property=\"og:title\" content=\"Ousoul - #AuxSons\" \/>\n<meta property=\"og:description\" content=\"Tarek Abdallah\u00a0r\u00e9v\u00e8lera\u00a0 &quot;Ousoul&quot; son nouvel\u00a0album \u00e0\u00a0l&#039;occasion de sa sortie\u00a0le 15 mars\u00a02024\u00a0chez\u00a0Buda Musique \/ Socadisc. Dix ans apr\u00e8s le d\u00e9but de leur\" \/>\n<meta property=\"og:url\" content=\"https:\/\/www.auxsons.com\/en\/album\/tarek-abdallah-presente-ousoul\/\" \/>\n<meta property=\"og:site_name\" content=\"#AuxSons\" \/>\n<meta property=\"article:publisher\" content=\"https:\/\/www.facebook.com\/auxsons\/\" \/>\n<meta property=\"article:modified_time\" content=\"2024-03-18T13:23:55+00:00\" \/>\n<meta property=\"og:image\" content=\"https:\/\/www.auxsons.com\/wp-content\/uploads\/2024\/03\/buda860381cyrille-buffet.jpg\" \/>\n\t<meta property=\"og:image:width\" content=\"1440\" \/>\n\t<meta property=\"og:image:height\" content=\"1440\" \/>\n\t<meta property=\"og:image:type\" content=\"image\/jpeg\" \/>\n<meta name=\"twitter:card\" content=\"summary_large_image\" \/>\n<meta name=\"twitter:site\" content=\"@auxsons\" \/>\n<meta name=\"twitter:label1\" content=\"Est. reading time\" \/>\n\t<meta name=\"twitter:data1\" content=\"2 minutes\" \/>\n<script type=\"application\/ld+json\" class=\"yoast-schema-graph\">{\"@context\":\"https:\\\/\\\/schema.org\",\"@graph\":[{\"@type\":\"WebPage\",\"@id\":\"https:\\\/\\\/www.auxsons.com\\\/en\\\/album\\\/tarek-abdallah-presente-ousoul\\\/\",\"url\":\"https:\\\/\\\/www.auxsons.com\\\/en\\\/album\\\/tarek-abdallah-presente-ousoul\\\/\",\"name\":\"Ousoul - #AuxSons\",\"isPartOf\":{\"@id\":\"https:\\\/\\\/www.auxsons.com\\\/en\\\/#website\"},\"primaryImageOfPage\":{\"@id\":\"https:\\\/\\\/www.auxsons.com\\\/en\\\/album\\\/tarek-abdallah-presente-ousoul\\\/#primaryimage\"},\"image\":{\"@id\":\"https:\\\/\\\/www.auxsons.com\\\/en\\\/album\\\/tarek-abdallah-presente-ousoul\\\/#primaryimage\"},\"thumbnailUrl\":\"https:\\\/\\\/www.auxsons.com\\\/wp-content\\\/uploads\\\/2024\\\/03\\\/buda860381cyrille-buffet.jpg\",\"datePublished\":\"2024-03-14T14:11:56+00:00\",\"dateModified\":\"2024-03-18T13:23:55+00:00\",\"description\":\"Tarek Abdallah\u00a0r\u00e9v\u00e8lera\u00a0 \\\"Ousoul\\\" son nouvel\u00a0album \u00e0\u00a0l'occasion de sa sortie\u00a0le 15 mars\u00a02024\u00a0chez\u00a0Buda Musique \\\/ Socadisc. Dix ans apr\u00e8s le d\u00e9but de leur\",\"breadcrumb\":{\"@id\":\"https:\\\/\\\/www.auxsons.com\\\/en\\\/album\\\/tarek-abdallah-presente-ousoul\\\/#breadcrumb\"},\"inLanguage\":\"en-US\",\"potentialAction\":[{\"@type\":\"ReadAction\",\"target\":[\"https:\\\/\\\/www.auxsons.com\\\/en\\\/album\\\/tarek-abdallah-presente-ousoul\\\/\"]}]},{\"@type\":\"ImageObject\",\"inLanguage\":\"en-US\",\"@id\":\"https:\\\/\\\/www.auxsons.com\\\/en\\\/album\\\/tarek-abdallah-presente-ousoul\\\/#primaryimage\",\"url\":\"https:\\\/\\\/www.auxsons.com\\\/wp-content\\\/uploads\\\/2024\\\/03\\\/buda860381cyrille-buffet.jpg\",\"contentUrl\":\"https:\\\/\\\/www.auxsons.com\\\/wp-content\\\/uploads\\\/2024\\\/03\\\/buda860381cyrille-buffet.jpg\",\"width\":1440,\"height\":1440},{\"@type\":\"BreadcrumbList\",\"@id\":\"https:\\\/\\\/www.auxsons.com\\\/en\\\/album\\\/tarek-abdallah-presente-ousoul\\\/#breadcrumb\",\"itemListElement\":[{\"@type\":\"ListItem\",\"position\":1,\"name\":\"Accueil\",\"item\":\"https:\\\/\\\/www.auxsons.com\\\/en\\\/\"},{\"@type\":\"ListItem\",\"position\":2,\"name\":\"Albums\",\"item\":\"https:\\\/\\\/www.auxsons.com\\\/en\\\/album\\\/\"},{\"@type\":\"ListItem\",\"position\":3,\"name\":\"Ousoul\"}]},{\"@type\":\"WebSite\",\"@id\":\"https:\\\/\\\/www.auxsons.com\\\/en\\\/#website\",\"url\":\"https:\\\/\\\/www.auxsons.com\\\/en\\\/\",\"name\":\"#AuxSons\",\"description\":\"Musiques &amp; Vibrations du Monde\",\"publisher\":{\"@id\":\"https:\\\/\\\/www.auxsons.com\\\/en\\\/#organization\"},\"potentialAction\":[{\"@type\":\"SearchAction\",\"target\":{\"@type\":\"EntryPoint\",\"urlTemplate\":\"https:\\\/\\\/www.auxsons.com\\\/en\\\/?s={search_term_string}\"},\"query-input\":{\"@type\":\"PropertyValueSpecification\",\"valueRequired\":true,\"valueName\":\"search_term_string\"}}],\"inLanguage\":\"en-US\"},{\"@type\":\"Organization\",\"@id\":\"https:\\\/\\\/www.auxsons.com\\\/en\\\/#organization\",\"name\":\"#AuxSons\",\"url\":\"https:\\\/\\\/www.auxsons.com\\\/en\\\/\",\"logo\":{\"@type\":\"ImageObject\",\"inLanguage\":\"en-US\",\"@id\":\"https:\\\/\\\/www.auxsons.com\\\/en\\\/#\\\/schema\\\/logo\\\/image\\\/\",\"url\":\"https:\\\/\\\/www.auxsons.com\\\/wp-content\\\/uploads\\\/2018\\\/10\\\/logo-aux-sons@2x.png\",\"contentUrl\":\"https:\\\/\\\/www.auxsons.com\\\/wp-content\\\/uploads\\\/2018\\\/10\\\/logo-aux-sons@2x.png\",\"width\":320,\"height\":192,\"caption\":\"#AuxSons\"},\"image\":{\"@id\":\"https:\\\/\\\/www.auxsons.com\\\/en\\\/#\\\/schema\\\/logo\\\/image\\\/\"},\"sameAs\":[\"https:\\\/\\\/www.facebook.com\\\/auxsons\\\/\",\"https:\\\/\\\/x.com\\\/auxsons\",\"https:\\\/\\\/www.instagram.com\\\/auxsons\\\/\",\"https:\\\/\\\/www.youtube.com\\\/channel\\\/UC_NjOjgZNHW-6MaXKWavFKQ\"]}]}<\/script>\n<!-- \/ Yoast SEO plugin. -->","yoast_head_json":{"title":"Ousoul - #AuxSons","description":"Tarek Abdallah\u00a0r\u00e9v\u00e8lera\u00a0 \"Ousoul\" son nouvel\u00a0album \u00e0\u00a0l'occasion de sa sortie\u00a0le 15 mars\u00a02024\u00a0chez\u00a0Buda Musique \/ Socadisc. Dix ans apr\u00e8s le d\u00e9but de leur","robots":{"index":"index","follow":"follow","max-snippet":"max-snippet:-1","max-image-preview":"max-image-preview:large","max-video-preview":"max-video-preview:-1"},"canonical":"https:\/\/www.auxsons.com\/en\/album\/tarek-abdallah-presente-ousoul\/","og_locale":"en_US","og_type":"article","og_title":"Ousoul - #AuxSons","og_description":"Tarek Abdallah\u00a0r\u00e9v\u00e8lera\u00a0 \"Ousoul\" son nouvel\u00a0album \u00e0\u00a0l'occasion de sa sortie\u00a0le 15 mars\u00a02024\u00a0chez\u00a0Buda Musique \/ Socadisc. Dix ans apr\u00e8s le d\u00e9but de leur","og_url":"https:\/\/www.auxsons.com\/en\/album\/tarek-abdallah-presente-ousoul\/","og_site_name":"#AuxSons","article_publisher":"https:\/\/www.facebook.com\/auxsons\/","article_modified_time":"2024-03-18T13:23:55+00:00","og_image":[{"width":1440,"height":1440,"url":"https:\/\/www.auxsons.com\/wp-content\/uploads\/2024\/03\/buda860381cyrille-buffet.jpg","type":"image\/jpeg"}],"twitter_card":"summary_large_image","twitter_site":"@auxsons","twitter_misc":{"Est. reading time":"2 minutes"},"schema":{"@context":"https:\/\/schema.org","@graph":[{"@type":"WebPage","@id":"https:\/\/www.auxsons.com\/en\/album\/tarek-abdallah-presente-ousoul\/","url":"https:\/\/www.auxsons.com\/en\/album\/tarek-abdallah-presente-ousoul\/","name":"Ousoul - #AuxSons","isPartOf":{"@id":"https:\/\/www.auxsons.com\/en\/#website"},"primaryImageOfPage":{"@id":"https:\/\/www.auxsons.com\/en\/album\/tarek-abdallah-presente-ousoul\/#primaryimage"},"image":{"@id":"https:\/\/www.auxsons.com\/en\/album\/tarek-abdallah-presente-ousoul\/#primaryimage"},"thumbnailUrl":"https:\/\/www.auxsons.com\/wp-content\/uploads\/2024\/03\/buda860381cyrille-buffet.jpg","datePublished":"2024-03-14T14:11:56+00:00","dateModified":"2024-03-18T13:23:55+00:00","description":"Tarek Abdallah\u00a0r\u00e9v\u00e8lera\u00a0 \"Ousoul\" son nouvel\u00a0album \u00e0\u00a0l'occasion de sa sortie\u00a0le 15 mars\u00a02024\u00a0chez\u00a0Buda Musique \/ Socadisc. Dix ans apr\u00e8s le d\u00e9but de leur","breadcrumb":{"@id":"https:\/\/www.auxsons.com\/en\/album\/tarek-abdallah-presente-ousoul\/#breadcrumb"},"inLanguage":"en-US","potentialAction":[{"@type":"ReadAction","target":["https:\/\/www.auxsons.com\/en\/album\/tarek-abdallah-presente-ousoul\/"]}]},{"@type":"ImageObject","inLanguage":"en-US","@id":"https:\/\/www.auxsons.com\/en\/album\/tarek-abdallah-presente-ousoul\/#primaryimage","url":"https:\/\/www.auxsons.com\/wp-content\/uploads\/2024\/03\/buda860381cyrille-buffet.jpg","contentUrl":"https:\/\/www.auxsons.com\/wp-content\/uploads\/2024\/03\/buda860381cyrille-buffet.jpg","width":1440,"height":1440},{"@type":"BreadcrumbList","@id":"https:\/\/www.auxsons.com\/en\/album\/tarek-abdallah-presente-ousoul\/#breadcrumb","itemListElement":[{"@type":"ListItem","position":1,"name":"Accueil","item":"https:\/\/www.auxsons.com\/en\/"},{"@type":"ListItem","position":2,"name":"Albums","item":"https:\/\/www.auxsons.com\/en\/album\/"},{"@type":"ListItem","position":3,"name":"Ousoul"}]},{"@type":"WebSite","@id":"https:\/\/www.auxsons.com\/en\/#website","url":"https:\/\/www.auxsons.com\/en\/","name":"#AuxSons","description":"Musiques &amp; Vibrations du Monde","publisher":{"@id":"https:\/\/www.auxsons.com\/en\/#organization"},"potentialAction":[{"@type":"SearchAction","target":{"@type":"EntryPoint","urlTemplate":"https:\/\/www.auxsons.com\/en\/?s={search_term_string}"},"query-input":{"@type":"PropertyValueSpecification","valueRequired":true,"valueName":"search_term_string"}}],"inLanguage":"en-US"},{"@type":"Organization","@id":"https:\/\/www.auxsons.com\/en\/#organization","name":"#AuxSons","url":"https:\/\/www.auxsons.com\/en\/","logo":{"@type":"ImageObject","inLanguage":"en-US","@id":"https:\/\/www.auxsons.com\/en\/#\/schema\/logo\/image\/","url":"https:\/\/www.auxsons.com\/wp-content\/uploads\/2018\/10\/logo-aux-sons@2x.png","contentUrl":"https:\/\/www.auxsons.com\/wp-content\/uploads\/2018\/10\/logo-aux-sons@2x.png","width":320,"height":192,"caption":"#AuxSons"},"image":{"@id":"https:\/\/www.auxsons.com\/en\/#\/schema\/logo\/image\/"},"sameAs":["https:\/\/www.facebook.com\/auxsons\/","https:\/\/x.com\/auxsons","https:\/\/www.instagram.com\/auxsons\/","https:\/\/www.youtube.com\/channel\/UC_NjOjgZNHW-6MaXKWavFKQ"]}]}},"_links":{"self":[{"href":"https:\/\/www.auxsons.com\/en\/wp-json\/wp\/v2\/album\/50115","targetHints":{"allow":["GET"]}}],"collection":[{"href":"https:\/\/www.auxsons.com\/en\/wp-json\/wp\/v2\/album"}],"about":[{"href":"https:\/\/www.auxsons.com\/en\/wp-json\/wp\/v2\/types\/album"}],"author":[{"embeddable":true,"href":"https:\/\/www.auxsons.com\/en\/wp-json\/wp\/v2\/users\/17"}],"version-history":[{"count":0,"href":"https:\/\/www.auxsons.com\/en\/wp-json\/wp\/v2\/album\/50115\/revisions"}],"wp:featuredmedia":[{"embeddable":true,"href":"https:\/\/www.auxsons.com\/en\/wp-json\/wp\/v2\/media\/50113"}],"wp:attachment":[{"href":"https:\/\/www.auxsons.com\/en\/wp-json\/wp\/v2\/media?parent=50115"}],"curies":[{"name":"wp","href":"https:\/\/api.w.org\/{rel}","templated":true}]}}