{"id":39451,"date":"2023-08-21T17:18:02","date_gmt":"2023-08-21T15:18:02","guid":{"rendered":"https:\/\/www.auxsons.com\/?post_type=album&#038;p=39451"},"modified":"2023-08-21T17:24:59","modified_gmt":"2023-08-21T15:24:59","slug":"vreme-tako-ainsi-va-le-temps","status":"publish","type":"album","link":"https:\/\/www.auxsons.com\/en\/album\/vreme-tako-ainsi-va-le-temps\/","title":{"rendered":"Vreme Tako : Ainsi va le&nbsp;Temps&nbsp;"},"content":{"rendered":"<div>\n<div class=\"entry-content\">\n<div id=\"contenu_ucPreviewJournal_pl_previewBody\" class=\"preview-journal\">\n<p>Le Spectre d\u2019Ottokar d\u00e9voile <em>Vreme Tako : Ainsi va le Temp<\/em>s\u2009; un condens\u00e9 de m\u00e9lodies tziganes qui vient tout droit de Mac\u00e9doine.<\/p>\n<p>Apr\u00e8s 18 ans d\u2019existence et 3 voyages m\u00e9morables dans les Balkans, cette fanfare de 10 musiciens a enregistr\u00e9 un nouvel album pour transmettre \u00e0 son tour ce qu\u2019elle a appris l\u00e0-bas.<\/p>\n<p>Cet album est le fruit d\u2019une collaboration avec le fameux tubiste du Ko\u010dani Orkestar&nbsp;: Bilent Ashmedov, et avec un des trompettistes serbes les plus prim\u00e9&nbsp;: Ekrem Mamutovi\u010d. Merci \u00e0 eux d\u2019avoir partag\u00e9 leurs arrangements et compositions&nbsp;!<\/p>\n<p>Les musiciens du Spectre, toujours aussi inspir\u00e9s par les rythmes endiabl\u00e9s et les m\u00e9lodies tourbillonnantes, redoublent d\u2019originalit\u00e9 pour vous faire vibrer et danser comme si vous \u00e9tiez au c\u0153ur d\u2019un mariage tzigane.<\/p>\n<p>D\u00e9couvrez \u201cVreme Tako\u201d sur Bandcamp&nbsp;: <strong><a href=\"http:\/\/https\u2009:\/\/lespectredottokar.bandcamp.com\/album\/vreme-tako\" target=\"_blank\" rel=\"noopener\">https\u2009:\/\/lespectredottokar.bandcamp.com\/album\/vreme-tako<\/a><\/strong><\/p>\n<p>Suivez toute l\u2019actualit\u00e9 du groupe leur site web : <strong><a href=\"http:\/\/www.spectre-ottokar.com\" target=\"_blank\" rel=\"noopener\">www\u200b.spectre\u200b-ottokar\u200b.com<\/a><\/strong><\/p>\n<p>Albums pr\u00e9c\u00e9dents : <strong><a href=\"http:\/\/https\u2009:\/\/www.deezer.com\/fr\/artist\/14975675\" target=\"_blank\" rel=\"noopener\">https\u2009:\/\/www.deezer.com\/fr\/artist\/14975675<\/a><\/strong><\/p>\n<\/div>\n<\/div>\n<\/div>\n","protected":false},"excerpt":{"rendered":"<p>Le Spectre d\u2019Ottokar d\u00e9voile Vreme Tako : Ainsi va le Temps\u2009; un condens\u00e9 de m\u00e9lodies tziganes qui vient tout droit de Mac\u00e9doine. Apr\u00e8s 18 ans d\u2019existence et 3 voyages m\u00e9morables dans les Balkans, cette fanfare de 10 musiciens a enregistr\u00e9 un nouvel album pour transmettre \u00e0 son tour ce qu\u2019elle a appris l\u00e0-bas. Cet&nbsp;album<\/p>\n","protected":false},"author":553,"featured_media":39447,"template":"","meta":{"_acf_changed":false,"wp_typography_post_enhancements_disabled":false,"footnotes":""},"class_list":["post-39451","album","type-album","status-publish","has-post-thumbnail","hentry"],"acf":[],"yoast_head":"<!-- This site is optimized with the Yoast SEO plugin v27.5 - https:\/\/yoast.com\/product\/yoast-seo-wordpress\/ -->\n<title>Vreme Tako : Ainsi va le Temps\u2009 - #AuxSons<\/title>\n<meta name=\"description\" content=\"Le Spectre d\u2019Ottokar d\u00e9voile Vreme Tako : Ainsi va le Temps\u2009; un condens\u00e9 de m\u00e9lodies tziganes qui vient tout droit de Mac\u00e9doine. Apr\u00e8s 18 ans d\u2019existence\" \/>\n<meta name=\"robots\" content=\"index, follow, max-snippet:-1, max-image-preview:large, max-video-preview:-1\" \/>\n<link rel=\"canonical\" href=\"https:\/\/www.auxsons.com\/en\/album\/vreme-tako-ainsi-va-le-temps\/\" \/>\n<meta property=\"og:locale\" content=\"en_US\" \/>\n<meta property=\"og:type\" content=\"article\" \/>\n<meta property=\"og:title\" content=\"Vreme Tako : Ainsi va le Temps\u2009 - #AuxSons\" \/>\n<meta property=\"og:description\" content=\"Le Spectre d\u2019Ottokar d\u00e9voile Vreme Tako : Ainsi va le Temps\u2009; un condens\u00e9 de m\u00e9lodies tziganes qui vient tout droit de Mac\u00e9doine. Apr\u00e8s 18 ans d\u2019existence\" \/>\n<meta property=\"og:url\" content=\"https:\/\/www.auxsons.com\/en\/album\/vreme-tako-ainsi-va-le-temps\/\" \/>\n<meta property=\"og:site_name\" content=\"#AuxSons\" \/>\n<meta property=\"article:publisher\" content=\"https:\/\/www.facebook.com\/auxsons\/\" \/>\n<meta property=\"article:modified_time\" content=\"2023-08-21T15:24:59+00:00\" \/>\n<meta property=\"og:image\" content=\"https:\/\/www.auxsons.com\/wp-content\/uploads\/2023\/08\/bandeau-le-spectre-dottokar.jpg\" \/>\n\t<meta property=\"og:image:width\" content=\"820\" \/>\n\t<meta property=\"og:image:height\" content=\"312\" \/>\n\t<meta property=\"og:image:type\" content=\"image\/jpeg\" \/>\n<meta name=\"twitter:card\" content=\"summary_large_image\" \/>\n<meta name=\"twitter:site\" content=\"@auxsons\" \/>\n<meta name=\"twitter:label1\" content=\"Est. reading time\" \/>\n\t<meta name=\"twitter:data1\" content=\"1 minute\" \/>\n<script type=\"application\/ld+json\" class=\"yoast-schema-graph\">{\"@context\":\"https:\\\/\\\/schema.org\",\"@graph\":[{\"@type\":\"WebPage\",\"@id\":\"https:\\\/\\\/www.auxsons.com\\\/en\\\/album\\\/vreme-tako-ainsi-va-le-temps\\\/\",\"url\":\"https:\\\/\\\/www.auxsons.com\\\/en\\\/album\\\/vreme-tako-ainsi-va-le-temps\\\/\",\"name\":\"Vreme Tako : Ainsi va le Temps\u2009 - #AuxSons\",\"isPartOf\":{\"@id\":\"https:\\\/\\\/www.auxsons.com\\\/en\\\/#website\"},\"primaryImageOfPage\":{\"@id\":\"https:\\\/\\\/www.auxsons.com\\\/en\\\/album\\\/vreme-tako-ainsi-va-le-temps\\\/#primaryimage\"},\"image\":{\"@id\":\"https:\\\/\\\/www.auxsons.com\\\/en\\\/album\\\/vreme-tako-ainsi-va-le-temps\\\/#primaryimage\"},\"thumbnailUrl\":\"https:\\\/\\\/www.auxsons.com\\\/wp-content\\\/uploads\\\/2023\\\/08\\\/bandeau-le-spectre-dottokar.jpg\",\"datePublished\":\"2023-08-21T15:18:02+00:00\",\"dateModified\":\"2023-08-21T15:24:59+00:00\",\"description\":\"Le Spectre d\u2019Ottokar d\u00e9voile Vreme Tako : Ainsi va le Temps\u2009; un condens\u00e9 de m\u00e9lodies tziganes qui vient tout droit de Mac\u00e9doine. Apr\u00e8s 18 ans d\u2019existence\",\"breadcrumb\":{\"@id\":\"https:\\\/\\\/www.auxsons.com\\\/en\\\/album\\\/vreme-tako-ainsi-va-le-temps\\\/#breadcrumb\"},\"inLanguage\":\"en-US\",\"potentialAction\":[{\"@type\":\"ReadAction\",\"target\":[\"https:\\\/\\\/www.auxsons.com\\\/en\\\/album\\\/vreme-tako-ainsi-va-le-temps\\\/\"]}]},{\"@type\":\"ImageObject\",\"inLanguage\":\"en-US\",\"@id\":\"https:\\\/\\\/www.auxsons.com\\\/en\\\/album\\\/vreme-tako-ainsi-va-le-temps\\\/#primaryimage\",\"url\":\"https:\\\/\\\/www.auxsons.com\\\/wp-content\\\/uploads\\\/2023\\\/08\\\/bandeau-le-spectre-dottokar.jpg\",\"contentUrl\":\"https:\\\/\\\/www.auxsons.com\\\/wp-content\\\/uploads\\\/2023\\\/08\\\/bandeau-le-spectre-dottokar.jpg\",\"width\":820,\"height\":312},{\"@type\":\"BreadcrumbList\",\"@id\":\"https:\\\/\\\/www.auxsons.com\\\/en\\\/album\\\/vreme-tako-ainsi-va-le-temps\\\/#breadcrumb\",\"itemListElement\":[{\"@type\":\"ListItem\",\"position\":1,\"name\":\"Accueil\",\"item\":\"https:\\\/\\\/www.auxsons.com\\\/en\\\/\"},{\"@type\":\"ListItem\",\"position\":2,\"name\":\"Albums\",\"item\":\"https:\\\/\\\/www.auxsons.com\\\/en\\\/album\\\/\"},{\"@type\":\"ListItem\",\"position\":3,\"name\":\"Vreme Tako : Ainsi va le Temps\u2009\"}]},{\"@type\":\"WebSite\",\"@id\":\"https:\\\/\\\/www.auxsons.com\\\/en\\\/#website\",\"url\":\"https:\\\/\\\/www.auxsons.com\\\/en\\\/\",\"name\":\"#AuxSons\",\"description\":\"Musiques &amp; Vibrations du Monde\",\"publisher\":{\"@id\":\"https:\\\/\\\/www.auxsons.com\\\/en\\\/#organization\"},\"potentialAction\":[{\"@type\":\"SearchAction\",\"target\":{\"@type\":\"EntryPoint\",\"urlTemplate\":\"https:\\\/\\\/www.auxsons.com\\\/en\\\/?s={search_term_string}\"},\"query-input\":{\"@type\":\"PropertyValueSpecification\",\"valueRequired\":true,\"valueName\":\"search_term_string\"}}],\"inLanguage\":\"en-US\"},{\"@type\":\"Organization\",\"@id\":\"https:\\\/\\\/www.auxsons.com\\\/en\\\/#organization\",\"name\":\"#AuxSons\",\"url\":\"https:\\\/\\\/www.auxsons.com\\\/en\\\/\",\"logo\":{\"@type\":\"ImageObject\",\"inLanguage\":\"en-US\",\"@id\":\"https:\\\/\\\/www.auxsons.com\\\/en\\\/#\\\/schema\\\/logo\\\/image\\\/\",\"url\":\"https:\\\/\\\/www.auxsons.com\\\/wp-content\\\/uploads\\\/2018\\\/10\\\/logo-aux-sons@2x.png\",\"contentUrl\":\"https:\\\/\\\/www.auxsons.com\\\/wp-content\\\/uploads\\\/2018\\\/10\\\/logo-aux-sons@2x.png\",\"width\":320,\"height\":192,\"caption\":\"#AuxSons\"},\"image\":{\"@id\":\"https:\\\/\\\/www.auxsons.com\\\/en\\\/#\\\/schema\\\/logo\\\/image\\\/\"},\"sameAs\":[\"https:\\\/\\\/www.facebook.com\\\/auxsons\\\/\",\"https:\\\/\\\/x.com\\\/auxsons\",\"https:\\\/\\\/www.instagram.com\\\/auxsons\\\/\",\"https:\\\/\\\/www.youtube.com\\\/channel\\\/UC_NjOjgZNHW-6MaXKWavFKQ\"]}]}<\/script>\n<!-- \/ Yoast SEO plugin. -->","yoast_head_json":{"title":"Vreme Tako : Ainsi va le Temps\u2009 - #AuxSons","description":"Le Spectre d\u2019Ottokar d\u00e9voile Vreme Tako : Ainsi va le Temps\u2009; un condens\u00e9 de m\u00e9lodies tziganes qui vient tout droit de Mac\u00e9doine. Apr\u00e8s 18 ans d\u2019existence","robots":{"index":"index","follow":"follow","max-snippet":"max-snippet:-1","max-image-preview":"max-image-preview:large","max-video-preview":"max-video-preview:-1"},"canonical":"https:\/\/www.auxsons.com\/en\/album\/vreme-tako-ainsi-va-le-temps\/","og_locale":"en_US","og_type":"article","og_title":"Vreme Tako : Ainsi va le Temps\u2009 - #AuxSons","og_description":"Le Spectre d\u2019Ottokar d\u00e9voile Vreme Tako : Ainsi va le Temps\u2009; un condens\u00e9 de m\u00e9lodies tziganes qui vient tout droit de Mac\u00e9doine. Apr\u00e8s 18 ans d\u2019existence","og_url":"https:\/\/www.auxsons.com\/en\/album\/vreme-tako-ainsi-va-le-temps\/","og_site_name":"#AuxSons","article_publisher":"https:\/\/www.facebook.com\/auxsons\/","article_modified_time":"2023-08-21T15:24:59+00:00","og_image":[{"width":820,"height":312,"url":"https:\/\/www.auxsons.com\/wp-content\/uploads\/2023\/08\/bandeau-le-spectre-dottokar.jpg","type":"image\/jpeg"}],"twitter_card":"summary_large_image","twitter_site":"@auxsons","twitter_misc":{"Est. reading time":"1 minute"},"schema":{"@context":"https:\/\/schema.org","@graph":[{"@type":"WebPage","@id":"https:\/\/www.auxsons.com\/en\/album\/vreme-tako-ainsi-va-le-temps\/","url":"https:\/\/www.auxsons.com\/en\/album\/vreme-tako-ainsi-va-le-temps\/","name":"Vreme Tako : Ainsi va le Temps\u2009 - #AuxSons","isPartOf":{"@id":"https:\/\/www.auxsons.com\/en\/#website"},"primaryImageOfPage":{"@id":"https:\/\/www.auxsons.com\/en\/album\/vreme-tako-ainsi-va-le-temps\/#primaryimage"},"image":{"@id":"https:\/\/www.auxsons.com\/en\/album\/vreme-tako-ainsi-va-le-temps\/#primaryimage"},"thumbnailUrl":"https:\/\/www.auxsons.com\/wp-content\/uploads\/2023\/08\/bandeau-le-spectre-dottokar.jpg","datePublished":"2023-08-21T15:18:02+00:00","dateModified":"2023-08-21T15:24:59+00:00","description":"Le Spectre d\u2019Ottokar d\u00e9voile Vreme Tako : Ainsi va le Temps\u2009; un condens\u00e9 de m\u00e9lodies tziganes qui vient tout droit de Mac\u00e9doine. Apr\u00e8s 18 ans d\u2019existence","breadcrumb":{"@id":"https:\/\/www.auxsons.com\/en\/album\/vreme-tako-ainsi-va-le-temps\/#breadcrumb"},"inLanguage":"en-US","potentialAction":[{"@type":"ReadAction","target":["https:\/\/www.auxsons.com\/en\/album\/vreme-tako-ainsi-va-le-temps\/"]}]},{"@type":"ImageObject","inLanguage":"en-US","@id":"https:\/\/www.auxsons.com\/en\/album\/vreme-tako-ainsi-va-le-temps\/#primaryimage","url":"https:\/\/www.auxsons.com\/wp-content\/uploads\/2023\/08\/bandeau-le-spectre-dottokar.jpg","contentUrl":"https:\/\/www.auxsons.com\/wp-content\/uploads\/2023\/08\/bandeau-le-spectre-dottokar.jpg","width":820,"height":312},{"@type":"BreadcrumbList","@id":"https:\/\/www.auxsons.com\/en\/album\/vreme-tako-ainsi-va-le-temps\/#breadcrumb","itemListElement":[{"@type":"ListItem","position":1,"name":"Accueil","item":"https:\/\/www.auxsons.com\/en\/"},{"@type":"ListItem","position":2,"name":"Albums","item":"https:\/\/www.auxsons.com\/en\/album\/"},{"@type":"ListItem","position":3,"name":"Vreme Tako : Ainsi va le Temps\u2009"}]},{"@type":"WebSite","@id":"https:\/\/www.auxsons.com\/en\/#website","url":"https:\/\/www.auxsons.com\/en\/","name":"#AuxSons","description":"Musiques &amp; Vibrations du Monde","publisher":{"@id":"https:\/\/www.auxsons.com\/en\/#organization"},"potentialAction":[{"@type":"SearchAction","target":{"@type":"EntryPoint","urlTemplate":"https:\/\/www.auxsons.com\/en\/?s={search_term_string}"},"query-input":{"@type":"PropertyValueSpecification","valueRequired":true,"valueName":"search_term_string"}}],"inLanguage":"en-US"},{"@type":"Organization","@id":"https:\/\/www.auxsons.com\/en\/#organization","name":"#AuxSons","url":"https:\/\/www.auxsons.com\/en\/","logo":{"@type":"ImageObject","inLanguage":"en-US","@id":"https:\/\/www.auxsons.com\/en\/#\/schema\/logo\/image\/","url":"https:\/\/www.auxsons.com\/wp-content\/uploads\/2018\/10\/logo-aux-sons@2x.png","contentUrl":"https:\/\/www.auxsons.com\/wp-content\/uploads\/2018\/10\/logo-aux-sons@2x.png","width":320,"height":192,"caption":"#AuxSons"},"image":{"@id":"https:\/\/www.auxsons.com\/en\/#\/schema\/logo\/image\/"},"sameAs":["https:\/\/www.facebook.com\/auxsons\/","https:\/\/x.com\/auxsons","https:\/\/www.instagram.com\/auxsons\/","https:\/\/www.youtube.com\/channel\/UC_NjOjgZNHW-6MaXKWavFKQ"]}]}},"_links":{"self":[{"href":"https:\/\/www.auxsons.com\/en\/wp-json\/wp\/v2\/album\/39451","targetHints":{"allow":["GET"]}}],"collection":[{"href":"https:\/\/www.auxsons.com\/en\/wp-json\/wp\/v2\/album"}],"about":[{"href":"https:\/\/www.auxsons.com\/en\/wp-json\/wp\/v2\/types\/album"}],"author":[{"embeddable":true,"href":"https:\/\/www.auxsons.com\/en\/wp-json\/wp\/v2\/users\/553"}],"version-history":[{"count":0,"href":"https:\/\/www.auxsons.com\/en\/wp-json\/wp\/v2\/album\/39451\/revisions"}],"wp:featuredmedia":[{"embeddable":true,"href":"https:\/\/www.auxsons.com\/en\/wp-json\/wp\/v2\/media\/39447"}],"wp:attachment":[{"href":"https:\/\/www.auxsons.com\/en\/wp-json\/wp\/v2\/media?parent=39451"}],"curies":[{"name":"wp","href":"https:\/\/api.w.org\/{rel}","templated":true}]}}