{"id":2870,"date":"2019-05-20T11:04:53","date_gmt":"2019-05-20T09:04:53","guid":{"rendered":"http:\/\/www.auxsons.com\/?post_type=album&#038;p=2870"},"modified":"2019-05-20T11:04:53","modified_gmt":"2019-05-20T09:04:53","slug":"modernisimo","status":"publish","type":"album","link":"https:\/\/www.auxsons.com\/en\/album\/modernisimo\/","title":{"rendered":"Modern\u00edsimo"},"content":{"rendered":"<div class=\"public-DraftStyleDefault-block public-DraftStyleDefault-ltr\" data-offset-key=\"5u4d8-0-0\"><span data-offset-key=\"5u4d8-0-0\">Le <em><strong>Quinteto Emedea<\/strong><\/em> <strong>na\u00eet en 2015 de notre rencontre autour d\u2019une ambition commune : red\u00e9couvrir la musique <em>d\u2019Astor Piazzolla.<\/em><\/strong><\/span><\/div>\n<div class=\"public-DraftStyleDefault-block public-DraftStyleDefault-ltr\" data-offset-key=\"898kp-0-0\"><span data-offset-key=\"898kp-0-0\"><em>Homme de la d\u00e9mesure, cr\u00e9ateur insatiable<\/em>, <strong><em>Astor Piazzolla<\/em><\/strong> fut <strong>\u00e0 l\u2019origine d\u2019une petite r\u00e9volution en cr\u00e9ant le \u00ab Tango Nuevo \u00bb<\/strong>, renouvelant profond\u00e9ment le genre et <strong>bouleversant les traditions \u00e9tablies par les premi\u00e8res g\u00e9n\u00e9rations de compositeurs et interpr\u00e8tes de tango<\/strong>.<br>\nAu del\u00e0 des id\u00e9es re\u00e7ues, il est avant tout <em>le musicien qui sut conf\u00e9rer \u00e0 la musique de Buenos Aires une dimension internationale et cr\u00e9er une musique nouvelle, la sienne, \u00e0 la crois\u00e9e des chemins entre tango, jazz et musique classique.<\/em><\/span><\/div>\n<div data-offset-key=\"898kp-0-0\"><em><strong>Modern\u00edsimo<\/strong><\/em><span data-offset-key=\"bdlja-0-1\">, c\u2019est le r\u00e9sultat de quatre ann\u00e9es de complicit\u00e9, de recherche interpr\u00e9tative et de partage de la&nbsp;sc\u00e8ne.\n<p><strong>Apr\u00e8s un premier <span class=\"caps\">EP<\/span> paru en 2016 et de nombreux concerts en France et en Europe, la n\u00e9cessit\u00e9 d\u2019enregistrer ce premier album est apparue comme une \u00e9vidence.<\/strong><\/p><\/span><\/div>\n","protected":false},"excerpt":{"rendered":"<p>Le Quinteto Emedea na\u00eet en 2015 de notre rencontre autour d\u2019une ambition commune : red\u00e9couvrir la musique d\u2019Astor Piazzolla. Homme de la d\u00e9mesure, cr\u00e9ateur insatiable, Astor Piazzolla fut \u00e0 l\u2019origine d\u2019une petite r\u00e9volution en cr\u00e9ant le \u00ab Tango Nuevo \u00bb, renouvelant profond\u00e9ment le genre et bouleversant les traditions \u00e9tablies par les premi\u00e8res g\u00e9n\u00e9rations de compositeurs<\/p>\n","protected":false},"author":6,"featured_media":2871,"template":"","meta":{"_acf_changed":false,"wp_typography_post_enhancements_disabled":false,"footnotes":""},"class_list":["post-2870","album","type-album","status-publish","has-post-thumbnail","hentry"],"acf":[],"yoast_head":"<!-- This site is optimized with the Yoast SEO plugin v27.5 - https:\/\/yoast.com\/product\/yoast-seo-wordpress\/ -->\n<title>Modern\u00edsimo - #AuxSons<\/title>\n<meta name=\"description\" content=\"Le Quinteto Emedea na\u00eet en 2015 de notre rencontre autour d\u2019une ambition commune : red\u00e9couvrir la musique d\u2019Astor Piazzolla. Homme de la d\u00e9mesure,\" \/>\n<meta name=\"robots\" content=\"index, follow, max-snippet:-1, max-image-preview:large, max-video-preview:-1\" \/>\n<link rel=\"canonical\" href=\"https:\/\/www.auxsons.com\/en\/album\/modernisimo\/\" \/>\n<meta property=\"og:locale\" content=\"en_US\" \/>\n<meta property=\"og:type\" content=\"article\" \/>\n<meta property=\"og:title\" content=\"Modern\u00edsimo - #AuxSons\" \/>\n<meta property=\"og:description\" content=\"Le Quinteto Emedea na\u00eet en 2015 de notre rencontre autour d\u2019une ambition commune : red\u00e9couvrir la musique d\u2019Astor Piazzolla. Homme de la d\u00e9mesure,\" \/>\n<meta property=\"og:url\" content=\"https:\/\/www.auxsons.com\/en\/album\/modernisimo\/\" \/>\n<meta property=\"og:site_name\" content=\"#AuxSons\" \/>\n<meta property=\"article:publisher\" content=\"https:\/\/www.facebook.com\/auxsons\/\" \/>\n<meta property=\"og:image\" content=\"https:\/\/www.auxsons.com\/wp-content\/uploads\/2019\/05\/modernisimo.jpg\" \/>\n\t<meta property=\"og:image:width\" content=\"400\" \/>\n\t<meta property=\"og:image:height\" content=\"399\" \/>\n\t<meta property=\"og:image:type\" content=\"image\/jpeg\" \/>\n<meta name=\"twitter:card\" content=\"summary_large_image\" \/>\n<meta name=\"twitter:site\" content=\"@auxsons\" \/>\n<meta name=\"twitter:label1\" content=\"Est. reading time\" \/>\n\t<meta name=\"twitter:data1\" content=\"1 minute\" \/>\n<script type=\"application\/ld+json\" class=\"yoast-schema-graph\">{\"@context\":\"https:\\\/\\\/schema.org\",\"@graph\":[{\"@type\":\"WebPage\",\"@id\":\"https:\\\/\\\/www.auxsons.com\\\/en\\\/album\\\/modernisimo\\\/\",\"url\":\"https:\\\/\\\/www.auxsons.com\\\/en\\\/album\\\/modernisimo\\\/\",\"name\":\"Modern\u00edsimo - #AuxSons\",\"isPartOf\":{\"@id\":\"https:\\\/\\\/www.auxsons.com\\\/en\\\/#website\"},\"primaryImageOfPage\":{\"@id\":\"https:\\\/\\\/www.auxsons.com\\\/en\\\/album\\\/modernisimo\\\/#primaryimage\"},\"image\":{\"@id\":\"https:\\\/\\\/www.auxsons.com\\\/en\\\/album\\\/modernisimo\\\/#primaryimage\"},\"thumbnailUrl\":\"https:\\\/\\\/www.auxsons.com\\\/wp-content\\\/uploads\\\/2019\\\/05\\\/modernisimo.jpg\",\"datePublished\":\"2019-05-20T09:04:53+00:00\",\"description\":\"Le Quinteto Emedea na\u00eet en 2015 de notre rencontre autour d\u2019une ambition commune : red\u00e9couvrir la musique d\u2019Astor Piazzolla. Homme de la d\u00e9mesure,\",\"breadcrumb\":{\"@id\":\"https:\\\/\\\/www.auxsons.com\\\/en\\\/album\\\/modernisimo\\\/#breadcrumb\"},\"inLanguage\":\"en-US\",\"potentialAction\":[{\"@type\":\"ReadAction\",\"target\":[\"https:\\\/\\\/www.auxsons.com\\\/en\\\/album\\\/modernisimo\\\/\"]}]},{\"@type\":\"ImageObject\",\"inLanguage\":\"en-US\",\"@id\":\"https:\\\/\\\/www.auxsons.com\\\/en\\\/album\\\/modernisimo\\\/#primaryimage\",\"url\":\"https:\\\/\\\/www.auxsons.com\\\/wp-content\\\/uploads\\\/2019\\\/05\\\/modernisimo.jpg\",\"contentUrl\":\"https:\\\/\\\/www.auxsons.com\\\/wp-content\\\/uploads\\\/2019\\\/05\\\/modernisimo.jpg\",\"width\":400,\"height\":399},{\"@type\":\"BreadcrumbList\",\"@id\":\"https:\\\/\\\/www.auxsons.com\\\/en\\\/album\\\/modernisimo\\\/#breadcrumb\",\"itemListElement\":[{\"@type\":\"ListItem\",\"position\":1,\"name\":\"Accueil\",\"item\":\"https:\\\/\\\/www.auxsons.com\\\/en\\\/\"},{\"@type\":\"ListItem\",\"position\":2,\"name\":\"Albums\",\"item\":\"https:\\\/\\\/www.auxsons.com\\\/en\\\/album\\\/\"},{\"@type\":\"ListItem\",\"position\":3,\"name\":\"Modern\u00edsimo\"}]},{\"@type\":\"WebSite\",\"@id\":\"https:\\\/\\\/www.auxsons.com\\\/en\\\/#website\",\"url\":\"https:\\\/\\\/www.auxsons.com\\\/en\\\/\",\"name\":\"#AuxSons\",\"description\":\"Musiques &amp; Vibrations du Monde\",\"publisher\":{\"@id\":\"https:\\\/\\\/www.auxsons.com\\\/en\\\/#organization\"},\"potentialAction\":[{\"@type\":\"SearchAction\",\"target\":{\"@type\":\"EntryPoint\",\"urlTemplate\":\"https:\\\/\\\/www.auxsons.com\\\/en\\\/?s={search_term_string}\"},\"query-input\":{\"@type\":\"PropertyValueSpecification\",\"valueRequired\":true,\"valueName\":\"search_term_string\"}}],\"inLanguage\":\"en-US\"},{\"@type\":\"Organization\",\"@id\":\"https:\\\/\\\/www.auxsons.com\\\/en\\\/#organization\",\"name\":\"#AuxSons\",\"url\":\"https:\\\/\\\/www.auxsons.com\\\/en\\\/\",\"logo\":{\"@type\":\"ImageObject\",\"inLanguage\":\"en-US\",\"@id\":\"https:\\\/\\\/www.auxsons.com\\\/en\\\/#\\\/schema\\\/logo\\\/image\\\/\",\"url\":\"https:\\\/\\\/www.auxsons.com\\\/wp-content\\\/uploads\\\/2018\\\/10\\\/logo-aux-sons@2x.png\",\"contentUrl\":\"https:\\\/\\\/www.auxsons.com\\\/wp-content\\\/uploads\\\/2018\\\/10\\\/logo-aux-sons@2x.png\",\"width\":320,\"height\":192,\"caption\":\"#AuxSons\"},\"image\":{\"@id\":\"https:\\\/\\\/www.auxsons.com\\\/en\\\/#\\\/schema\\\/logo\\\/image\\\/\"},\"sameAs\":[\"https:\\\/\\\/www.facebook.com\\\/auxsons\\\/\",\"https:\\\/\\\/x.com\\\/auxsons\",\"https:\\\/\\\/www.instagram.com\\\/auxsons\\\/\",\"https:\\\/\\\/www.youtube.com\\\/channel\\\/UC_NjOjgZNHW-6MaXKWavFKQ\"]}]}<\/script>\n<!-- \/ Yoast SEO plugin. -->","yoast_head_json":{"title":"Modern\u00edsimo - #AuxSons","description":"Le Quinteto Emedea na\u00eet en 2015 de notre rencontre autour d\u2019une ambition commune : red\u00e9couvrir la musique d\u2019Astor Piazzolla. Homme de la d\u00e9mesure,","robots":{"index":"index","follow":"follow","max-snippet":"max-snippet:-1","max-image-preview":"max-image-preview:large","max-video-preview":"max-video-preview:-1"},"canonical":"https:\/\/www.auxsons.com\/en\/album\/modernisimo\/","og_locale":"en_US","og_type":"article","og_title":"Modern\u00edsimo - #AuxSons","og_description":"Le Quinteto Emedea na\u00eet en 2015 de notre rencontre autour d\u2019une ambition commune : red\u00e9couvrir la musique d\u2019Astor Piazzolla. Homme de la d\u00e9mesure,","og_url":"https:\/\/www.auxsons.com\/en\/album\/modernisimo\/","og_site_name":"#AuxSons","article_publisher":"https:\/\/www.facebook.com\/auxsons\/","og_image":[{"width":400,"height":399,"url":"https:\/\/www.auxsons.com\/wp-content\/uploads\/2019\/05\/modernisimo.jpg","type":"image\/jpeg"}],"twitter_card":"summary_large_image","twitter_site":"@auxsons","twitter_misc":{"Est. reading time":"1 minute"},"schema":{"@context":"https:\/\/schema.org","@graph":[{"@type":"WebPage","@id":"https:\/\/www.auxsons.com\/en\/album\/modernisimo\/","url":"https:\/\/www.auxsons.com\/en\/album\/modernisimo\/","name":"Modern\u00edsimo - #AuxSons","isPartOf":{"@id":"https:\/\/www.auxsons.com\/en\/#website"},"primaryImageOfPage":{"@id":"https:\/\/www.auxsons.com\/en\/album\/modernisimo\/#primaryimage"},"image":{"@id":"https:\/\/www.auxsons.com\/en\/album\/modernisimo\/#primaryimage"},"thumbnailUrl":"https:\/\/www.auxsons.com\/wp-content\/uploads\/2019\/05\/modernisimo.jpg","datePublished":"2019-05-20T09:04:53+00:00","description":"Le Quinteto Emedea na\u00eet en 2015 de notre rencontre autour d\u2019une ambition commune : red\u00e9couvrir la musique d\u2019Astor Piazzolla. Homme de la d\u00e9mesure,","breadcrumb":{"@id":"https:\/\/www.auxsons.com\/en\/album\/modernisimo\/#breadcrumb"},"inLanguage":"en-US","potentialAction":[{"@type":"ReadAction","target":["https:\/\/www.auxsons.com\/en\/album\/modernisimo\/"]}]},{"@type":"ImageObject","inLanguage":"en-US","@id":"https:\/\/www.auxsons.com\/en\/album\/modernisimo\/#primaryimage","url":"https:\/\/www.auxsons.com\/wp-content\/uploads\/2019\/05\/modernisimo.jpg","contentUrl":"https:\/\/www.auxsons.com\/wp-content\/uploads\/2019\/05\/modernisimo.jpg","width":400,"height":399},{"@type":"BreadcrumbList","@id":"https:\/\/www.auxsons.com\/en\/album\/modernisimo\/#breadcrumb","itemListElement":[{"@type":"ListItem","position":1,"name":"Accueil","item":"https:\/\/www.auxsons.com\/en\/"},{"@type":"ListItem","position":2,"name":"Albums","item":"https:\/\/www.auxsons.com\/en\/album\/"},{"@type":"ListItem","position":3,"name":"Modern\u00edsimo"}]},{"@type":"WebSite","@id":"https:\/\/www.auxsons.com\/en\/#website","url":"https:\/\/www.auxsons.com\/en\/","name":"#AuxSons","description":"Musiques &amp; Vibrations du Monde","publisher":{"@id":"https:\/\/www.auxsons.com\/en\/#organization"},"potentialAction":[{"@type":"SearchAction","target":{"@type":"EntryPoint","urlTemplate":"https:\/\/www.auxsons.com\/en\/?s={search_term_string}"},"query-input":{"@type":"PropertyValueSpecification","valueRequired":true,"valueName":"search_term_string"}}],"inLanguage":"en-US"},{"@type":"Organization","@id":"https:\/\/www.auxsons.com\/en\/#organization","name":"#AuxSons","url":"https:\/\/www.auxsons.com\/en\/","logo":{"@type":"ImageObject","inLanguage":"en-US","@id":"https:\/\/www.auxsons.com\/en\/#\/schema\/logo\/image\/","url":"https:\/\/www.auxsons.com\/wp-content\/uploads\/2018\/10\/logo-aux-sons@2x.png","contentUrl":"https:\/\/www.auxsons.com\/wp-content\/uploads\/2018\/10\/logo-aux-sons@2x.png","width":320,"height":192,"caption":"#AuxSons"},"image":{"@id":"https:\/\/www.auxsons.com\/en\/#\/schema\/logo\/image\/"},"sameAs":["https:\/\/www.facebook.com\/auxsons\/","https:\/\/x.com\/auxsons","https:\/\/www.instagram.com\/auxsons\/","https:\/\/www.youtube.com\/channel\/UC_NjOjgZNHW-6MaXKWavFKQ"]}]}},"_links":{"self":[{"href":"https:\/\/www.auxsons.com\/en\/wp-json\/wp\/v2\/album\/2870","targetHints":{"allow":["GET"]}}],"collection":[{"href":"https:\/\/www.auxsons.com\/en\/wp-json\/wp\/v2\/album"}],"about":[{"href":"https:\/\/www.auxsons.com\/en\/wp-json\/wp\/v2\/types\/album"}],"author":[{"embeddable":true,"href":"https:\/\/www.auxsons.com\/en\/wp-json\/wp\/v2\/users\/6"}],"version-history":[{"count":0,"href":"https:\/\/www.auxsons.com\/en\/wp-json\/wp\/v2\/album\/2870\/revisions"}],"wp:featuredmedia":[{"embeddable":true,"href":"https:\/\/www.auxsons.com\/en\/wp-json\/wp\/v2\/media\/2871"}],"wp:attachment":[{"href":"https:\/\/www.auxsons.com\/en\/wp-json\/wp\/v2\/media?parent=2870"}],"curies":[{"name":"wp","href":"https:\/\/api.w.org\/{rel}","templated":true}]}}