{"id":28662,"date":"2023-02-22T11:42:18","date_gmt":"2023-02-22T10:42:18","guid":{"rendered":"https:\/\/www.auxsons.com\/?post_type=album&#038;p=28662"},"modified":"2023-02-22T11:43:35","modified_gmt":"2023-02-22T10:43:35","slug":"asro","status":"publish","type":"album","link":"https:\/\/www.auxsons.com\/en\/album\/asro\/","title":{"rendered":"Asro"},"content":{"rendered":"<div>\n<div><strong>Kala Jula <span class=\"amp\">&amp;<\/span> Gangb Brass Band feat. Fama Diabat\u00e9&nbsp;<\/strong>r\u00e9v\u00e8leront <em><strong>Asro<\/strong>&nbsp;<\/em>leur nouvel album \u00e0 l\u2019occasion de sa sortie le&nbsp;<strong>17 mars&nbsp;2023<\/strong>&nbsp;chez<strong><a href=\"https:\/\/www.auxsons.com\/playlists\/playlist-de-gilles-fruchaux-buda-musique\/\" target=\"_blank\" rel=\"noopener\">Buda Musique<\/a><\/strong>\/ Socadisc.<\/div>\n<div><\/div>\n<div>Du Mali au B\u00e9nin et de l\u2019Afrique de l\u2019Ouest aux Cara\u00efbes, port\u00e9e par un orchestre flamboyant de cordes, de peaux et de cuivre, la voix d\u2019un g\u00e9nie adolescent explore les routes de la cr\u00e9olit\u00e9.&nbsp; Pour ce p\u00e9riple panafricain entre soul et blues sah\u00e9lien, le groupe&nbsp;<strong>Kala Jula<\/strong>&nbsp;fait peau neuve et se d\u00e9multiplie, abreuvant sa mue aux sources du vaudou autant qu\u2019\u00e0 celles de la tradition des griots du&nbsp;Mand\u00e9.<\/div>\n<div><\/div>\n<\/div>\n<div>\n<div>\n<div>Les musiciens pr\u00e9sents sur \u00ab&nbsp;Asro&nbsp;\u00bb sont&nbsp;:<br>\n<strong>Kala Jula&nbsp;<\/strong>(Mali, Suisse) :<br>\n\u2013&nbsp;<strong>Fama Diabat\u00e9&nbsp;<\/strong>: voix, balafon<br>\n\u2013<strong>&nbsp;Mahamadou Diabat\u00e9&nbsp;<\/strong>:&nbsp;<em>jeli n\u2019goni<\/em><br>\n\u2013&nbsp;<strong>Samba Diabat\u00e9&nbsp;<\/strong>: guitare<br>\n\u2013&nbsp;<strong>Vincent Zanetti&nbsp;<\/strong>: djemb\u00e9, kora, guitare<\/div>\n<p><strong>Gangb\u00e9 Brass Band&nbsp;<\/strong>(B\u00e9nin) :<br>\n\u2013&nbsp;<strong>Beno\u00eet Avihou\u00e9&nbsp;<\/strong>: percussions et&nbsp;chant<br>\n\u2013&nbsp;<strong>Wendo Martial Ahouandjinou&nbsp;<\/strong>: trombone et&nbsp;chant<br>\n\u2013&nbsp;<strong>Ebenezer Abdias Z\u00e9sahou Aklo\u00e9&nbsp;<\/strong>: saxophones et&nbsp;chant<br>\n\u2013&nbsp;<strong>Athanase Obed Dehoumon&nbsp;<\/strong>: bugle, chant<br>\n\u2013&nbsp;<strong>Crespin Kpitiki&nbsp;<\/strong>: percussions, voix soliste<br>\n\u2013&nbsp;<strong>Prosper Odjo&nbsp;<\/strong>: trompette et&nbsp;chant<br>\n\u2013&nbsp;<strong>James Vodounon&nbsp;<\/strong>: sousaphone et&nbsp;chant<\/p>\n<\/div>\n<\/div>\n","protected":false},"excerpt":{"rendered":"<p>Kala Jula <span class=\"amp\">&amp;<\/span> Gangb Brass Band feat. Fama Diabat\u00e9&nbsp;r\u00e9v\u00e8leront Asro&nbsp;leur nouvel album \u00e0 l\u2019occasion de sa sortie le&nbsp;17 mars&nbsp;2023&nbsp;chezBuda Musique\/ Socadisc. Du Mali au B\u00e9nin et de l\u2019Afrique de l\u2019Ouest aux Cara\u00efbes, port\u00e9e par un orchestre flamboyant de cordes, de peaux et de cuivre, la voix d\u2019un g\u00e9nie adolescent explore les routes de la cr\u00e9olit\u00e9.&nbsp;<\/p>\n","protected":false},"author":17,"featured_media":28660,"template":"","meta":{"_acf_changed":false,"wp_typography_post_enhancements_disabled":false,"footnotes":""},"class_list":["post-28662","album","type-album","status-publish","has-post-thumbnail","hentry"],"acf":[],"yoast_head":"<!-- This site is optimized with the Yoast SEO plugin v27.5 - https:\/\/yoast.com\/product\/yoast-seo-wordpress\/ -->\n<title>Asro - #AuxSons<\/title>\n<meta name=\"description\" content=\"Kala Jula &amp; Gangb Brass Band feat. Fama Diabat\u00e9\u00a0r\u00e9v\u00e8leront Asro\u00a0leur nouvel album \u00e0 l\u2019occasion de sa sortie le\u00a017 mars\u00a02023\u00a0chezBuda Musique\/\" \/>\n<meta name=\"robots\" content=\"index, follow, max-snippet:-1, max-image-preview:large, max-video-preview:-1\" \/>\n<link rel=\"canonical\" href=\"https:\/\/www.auxsons.com\/en\/album\/asro\/\" \/>\n<meta property=\"og:locale\" content=\"en_US\" \/>\n<meta property=\"og:type\" content=\"article\" \/>\n<meta property=\"og:title\" content=\"Asro - #AuxSons\" \/>\n<meta property=\"og:description\" content=\"Kala Jula &amp; Gangb Brass Band feat. Fama Diabat\u00e9\u00a0r\u00e9v\u00e8leront Asro\u00a0leur nouvel album \u00e0 l\u2019occasion de sa sortie le\u00a017 mars\u00a02023\u00a0chezBuda Musique\/\" \/>\n<meta property=\"og:url\" content=\"https:\/\/www.auxsons.com\/en\/album\/asro\/\" \/>\n<meta property=\"og:site_name\" content=\"#AuxSons\" \/>\n<meta property=\"article:publisher\" content=\"https:\/\/www.facebook.com\/auxsons\/\" \/>\n<meta property=\"article:modified_time\" content=\"2023-02-22T10:43:35+00:00\" \/>\n<meta property=\"og:image\" content=\"https:\/\/www.auxsons.com\/wp-content\/uploads\/2023\/02\/asro-booklet-front-rvbvincent-zanetti-suzy-mazzanisi-1024x919.jpg\" \/>\n\t<meta property=\"og:image:width\" content=\"1024\" \/>\n\t<meta property=\"og:image:height\" content=\"919\" \/>\n\t<meta property=\"og:image:type\" content=\"image\/jpeg\" \/>\n<meta name=\"twitter:card\" content=\"summary_large_image\" \/>\n<meta name=\"twitter:site\" content=\"@auxsons\" \/>\n<meta name=\"twitter:label1\" content=\"Est. reading time\" \/>\n\t<meta name=\"twitter:data1\" content=\"1 minute\" \/>\n<script type=\"application\/ld+json\" class=\"yoast-schema-graph\">{\"@context\":\"https:\\\/\\\/schema.org\",\"@graph\":[{\"@type\":\"WebPage\",\"@id\":\"https:\\\/\\\/www.auxsons.com\\\/en\\\/album\\\/asro\\\/\",\"url\":\"https:\\\/\\\/www.auxsons.com\\\/en\\\/album\\\/asro\\\/\",\"name\":\"Asro - #AuxSons\",\"isPartOf\":{\"@id\":\"https:\\\/\\\/www.auxsons.com\\\/en\\\/#website\"},\"primaryImageOfPage\":{\"@id\":\"https:\\\/\\\/www.auxsons.com\\\/en\\\/album\\\/asro\\\/#primaryimage\"},\"image\":{\"@id\":\"https:\\\/\\\/www.auxsons.com\\\/en\\\/album\\\/asro\\\/#primaryimage\"},\"thumbnailUrl\":\"https:\\\/\\\/www.auxsons.com\\\/wp-content\\\/uploads\\\/2023\\\/02\\\/asro-booklet-front-rvbvincent-zanetti-suzy-mazzanisi.jpg\",\"datePublished\":\"2023-02-22T10:42:18+00:00\",\"dateModified\":\"2023-02-22T10:43:35+00:00\",\"description\":\"Kala Jula &amp; Gangb Brass Band feat. Fama Diabat\u00e9\u00a0r\u00e9v\u00e8leront Asro\u00a0leur nouvel album \u00e0 l\u2019occasion de sa sortie le\u00a017 mars\u00a02023\u00a0chezBuda Musique\\\/\",\"breadcrumb\":{\"@id\":\"https:\\\/\\\/www.auxsons.com\\\/en\\\/album\\\/asro\\\/#breadcrumb\"},\"inLanguage\":\"en-US\",\"potentialAction\":[{\"@type\":\"ReadAction\",\"target\":[\"https:\\\/\\\/www.auxsons.com\\\/en\\\/album\\\/asro\\\/\"]}]},{\"@type\":\"ImageObject\",\"inLanguage\":\"en-US\",\"@id\":\"https:\\\/\\\/www.auxsons.com\\\/en\\\/album\\\/asro\\\/#primaryimage\",\"url\":\"https:\\\/\\\/www.auxsons.com\\\/wp-content\\\/uploads\\\/2023\\\/02\\\/asro-booklet-front-rvbvincent-zanetti-suzy-mazzanisi.jpg\",\"contentUrl\":\"https:\\\/\\\/www.auxsons.com\\\/wp-content\\\/uploads\\\/2023\\\/02\\\/asro-booklet-front-rvbvincent-zanetti-suzy-mazzanisi.jpg\",\"width\":1675,\"height\":1504},{\"@type\":\"BreadcrumbList\",\"@id\":\"https:\\\/\\\/www.auxsons.com\\\/en\\\/album\\\/asro\\\/#breadcrumb\",\"itemListElement\":[{\"@type\":\"ListItem\",\"position\":1,\"name\":\"Accueil\",\"item\":\"https:\\\/\\\/www.auxsons.com\\\/en\\\/\"},{\"@type\":\"ListItem\",\"position\":2,\"name\":\"Albums\",\"item\":\"https:\\\/\\\/www.auxsons.com\\\/en\\\/album\\\/\"},{\"@type\":\"ListItem\",\"position\":3,\"name\":\"Asro\"}]},{\"@type\":\"WebSite\",\"@id\":\"https:\\\/\\\/www.auxsons.com\\\/en\\\/#website\",\"url\":\"https:\\\/\\\/www.auxsons.com\\\/en\\\/\",\"name\":\"#AuxSons\",\"description\":\"Musiques &amp; Vibrations du Monde\",\"publisher\":{\"@id\":\"https:\\\/\\\/www.auxsons.com\\\/en\\\/#organization\"},\"potentialAction\":[{\"@type\":\"SearchAction\",\"target\":{\"@type\":\"EntryPoint\",\"urlTemplate\":\"https:\\\/\\\/www.auxsons.com\\\/en\\\/?s={search_term_string}\"},\"query-input\":{\"@type\":\"PropertyValueSpecification\",\"valueRequired\":true,\"valueName\":\"search_term_string\"}}],\"inLanguage\":\"en-US\"},{\"@type\":\"Organization\",\"@id\":\"https:\\\/\\\/www.auxsons.com\\\/en\\\/#organization\",\"name\":\"#AuxSons\",\"url\":\"https:\\\/\\\/www.auxsons.com\\\/en\\\/\",\"logo\":{\"@type\":\"ImageObject\",\"inLanguage\":\"en-US\",\"@id\":\"https:\\\/\\\/www.auxsons.com\\\/en\\\/#\\\/schema\\\/logo\\\/image\\\/\",\"url\":\"https:\\\/\\\/www.auxsons.com\\\/wp-content\\\/uploads\\\/2018\\\/10\\\/logo-aux-sons@2x.png\",\"contentUrl\":\"https:\\\/\\\/www.auxsons.com\\\/wp-content\\\/uploads\\\/2018\\\/10\\\/logo-aux-sons@2x.png\",\"width\":320,\"height\":192,\"caption\":\"#AuxSons\"},\"image\":{\"@id\":\"https:\\\/\\\/www.auxsons.com\\\/en\\\/#\\\/schema\\\/logo\\\/image\\\/\"},\"sameAs\":[\"https:\\\/\\\/www.facebook.com\\\/auxsons\\\/\",\"https:\\\/\\\/x.com\\\/auxsons\",\"https:\\\/\\\/www.instagram.com\\\/auxsons\\\/\",\"https:\\\/\\\/www.youtube.com\\\/channel\\\/UC_NjOjgZNHW-6MaXKWavFKQ\"]}]}<\/script>\n<!-- \/ Yoast SEO plugin. -->","yoast_head_json":{"title":"Asro - #AuxSons","description":"Kala Jula &amp; Gangb Brass Band feat. Fama Diabat\u00e9\u00a0r\u00e9v\u00e8leront Asro\u00a0leur nouvel album \u00e0 l\u2019occasion de sa sortie le\u00a017 mars\u00a02023\u00a0chezBuda Musique\/","robots":{"index":"index","follow":"follow","max-snippet":"max-snippet:-1","max-image-preview":"max-image-preview:large","max-video-preview":"max-video-preview:-1"},"canonical":"https:\/\/www.auxsons.com\/en\/album\/asro\/","og_locale":"en_US","og_type":"article","og_title":"Asro - #AuxSons","og_description":"Kala Jula &amp; Gangb Brass Band feat. Fama Diabat\u00e9\u00a0r\u00e9v\u00e8leront Asro\u00a0leur nouvel album \u00e0 l\u2019occasion de sa sortie le\u00a017 mars\u00a02023\u00a0chezBuda Musique\/","og_url":"https:\/\/www.auxsons.com\/en\/album\/asro\/","og_site_name":"#AuxSons","article_publisher":"https:\/\/www.facebook.com\/auxsons\/","article_modified_time":"2023-02-22T10:43:35+00:00","og_image":[{"width":1024,"height":919,"url":"https:\/\/www.auxsons.com\/wp-content\/uploads\/2023\/02\/asro-booklet-front-rvbvincent-zanetti-suzy-mazzanisi-1024x919.jpg","type":"image\/jpeg"}],"twitter_card":"summary_large_image","twitter_site":"@auxsons","twitter_misc":{"Est. reading time":"1 minute"},"schema":{"@context":"https:\/\/schema.org","@graph":[{"@type":"WebPage","@id":"https:\/\/www.auxsons.com\/en\/album\/asro\/","url":"https:\/\/www.auxsons.com\/en\/album\/asro\/","name":"Asro - #AuxSons","isPartOf":{"@id":"https:\/\/www.auxsons.com\/en\/#website"},"primaryImageOfPage":{"@id":"https:\/\/www.auxsons.com\/en\/album\/asro\/#primaryimage"},"image":{"@id":"https:\/\/www.auxsons.com\/en\/album\/asro\/#primaryimage"},"thumbnailUrl":"https:\/\/www.auxsons.com\/wp-content\/uploads\/2023\/02\/asro-booklet-front-rvbvincent-zanetti-suzy-mazzanisi.jpg","datePublished":"2023-02-22T10:42:18+00:00","dateModified":"2023-02-22T10:43:35+00:00","description":"Kala Jula &amp; Gangb Brass Band feat. Fama Diabat\u00e9\u00a0r\u00e9v\u00e8leront Asro\u00a0leur nouvel album \u00e0 l\u2019occasion de sa sortie le\u00a017 mars\u00a02023\u00a0chezBuda Musique\/","breadcrumb":{"@id":"https:\/\/www.auxsons.com\/en\/album\/asro\/#breadcrumb"},"inLanguage":"en-US","potentialAction":[{"@type":"ReadAction","target":["https:\/\/www.auxsons.com\/en\/album\/asro\/"]}]},{"@type":"ImageObject","inLanguage":"en-US","@id":"https:\/\/www.auxsons.com\/en\/album\/asro\/#primaryimage","url":"https:\/\/www.auxsons.com\/wp-content\/uploads\/2023\/02\/asro-booklet-front-rvbvincent-zanetti-suzy-mazzanisi.jpg","contentUrl":"https:\/\/www.auxsons.com\/wp-content\/uploads\/2023\/02\/asro-booklet-front-rvbvincent-zanetti-suzy-mazzanisi.jpg","width":1675,"height":1504},{"@type":"BreadcrumbList","@id":"https:\/\/www.auxsons.com\/en\/album\/asro\/#breadcrumb","itemListElement":[{"@type":"ListItem","position":1,"name":"Accueil","item":"https:\/\/www.auxsons.com\/en\/"},{"@type":"ListItem","position":2,"name":"Albums","item":"https:\/\/www.auxsons.com\/en\/album\/"},{"@type":"ListItem","position":3,"name":"Asro"}]},{"@type":"WebSite","@id":"https:\/\/www.auxsons.com\/en\/#website","url":"https:\/\/www.auxsons.com\/en\/","name":"#AuxSons","description":"Musiques &amp; Vibrations du Monde","publisher":{"@id":"https:\/\/www.auxsons.com\/en\/#organization"},"potentialAction":[{"@type":"SearchAction","target":{"@type":"EntryPoint","urlTemplate":"https:\/\/www.auxsons.com\/en\/?s={search_term_string}"},"query-input":{"@type":"PropertyValueSpecification","valueRequired":true,"valueName":"search_term_string"}}],"inLanguage":"en-US"},{"@type":"Organization","@id":"https:\/\/www.auxsons.com\/en\/#organization","name":"#AuxSons","url":"https:\/\/www.auxsons.com\/en\/","logo":{"@type":"ImageObject","inLanguage":"en-US","@id":"https:\/\/www.auxsons.com\/en\/#\/schema\/logo\/image\/","url":"https:\/\/www.auxsons.com\/wp-content\/uploads\/2018\/10\/logo-aux-sons@2x.png","contentUrl":"https:\/\/www.auxsons.com\/wp-content\/uploads\/2018\/10\/logo-aux-sons@2x.png","width":320,"height":192,"caption":"#AuxSons"},"image":{"@id":"https:\/\/www.auxsons.com\/en\/#\/schema\/logo\/image\/"},"sameAs":["https:\/\/www.facebook.com\/auxsons\/","https:\/\/x.com\/auxsons","https:\/\/www.instagram.com\/auxsons\/","https:\/\/www.youtube.com\/channel\/UC_NjOjgZNHW-6MaXKWavFKQ"]}]}},"_links":{"self":[{"href":"https:\/\/www.auxsons.com\/en\/wp-json\/wp\/v2\/album\/28662","targetHints":{"allow":["GET"]}}],"collection":[{"href":"https:\/\/www.auxsons.com\/en\/wp-json\/wp\/v2\/album"}],"about":[{"href":"https:\/\/www.auxsons.com\/en\/wp-json\/wp\/v2\/types\/album"}],"author":[{"embeddable":true,"href":"https:\/\/www.auxsons.com\/en\/wp-json\/wp\/v2\/users\/17"}],"version-history":[{"count":0,"href":"https:\/\/www.auxsons.com\/en\/wp-json\/wp\/v2\/album\/28662\/revisions"}],"wp:featuredmedia":[{"embeddable":true,"href":"https:\/\/www.auxsons.com\/en\/wp-json\/wp\/v2\/media\/28660"}],"wp:attachment":[{"href":"https:\/\/www.auxsons.com\/en\/wp-json\/wp\/v2\/media?parent=28662"}],"curies":[{"name":"wp","href":"https:\/\/api.w.org\/{rel}","templated":true}]}}