{"id":2595,"date":"2019-04-29T12:15:36","date_gmt":"2019-04-29T10:15:36","guid":{"rendered":"http:\/\/www.auxsons.com\/?post_type=album&#038;p=2595"},"modified":"2019-04-29T12:15:36","modified_gmt":"2019-04-29T10:15:36","slug":"jekitiba","status":"publish","type":"album","link":"https:\/\/www.auxsons.com\/en\/album\/jekitiba\/","title":{"rendered":"Jekitiba"},"content":{"rendered":"<p>Cr\u00e9\u00e9 par <em><strong>Rodrigo Viana<\/strong><\/em> et <em><strong>Matthieu Eskenazi<\/strong><\/em>, <em><strong>Jekitiba<\/strong> <\/em>est un groupe de musique qui compose des t<em>h\u00e8mes m\u00e9lodiques, tant\u00f4t m\u00e9lancoliques, parfois furieux mais toujours subtilement \u00e9pic\u00e9s par des rythmes syncop\u00e9s.<\/em><\/p>\n<p><em><strong>Jekitiba<\/strong><\/em> met en sc\u00e8ne un<em> jazz europ\u00e9en qui aurait longuement voyag\u00e9 et se serait enrichi des cultures qu\u2019il a rencontr\u00e9es.<\/em><br>\nLes compositions puisent leurs inspirations des <strong>musiques traditionnelles br\u00e9siliennes, des rythmes africains, des influences afro-cara\u00efb\u00e9ennes - un jazz \u00e0 la crois\u00e9e des musiques du&nbsp;monde&nbsp;!<\/strong><\/p>\n","protected":false},"excerpt":{"rendered":"<p>Cr\u00e9\u00e9 par Rodrigo Viana et Matthieu Eskenazi, Jekitiba est un groupe de musique qui compose des th\u00e8mes m\u00e9lodiques, tant\u00f4t m\u00e9lancoliques, parfois furieux mais toujours subtilement \u00e9pic\u00e9s par des rythmes syncop\u00e9s. Jekitiba met en sc\u00e8ne un jazz europ\u00e9en qui aurait longuement voyag\u00e9 et se serait enrichi des cultures qu\u2019il a rencontr\u00e9es. Les compositions puisent leurs inspirations<\/p>\n","protected":false},"author":31,"featured_media":2599,"template":"","meta":{"_acf_changed":false,"wp_typography_post_enhancements_disabled":false,"footnotes":""},"class_list":["post-2595","album","type-album","status-publish","has-post-thumbnail","hentry"],"acf":[],"yoast_head":"<!-- This site is optimized with the Yoast SEO plugin v27.5 - https:\/\/yoast.com\/product\/yoast-seo-wordpress\/ -->\n<title>Jekitiba - #AuxSons<\/title>\n<meta name=\"description\" content=\"Cr\u00e9\u00e9 par Rodrigo Viana et Matthieu Eskenazi, Jekitiba est un groupe de musique qui compose des th\u00e8mes m\u00e9lodiques, tant\u00f4t m\u00e9lancoliques, parfois furieux\" \/>\n<meta name=\"robots\" content=\"index, follow, max-snippet:-1, max-image-preview:large, max-video-preview:-1\" \/>\n<link rel=\"canonical\" href=\"https:\/\/www.auxsons.com\/en\/album\/jekitiba\/\" \/>\n<meta property=\"og:locale\" content=\"en_US\" \/>\n<meta property=\"og:type\" content=\"article\" \/>\n<meta property=\"og:title\" content=\"Jekitiba - #AuxSons\" \/>\n<meta property=\"og:description\" content=\"Cr\u00e9\u00e9 par Rodrigo Viana et Matthieu Eskenazi, Jekitiba est un groupe de musique qui compose des th\u00e8mes m\u00e9lodiques, tant\u00f4t m\u00e9lancoliques, parfois furieux\" \/>\n<meta property=\"og:url\" content=\"https:\/\/www.auxsons.com\/en\/album\/jekitiba\/\" \/>\n<meta property=\"og:site_name\" content=\"#AuxSons\" \/>\n<meta property=\"article:publisher\" content=\"https:\/\/www.facebook.com\/auxsons\/\" \/>\n<meta property=\"og:image\" content=\"https:\/\/www.auxsons.com\/wp-content\/uploads\/2019\/04\/pochette_carton_jekitiba_2000.jpg\" \/>\n\t<meta property=\"og:image:width\" content=\"1920\" \/>\n\t<meta property=\"og:image:height\" content=\"1920\" \/>\n\t<meta property=\"og:image:type\" content=\"image\/jpeg\" \/>\n<meta name=\"twitter:card\" content=\"summary_large_image\" \/>\n<meta name=\"twitter:site\" content=\"@auxsons\" \/>\n<script type=\"application\/ld+json\" class=\"yoast-schema-graph\">{\"@context\":\"https:\\\/\\\/schema.org\",\"@graph\":[{\"@type\":\"WebPage\",\"@id\":\"https:\\\/\\\/www.auxsons.com\\\/en\\\/album\\\/jekitiba\\\/\",\"url\":\"https:\\\/\\\/www.auxsons.com\\\/en\\\/album\\\/jekitiba\\\/\",\"name\":\"Jekitiba - #AuxSons\",\"isPartOf\":{\"@id\":\"https:\\\/\\\/www.auxsons.com\\\/en\\\/#website\"},\"primaryImageOfPage\":{\"@id\":\"https:\\\/\\\/www.auxsons.com\\\/en\\\/album\\\/jekitiba\\\/#primaryimage\"},\"image\":{\"@id\":\"https:\\\/\\\/www.auxsons.com\\\/en\\\/album\\\/jekitiba\\\/#primaryimage\"},\"thumbnailUrl\":\"https:\\\/\\\/www.auxsons.com\\\/wp-content\\\/uploads\\\/2019\\\/04\\\/pochette_carton_jekitiba_2000.jpg\",\"datePublished\":\"2019-04-29T10:15:36+00:00\",\"description\":\"Cr\u00e9\u00e9 par Rodrigo Viana et Matthieu Eskenazi, Jekitiba est un groupe de musique qui compose des th\u00e8mes m\u00e9lodiques, tant\u00f4t m\u00e9lancoliques, parfois furieux\",\"breadcrumb\":{\"@id\":\"https:\\\/\\\/www.auxsons.com\\\/en\\\/album\\\/jekitiba\\\/#breadcrumb\"},\"inLanguage\":\"en-US\",\"potentialAction\":[{\"@type\":\"ReadAction\",\"target\":[\"https:\\\/\\\/www.auxsons.com\\\/en\\\/album\\\/jekitiba\\\/\"]}]},{\"@type\":\"ImageObject\",\"inLanguage\":\"en-US\",\"@id\":\"https:\\\/\\\/www.auxsons.com\\\/en\\\/album\\\/jekitiba\\\/#primaryimage\",\"url\":\"https:\\\/\\\/www.auxsons.com\\\/wp-content\\\/uploads\\\/2019\\\/04\\\/pochette_carton_jekitiba_2000.jpg\",\"contentUrl\":\"https:\\\/\\\/www.auxsons.com\\\/wp-content\\\/uploads\\\/2019\\\/04\\\/pochette_carton_jekitiba_2000.jpg\",\"width\":1920,\"height\":1920},{\"@type\":\"BreadcrumbList\",\"@id\":\"https:\\\/\\\/www.auxsons.com\\\/en\\\/album\\\/jekitiba\\\/#breadcrumb\",\"itemListElement\":[{\"@type\":\"ListItem\",\"position\":1,\"name\":\"Accueil\",\"item\":\"https:\\\/\\\/www.auxsons.com\\\/en\\\/\"},{\"@type\":\"ListItem\",\"position\":2,\"name\":\"Albums\",\"item\":\"https:\\\/\\\/www.auxsons.com\\\/en\\\/album\\\/\"},{\"@type\":\"ListItem\",\"position\":3,\"name\":\"Jekitiba\"}]},{\"@type\":\"WebSite\",\"@id\":\"https:\\\/\\\/www.auxsons.com\\\/en\\\/#website\",\"url\":\"https:\\\/\\\/www.auxsons.com\\\/en\\\/\",\"name\":\"#AuxSons\",\"description\":\"Musiques &amp; Vibrations du Monde\",\"publisher\":{\"@id\":\"https:\\\/\\\/www.auxsons.com\\\/en\\\/#organization\"},\"potentialAction\":[{\"@type\":\"SearchAction\",\"target\":{\"@type\":\"EntryPoint\",\"urlTemplate\":\"https:\\\/\\\/www.auxsons.com\\\/en\\\/?s={search_term_string}\"},\"query-input\":{\"@type\":\"PropertyValueSpecification\",\"valueRequired\":true,\"valueName\":\"search_term_string\"}}],\"inLanguage\":\"en-US\"},{\"@type\":\"Organization\",\"@id\":\"https:\\\/\\\/www.auxsons.com\\\/en\\\/#organization\",\"name\":\"#AuxSons\",\"url\":\"https:\\\/\\\/www.auxsons.com\\\/en\\\/\",\"logo\":{\"@type\":\"ImageObject\",\"inLanguage\":\"en-US\",\"@id\":\"https:\\\/\\\/www.auxsons.com\\\/en\\\/#\\\/schema\\\/logo\\\/image\\\/\",\"url\":\"https:\\\/\\\/www.auxsons.com\\\/wp-content\\\/uploads\\\/2018\\\/10\\\/logo-aux-sons@2x.png\",\"contentUrl\":\"https:\\\/\\\/www.auxsons.com\\\/wp-content\\\/uploads\\\/2018\\\/10\\\/logo-aux-sons@2x.png\",\"width\":320,\"height\":192,\"caption\":\"#AuxSons\"},\"image\":{\"@id\":\"https:\\\/\\\/www.auxsons.com\\\/en\\\/#\\\/schema\\\/logo\\\/image\\\/\"},\"sameAs\":[\"https:\\\/\\\/www.facebook.com\\\/auxsons\\\/\",\"https:\\\/\\\/x.com\\\/auxsons\",\"https:\\\/\\\/www.instagram.com\\\/auxsons\\\/\",\"https:\\\/\\\/www.youtube.com\\\/channel\\\/UC_NjOjgZNHW-6MaXKWavFKQ\"]}]}<\/script>\n<!-- \/ Yoast SEO plugin. -->","yoast_head_json":{"title":"Jekitiba - #AuxSons","description":"Cr\u00e9\u00e9 par Rodrigo Viana et Matthieu Eskenazi, Jekitiba est un groupe de musique qui compose des th\u00e8mes m\u00e9lodiques, tant\u00f4t m\u00e9lancoliques, parfois furieux","robots":{"index":"index","follow":"follow","max-snippet":"max-snippet:-1","max-image-preview":"max-image-preview:large","max-video-preview":"max-video-preview:-1"},"canonical":"https:\/\/www.auxsons.com\/en\/album\/jekitiba\/","og_locale":"en_US","og_type":"article","og_title":"Jekitiba - #AuxSons","og_description":"Cr\u00e9\u00e9 par Rodrigo Viana et Matthieu Eskenazi, Jekitiba est un groupe de musique qui compose des th\u00e8mes m\u00e9lodiques, tant\u00f4t m\u00e9lancoliques, parfois furieux","og_url":"https:\/\/www.auxsons.com\/en\/album\/jekitiba\/","og_site_name":"#AuxSons","article_publisher":"https:\/\/www.facebook.com\/auxsons\/","og_image":[{"width":1920,"height":1920,"url":"https:\/\/www.auxsons.com\/wp-content\/uploads\/2019\/04\/pochette_carton_jekitiba_2000.jpg","type":"image\/jpeg"}],"twitter_card":"summary_large_image","twitter_site":"@auxsons","schema":{"@context":"https:\/\/schema.org","@graph":[{"@type":"WebPage","@id":"https:\/\/www.auxsons.com\/en\/album\/jekitiba\/","url":"https:\/\/www.auxsons.com\/en\/album\/jekitiba\/","name":"Jekitiba - #AuxSons","isPartOf":{"@id":"https:\/\/www.auxsons.com\/en\/#website"},"primaryImageOfPage":{"@id":"https:\/\/www.auxsons.com\/en\/album\/jekitiba\/#primaryimage"},"image":{"@id":"https:\/\/www.auxsons.com\/en\/album\/jekitiba\/#primaryimage"},"thumbnailUrl":"https:\/\/www.auxsons.com\/wp-content\/uploads\/2019\/04\/pochette_carton_jekitiba_2000.jpg","datePublished":"2019-04-29T10:15:36+00:00","description":"Cr\u00e9\u00e9 par Rodrigo Viana et Matthieu Eskenazi, Jekitiba est un groupe de musique qui compose des th\u00e8mes m\u00e9lodiques, tant\u00f4t m\u00e9lancoliques, parfois furieux","breadcrumb":{"@id":"https:\/\/www.auxsons.com\/en\/album\/jekitiba\/#breadcrumb"},"inLanguage":"en-US","potentialAction":[{"@type":"ReadAction","target":["https:\/\/www.auxsons.com\/en\/album\/jekitiba\/"]}]},{"@type":"ImageObject","inLanguage":"en-US","@id":"https:\/\/www.auxsons.com\/en\/album\/jekitiba\/#primaryimage","url":"https:\/\/www.auxsons.com\/wp-content\/uploads\/2019\/04\/pochette_carton_jekitiba_2000.jpg","contentUrl":"https:\/\/www.auxsons.com\/wp-content\/uploads\/2019\/04\/pochette_carton_jekitiba_2000.jpg","width":1920,"height":1920},{"@type":"BreadcrumbList","@id":"https:\/\/www.auxsons.com\/en\/album\/jekitiba\/#breadcrumb","itemListElement":[{"@type":"ListItem","position":1,"name":"Accueil","item":"https:\/\/www.auxsons.com\/en\/"},{"@type":"ListItem","position":2,"name":"Albums","item":"https:\/\/www.auxsons.com\/en\/album\/"},{"@type":"ListItem","position":3,"name":"Jekitiba"}]},{"@type":"WebSite","@id":"https:\/\/www.auxsons.com\/en\/#website","url":"https:\/\/www.auxsons.com\/en\/","name":"#AuxSons","description":"Musiques &amp; Vibrations du Monde","publisher":{"@id":"https:\/\/www.auxsons.com\/en\/#organization"},"potentialAction":[{"@type":"SearchAction","target":{"@type":"EntryPoint","urlTemplate":"https:\/\/www.auxsons.com\/en\/?s={search_term_string}"},"query-input":{"@type":"PropertyValueSpecification","valueRequired":true,"valueName":"search_term_string"}}],"inLanguage":"en-US"},{"@type":"Organization","@id":"https:\/\/www.auxsons.com\/en\/#organization","name":"#AuxSons","url":"https:\/\/www.auxsons.com\/en\/","logo":{"@type":"ImageObject","inLanguage":"en-US","@id":"https:\/\/www.auxsons.com\/en\/#\/schema\/logo\/image\/","url":"https:\/\/www.auxsons.com\/wp-content\/uploads\/2018\/10\/logo-aux-sons@2x.png","contentUrl":"https:\/\/www.auxsons.com\/wp-content\/uploads\/2018\/10\/logo-aux-sons@2x.png","width":320,"height":192,"caption":"#AuxSons"},"image":{"@id":"https:\/\/www.auxsons.com\/en\/#\/schema\/logo\/image\/"},"sameAs":["https:\/\/www.facebook.com\/auxsons\/","https:\/\/x.com\/auxsons","https:\/\/www.instagram.com\/auxsons\/","https:\/\/www.youtube.com\/channel\/UC_NjOjgZNHW-6MaXKWavFKQ"]}]}},"_links":{"self":[{"href":"https:\/\/www.auxsons.com\/en\/wp-json\/wp\/v2\/album\/2595","targetHints":{"allow":["GET"]}}],"collection":[{"href":"https:\/\/www.auxsons.com\/en\/wp-json\/wp\/v2\/album"}],"about":[{"href":"https:\/\/www.auxsons.com\/en\/wp-json\/wp\/v2\/types\/album"}],"author":[{"embeddable":true,"href":"https:\/\/www.auxsons.com\/en\/wp-json\/wp\/v2\/users\/31"}],"version-history":[{"count":0,"href":"https:\/\/www.auxsons.com\/en\/wp-json\/wp\/v2\/album\/2595\/revisions"}],"wp:featuredmedia":[{"embeddable":true,"href":"https:\/\/www.auxsons.com\/en\/wp-json\/wp\/v2\/media\/2599"}],"wp:attachment":[{"href":"https:\/\/www.auxsons.com\/en\/wp-json\/wp\/v2\/media?parent=2595"}],"curies":[{"name":"wp","href":"https:\/\/api.w.org\/{rel}","templated":true}]}}