{"id":25376,"date":"2022-10-21T15:15:14","date_gmt":"2022-10-21T13:15:14","guid":{"rendered":"https:\/\/www.auxsons.com\/?post_type=album&#038;p=25376"},"modified":"2022-10-21T15:15:14","modified_gmt":"2022-10-21T13:15:14","slug":"tangos-en-aleph","status":"publish","type":"album","link":"https:\/\/www.auxsons.com\/en\/album\/tangos-en-aleph\/","title":{"rendered":"Tangos en&nbsp;Aleph"},"content":{"rendered":"<div class=\"mceTemp\"><\/div>\n<p>Fleurs Noires est un orchestre compos\u00e9 de dix musiciennes argentines et fran\u00e7aises. Ensemble, elles nous livrent un tango vigoureusement contemporain qui se d\u00e9marque du tango traditionnel ou \u00e9lectro\u2026<\/p>\n<p>Musiciennes confirm\u00e9es, elles m\u00e9langent leurs diff\u00e9rences culturelles \u00e0 l\u2019originalit\u00e9 de leur r\u00e9pertoire. De ce tango se d\u00e9gage une force sensuelle, toute en nuances, qui est le fruit de la diversit\u00e9 de ses racines.<\/p>\n<p>Les compositions originales cr\u00e9\u00e9es sp\u00e9cialement pour l\u2019orchestre par la pianiste de l\u2019ensemble, Andrea Marsili, prennent l\u2019essence du tango pour la transformer en un langage actuel, avec une touche r\u00e9solument moderne. Fleurs Noires ravive l\u2019axe historique Paris - Buenos Aires en \u00e9mancipant la place de la femme dans cette musique faite originellement par des hommes. Ces femmes passionn\u00e9es bousculent cette tradition.<\/p>\n<p>Les Fleurs Noires nous embarquent dans cette odyss\u00e9e enivrante m\u00ealant classe, \u00e9l\u00e9gance, fra\u00eecheur et \u2026&nbsp;culot!<\/p>\n<p>Oubliez le tango classique pour en d\u00e9couvrir une version contemporaine propos\u00e9e par l\u2019ensemble de femmes Les Fleurs noires. Dans ces cr\u00e9ations, la compositrice et pianiste argentine Andrea Marsili explore et propose de nouveaux timbres, de nouvelles possibilit\u00e9s d\u2019expression et d\u2019improvisation, ainsi que des proc\u00e9d\u00e9s et mat\u00e9riaux provenant d\u2019autres univers comme la musique exp\u00e9rimentale, le post-minimalisme, le&nbsp;jazz\u2026<\/p>\n<p><span class=\"caps\">ANDREA<\/span> <span class=\"caps\">MARSILI<\/span> : piano, compositions et direction musicale<br>\n<span class=\"caps\">MARION<\/span> <span class=\"caps\">CHIRON<\/span>: bandon\u00e9on solo<br>\n<span class=\"caps\">CAROLINA<\/span> <span class=\"caps\">POENITZ<\/span>: bandon\u00e9on<br>\n<span class=\"caps\">KRISTINA<\/span> <span class=\"caps\">KUUSISTO<\/span>: bandon\u00e9on<br>\n<span class=\"caps\">ANNE<\/span> <span class=\"caps\">LEPAPE<\/span>: violon solo<br>\n<span class=\"caps\">ANDREA<\/span> <span class=\"caps\">PUJADO<\/span>: violon<br>\n<span class=\"caps\">SOLENNE<\/span> <span class=\"caps\">TURQUET<\/span>: violon<br>\n<span class=\"caps\">SOPHIE<\/span> <span class=\"caps\">DURTESTE<\/span>: alto<br>\n<span class=\"caps\">VERONICA<\/span> <span class=\"caps\">VOTTI<\/span>: <span class=\"caps\">VIOLONCELLE<\/span><br>\n<span class=\"caps\">ANNE<\/span> <span class=\"caps\">VAUCHELET<\/span>: contrebasse<\/p>\n","protected":false},"excerpt":{"rendered":"<p>Fleurs Noires est un orchestre compos\u00e9 de dix musiciennes argentines et fran\u00e7aises. Ensemble, elles nous livrent un tango vigoureusement contemporain qui se d\u00e9marque du tango traditionnel ou \u00e9lectro\u2026 Musiciennes confirm\u00e9es, elles m\u00e9langent leurs diff\u00e9rences culturelles \u00e0 l\u2019originalit\u00e9 de leur r\u00e9pertoire. De ce tango se d\u00e9gage une force sensuelle, toute en nuances, qui est le&nbsp;fruit<\/p>\n","protected":false},"author":478,"featured_media":25374,"template":"","meta":{"_acf_changed":false,"wp_typography_post_enhancements_disabled":false,"footnotes":""},"class_list":["post-25376","album","type-album","status-publish","has-post-thumbnail","hentry"],"acf":[],"yoast_head":"<!-- This site is optimized with the Yoast SEO plugin v27.5 - https:\/\/yoast.com\/product\/yoast-seo-wordpress\/ -->\n<title>Tangos en Aleph - #AuxSons<\/title>\n<meta name=\"description\" content=\"Fleurs Noires est un orchestre compos\u00e9 de dix musiciennes argentines et fran\u00e7aises. Ensemble, elles nous livrent un tango vigoureusement contemporain qui\" \/>\n<meta name=\"robots\" content=\"index, follow, max-snippet:-1, max-image-preview:large, max-video-preview:-1\" \/>\n<link rel=\"canonical\" href=\"https:\/\/www.auxsons.com\/en\/album\/tangos-en-aleph\/\" \/>\n<meta property=\"og:locale\" content=\"en_US\" \/>\n<meta property=\"og:type\" content=\"article\" \/>\n<meta property=\"og:title\" content=\"Tangos en Aleph - #AuxSons\" \/>\n<meta property=\"og:description\" content=\"Fleurs Noires est un orchestre compos\u00e9 de dix musiciennes argentines et fran\u00e7aises. Ensemble, elles nous livrent un tango vigoureusement contemporain qui\" \/>\n<meta property=\"og:url\" content=\"https:\/\/www.auxsons.com\/en\/album\/tangos-en-aleph\/\" \/>\n<meta property=\"og:site_name\" content=\"#AuxSons\" \/>\n<meta property=\"article:publisher\" content=\"https:\/\/www.facebook.com\/auxsons\/\" \/>\n<meta property=\"og:image\" content=\"https:\/\/www.auxsons.com\/wp-content\/uploads\/2022\/10\/fleurs-noires-tangos-en-aleph-cover.jpg\" \/>\n\t<meta property=\"og:image:width\" content=\"531\" \/>\n\t<meta property=\"og:image:height\" content=\"526\" \/>\n\t<meta property=\"og:image:type\" content=\"image\/jpeg\" \/>\n<meta name=\"twitter:card\" content=\"summary_large_image\" \/>\n<meta name=\"twitter:site\" content=\"@auxsons\" \/>\n<meta name=\"twitter:label1\" content=\"Est. reading time\" \/>\n\t<meta name=\"twitter:data1\" content=\"2 minutes\" \/>\n<script type=\"application\/ld+json\" class=\"yoast-schema-graph\">{\"@context\":\"https:\\\/\\\/schema.org\",\"@graph\":[{\"@type\":\"WebPage\",\"@id\":\"https:\\\/\\\/www.auxsons.com\\\/en\\\/album\\\/tangos-en-aleph\\\/\",\"url\":\"https:\\\/\\\/www.auxsons.com\\\/en\\\/album\\\/tangos-en-aleph\\\/\",\"name\":\"Tangos en Aleph - #AuxSons\",\"isPartOf\":{\"@id\":\"https:\\\/\\\/www.auxsons.com\\\/en\\\/#website\"},\"primaryImageOfPage\":{\"@id\":\"https:\\\/\\\/www.auxsons.com\\\/en\\\/album\\\/tangos-en-aleph\\\/#primaryimage\"},\"image\":{\"@id\":\"https:\\\/\\\/www.auxsons.com\\\/en\\\/album\\\/tangos-en-aleph\\\/#primaryimage\"},\"thumbnailUrl\":\"https:\\\/\\\/www.auxsons.com\\\/wp-content\\\/uploads\\\/2022\\\/10\\\/fleurs-noires-tangos-en-aleph-cover.jpg\",\"datePublished\":\"2022-10-21T13:15:14+00:00\",\"description\":\"Fleurs Noires est un orchestre compos\u00e9 de dix musiciennes argentines et fran\u00e7aises. Ensemble, elles nous livrent un tango vigoureusement contemporain qui\",\"breadcrumb\":{\"@id\":\"https:\\\/\\\/www.auxsons.com\\\/en\\\/album\\\/tangos-en-aleph\\\/#breadcrumb\"},\"inLanguage\":\"en-US\",\"potentialAction\":[{\"@type\":\"ReadAction\",\"target\":[\"https:\\\/\\\/www.auxsons.com\\\/en\\\/album\\\/tangos-en-aleph\\\/\"]}]},{\"@type\":\"ImageObject\",\"inLanguage\":\"en-US\",\"@id\":\"https:\\\/\\\/www.auxsons.com\\\/en\\\/album\\\/tangos-en-aleph\\\/#primaryimage\",\"url\":\"https:\\\/\\\/www.auxsons.com\\\/wp-content\\\/uploads\\\/2022\\\/10\\\/fleurs-noires-tangos-en-aleph-cover.jpg\",\"contentUrl\":\"https:\\\/\\\/www.auxsons.com\\\/wp-content\\\/uploads\\\/2022\\\/10\\\/fleurs-noires-tangos-en-aleph-cover.jpg\",\"width\":531,\"height\":526,\"caption\":\"Fleurs Noires Tangos En Aleph Cover\"},{\"@type\":\"BreadcrumbList\",\"@id\":\"https:\\\/\\\/www.auxsons.com\\\/en\\\/album\\\/tangos-en-aleph\\\/#breadcrumb\",\"itemListElement\":[{\"@type\":\"ListItem\",\"position\":1,\"name\":\"Accueil\",\"item\":\"https:\\\/\\\/www.auxsons.com\\\/en\\\/\"},{\"@type\":\"ListItem\",\"position\":2,\"name\":\"Albums\",\"item\":\"https:\\\/\\\/www.auxsons.com\\\/en\\\/album\\\/\"},{\"@type\":\"ListItem\",\"position\":3,\"name\":\"Tangos en&nbsp;Aleph\"}]},{\"@type\":\"WebSite\",\"@id\":\"https:\\\/\\\/www.auxsons.com\\\/en\\\/#website\",\"url\":\"https:\\\/\\\/www.auxsons.com\\\/en\\\/\",\"name\":\"#AuxSons\",\"description\":\"Musiques &amp; Vibrations du Monde\",\"publisher\":{\"@id\":\"https:\\\/\\\/www.auxsons.com\\\/en\\\/#organization\"},\"potentialAction\":[{\"@type\":\"SearchAction\",\"target\":{\"@type\":\"EntryPoint\",\"urlTemplate\":\"https:\\\/\\\/www.auxsons.com\\\/en\\\/?s={search_term_string}\"},\"query-input\":{\"@type\":\"PropertyValueSpecification\",\"valueRequired\":true,\"valueName\":\"search_term_string\"}}],\"inLanguage\":\"en-US\"},{\"@type\":\"Organization\",\"@id\":\"https:\\\/\\\/www.auxsons.com\\\/en\\\/#organization\",\"name\":\"#AuxSons\",\"url\":\"https:\\\/\\\/www.auxsons.com\\\/en\\\/\",\"logo\":{\"@type\":\"ImageObject\",\"inLanguage\":\"en-US\",\"@id\":\"https:\\\/\\\/www.auxsons.com\\\/en\\\/#\\\/schema\\\/logo\\\/image\\\/\",\"url\":\"https:\\\/\\\/www.auxsons.com\\\/wp-content\\\/uploads\\\/2018\\\/10\\\/logo-aux-sons@2x.png\",\"contentUrl\":\"https:\\\/\\\/www.auxsons.com\\\/wp-content\\\/uploads\\\/2018\\\/10\\\/logo-aux-sons@2x.png\",\"width\":320,\"height\":192,\"caption\":\"#AuxSons\"},\"image\":{\"@id\":\"https:\\\/\\\/www.auxsons.com\\\/en\\\/#\\\/schema\\\/logo\\\/image\\\/\"},\"sameAs\":[\"https:\\\/\\\/www.facebook.com\\\/auxsons\\\/\",\"https:\\\/\\\/x.com\\\/auxsons\",\"https:\\\/\\\/www.instagram.com\\\/auxsons\\\/\",\"https:\\\/\\\/www.youtube.com\\\/channel\\\/UC_NjOjgZNHW-6MaXKWavFKQ\"]}]}<\/script>\n<!-- \/ Yoast SEO plugin. -->","yoast_head_json":{"title":"Tangos en Aleph - #AuxSons","description":"Fleurs Noires est un orchestre compos\u00e9 de dix musiciennes argentines et fran\u00e7aises. Ensemble, elles nous livrent un tango vigoureusement contemporain qui","robots":{"index":"index","follow":"follow","max-snippet":"max-snippet:-1","max-image-preview":"max-image-preview:large","max-video-preview":"max-video-preview:-1"},"canonical":"https:\/\/www.auxsons.com\/en\/album\/tangos-en-aleph\/","og_locale":"en_US","og_type":"article","og_title":"Tangos en Aleph - #AuxSons","og_description":"Fleurs Noires est un orchestre compos\u00e9 de dix musiciennes argentines et fran\u00e7aises. Ensemble, elles nous livrent un tango vigoureusement contemporain qui","og_url":"https:\/\/www.auxsons.com\/en\/album\/tangos-en-aleph\/","og_site_name":"#AuxSons","article_publisher":"https:\/\/www.facebook.com\/auxsons\/","og_image":[{"width":531,"height":526,"url":"https:\/\/www.auxsons.com\/wp-content\/uploads\/2022\/10\/fleurs-noires-tangos-en-aleph-cover.jpg","type":"image\/jpeg"}],"twitter_card":"summary_large_image","twitter_site":"@auxsons","twitter_misc":{"Est. reading time":"2 minutes"},"schema":{"@context":"https:\/\/schema.org","@graph":[{"@type":"WebPage","@id":"https:\/\/www.auxsons.com\/en\/album\/tangos-en-aleph\/","url":"https:\/\/www.auxsons.com\/en\/album\/tangos-en-aleph\/","name":"Tangos en Aleph - #AuxSons","isPartOf":{"@id":"https:\/\/www.auxsons.com\/en\/#website"},"primaryImageOfPage":{"@id":"https:\/\/www.auxsons.com\/en\/album\/tangos-en-aleph\/#primaryimage"},"image":{"@id":"https:\/\/www.auxsons.com\/en\/album\/tangos-en-aleph\/#primaryimage"},"thumbnailUrl":"https:\/\/www.auxsons.com\/wp-content\/uploads\/2022\/10\/fleurs-noires-tangos-en-aleph-cover.jpg","datePublished":"2022-10-21T13:15:14+00:00","description":"Fleurs Noires est un orchestre compos\u00e9 de dix musiciennes argentines et fran\u00e7aises. Ensemble, elles nous livrent un tango vigoureusement contemporain qui","breadcrumb":{"@id":"https:\/\/www.auxsons.com\/en\/album\/tangos-en-aleph\/#breadcrumb"},"inLanguage":"en-US","potentialAction":[{"@type":"ReadAction","target":["https:\/\/www.auxsons.com\/en\/album\/tangos-en-aleph\/"]}]},{"@type":"ImageObject","inLanguage":"en-US","@id":"https:\/\/www.auxsons.com\/en\/album\/tangos-en-aleph\/#primaryimage","url":"https:\/\/www.auxsons.com\/wp-content\/uploads\/2022\/10\/fleurs-noires-tangos-en-aleph-cover.jpg","contentUrl":"https:\/\/www.auxsons.com\/wp-content\/uploads\/2022\/10\/fleurs-noires-tangos-en-aleph-cover.jpg","width":531,"height":526,"caption":"Fleurs Noires Tangos En Aleph Cover"},{"@type":"BreadcrumbList","@id":"https:\/\/www.auxsons.com\/en\/album\/tangos-en-aleph\/#breadcrumb","itemListElement":[{"@type":"ListItem","position":1,"name":"Accueil","item":"https:\/\/www.auxsons.com\/en\/"},{"@type":"ListItem","position":2,"name":"Albums","item":"https:\/\/www.auxsons.com\/en\/album\/"},{"@type":"ListItem","position":3,"name":"Tangos en&nbsp;Aleph"}]},{"@type":"WebSite","@id":"https:\/\/www.auxsons.com\/en\/#website","url":"https:\/\/www.auxsons.com\/en\/","name":"#AuxSons","description":"Musiques &amp; Vibrations du Monde","publisher":{"@id":"https:\/\/www.auxsons.com\/en\/#organization"},"potentialAction":[{"@type":"SearchAction","target":{"@type":"EntryPoint","urlTemplate":"https:\/\/www.auxsons.com\/en\/?s={search_term_string}"},"query-input":{"@type":"PropertyValueSpecification","valueRequired":true,"valueName":"search_term_string"}}],"inLanguage":"en-US"},{"@type":"Organization","@id":"https:\/\/www.auxsons.com\/en\/#organization","name":"#AuxSons","url":"https:\/\/www.auxsons.com\/en\/","logo":{"@type":"ImageObject","inLanguage":"en-US","@id":"https:\/\/www.auxsons.com\/en\/#\/schema\/logo\/image\/","url":"https:\/\/www.auxsons.com\/wp-content\/uploads\/2018\/10\/logo-aux-sons@2x.png","contentUrl":"https:\/\/www.auxsons.com\/wp-content\/uploads\/2018\/10\/logo-aux-sons@2x.png","width":320,"height":192,"caption":"#AuxSons"},"image":{"@id":"https:\/\/www.auxsons.com\/en\/#\/schema\/logo\/image\/"},"sameAs":["https:\/\/www.facebook.com\/auxsons\/","https:\/\/x.com\/auxsons","https:\/\/www.instagram.com\/auxsons\/","https:\/\/www.youtube.com\/channel\/UC_NjOjgZNHW-6MaXKWavFKQ"]}]}},"_links":{"self":[{"href":"https:\/\/www.auxsons.com\/en\/wp-json\/wp\/v2\/album\/25376","targetHints":{"allow":["GET"]}}],"collection":[{"href":"https:\/\/www.auxsons.com\/en\/wp-json\/wp\/v2\/album"}],"about":[{"href":"https:\/\/www.auxsons.com\/en\/wp-json\/wp\/v2\/types\/album"}],"author":[{"embeddable":true,"href":"https:\/\/www.auxsons.com\/en\/wp-json\/wp\/v2\/users\/478"}],"version-history":[{"count":0,"href":"https:\/\/www.auxsons.com\/en\/wp-json\/wp\/v2\/album\/25376\/revisions"}],"wp:featuredmedia":[{"embeddable":true,"href":"https:\/\/www.auxsons.com\/en\/wp-json\/wp\/v2\/media\/25374"}],"wp:attachment":[{"href":"https:\/\/www.auxsons.com\/en\/wp-json\/wp\/v2\/media?parent=25376"}],"curies":[{"name":"wp","href":"https:\/\/api.w.org\/{rel}","templated":true}]}}