{"id":22192,"date":"2022-03-31T16:14:41","date_gmt":"2022-03-31T14:14:41","guid":{"rendered":"https:\/\/www.auxsons.com\/?post_type=album&#038;p=22192"},"modified":"2022-03-31T16:31:13","modified_gmt":"2022-03-31T14:31:13","slug":"la-madre-par-nuria-rovira-salat","status":"publish","type":"album","link":"https:\/\/www.auxsons.com\/en\/album\/la-madre-par-nuria-rovira-salat\/","title":{"rendered":"La Madre"},"content":{"rendered":"<table role=\"presentation\" border=\"0\" width=\"100%\" cellspacing=\"0\" cellpadding=\"0\">\n<tbody>\n<tr>\n<td>\n<div>\n<p class=\"yiv5939469420text-paragraph\"><em><strong>La Madre<\/strong><\/em><strong>&nbsp;<\/strong>est le&nbsp;<strong>premier <span class=\"caps\">EP<\/span>&nbsp;<\/strong>de <strong>N\u00faria Rovira Salat<\/strong>. Compos\u00e9 de&nbsp;<strong>3 titres<\/strong>, il est disponible depuis le&nbsp;<strong>30 Mars 2022<\/strong>. N\u00faria y raconte son univers en tant que<strong>&nbsp;femme, m\u00e8re et artiste<\/strong>, ce qui constitue son intimit\u00e9 mais aussi et surtout &nbsp;<strong>sa force<\/strong>.<\/p>\n<p class=\"yiv5939469420text-paragraph\">Avec<em><strong> La Madre, <\/strong><\/em>N\u00faria nous invite dans un univers <strong>boh\u00e8me et mystique <\/strong>inspir\u00e9 par la 3\u00e8me carte du jeu du tarot, <strong>l\u2019Imp\u00e9ratrice<\/strong>, symbole de&nbsp;<strong>maternit\u00e9<\/strong>, de&nbsp;<strong>cr\u00e9ation&nbsp;<\/strong>et source de&nbsp;<strong>communication<\/strong>.<\/p>\n<p class=\"yiv5939469420text-paragraph\">Le texte de son premier single \u201cLa Madre\u201d est d\u2019ailleurs un jeu autour du mot \u00ab m\u00e8re \u00bb, le premier mot que tous les enfants prononcent.<\/p>\n<p>Son projet est un bel <strong>hommage<\/strong> \u00e0 ses enfants, sa m\u00e8re, sa grand-m\u00e8re mais \u00e9galement \u00e0 toutes les femmes.<\/p>\n<\/div>\n<p>Les 3 titres de l\u2019EP : les&nbsp;<strong>titres originaux&nbsp;<\/strong><em><strong>La Madre<\/strong><\/em><strong>&nbsp;et&nbsp;<\/strong><em><strong>Fandango<\/strong><\/em>, \u00e9crits par N\u00faria, et la reprise&nbsp;<em><strong>Lagrimas negras <\/strong><\/em>\u25ba&nbsp;<a href=\"https:\/\/bfan.link\/la-madre-2\" target=\"_blank\" rel=\"noopener\">https:\/\/\u200bbfan\u200b.link\/\u200bl\u200ba\u200b-\u200bm\u200ba\u200bd\u200br\u200be-2<\/a><\/p>\n<p class=\"yiv5939469420text-paragraph\"><strong>Artiste chanteuse et danseuse catalane,&nbsp;<\/strong>N\u00faria&nbsp;a fait de sa curiosit\u00e9 pour les cultures du monde une passion et un&nbsp;art.<\/p>\n<p class=\"yiv5939469420text-paragraph\">Danseuse r\u00e9f\u00e9rence dans le domaine des&nbsp;<strong>danses tsiganes<\/strong>, N\u00faria a dans\u00e9 pour Stephan Eicher, Fanfara\u00ef, Tony Gatlif, Titi Robin, Ibrahim Maalouf ou le Cirque Roman\u00e8s, et enseigne les danses orientales et tsiganes, en France et \u00e0 l\u2019\u00e9tranger.<\/p>\n<p class=\"yiv5939469420text-paragraph\">Chanteuse&nbsp;avec la Cie Mohein et Kavkazz, aux rythmes des Balkans et du Caucase, ce qui \u00e9tait&nbsp;pour elle une passion est devenu une deuxi\u00e8me corde \u00e0 son arc. Sp\u00e9cialiste des&nbsp;<strong>musiques traditionnelles de la M\u00e9diterran\u00e9e et des Balkans<\/strong>, elle se produit dans les festivals et&nbsp;<strong>chante aussi pour le cin\u00e9ma<\/strong>, aupr\u00e8s du c\u00e9l\u00e8bre compositeur Armand Amar.<\/p>\n<p class=\"yiv5939469420text-paragraph\">Son r\u00e9pertoire est form\u00e9 de ses&nbsp;<strong>compositions<\/strong>, &nbsp;<strong>en espagnol et catalan<\/strong>, ses deux langues maternelles.&nbsp;N\u00faria d\u00e9livre&nbsp;une musique&nbsp;<strong>universelle<\/strong>, d\u2019une&nbsp;<strong>simplicit\u00e9&nbsp;<\/strong>et d\u2019une&nbsp;<strong>authenticit\u00e9&nbsp;<\/strong>\u00e0 la fois&nbsp;<strong>sobre&nbsp;<\/strong>et&nbsp;<strong>sophistiqu\u00e9e<\/strong>.<\/p>\n<\/td>\n<\/tr>\n<\/tbody>\n<\/table>\n","protected":false},"excerpt":{"rendered":"<p>La Madre&nbsp;est le&nbsp;premier <span class=\"caps\">EP<\/span>&nbsp;de N\u00faria Rovira Salat. Compos\u00e9 de&nbsp;3 titres, il est disponible depuis le&nbsp;30 Mars 2022. N\u00faria y raconte son univers en tant que&nbsp;femme, m\u00e8re et artiste, ce qui constitue son intimit\u00e9 mais aussi et surtout &nbsp;sa force. Avec La Madre, N\u00faria nous invite dans un univers boh\u00e8me et mystique inspir\u00e9 par la&nbsp;3\u00e8me<\/p>\n","protected":false},"author":413,"featured_media":22190,"template":"","meta":{"_acf_changed":false,"wp_typography_post_enhancements_disabled":false,"footnotes":""},"class_list":["post-22192","album","type-album","status-publish","has-post-thumbnail","hentry"],"acf":[],"yoast_head":"<!-- This site is optimized with the Yoast SEO plugin v27.5 - https:\/\/yoast.com\/product\/yoast-seo-wordpress\/ -->\n<title>La Madre - #AuxSons<\/title>\n<meta name=\"description\" content=\"La Madre\u00a0est le\u00a0premier EP\u00a0de N\u00faria Rovira Salat. Compos\u00e9 de\u00a03 titres, il est disponible depuis le\u00a030 Mars 2022. N\u00faria y raconte son univers en tant\" \/>\n<meta name=\"robots\" content=\"index, follow, max-snippet:-1, max-image-preview:large, max-video-preview:-1\" \/>\n<link rel=\"canonical\" href=\"https:\/\/www.auxsons.com\/en\/album\/la-madre-par-nuria-rovira-salat\/\" \/>\n<meta property=\"og:locale\" content=\"en_US\" \/>\n<meta property=\"og:type\" content=\"article\" \/>\n<meta property=\"og:title\" content=\"La Madre - #AuxSons\" \/>\n<meta property=\"og:description\" content=\"La Madre\u00a0est le\u00a0premier EP\u00a0de N\u00faria Rovira Salat. Compos\u00e9 de\u00a03 titres, il est disponible depuis le\u00a030 Mars 2022. N\u00faria y raconte son univers en tant\" \/>\n<meta property=\"og:url\" content=\"https:\/\/www.auxsons.com\/en\/album\/la-madre-par-nuria-rovira-salat\/\" \/>\n<meta property=\"og:site_name\" content=\"#AuxSons\" \/>\n<meta property=\"article:publisher\" content=\"https:\/\/www.facebook.com\/auxsons\/\" \/>\n<meta property=\"article:modified_time\" content=\"2022-03-31T14:31:13+00:00\" \/>\n<meta property=\"og:image\" content=\"https:\/\/www.auxsons.com\/wp-content\/uploads\/2022\/03\/cover-la-madre-filtree.jpg\" \/>\n\t<meta property=\"og:image:width\" content=\"1440\" \/>\n\t<meta property=\"og:image:height\" content=\"1440\" \/>\n\t<meta property=\"og:image:type\" content=\"image\/jpeg\" \/>\n<meta name=\"twitter:card\" content=\"summary_large_image\" \/>\n<meta name=\"twitter:site\" content=\"@auxsons\" \/>\n<meta name=\"twitter:label1\" content=\"Est. reading time\" \/>\n\t<meta name=\"twitter:data1\" content=\"2 minutes\" \/>\n<script type=\"application\/ld+json\" class=\"yoast-schema-graph\">{\"@context\":\"https:\\\/\\\/schema.org\",\"@graph\":[{\"@type\":\"WebPage\",\"@id\":\"https:\\\/\\\/www.auxsons.com\\\/en\\\/album\\\/la-madre-par-nuria-rovira-salat\\\/\",\"url\":\"https:\\\/\\\/www.auxsons.com\\\/en\\\/album\\\/la-madre-par-nuria-rovira-salat\\\/\",\"name\":\"La Madre - #AuxSons\",\"isPartOf\":{\"@id\":\"https:\\\/\\\/www.auxsons.com\\\/en\\\/#website\"},\"primaryImageOfPage\":{\"@id\":\"https:\\\/\\\/www.auxsons.com\\\/en\\\/album\\\/la-madre-par-nuria-rovira-salat\\\/#primaryimage\"},\"image\":{\"@id\":\"https:\\\/\\\/www.auxsons.com\\\/en\\\/album\\\/la-madre-par-nuria-rovira-salat\\\/#primaryimage\"},\"thumbnailUrl\":\"https:\\\/\\\/www.auxsons.com\\\/wp-content\\\/uploads\\\/2022\\\/03\\\/cover-la-madre-filtree.jpg\",\"datePublished\":\"2022-03-31T14:14:41+00:00\",\"dateModified\":\"2022-03-31T14:31:13+00:00\",\"description\":\"La Madre\u00a0est le\u00a0premier EP\u00a0de N\u00faria Rovira Salat. Compos\u00e9 de\u00a03 titres, il est disponible depuis le\u00a030 Mars 2022. N\u00faria y raconte son univers en tant\",\"breadcrumb\":{\"@id\":\"https:\\\/\\\/www.auxsons.com\\\/en\\\/album\\\/la-madre-par-nuria-rovira-salat\\\/#breadcrumb\"},\"inLanguage\":\"en-US\",\"potentialAction\":[{\"@type\":\"ReadAction\",\"target\":[\"https:\\\/\\\/www.auxsons.com\\\/en\\\/album\\\/la-madre-par-nuria-rovira-salat\\\/\"]}]},{\"@type\":\"ImageObject\",\"inLanguage\":\"en-US\",\"@id\":\"https:\\\/\\\/www.auxsons.com\\\/en\\\/album\\\/la-madre-par-nuria-rovira-salat\\\/#primaryimage\",\"url\":\"https:\\\/\\\/www.auxsons.com\\\/wp-content\\\/uploads\\\/2022\\\/03\\\/cover-la-madre-filtree.jpg\",\"contentUrl\":\"https:\\\/\\\/www.auxsons.com\\\/wp-content\\\/uploads\\\/2022\\\/03\\\/cover-la-madre-filtree.jpg\",\"width\":1440,\"height\":1440,\"caption\":\"Cover La Madre Filtre\u0301e\"},{\"@type\":\"BreadcrumbList\",\"@id\":\"https:\\\/\\\/www.auxsons.com\\\/en\\\/album\\\/la-madre-par-nuria-rovira-salat\\\/#breadcrumb\",\"itemListElement\":[{\"@type\":\"ListItem\",\"position\":1,\"name\":\"Accueil\",\"item\":\"https:\\\/\\\/www.auxsons.com\\\/en\\\/\"},{\"@type\":\"ListItem\",\"position\":2,\"name\":\"Albums\",\"item\":\"https:\\\/\\\/www.auxsons.com\\\/en\\\/album\\\/\"},{\"@type\":\"ListItem\",\"position\":3,\"name\":\"La Madre\"}]},{\"@type\":\"WebSite\",\"@id\":\"https:\\\/\\\/www.auxsons.com\\\/en\\\/#website\",\"url\":\"https:\\\/\\\/www.auxsons.com\\\/en\\\/\",\"name\":\"#AuxSons\",\"description\":\"Musiques &amp; Vibrations du Monde\",\"publisher\":{\"@id\":\"https:\\\/\\\/www.auxsons.com\\\/en\\\/#organization\"},\"potentialAction\":[{\"@type\":\"SearchAction\",\"target\":{\"@type\":\"EntryPoint\",\"urlTemplate\":\"https:\\\/\\\/www.auxsons.com\\\/en\\\/?s={search_term_string}\"},\"query-input\":{\"@type\":\"PropertyValueSpecification\",\"valueRequired\":true,\"valueName\":\"search_term_string\"}}],\"inLanguage\":\"en-US\"},{\"@type\":\"Organization\",\"@id\":\"https:\\\/\\\/www.auxsons.com\\\/en\\\/#organization\",\"name\":\"#AuxSons\",\"url\":\"https:\\\/\\\/www.auxsons.com\\\/en\\\/\",\"logo\":{\"@type\":\"ImageObject\",\"inLanguage\":\"en-US\",\"@id\":\"https:\\\/\\\/www.auxsons.com\\\/en\\\/#\\\/schema\\\/logo\\\/image\\\/\",\"url\":\"https:\\\/\\\/www.auxsons.com\\\/wp-content\\\/uploads\\\/2018\\\/10\\\/logo-aux-sons@2x.png\",\"contentUrl\":\"https:\\\/\\\/www.auxsons.com\\\/wp-content\\\/uploads\\\/2018\\\/10\\\/logo-aux-sons@2x.png\",\"width\":320,\"height\":192,\"caption\":\"#AuxSons\"},\"image\":{\"@id\":\"https:\\\/\\\/www.auxsons.com\\\/en\\\/#\\\/schema\\\/logo\\\/image\\\/\"},\"sameAs\":[\"https:\\\/\\\/www.facebook.com\\\/auxsons\\\/\",\"https:\\\/\\\/x.com\\\/auxsons\",\"https:\\\/\\\/www.instagram.com\\\/auxsons\\\/\",\"https:\\\/\\\/www.youtube.com\\\/channel\\\/UC_NjOjgZNHW-6MaXKWavFKQ\"]}]}<\/script>\n<!-- \/ Yoast SEO plugin. -->","yoast_head_json":{"title":"La Madre - #AuxSons","description":"La Madre\u00a0est le\u00a0premier EP\u00a0de N\u00faria Rovira Salat. Compos\u00e9 de\u00a03 titres, il est disponible depuis le\u00a030 Mars 2022. N\u00faria y raconte son univers en tant","robots":{"index":"index","follow":"follow","max-snippet":"max-snippet:-1","max-image-preview":"max-image-preview:large","max-video-preview":"max-video-preview:-1"},"canonical":"https:\/\/www.auxsons.com\/en\/album\/la-madre-par-nuria-rovira-salat\/","og_locale":"en_US","og_type":"article","og_title":"La Madre - #AuxSons","og_description":"La Madre\u00a0est le\u00a0premier EP\u00a0de N\u00faria Rovira Salat. Compos\u00e9 de\u00a03 titres, il est disponible depuis le\u00a030 Mars 2022. N\u00faria y raconte son univers en tant","og_url":"https:\/\/www.auxsons.com\/en\/album\/la-madre-par-nuria-rovira-salat\/","og_site_name":"#AuxSons","article_publisher":"https:\/\/www.facebook.com\/auxsons\/","article_modified_time":"2022-03-31T14:31:13+00:00","og_image":[{"width":1440,"height":1440,"url":"https:\/\/www.auxsons.com\/wp-content\/uploads\/2022\/03\/cover-la-madre-filtree.jpg","type":"image\/jpeg"}],"twitter_card":"summary_large_image","twitter_site":"@auxsons","twitter_misc":{"Est. reading time":"2 minutes"},"schema":{"@context":"https:\/\/schema.org","@graph":[{"@type":"WebPage","@id":"https:\/\/www.auxsons.com\/en\/album\/la-madre-par-nuria-rovira-salat\/","url":"https:\/\/www.auxsons.com\/en\/album\/la-madre-par-nuria-rovira-salat\/","name":"La Madre - #AuxSons","isPartOf":{"@id":"https:\/\/www.auxsons.com\/en\/#website"},"primaryImageOfPage":{"@id":"https:\/\/www.auxsons.com\/en\/album\/la-madre-par-nuria-rovira-salat\/#primaryimage"},"image":{"@id":"https:\/\/www.auxsons.com\/en\/album\/la-madre-par-nuria-rovira-salat\/#primaryimage"},"thumbnailUrl":"https:\/\/www.auxsons.com\/wp-content\/uploads\/2022\/03\/cover-la-madre-filtree.jpg","datePublished":"2022-03-31T14:14:41+00:00","dateModified":"2022-03-31T14:31:13+00:00","description":"La Madre\u00a0est le\u00a0premier EP\u00a0de N\u00faria Rovira Salat. Compos\u00e9 de\u00a03 titres, il est disponible depuis le\u00a030 Mars 2022. N\u00faria y raconte son univers en tant","breadcrumb":{"@id":"https:\/\/www.auxsons.com\/en\/album\/la-madre-par-nuria-rovira-salat\/#breadcrumb"},"inLanguage":"en-US","potentialAction":[{"@type":"ReadAction","target":["https:\/\/www.auxsons.com\/en\/album\/la-madre-par-nuria-rovira-salat\/"]}]},{"@type":"ImageObject","inLanguage":"en-US","@id":"https:\/\/www.auxsons.com\/en\/album\/la-madre-par-nuria-rovira-salat\/#primaryimage","url":"https:\/\/www.auxsons.com\/wp-content\/uploads\/2022\/03\/cover-la-madre-filtree.jpg","contentUrl":"https:\/\/www.auxsons.com\/wp-content\/uploads\/2022\/03\/cover-la-madre-filtree.jpg","width":1440,"height":1440,"caption":"Cover La Madre Filtre\u0301e"},{"@type":"BreadcrumbList","@id":"https:\/\/www.auxsons.com\/en\/album\/la-madre-par-nuria-rovira-salat\/#breadcrumb","itemListElement":[{"@type":"ListItem","position":1,"name":"Accueil","item":"https:\/\/www.auxsons.com\/en\/"},{"@type":"ListItem","position":2,"name":"Albums","item":"https:\/\/www.auxsons.com\/en\/album\/"},{"@type":"ListItem","position":3,"name":"La Madre"}]},{"@type":"WebSite","@id":"https:\/\/www.auxsons.com\/en\/#website","url":"https:\/\/www.auxsons.com\/en\/","name":"#AuxSons","description":"Musiques &amp; Vibrations du Monde","publisher":{"@id":"https:\/\/www.auxsons.com\/en\/#organization"},"potentialAction":[{"@type":"SearchAction","target":{"@type":"EntryPoint","urlTemplate":"https:\/\/www.auxsons.com\/en\/?s={search_term_string}"},"query-input":{"@type":"PropertyValueSpecification","valueRequired":true,"valueName":"search_term_string"}}],"inLanguage":"en-US"},{"@type":"Organization","@id":"https:\/\/www.auxsons.com\/en\/#organization","name":"#AuxSons","url":"https:\/\/www.auxsons.com\/en\/","logo":{"@type":"ImageObject","inLanguage":"en-US","@id":"https:\/\/www.auxsons.com\/en\/#\/schema\/logo\/image\/","url":"https:\/\/www.auxsons.com\/wp-content\/uploads\/2018\/10\/logo-aux-sons@2x.png","contentUrl":"https:\/\/www.auxsons.com\/wp-content\/uploads\/2018\/10\/logo-aux-sons@2x.png","width":320,"height":192,"caption":"#AuxSons"},"image":{"@id":"https:\/\/www.auxsons.com\/en\/#\/schema\/logo\/image\/"},"sameAs":["https:\/\/www.facebook.com\/auxsons\/","https:\/\/x.com\/auxsons","https:\/\/www.instagram.com\/auxsons\/","https:\/\/www.youtube.com\/channel\/UC_NjOjgZNHW-6MaXKWavFKQ"]}]}},"_links":{"self":[{"href":"https:\/\/www.auxsons.com\/en\/wp-json\/wp\/v2\/album\/22192","targetHints":{"allow":["GET"]}}],"collection":[{"href":"https:\/\/www.auxsons.com\/en\/wp-json\/wp\/v2\/album"}],"about":[{"href":"https:\/\/www.auxsons.com\/en\/wp-json\/wp\/v2\/types\/album"}],"author":[{"embeddable":true,"href":"https:\/\/www.auxsons.com\/en\/wp-json\/wp\/v2\/users\/413"}],"version-history":[{"count":0,"href":"https:\/\/www.auxsons.com\/en\/wp-json\/wp\/v2\/album\/22192\/revisions"}],"wp:featuredmedia":[{"embeddable":true,"href":"https:\/\/www.auxsons.com\/en\/wp-json\/wp\/v2\/media\/22190"}],"wp:attachment":[{"href":"https:\/\/www.auxsons.com\/en\/wp-json\/wp\/v2\/media?parent=22192"}],"curies":[{"name":"wp","href":"https:\/\/api.w.org\/{rel}","templated":true}]}}