{"id":22021,"date":"2022-03-25T11:16:57","date_gmt":"2022-03-25T10:16:57","guid":{"rendered":"https:\/\/www.auxsons.com\/?post_type=album&#038;p=22021"},"modified":"2022-04-04T15:49:56","modified_gmt":"2022-04-04T13:49:56","slug":"alba-gitana","status":"publish","type":"album","link":"https:\/\/www.auxsons.com\/en\/album\/alba-gitana\/","title":{"rendered":"Alba Gitana"},"content":{"rendered":"<p style=\"text-align: justify;\"><span style=\"font-size: 13.0pt;\">Ce projet d\u2019\u00ab&nbsp;Aube gitane&nbsp;\u00bb marque un tournant majeur, qui n\u2019a rien d\u2019innocent dans le parcours d\u2019un guitariste estampill\u00e9 \u00ab&nbsp;manouche&nbsp;\u00bb. Car si le mot a une \u00e9tymologie de port\u00e9e universelle (manu signifiant \u00ab&nbsp;homme&nbsp;\u00bb en sanscrit), il est bien souvent r\u00e9duit au sillage quasi mystique d\u2019un musicien de g\u00e9nie&nbsp;: Django Reinhardt. L\u2019aube de&nbsp;<b>Steeve Laffont<\/b>&nbsp;marque l\u2019\u00e9chapp\u00e9e de son art en dehors de cette tradition, devenue classique.&nbsp;<\/span><\/p>\n<p style=\"text-align: justify;\"><span style=\"font-size: 13.0pt;\">Ses compositions personnelles offrent les ingr\u00e9dients d\u2019une recette insolite : toucher manouche, effluves flamenco, ruptures bossa nova, notes indiennes, rythmes klezmer et couleurs espagnoles. Steeve se laisse bercer par ce qui a fait l\u2019essence m\u00eame de la culture tzigane : le voyage et l\u2019inattendu. L\u2019album est le r\u00e9cit de cette \u00e9mancipation, cette joie de n\u2019avoir d\u00e9sormais aucun compte \u00e0 rendre, aucun legs \u00e0 respecter mais de si nombreuses racines \u00e0 faire germer.<\/span><\/p>\n<p style=\"text-align: justify;\"><span style=\"font-size: 13.0pt;\">Line up&nbsp;: Dominique Di Piazza \u2013 basse&nbsp;; Costel Nitescu \u2013 violon, Rudy Rabuffetti - guitare<\/span><\/p>\n<p>&nbsp;<\/p>\n<p>&nbsp;<\/p>\n","protected":false},"excerpt":{"rendered":"<p>Ce projet d\u2019\u00ab&nbsp;Aube gitane&nbsp;\u00bb marque un tournant majeur, qui n\u2019a rien d\u2019innocent dans le parcours d\u2019un guitariste estampill\u00e9 \u00ab&nbsp;manouche&nbsp;\u00bb. Car si le mot a une \u00e9tymologie de port\u00e9e universelle (manu signifiant \u00ab&nbsp;homme&nbsp;\u00bb en sanscrit), il est bien souvent r\u00e9duit au sillage quasi mystique d\u2019un musicien de g\u00e9nie&nbsp;: Django Reinhardt. L\u2019aube de&nbsp;Steeve Laffont&nbsp;marque l\u2019\u00e9chapp\u00e9e de&nbsp;son<\/p>\n","protected":false},"author":194,"featured_media":22019,"template":"","meta":{"_acf_changed":false,"wp_typography_post_enhancements_disabled":false,"footnotes":""},"class_list":["post-22021","album","type-album","status-publish","has-post-thumbnail","hentry"],"acf":[],"yoast_head":"<!-- This site is optimized with the Yoast SEO plugin v27.5 - https:\/\/yoast.com\/product\/yoast-seo-wordpress\/ -->\n<title>Alba Gitana - #AuxSons<\/title>\n<meta name=\"description\" content=\"Ce projet d\u2019\u00ab\u00a0Aube gitane\u00a0\u00bb marque un tournant majeur, qui n\u2019a rien d\u2019innocent dans le parcours d\u2019un guitariste estampill\u00e9 \u00ab\u00a0manouche\u00a0\u00bb. Car si le mot a\" \/>\n<meta name=\"robots\" content=\"index, follow, max-snippet:-1, max-image-preview:large, max-video-preview:-1\" \/>\n<link rel=\"canonical\" href=\"https:\/\/www.auxsons.com\/en\/album\/alba-gitana\/\" \/>\n<meta property=\"og:locale\" content=\"en_US\" \/>\n<meta property=\"og:type\" content=\"article\" \/>\n<meta property=\"og:title\" content=\"Alba Gitana - #AuxSons\" \/>\n<meta property=\"og:description\" content=\"Ce projet d\u2019\u00ab\u00a0Aube gitane\u00a0\u00bb marque un tournant majeur, qui n\u2019a rien d\u2019innocent dans le parcours d\u2019un guitariste estampill\u00e9 \u00ab\u00a0manouche\u00a0\u00bb. Car si le mot a\" \/>\n<meta property=\"og:url\" content=\"https:\/\/www.auxsons.com\/en\/album\/alba-gitana\/\" \/>\n<meta property=\"og:site_name\" content=\"#AuxSons\" \/>\n<meta property=\"article:publisher\" content=\"https:\/\/www.facebook.com\/auxsons\/\" \/>\n<meta property=\"article:modified_time\" content=\"2022-04-04T13:49:56+00:00\" \/>\n<meta property=\"og:image\" content=\"https:\/\/www.auxsons.com\/wp-content\/uploads\/2022\/03\/cover-alba-gitana-reduit-scaled.jpg\" \/>\n\t<meta property=\"og:image:width\" content=\"1920\" \/>\n\t<meta property=\"og:image:height\" content=\"1920\" \/>\n\t<meta property=\"og:image:type\" content=\"image\/jpeg\" \/>\n<meta name=\"twitter:card\" content=\"summary_large_image\" \/>\n<meta name=\"twitter:site\" content=\"@auxsons\" \/>\n<meta name=\"twitter:label1\" content=\"Est. reading time\" \/>\n\t<meta name=\"twitter:data1\" content=\"1 minute\" \/>\n<script type=\"application\/ld+json\" class=\"yoast-schema-graph\">{\"@context\":\"https:\\\/\\\/schema.org\",\"@graph\":[{\"@type\":\"WebPage\",\"@id\":\"https:\\\/\\\/www.auxsons.com\\\/en\\\/album\\\/alba-gitana\\\/\",\"url\":\"https:\\\/\\\/www.auxsons.com\\\/en\\\/album\\\/alba-gitana\\\/\",\"name\":\"Alba Gitana - #AuxSons\",\"isPartOf\":{\"@id\":\"https:\\\/\\\/www.auxsons.com\\\/en\\\/#website\"},\"primaryImageOfPage\":{\"@id\":\"https:\\\/\\\/www.auxsons.com\\\/en\\\/album\\\/alba-gitana\\\/#primaryimage\"},\"image\":{\"@id\":\"https:\\\/\\\/www.auxsons.com\\\/en\\\/album\\\/alba-gitana\\\/#primaryimage\"},\"thumbnailUrl\":\"https:\\\/\\\/www.auxsons.com\\\/wp-content\\\/uploads\\\/2022\\\/03\\\/cover-alba-gitana-reduit-scaled.jpg\",\"datePublished\":\"2022-03-25T10:16:57+00:00\",\"dateModified\":\"2022-04-04T13:49:56+00:00\",\"description\":\"Ce projet d\u2019\u00ab\u00a0Aube gitane\u00a0\u00bb marque un tournant majeur, qui n\u2019a rien d\u2019innocent dans le parcours d\u2019un guitariste estampill\u00e9 \u00ab\u00a0manouche\u00a0\u00bb. Car si le mot a\",\"breadcrumb\":{\"@id\":\"https:\\\/\\\/www.auxsons.com\\\/en\\\/album\\\/alba-gitana\\\/#breadcrumb\"},\"inLanguage\":\"en-US\",\"potentialAction\":[{\"@type\":\"ReadAction\",\"target\":[\"https:\\\/\\\/www.auxsons.com\\\/en\\\/album\\\/alba-gitana\\\/\"]}]},{\"@type\":\"ImageObject\",\"inLanguage\":\"en-US\",\"@id\":\"https:\\\/\\\/www.auxsons.com\\\/en\\\/album\\\/alba-gitana\\\/#primaryimage\",\"url\":\"https:\\\/\\\/www.auxsons.com\\\/wp-content\\\/uploads\\\/2022\\\/03\\\/cover-alba-gitana-reduit-scaled.jpg\",\"contentUrl\":\"https:\\\/\\\/www.auxsons.com\\\/wp-content\\\/uploads\\\/2022\\\/03\\\/cover-alba-gitana-reduit-scaled.jpg\",\"width\":1920,\"height\":1920,\"caption\":\"Cover Alba Gitana Reduit\"},{\"@type\":\"BreadcrumbList\",\"@id\":\"https:\\\/\\\/www.auxsons.com\\\/en\\\/album\\\/alba-gitana\\\/#breadcrumb\",\"itemListElement\":[{\"@type\":\"ListItem\",\"position\":1,\"name\":\"Accueil\",\"item\":\"https:\\\/\\\/www.auxsons.com\\\/en\\\/\"},{\"@type\":\"ListItem\",\"position\":2,\"name\":\"Albums\",\"item\":\"https:\\\/\\\/www.auxsons.com\\\/en\\\/album\\\/\"},{\"@type\":\"ListItem\",\"position\":3,\"name\":\"Alba Gitana\"}]},{\"@type\":\"WebSite\",\"@id\":\"https:\\\/\\\/www.auxsons.com\\\/en\\\/#website\",\"url\":\"https:\\\/\\\/www.auxsons.com\\\/en\\\/\",\"name\":\"#AuxSons\",\"description\":\"Musiques &amp; Vibrations du Monde\",\"publisher\":{\"@id\":\"https:\\\/\\\/www.auxsons.com\\\/en\\\/#organization\"},\"potentialAction\":[{\"@type\":\"SearchAction\",\"target\":{\"@type\":\"EntryPoint\",\"urlTemplate\":\"https:\\\/\\\/www.auxsons.com\\\/en\\\/?s={search_term_string}\"},\"query-input\":{\"@type\":\"PropertyValueSpecification\",\"valueRequired\":true,\"valueName\":\"search_term_string\"}}],\"inLanguage\":\"en-US\"},{\"@type\":\"Organization\",\"@id\":\"https:\\\/\\\/www.auxsons.com\\\/en\\\/#organization\",\"name\":\"#AuxSons\",\"url\":\"https:\\\/\\\/www.auxsons.com\\\/en\\\/\",\"logo\":{\"@type\":\"ImageObject\",\"inLanguage\":\"en-US\",\"@id\":\"https:\\\/\\\/www.auxsons.com\\\/en\\\/#\\\/schema\\\/logo\\\/image\\\/\",\"url\":\"https:\\\/\\\/www.auxsons.com\\\/wp-content\\\/uploads\\\/2018\\\/10\\\/logo-aux-sons@2x.png\",\"contentUrl\":\"https:\\\/\\\/www.auxsons.com\\\/wp-content\\\/uploads\\\/2018\\\/10\\\/logo-aux-sons@2x.png\",\"width\":320,\"height\":192,\"caption\":\"#AuxSons\"},\"image\":{\"@id\":\"https:\\\/\\\/www.auxsons.com\\\/en\\\/#\\\/schema\\\/logo\\\/image\\\/\"},\"sameAs\":[\"https:\\\/\\\/www.facebook.com\\\/auxsons\\\/\",\"https:\\\/\\\/x.com\\\/auxsons\",\"https:\\\/\\\/www.instagram.com\\\/auxsons\\\/\",\"https:\\\/\\\/www.youtube.com\\\/channel\\\/UC_NjOjgZNHW-6MaXKWavFKQ\"]}]}<\/script>\n<!-- \/ Yoast SEO plugin. -->","yoast_head_json":{"title":"Alba Gitana - #AuxSons","description":"Ce projet d\u2019\u00ab\u00a0Aube gitane\u00a0\u00bb marque un tournant majeur, qui n\u2019a rien d\u2019innocent dans le parcours d\u2019un guitariste estampill\u00e9 \u00ab\u00a0manouche\u00a0\u00bb. Car si le mot a","robots":{"index":"index","follow":"follow","max-snippet":"max-snippet:-1","max-image-preview":"max-image-preview:large","max-video-preview":"max-video-preview:-1"},"canonical":"https:\/\/www.auxsons.com\/en\/album\/alba-gitana\/","og_locale":"en_US","og_type":"article","og_title":"Alba Gitana - #AuxSons","og_description":"Ce projet d\u2019\u00ab\u00a0Aube gitane\u00a0\u00bb marque un tournant majeur, qui n\u2019a rien d\u2019innocent dans le parcours d\u2019un guitariste estampill\u00e9 \u00ab\u00a0manouche\u00a0\u00bb. Car si le mot a","og_url":"https:\/\/www.auxsons.com\/en\/album\/alba-gitana\/","og_site_name":"#AuxSons","article_publisher":"https:\/\/www.facebook.com\/auxsons\/","article_modified_time":"2022-04-04T13:49:56+00:00","og_image":[{"width":1920,"height":1920,"url":"https:\/\/www.auxsons.com\/wp-content\/uploads\/2022\/03\/cover-alba-gitana-reduit-scaled.jpg","type":"image\/jpeg"}],"twitter_card":"summary_large_image","twitter_site":"@auxsons","twitter_misc":{"Est. reading time":"1 minute"},"schema":{"@context":"https:\/\/schema.org","@graph":[{"@type":"WebPage","@id":"https:\/\/www.auxsons.com\/en\/album\/alba-gitana\/","url":"https:\/\/www.auxsons.com\/en\/album\/alba-gitana\/","name":"Alba Gitana - #AuxSons","isPartOf":{"@id":"https:\/\/www.auxsons.com\/en\/#website"},"primaryImageOfPage":{"@id":"https:\/\/www.auxsons.com\/en\/album\/alba-gitana\/#primaryimage"},"image":{"@id":"https:\/\/www.auxsons.com\/en\/album\/alba-gitana\/#primaryimage"},"thumbnailUrl":"https:\/\/www.auxsons.com\/wp-content\/uploads\/2022\/03\/cover-alba-gitana-reduit-scaled.jpg","datePublished":"2022-03-25T10:16:57+00:00","dateModified":"2022-04-04T13:49:56+00:00","description":"Ce projet d\u2019\u00ab\u00a0Aube gitane\u00a0\u00bb marque un tournant majeur, qui n\u2019a rien d\u2019innocent dans le parcours d\u2019un guitariste estampill\u00e9 \u00ab\u00a0manouche\u00a0\u00bb. Car si le mot a","breadcrumb":{"@id":"https:\/\/www.auxsons.com\/en\/album\/alba-gitana\/#breadcrumb"},"inLanguage":"en-US","potentialAction":[{"@type":"ReadAction","target":["https:\/\/www.auxsons.com\/en\/album\/alba-gitana\/"]}]},{"@type":"ImageObject","inLanguage":"en-US","@id":"https:\/\/www.auxsons.com\/en\/album\/alba-gitana\/#primaryimage","url":"https:\/\/www.auxsons.com\/wp-content\/uploads\/2022\/03\/cover-alba-gitana-reduit-scaled.jpg","contentUrl":"https:\/\/www.auxsons.com\/wp-content\/uploads\/2022\/03\/cover-alba-gitana-reduit-scaled.jpg","width":1920,"height":1920,"caption":"Cover Alba Gitana Reduit"},{"@type":"BreadcrumbList","@id":"https:\/\/www.auxsons.com\/en\/album\/alba-gitana\/#breadcrumb","itemListElement":[{"@type":"ListItem","position":1,"name":"Accueil","item":"https:\/\/www.auxsons.com\/en\/"},{"@type":"ListItem","position":2,"name":"Albums","item":"https:\/\/www.auxsons.com\/en\/album\/"},{"@type":"ListItem","position":3,"name":"Alba Gitana"}]},{"@type":"WebSite","@id":"https:\/\/www.auxsons.com\/en\/#website","url":"https:\/\/www.auxsons.com\/en\/","name":"#AuxSons","description":"Musiques &amp; Vibrations du Monde","publisher":{"@id":"https:\/\/www.auxsons.com\/en\/#organization"},"potentialAction":[{"@type":"SearchAction","target":{"@type":"EntryPoint","urlTemplate":"https:\/\/www.auxsons.com\/en\/?s={search_term_string}"},"query-input":{"@type":"PropertyValueSpecification","valueRequired":true,"valueName":"search_term_string"}}],"inLanguage":"en-US"},{"@type":"Organization","@id":"https:\/\/www.auxsons.com\/en\/#organization","name":"#AuxSons","url":"https:\/\/www.auxsons.com\/en\/","logo":{"@type":"ImageObject","inLanguage":"en-US","@id":"https:\/\/www.auxsons.com\/en\/#\/schema\/logo\/image\/","url":"https:\/\/www.auxsons.com\/wp-content\/uploads\/2018\/10\/logo-aux-sons@2x.png","contentUrl":"https:\/\/www.auxsons.com\/wp-content\/uploads\/2018\/10\/logo-aux-sons@2x.png","width":320,"height":192,"caption":"#AuxSons"},"image":{"@id":"https:\/\/www.auxsons.com\/en\/#\/schema\/logo\/image\/"},"sameAs":["https:\/\/www.facebook.com\/auxsons\/","https:\/\/x.com\/auxsons","https:\/\/www.instagram.com\/auxsons\/","https:\/\/www.youtube.com\/channel\/UC_NjOjgZNHW-6MaXKWavFKQ"]}]}},"_links":{"self":[{"href":"https:\/\/www.auxsons.com\/en\/wp-json\/wp\/v2\/album\/22021","targetHints":{"allow":["GET"]}}],"collection":[{"href":"https:\/\/www.auxsons.com\/en\/wp-json\/wp\/v2\/album"}],"about":[{"href":"https:\/\/www.auxsons.com\/en\/wp-json\/wp\/v2\/types\/album"}],"author":[{"embeddable":true,"href":"https:\/\/www.auxsons.com\/en\/wp-json\/wp\/v2\/users\/194"}],"version-history":[{"count":0,"href":"https:\/\/www.auxsons.com\/en\/wp-json\/wp\/v2\/album\/22021\/revisions"}],"wp:featuredmedia":[{"embeddable":true,"href":"https:\/\/www.auxsons.com\/en\/wp-json\/wp\/v2\/media\/22019"}],"wp:attachment":[{"href":"https:\/\/www.auxsons.com\/en\/wp-json\/wp\/v2\/media?parent=22021"}],"curies":[{"name":"wp","href":"https:\/\/api.w.org\/{rel}","templated":true}]}}