{"id":20667,"date":"2022-01-13T10:39:13","date_gmt":"2022-01-13T09:39:13","guid":{"rendered":"https:\/\/www.auxsons.com\/?post_type=album&#038;p=20667"},"modified":"2022-01-19T15:32:24","modified_gmt":"2022-01-19T14:32:24","slug":"maluca-beleza-o-silencio-imperfeito-label-durance","status":"publish","type":"album","link":"https:\/\/www.auxsons.com\/en\/album\/maluca-beleza-o-silencio-imperfeito-label-durance\/","title":{"rendered":"O Silencio Imperfeito"},"content":{"rendered":"<p>Pilot\u00e9 par la chanteuse Caroline Tolla, le projet Maluca Beleza se propose de marier les sonorit\u00e9s br\u00e9siliennes de la <span class=\"caps\">MPB<\/span>, de la samba, de la bossa nova&nbsp;ou du forro, \u00e0 un jazz-fusion nourri de rock, de psych\u00e9d\u00e9lisme et m\u00eame de reggae. <em>O Silencio Imperfeito,<\/em> premier opus de la formation marseillaise, rassemble 9 titres dont 7 compositions du contrebassiste Pierre Fenichel,&nbsp;\u00e9labor\u00e9es autour des po\u00e9sies de personnalit\u00e9s embl\u00e9matiques de la litt\u00e9rature br\u00e9silienne, Thiago De Melo, Jo\u00e3o Cabral de Melo Neto et Cecilia Meireles, mais aussi autour des textes du jeune musicien nordestin Rodrigo Samico et de Caroline elle-m\u00eame. Epaul\u00e9s par le guitariste Wim Welker, le clarinettiste Roman Gigio-Gary, le tromboniste Romain Morello et le batteur Julien Heurtel, Caroline et Pierre reprennent \u00e9galement deux titres : l\u2019intemporel&nbsp;<i>\u201cNa Baixa Do Sapateiro\u201d<\/i>, une des deux \u0153uvres incontournables d\u2019Ary Barroso (avec la c\u00e9l\u00e8bre <i>\u201cAquarela Do Brasil\u201d<\/i>) et l\u2019immersif&nbsp;<i>\u201cSearch For Nirvana\u201d<\/i> de l\u2019immense guitariste hongrois Gabor&nbsp;Szabo.<\/p>\n<p>Loin des reprises habituelles et convenues d\u2019un r\u00e9pertoire br\u00e9silien us\u00e9,&nbsp;O Silencio Imperfeito nous embarque vers un autre Br\u00e9sil, po\u00e9tique et plein de surprises&nbsp;!<\/p>\n<p><span class=\"caps\">ACHETEZ<\/span> L\u2019ALBUM : https:\/\/\u200bwww\u200b.fnac\u200b.com\/\u200ba\u200b1\u200b6\u200b2\u200b7\u200b0\u200b5\u200b3\u200b6\u200b\/\u200bM\u200ba\u200bl\u200bu\u200bc\u200ba\u200b-\u200bB\u200be\u200bl\u200be\u200bz\u200ba\u200b-\u200bO\u200b-\u200bS\u200bi\u200bl\u200be\u200bn\u200bc\u200bi\u200bo\u200b-\u200bI\u200bm\u200bp\u200be\u200br\u200bf\u200be\u200bi\u200bt\u200bo\u200b-\u200bC\u200bD\u200b-\u200ba\u200bl\u200bbum<\/p>\n","protected":false},"excerpt":{"rendered":"<p>Pilot\u00e9 par la chanteuse Caroline Tolla, le projet Maluca Beleza se propose de marier les sonorit\u00e9s br\u00e9siliennes de la <span class=\"caps\">MPB<\/span>, de la samba, de la bossa nova&nbsp;ou du forro, \u00e0 un jazz-fusion nourri de rock, de psych\u00e9d\u00e9lisme et m\u00eame de reggae. O Silencio Imperfeito, premier opus de la formation marseillaise, rassemble 9 titres dont&nbsp;7<\/p>\n","protected":false},"author":147,"featured_media":20665,"template":"","meta":{"_acf_changed":false,"wp_typography_post_enhancements_disabled":false,"footnotes":""},"class_list":["post-20667","album","type-album","status-publish","has-post-thumbnail","hentry"],"acf":[],"yoast_head":"<!-- This site is optimized with the Yoast SEO plugin v27.5 - https:\/\/yoast.com\/product\/yoast-seo-wordpress\/ -->\n<title>O Silencio Imperfeito - #AuxSons<\/title>\n<meta name=\"description\" content=\"Pilot\u00e9 par la chanteuse Caroline Tolla, le projet Maluca Beleza se propose de marier les sonorit\u00e9s br\u00e9siliennes de la MPB, de la samba, de la bossa\" \/>\n<meta name=\"robots\" content=\"index, follow, max-snippet:-1, max-image-preview:large, max-video-preview:-1\" \/>\n<link rel=\"canonical\" href=\"https:\/\/www.auxsons.com\/en\/album\/maluca-beleza-o-silencio-imperfeito-label-durance\/\" \/>\n<meta property=\"og:locale\" content=\"en_US\" \/>\n<meta property=\"og:type\" content=\"article\" \/>\n<meta property=\"og:title\" content=\"O Silencio Imperfeito - #AuxSons\" \/>\n<meta property=\"og:description\" content=\"Pilot\u00e9 par la chanteuse Caroline Tolla, le projet Maluca Beleza se propose de marier les sonorit\u00e9s br\u00e9siliennes de la MPB, de la samba, de la bossa\" \/>\n<meta property=\"og:url\" content=\"https:\/\/www.auxsons.com\/en\/album\/maluca-beleza-o-silencio-imperfeito-label-durance\/\" \/>\n<meta property=\"og:site_name\" content=\"#AuxSons\" \/>\n<meta property=\"article:publisher\" content=\"https:\/\/www.facebook.com\/auxsons\/\" \/>\n<meta property=\"article:modified_time\" content=\"2022-01-19T14:32:24+00:00\" \/>\n<meta property=\"og:image\" content=\"https:\/\/www.auxsons.com\/wp-content\/uploads\/2022\/01\/243171227-521222505740091-7266583940415869251-n.jpg\" \/>\n\t<meta property=\"og:image:width\" content=\"1080\" \/>\n\t<meta property=\"og:image:height\" content=\"1080\" \/>\n\t<meta property=\"og:image:type\" content=\"image\/jpeg\" \/>\n<meta name=\"twitter:card\" content=\"summary_large_image\" \/>\n<meta name=\"twitter:site\" content=\"@auxsons\" \/>\n<meta name=\"twitter:label1\" content=\"Est. reading time\" \/>\n\t<meta name=\"twitter:data1\" content=\"1 minute\" \/>\n<script type=\"application\/ld+json\" class=\"yoast-schema-graph\">{\"@context\":\"https:\\\/\\\/schema.org\",\"@graph\":[{\"@type\":\"WebPage\",\"@id\":\"https:\\\/\\\/www.auxsons.com\\\/en\\\/album\\\/maluca-beleza-o-silencio-imperfeito-label-durance\\\/\",\"url\":\"https:\\\/\\\/www.auxsons.com\\\/en\\\/album\\\/maluca-beleza-o-silencio-imperfeito-label-durance\\\/\",\"name\":\"O Silencio Imperfeito - #AuxSons\",\"isPartOf\":{\"@id\":\"https:\\\/\\\/www.auxsons.com\\\/en\\\/#website\"},\"primaryImageOfPage\":{\"@id\":\"https:\\\/\\\/www.auxsons.com\\\/en\\\/album\\\/maluca-beleza-o-silencio-imperfeito-label-durance\\\/#primaryimage\"},\"image\":{\"@id\":\"https:\\\/\\\/www.auxsons.com\\\/en\\\/album\\\/maluca-beleza-o-silencio-imperfeito-label-durance\\\/#primaryimage\"},\"thumbnailUrl\":\"https:\\\/\\\/www.auxsons.com\\\/wp-content\\\/uploads\\\/2022\\\/01\\\/243171227-521222505740091-7266583940415869251-n.jpg\",\"datePublished\":\"2022-01-13T09:39:13+00:00\",\"dateModified\":\"2022-01-19T14:32:24+00:00\",\"description\":\"Pilot\u00e9 par la chanteuse Caroline Tolla, le projet Maluca Beleza se propose de marier les sonorit\u00e9s br\u00e9siliennes de la MPB, de la samba, de la bossa\",\"breadcrumb\":{\"@id\":\"https:\\\/\\\/www.auxsons.com\\\/en\\\/album\\\/maluca-beleza-o-silencio-imperfeito-label-durance\\\/#breadcrumb\"},\"inLanguage\":\"en-US\",\"potentialAction\":[{\"@type\":\"ReadAction\",\"target\":[\"https:\\\/\\\/www.auxsons.com\\\/en\\\/album\\\/maluca-beleza-o-silencio-imperfeito-label-durance\\\/\"]}]},{\"@type\":\"ImageObject\",\"inLanguage\":\"en-US\",\"@id\":\"https:\\\/\\\/www.auxsons.com\\\/en\\\/album\\\/maluca-beleza-o-silencio-imperfeito-label-durance\\\/#primaryimage\",\"url\":\"https:\\\/\\\/www.auxsons.com\\\/wp-content\\\/uploads\\\/2022\\\/01\\\/243171227-521222505740091-7266583940415869251-n.jpg\",\"contentUrl\":\"https:\\\/\\\/www.auxsons.com\\\/wp-content\\\/uploads\\\/2022\\\/01\\\/243171227-521222505740091-7266583940415869251-n.jpg\",\"width\":1080,\"height\":1080,\"caption\":\"243171227 521222505740091 7266583940415869251 N\"},{\"@type\":\"BreadcrumbList\",\"@id\":\"https:\\\/\\\/www.auxsons.com\\\/en\\\/album\\\/maluca-beleza-o-silencio-imperfeito-label-durance\\\/#breadcrumb\",\"itemListElement\":[{\"@type\":\"ListItem\",\"position\":1,\"name\":\"Accueil\",\"item\":\"https:\\\/\\\/www.auxsons.com\\\/en\\\/\"},{\"@type\":\"ListItem\",\"position\":2,\"name\":\"Albums\",\"item\":\"https:\\\/\\\/www.auxsons.com\\\/en\\\/album\\\/\"},{\"@type\":\"ListItem\",\"position\":3,\"name\":\"O Silencio Imperfeito\"}]},{\"@type\":\"WebSite\",\"@id\":\"https:\\\/\\\/www.auxsons.com\\\/en\\\/#website\",\"url\":\"https:\\\/\\\/www.auxsons.com\\\/en\\\/\",\"name\":\"#AuxSons\",\"description\":\"Musiques &amp; Vibrations du Monde\",\"publisher\":{\"@id\":\"https:\\\/\\\/www.auxsons.com\\\/en\\\/#organization\"},\"potentialAction\":[{\"@type\":\"SearchAction\",\"target\":{\"@type\":\"EntryPoint\",\"urlTemplate\":\"https:\\\/\\\/www.auxsons.com\\\/en\\\/?s={search_term_string}\"},\"query-input\":{\"@type\":\"PropertyValueSpecification\",\"valueRequired\":true,\"valueName\":\"search_term_string\"}}],\"inLanguage\":\"en-US\"},{\"@type\":\"Organization\",\"@id\":\"https:\\\/\\\/www.auxsons.com\\\/en\\\/#organization\",\"name\":\"#AuxSons\",\"url\":\"https:\\\/\\\/www.auxsons.com\\\/en\\\/\",\"logo\":{\"@type\":\"ImageObject\",\"inLanguage\":\"en-US\",\"@id\":\"https:\\\/\\\/www.auxsons.com\\\/en\\\/#\\\/schema\\\/logo\\\/image\\\/\",\"url\":\"https:\\\/\\\/www.auxsons.com\\\/wp-content\\\/uploads\\\/2018\\\/10\\\/logo-aux-sons@2x.png\",\"contentUrl\":\"https:\\\/\\\/www.auxsons.com\\\/wp-content\\\/uploads\\\/2018\\\/10\\\/logo-aux-sons@2x.png\",\"width\":320,\"height\":192,\"caption\":\"#AuxSons\"},\"image\":{\"@id\":\"https:\\\/\\\/www.auxsons.com\\\/en\\\/#\\\/schema\\\/logo\\\/image\\\/\"},\"sameAs\":[\"https:\\\/\\\/www.facebook.com\\\/auxsons\\\/\",\"https:\\\/\\\/x.com\\\/auxsons\",\"https:\\\/\\\/www.instagram.com\\\/auxsons\\\/\",\"https:\\\/\\\/www.youtube.com\\\/channel\\\/UC_NjOjgZNHW-6MaXKWavFKQ\"]}]}<\/script>\n<!-- \/ Yoast SEO plugin. -->","yoast_head_json":{"title":"O Silencio Imperfeito - #AuxSons","description":"Pilot\u00e9 par la chanteuse Caroline Tolla, le projet Maluca Beleza se propose de marier les sonorit\u00e9s br\u00e9siliennes de la MPB, de la samba, de la bossa","robots":{"index":"index","follow":"follow","max-snippet":"max-snippet:-1","max-image-preview":"max-image-preview:large","max-video-preview":"max-video-preview:-1"},"canonical":"https:\/\/www.auxsons.com\/en\/album\/maluca-beleza-o-silencio-imperfeito-label-durance\/","og_locale":"en_US","og_type":"article","og_title":"O Silencio Imperfeito - #AuxSons","og_description":"Pilot\u00e9 par la chanteuse Caroline Tolla, le projet Maluca Beleza se propose de marier les sonorit\u00e9s br\u00e9siliennes de la MPB, de la samba, de la bossa","og_url":"https:\/\/www.auxsons.com\/en\/album\/maluca-beleza-o-silencio-imperfeito-label-durance\/","og_site_name":"#AuxSons","article_publisher":"https:\/\/www.facebook.com\/auxsons\/","article_modified_time":"2022-01-19T14:32:24+00:00","og_image":[{"width":1080,"height":1080,"url":"https:\/\/www.auxsons.com\/wp-content\/uploads\/2022\/01\/243171227-521222505740091-7266583940415869251-n.jpg","type":"image\/jpeg"}],"twitter_card":"summary_large_image","twitter_site":"@auxsons","twitter_misc":{"Est. reading time":"1 minute"},"schema":{"@context":"https:\/\/schema.org","@graph":[{"@type":"WebPage","@id":"https:\/\/www.auxsons.com\/en\/album\/maluca-beleza-o-silencio-imperfeito-label-durance\/","url":"https:\/\/www.auxsons.com\/en\/album\/maluca-beleza-o-silencio-imperfeito-label-durance\/","name":"O Silencio Imperfeito - #AuxSons","isPartOf":{"@id":"https:\/\/www.auxsons.com\/en\/#website"},"primaryImageOfPage":{"@id":"https:\/\/www.auxsons.com\/en\/album\/maluca-beleza-o-silencio-imperfeito-label-durance\/#primaryimage"},"image":{"@id":"https:\/\/www.auxsons.com\/en\/album\/maluca-beleza-o-silencio-imperfeito-label-durance\/#primaryimage"},"thumbnailUrl":"https:\/\/www.auxsons.com\/wp-content\/uploads\/2022\/01\/243171227-521222505740091-7266583940415869251-n.jpg","datePublished":"2022-01-13T09:39:13+00:00","dateModified":"2022-01-19T14:32:24+00:00","description":"Pilot\u00e9 par la chanteuse Caroline Tolla, le projet Maluca Beleza se propose de marier les sonorit\u00e9s br\u00e9siliennes de la MPB, de la samba, de la bossa","breadcrumb":{"@id":"https:\/\/www.auxsons.com\/en\/album\/maluca-beleza-o-silencio-imperfeito-label-durance\/#breadcrumb"},"inLanguage":"en-US","potentialAction":[{"@type":"ReadAction","target":["https:\/\/www.auxsons.com\/en\/album\/maluca-beleza-o-silencio-imperfeito-label-durance\/"]}]},{"@type":"ImageObject","inLanguage":"en-US","@id":"https:\/\/www.auxsons.com\/en\/album\/maluca-beleza-o-silencio-imperfeito-label-durance\/#primaryimage","url":"https:\/\/www.auxsons.com\/wp-content\/uploads\/2022\/01\/243171227-521222505740091-7266583940415869251-n.jpg","contentUrl":"https:\/\/www.auxsons.com\/wp-content\/uploads\/2022\/01\/243171227-521222505740091-7266583940415869251-n.jpg","width":1080,"height":1080,"caption":"243171227 521222505740091 7266583940415869251 N"},{"@type":"BreadcrumbList","@id":"https:\/\/www.auxsons.com\/en\/album\/maluca-beleza-o-silencio-imperfeito-label-durance\/#breadcrumb","itemListElement":[{"@type":"ListItem","position":1,"name":"Accueil","item":"https:\/\/www.auxsons.com\/en\/"},{"@type":"ListItem","position":2,"name":"Albums","item":"https:\/\/www.auxsons.com\/en\/album\/"},{"@type":"ListItem","position":3,"name":"O Silencio Imperfeito"}]},{"@type":"WebSite","@id":"https:\/\/www.auxsons.com\/en\/#website","url":"https:\/\/www.auxsons.com\/en\/","name":"#AuxSons","description":"Musiques &amp; Vibrations du Monde","publisher":{"@id":"https:\/\/www.auxsons.com\/en\/#organization"},"potentialAction":[{"@type":"SearchAction","target":{"@type":"EntryPoint","urlTemplate":"https:\/\/www.auxsons.com\/en\/?s={search_term_string}"},"query-input":{"@type":"PropertyValueSpecification","valueRequired":true,"valueName":"search_term_string"}}],"inLanguage":"en-US"},{"@type":"Organization","@id":"https:\/\/www.auxsons.com\/en\/#organization","name":"#AuxSons","url":"https:\/\/www.auxsons.com\/en\/","logo":{"@type":"ImageObject","inLanguage":"en-US","@id":"https:\/\/www.auxsons.com\/en\/#\/schema\/logo\/image\/","url":"https:\/\/www.auxsons.com\/wp-content\/uploads\/2018\/10\/logo-aux-sons@2x.png","contentUrl":"https:\/\/www.auxsons.com\/wp-content\/uploads\/2018\/10\/logo-aux-sons@2x.png","width":320,"height":192,"caption":"#AuxSons"},"image":{"@id":"https:\/\/www.auxsons.com\/en\/#\/schema\/logo\/image\/"},"sameAs":["https:\/\/www.facebook.com\/auxsons\/","https:\/\/x.com\/auxsons","https:\/\/www.instagram.com\/auxsons\/","https:\/\/www.youtube.com\/channel\/UC_NjOjgZNHW-6MaXKWavFKQ"]}]}},"_links":{"self":[{"href":"https:\/\/www.auxsons.com\/en\/wp-json\/wp\/v2\/album\/20667","targetHints":{"allow":["GET"]}}],"collection":[{"href":"https:\/\/www.auxsons.com\/en\/wp-json\/wp\/v2\/album"}],"about":[{"href":"https:\/\/www.auxsons.com\/en\/wp-json\/wp\/v2\/types\/album"}],"author":[{"embeddable":true,"href":"https:\/\/www.auxsons.com\/en\/wp-json\/wp\/v2\/users\/147"}],"version-history":[{"count":0,"href":"https:\/\/www.auxsons.com\/en\/wp-json\/wp\/v2\/album\/20667\/revisions"}],"wp:featuredmedia":[{"embeddable":true,"href":"https:\/\/www.auxsons.com\/en\/wp-json\/wp\/v2\/media\/20665"}],"wp:attachment":[{"href":"https:\/\/www.auxsons.com\/en\/wp-json\/wp\/v2\/media?parent=20667"}],"curies":[{"name":"wp","href":"https:\/\/api.w.org\/{rel}","templated":true}]}}