{"id":15225,"date":"2021-02-16T16:45:38","date_gmt":"2021-02-16T15:45:38","guid":{"rendered":"http:\/\/www.auxsons.com\/?post_type=album&#038;p=15225"},"modified":"2021-02-16T16:49:46","modified_gmt":"2021-02-16T15:49:46","slug":"voyage-dans-lunivers-des-poetes-chanteurs-itinerants-amazighes","status":"publish","type":"album","link":"https:\/\/www.auxsons.com\/en\/album\/voyage-dans-lunivers-des-poetes-chanteurs-itinerants-amazighes\/","title":{"rendered":"Voyage dans l\u2019univers des po\u00e8tes chanteurs itin\u00e9rants amazighes"},"content":{"rendered":"<p data-block-id=\"block-d8981c5a-b970-4220-868f-029791ae8b30\"><strong>R\u00e9alis\u00e9e par Brahim El Mazned, produite par l\u2019association Atlas Azawan et port\u00e9e et \u00e9dit\u00e9e par la structure culturelle <a href=\"https:\/\/www.anya.africa\/\">Anya<\/a>, l\u2019<em>Anthologie des \u1e5a\u1e5bways - Voyages dans l\u2019univers des po\u00e8tes chanteurs itin\u00e9rants amazighes<\/em> vous invite \u00e0 voyager dans le monde de la musique amazighe marocaine.<\/strong><\/p>\n<div data-block-id=\"block-d8981c5a-b970-4220-868f-029791ae8b30\">L\u2019Anthologie <em>\u1e5a\u1e5bways, Voyage dans l\u2019univers des po\u00e8tes chanteurs itin\u00e9rants amazighes<\/em>&nbsp;est une invitation exceptionnelle \u00e0 d\u00e9couvrir un joyau du patrimoine musical marocain, sublim\u00e9 par les meilleurs artistes, et \u00e0 vous laisser porter par la chaleureuse musique des \u1e5a\u1e5bways.<\/div>\n<div data-block-id=\"block-39c7b5dd-b8af-4a82-9861-17125071ee3b\"><\/div>\n<div data-block-id=\"block-fe074854-aa2e-4d74-b66e-2b6a1f8c0336\">Cette anthologie est le fruit de deux ann\u00e9es de minutieux travaux de recherche et de centaines d\u2019heures d\u2019enregistrement, mixage et mastering qui ont \u00e9t\u00e9 n\u00e9cessaires pour rassembler dans un ouvrage de qualit\u00e9 les morceaux les plus significatifs des r\u00e9pertoires anciens mais \u00e9galement des nouveaux ambassadeurs de la musique \u1e5a\u1e5bways.<\/div>\n<div data-block-id=\"block-2f19f396-d717-4d13-8d26-9fec81fbeb49\"><\/div>\n<div data-block-id=\"block-9501ac8c-7422-4dbf-aaed-585b85f5dbd9\">C\u2019est un hommage aux Ta\u1e5b\u1e5bwaysin et aux \u1e5a\u1e5bways, tr\u00e9sors humains vivants, ainsi qu\u2019\u00e0 toutes les personnes qui continuent de perp\u00e9tuer cette tradition artistique qui fait partie int\u00e9grante du patrimoine musical national marocain.<\/div>\n<p>&nbsp;<\/p>\n<h4 data-block-id=\"block-dc9aeee8-bf14-4591-b8a1-cad7553a0640\"><strong>Le coffret<\/strong><\/h4>\n<div data-block-id=\"block-5ab7e6dc-fc69-44a8-935d-3ef06b5f02ca\">Cet ouvrage se pr\u00e9sente sous la forme d\u2019un <strong>coffret de 10 albums<\/strong> r\u00e9unissant une <strong>s\u00e9lection de 100 titres enregistr\u00e9s par plus de 80 artistes<\/strong>, au <strong>studio Hiba<\/strong> \u00e0 Casablanca.<\/div>\n<div data-block-id=\"block-06d1a1dd-1bc5-46ba-9367-1ea5c020739f\"><\/div>\n<div data-block-id=\"block-ebdbaf48-20e7-49e7-8d39-833bbf7bb8c0\">Ils sont accompagn\u00e9s de <strong>3 livrets de 120 pages, en arabe, fran\u00e7ais et anglais<\/strong> d\u00e9veloppant plusieurs th\u00e9matiques dont les <strong>origines de la musique des \u1e5a\u1e5bways, son histoire et son \u00e9volution dans le temps, les diff\u00e9rents rythmes<\/strong>\u2026 ainsi que les b<strong>iographies des principaux \u1e5a\u1e5bways et Ta\u1e5b\u1e5bwaysin<\/strong> issus de cette culture.<\/div>\n<div data-block-id=\"block-dbd195ba-0698-4c5e-a3d1-68cb5c74e62d\"><\/div>\n<div data-block-id=\"block-1b3beb18-7781-4620-bd95-52e974865ec3\">\n<p>Les <strong>livrets didactiques<\/strong> permettront au lecteur de <strong>d\u00e9couvrir et s\u2019instruire sur ce patrimoine musical marocain<\/strong>. <strong>L\u2019exp\u00e9rience d\u2019\u00e9coute des enregistrements<\/strong> viendra compl\u00e9ter cette connaissance.<\/p>\n<\/div>\n<h4 data-block-id=\"block-78e722b5-496e-40dd-beb5-50af60b88eb1\"><strong>La r\u00e9alisation<\/strong><\/h4>\n<div data-block-id=\"block-7b26e7bc-a1eb-4b90-aef0-3e98ad340482\">Ce projet, qui a dur\u00e9 plus de deux ans,<strong> a vu le jour gr\u00e2ce \u00e0 l\u2019implication et \u00e0 la mobilisation spontan\u00e9e de nombreux chercheurs, musicologues, techniciens et artistes<\/strong> dont une cinquantaine d\u2019interpr\u00e8tes venus de plusieurs villes du Royaume : <strong>Agadir, Inzegane, Marrakech, Casablanca, Essaouira, Ouarzazate<\/strong>\u2026, tous d\u00e9sireux de <strong>partager leur art<\/strong> et <strong>contribuer \u00e0 sa pr\u00e9servation et sa transmission<\/strong>.<\/div>\n<div data-block-id=\"block-7b26e7bc-a1eb-4b90-aef0-3e98ad340482\"><\/div>\n<div data-block-id=\"block-7381740e-a59f-4262-9a3e-59d566e871c2\"><\/div>\n<div data-block-id=\"block-e5fc6e1a-4c50-423f-ad74-deea0bfeb924\"><strong>R\u00e9alis\u00e9e par Brahim El Mazned, produite par l\u2019association Atlas Azawan et port\u00e9e et \u00e9dit\u00e9e par la structure culturelle <a href=\"https:\/\/bit.ly\/AfriCaskAuxSons\" target=\"_blank\" rel=\"noopener\">Anya<\/a>, l\u2019Anthologie des \u1e5a\u1e5bways est n\u00e9e de la volont\u00e9 de pr\u00e9server et valoriser cette part majeure du patrimoine immat\u00e9riel du Maroc, tout en lui redonnant la place qu\u2019il m\u00e9rite.<\/strong><\/div>\n<h4 data-block-id=\"block-5c4a321b-97e4-4287-ba99-c72dce776d0e\"><\/h4>\n<h4 data-block-id=\"block-5c4a321b-97e4-4287-ba99-c72dce776d0e\"><strong>O\u00f9 acheter l\u2019anthologie?<br>\n<\/strong><\/h4>\n<p data-block-id=\"block-5c4a321b-97e4-4287-ba99-c72dce776d0e\"><strong><em>Au Maroc<\/em><\/strong><\/p>\n<ul>\n<li data-block-id=\"block-5c4a321b-97e4-4287-ba99-c72dce776d0e\"><a href=\"https:\/\/www.facebook.com\/librairie.kalilawadimna\">Kalila wa Dimna<\/a> (Rabat)<\/li>\n<li data-block-id=\"block-5c4a321b-97e4-4287-ba99-c72dce776d0e\">Librairie Papeterie Basta (Rabat)<\/li>\n<li data-block-id=\"block-5c4a321b-97e4-4287-ba99-c72dce776d0e\">Librairie Ibn Yassine (Rabat)<\/li>\n<li data-block-id=\"block-5c4a321b-97e4-4287-ba99-c72dce776d0e\"><a href=\"http:\/\/www.carrefourdeslivres.net\/?fond=produit&amp;id_produit=49013&amp;id_rubrique=307\">Le carrefour des livres<\/a> - En ligne et en boutique (Casablanca)<\/li>\n<li data-block-id=\"block-5c4a321b-97e4-4287-ba99-c72dce776d0e\"><a href=\"https:\/\/livremoi.ma\/index.php\/search\/standard\/view\/gencod\/9789920370523?fbclid=IwAR3WrWoEgZNWVRo6gsFNZNvA_guIhT91N8FUFfYVmk9FkEZvkrrHR65Quqw\">Livremoi\u200b.ma <\/a>- En ligne et en boutique (Casablanca)<\/li>\n<li data-block-id=\"block-5c4a321b-97e4-4287-ba99-c72dce776d0e\"><a href=\"https:\/\/qitab.ma\/fr\/recherche?controller=search&amp;s=rrways\">Qitab\u200b.ma, le livre par TelQuel<\/a> - En ligne (Maroc)<\/li>\n<\/ul>\n<p>Livraison Maroc, merci de contacter : communication@anya.africa<\/p>\n<p><em><strong>En France<\/strong><\/em><\/p>\n<ul>\n<li><a href=\"https:\/\/www.facebook.com\/ElGhorbaMonAmour\">Librairie El Ghorba mon Amour<\/a> (Nanterre)<\/li>\n<\/ul>\n<p>Livraison France, merci de contacter : communication@anya.africa et +33777849163<\/p>\n<h4><\/h4>\n<h4><strong>Suivre l\u2019Anthologie et les \u00e9ditions d\u2019Anya Music&nbsp;:<\/strong><\/h4>\n<p><strong>Instagram<\/strong> : <a href=\"https:\/\/www.instagram.com\/moroccanmusicheritage\/\">@moroccanmusicheritage<\/a><\/p>\n<p><strong>Facebook<\/strong> : <a href=\"https:\/\/www.facebook.com\/moroccanmusicheritage\">@moroccanmusicheritage<\/a><\/p>\n<p><strong>YouTube<\/strong> : <a href=\"https:\/\/www.youtube.com\/channel\/UCxLltNvgtfhniQIwMxNjVzQ\">Moroccan Music Heritage<\/a><\/p>\n","protected":false},"excerpt":{"rendered":"<p>R\u00e9alis\u00e9e par Brahim El Mazned, produite par l\u2019association Atlas Azawan et port\u00e9e et \u00e9dit\u00e9e par la structure culturelle Anya, l\u2019Anthologie des \u1e5a\u1e5bways - Voyages dans l\u2019univers des po\u00e8tes chanteurs itin\u00e9rants amazighes vous invite \u00e0 voyager dans le monde de la musique amazighe marocaine. L\u2019Anthologie \u1e5a\u1e5bways, Voyage dans l\u2019univers des po\u00e8tes chanteurs itin\u00e9rants amazighes&nbsp;est une invitation<\/p>\n","protected":false},"author":344,"featured_media":15227,"template":"","meta":{"_acf_changed":false,"wp_typography_post_enhancements_disabled":false,"footnotes":""},"class_list":["post-15225","album","type-album","status-publish","has-post-thumbnail","hentry"],"acf":[],"yoast_head":"<!-- This site is optimized with the Yoast SEO plugin v27.5 - https:\/\/yoast.com\/product\/yoast-seo-wordpress\/ -->\n<title>Voyage dans l\u2019univers des po\u00e8tes chanteurs itin\u00e9rants amazighes - #AuxSons<\/title>\n<meta name=\"description\" content=\"R\u00e9alis\u00e9e par Brahim El Mazned, produite par l\u2019association Atlas Azawan et port\u00e9e et \u00e9dit\u00e9e par la structure culturelle Anya, l\u2019Anthologie des \u1e5a\u1e5bways -\" \/>\n<meta name=\"robots\" content=\"index, follow, max-snippet:-1, max-image-preview:large, max-video-preview:-1\" \/>\n<link rel=\"canonical\" href=\"https:\/\/www.auxsons.com\/en\/album\/voyage-dans-lunivers-des-poetes-chanteurs-itinerants-amazighes\/\" \/>\n<meta property=\"og:locale\" content=\"en_US\" \/>\n<meta property=\"og:type\" content=\"article\" \/>\n<meta property=\"og:title\" content=\"Voyage dans l\u2019univers des po\u00e8tes chanteurs itin\u00e9rants amazighes - #AuxSons\" \/>\n<meta property=\"og:description\" content=\"R\u00e9alis\u00e9e par Brahim El Mazned, produite par l\u2019association Atlas Azawan et port\u00e9e et \u00e9dit\u00e9e par la structure culturelle Anya, l\u2019Anthologie des \u1e5a\u1e5bways -\" \/>\n<meta property=\"og:url\" content=\"https:\/\/www.auxsons.com\/en\/album\/voyage-dans-lunivers-des-poetes-chanteurs-itinerants-amazighes\/\" \/>\n<meta property=\"og:site_name\" content=\"#AuxSons\" \/>\n<meta property=\"article:publisher\" content=\"https:\/\/www.facebook.com\/auxsons\/\" \/>\n<meta property=\"article:modified_time\" content=\"2021-02-16T15:49:46+00:00\" \/>\n<meta property=\"og:image\" content=\"https:\/\/www.auxsons.com\/wp-content\/uploads\/2021\/02\/posts-librairies-rrways-1.png\" \/>\n\t<meta property=\"og:image:width\" content=\"500\" \/>\n\t<meta property=\"og:image:height\" content=\"500\" \/>\n\t<meta property=\"og:image:type\" content=\"image\/png\" \/>\n<meta name=\"twitter:card\" content=\"summary_large_image\" \/>\n<meta name=\"twitter:site\" content=\"@auxsons\" \/>\n<meta name=\"twitter:label1\" content=\"Est. reading time\" \/>\n\t<meta name=\"twitter:data1\" content=\"2 minutes\" \/>\n<script type=\"application\/ld+json\" class=\"yoast-schema-graph\">{\"@context\":\"https:\\\/\\\/schema.org\",\"@graph\":[{\"@type\":\"WebPage\",\"@id\":\"https:\\\/\\\/www.auxsons.com\\\/en\\\/album\\\/voyage-dans-lunivers-des-poetes-chanteurs-itinerants-amazighes\\\/\",\"url\":\"https:\\\/\\\/www.auxsons.com\\\/en\\\/album\\\/voyage-dans-lunivers-des-poetes-chanteurs-itinerants-amazighes\\\/\",\"name\":\"Voyage dans l\u2019univers des po\u00e8tes chanteurs itin\u00e9rants amazighes - #AuxSons\",\"isPartOf\":{\"@id\":\"https:\\\/\\\/www.auxsons.com\\\/en\\\/#website\"},\"primaryImageOfPage\":{\"@id\":\"https:\\\/\\\/www.auxsons.com\\\/en\\\/album\\\/voyage-dans-lunivers-des-poetes-chanteurs-itinerants-amazighes\\\/#primaryimage\"},\"image\":{\"@id\":\"https:\\\/\\\/www.auxsons.com\\\/en\\\/album\\\/voyage-dans-lunivers-des-poetes-chanteurs-itinerants-amazighes\\\/#primaryimage\"},\"thumbnailUrl\":\"https:\\\/\\\/www.auxsons.com\\\/wp-content\\\/uploads\\\/2021\\\/02\\\/posts-librairies-rrways-1.png\",\"datePublished\":\"2021-02-16T15:45:38+00:00\",\"dateModified\":\"2021-02-16T15:49:46+00:00\",\"description\":\"R\u00e9alis\u00e9e par Brahim El Mazned, produite par l\u2019association Atlas Azawan et port\u00e9e et \u00e9dit\u00e9e par la structure culturelle Anya, l\u2019Anthologie des \u1e5a\u1e5bways -\",\"breadcrumb\":{\"@id\":\"https:\\\/\\\/www.auxsons.com\\\/en\\\/album\\\/voyage-dans-lunivers-des-poetes-chanteurs-itinerants-amazighes\\\/#breadcrumb\"},\"inLanguage\":\"en-US\",\"potentialAction\":[{\"@type\":\"ReadAction\",\"target\":[\"https:\\\/\\\/www.auxsons.com\\\/en\\\/album\\\/voyage-dans-lunivers-des-poetes-chanteurs-itinerants-amazighes\\\/\"]}]},{\"@type\":\"ImageObject\",\"inLanguage\":\"en-US\",\"@id\":\"https:\\\/\\\/www.auxsons.com\\\/en\\\/album\\\/voyage-dans-lunivers-des-poetes-chanteurs-itinerants-amazighes\\\/#primaryimage\",\"url\":\"https:\\\/\\\/www.auxsons.com\\\/wp-content\\\/uploads\\\/2021\\\/02\\\/posts-librairies-rrways-1.png\",\"contentUrl\":\"https:\\\/\\\/www.auxsons.com\\\/wp-content\\\/uploads\\\/2021\\\/02\\\/posts-librairies-rrways-1.png\",\"width\":500,\"height\":500,\"caption\":\"Anthologie des Rrways\"},{\"@type\":\"BreadcrumbList\",\"@id\":\"https:\\\/\\\/www.auxsons.com\\\/en\\\/album\\\/voyage-dans-lunivers-des-poetes-chanteurs-itinerants-amazighes\\\/#breadcrumb\",\"itemListElement\":[{\"@type\":\"ListItem\",\"position\":1,\"name\":\"Accueil\",\"item\":\"https:\\\/\\\/www.auxsons.com\\\/en\\\/\"},{\"@type\":\"ListItem\",\"position\":2,\"name\":\"Albums\",\"item\":\"https:\\\/\\\/www.auxsons.com\\\/en\\\/album\\\/\"},{\"@type\":\"ListItem\",\"position\":3,\"name\":\"Voyage dans l\u2019univers des po\u00e8tes chanteurs itin\u00e9rants amazighes\"}]},{\"@type\":\"WebSite\",\"@id\":\"https:\\\/\\\/www.auxsons.com\\\/en\\\/#website\",\"url\":\"https:\\\/\\\/www.auxsons.com\\\/en\\\/\",\"name\":\"#AuxSons\",\"description\":\"Musiques &amp; Vibrations du Monde\",\"publisher\":{\"@id\":\"https:\\\/\\\/www.auxsons.com\\\/en\\\/#organization\"},\"potentialAction\":[{\"@type\":\"SearchAction\",\"target\":{\"@type\":\"EntryPoint\",\"urlTemplate\":\"https:\\\/\\\/www.auxsons.com\\\/en\\\/?s={search_term_string}\"},\"query-input\":{\"@type\":\"PropertyValueSpecification\",\"valueRequired\":true,\"valueName\":\"search_term_string\"}}],\"inLanguage\":\"en-US\"},{\"@type\":\"Organization\",\"@id\":\"https:\\\/\\\/www.auxsons.com\\\/en\\\/#organization\",\"name\":\"#AuxSons\",\"url\":\"https:\\\/\\\/www.auxsons.com\\\/en\\\/\",\"logo\":{\"@type\":\"ImageObject\",\"inLanguage\":\"en-US\",\"@id\":\"https:\\\/\\\/www.auxsons.com\\\/en\\\/#\\\/schema\\\/logo\\\/image\\\/\",\"url\":\"https:\\\/\\\/www.auxsons.com\\\/wp-content\\\/uploads\\\/2018\\\/10\\\/logo-aux-sons@2x.png\",\"contentUrl\":\"https:\\\/\\\/www.auxsons.com\\\/wp-content\\\/uploads\\\/2018\\\/10\\\/logo-aux-sons@2x.png\",\"width\":320,\"height\":192,\"caption\":\"#AuxSons\"},\"image\":{\"@id\":\"https:\\\/\\\/www.auxsons.com\\\/en\\\/#\\\/schema\\\/logo\\\/image\\\/\"},\"sameAs\":[\"https:\\\/\\\/www.facebook.com\\\/auxsons\\\/\",\"https:\\\/\\\/x.com\\\/auxsons\",\"https:\\\/\\\/www.instagram.com\\\/auxsons\\\/\",\"https:\\\/\\\/www.youtube.com\\\/channel\\\/UC_NjOjgZNHW-6MaXKWavFKQ\"]}]}<\/script>\n<!-- \/ Yoast SEO plugin. -->","yoast_head_json":{"title":"Voyage dans l\u2019univers des po\u00e8tes chanteurs itin\u00e9rants amazighes - #AuxSons","description":"R\u00e9alis\u00e9e par Brahim El Mazned, produite par l\u2019association Atlas Azawan et port\u00e9e et \u00e9dit\u00e9e par la structure culturelle Anya, l\u2019Anthologie des \u1e5a\u1e5bways -","robots":{"index":"index","follow":"follow","max-snippet":"max-snippet:-1","max-image-preview":"max-image-preview:large","max-video-preview":"max-video-preview:-1"},"canonical":"https:\/\/www.auxsons.com\/en\/album\/voyage-dans-lunivers-des-poetes-chanteurs-itinerants-amazighes\/","og_locale":"en_US","og_type":"article","og_title":"Voyage dans l\u2019univers des po\u00e8tes chanteurs itin\u00e9rants amazighes - #AuxSons","og_description":"R\u00e9alis\u00e9e par Brahim El Mazned, produite par l\u2019association Atlas Azawan et port\u00e9e et \u00e9dit\u00e9e par la structure culturelle Anya, l\u2019Anthologie des \u1e5a\u1e5bways -","og_url":"https:\/\/www.auxsons.com\/en\/album\/voyage-dans-lunivers-des-poetes-chanteurs-itinerants-amazighes\/","og_site_name":"#AuxSons","article_publisher":"https:\/\/www.facebook.com\/auxsons\/","article_modified_time":"2021-02-16T15:49:46+00:00","og_image":[{"width":500,"height":500,"url":"https:\/\/www.auxsons.com\/wp-content\/uploads\/2021\/02\/posts-librairies-rrways-1.png","type":"image\/png"}],"twitter_card":"summary_large_image","twitter_site":"@auxsons","twitter_misc":{"Est. reading time":"2 minutes"},"schema":{"@context":"https:\/\/schema.org","@graph":[{"@type":"WebPage","@id":"https:\/\/www.auxsons.com\/en\/album\/voyage-dans-lunivers-des-poetes-chanteurs-itinerants-amazighes\/","url":"https:\/\/www.auxsons.com\/en\/album\/voyage-dans-lunivers-des-poetes-chanteurs-itinerants-amazighes\/","name":"Voyage dans l\u2019univers des po\u00e8tes chanteurs itin\u00e9rants amazighes - #AuxSons","isPartOf":{"@id":"https:\/\/www.auxsons.com\/en\/#website"},"primaryImageOfPage":{"@id":"https:\/\/www.auxsons.com\/en\/album\/voyage-dans-lunivers-des-poetes-chanteurs-itinerants-amazighes\/#primaryimage"},"image":{"@id":"https:\/\/www.auxsons.com\/en\/album\/voyage-dans-lunivers-des-poetes-chanteurs-itinerants-amazighes\/#primaryimage"},"thumbnailUrl":"https:\/\/www.auxsons.com\/wp-content\/uploads\/2021\/02\/posts-librairies-rrways-1.png","datePublished":"2021-02-16T15:45:38+00:00","dateModified":"2021-02-16T15:49:46+00:00","description":"R\u00e9alis\u00e9e par Brahim El Mazned, produite par l\u2019association Atlas Azawan et port\u00e9e et \u00e9dit\u00e9e par la structure culturelle Anya, l\u2019Anthologie des \u1e5a\u1e5bways -","breadcrumb":{"@id":"https:\/\/www.auxsons.com\/en\/album\/voyage-dans-lunivers-des-poetes-chanteurs-itinerants-amazighes\/#breadcrumb"},"inLanguage":"en-US","potentialAction":[{"@type":"ReadAction","target":["https:\/\/www.auxsons.com\/en\/album\/voyage-dans-lunivers-des-poetes-chanteurs-itinerants-amazighes\/"]}]},{"@type":"ImageObject","inLanguage":"en-US","@id":"https:\/\/www.auxsons.com\/en\/album\/voyage-dans-lunivers-des-poetes-chanteurs-itinerants-amazighes\/#primaryimage","url":"https:\/\/www.auxsons.com\/wp-content\/uploads\/2021\/02\/posts-librairies-rrways-1.png","contentUrl":"https:\/\/www.auxsons.com\/wp-content\/uploads\/2021\/02\/posts-librairies-rrways-1.png","width":500,"height":500,"caption":"Anthologie des Rrways"},{"@type":"BreadcrumbList","@id":"https:\/\/www.auxsons.com\/en\/album\/voyage-dans-lunivers-des-poetes-chanteurs-itinerants-amazighes\/#breadcrumb","itemListElement":[{"@type":"ListItem","position":1,"name":"Accueil","item":"https:\/\/www.auxsons.com\/en\/"},{"@type":"ListItem","position":2,"name":"Albums","item":"https:\/\/www.auxsons.com\/en\/album\/"},{"@type":"ListItem","position":3,"name":"Voyage dans l\u2019univers des po\u00e8tes chanteurs itin\u00e9rants amazighes"}]},{"@type":"WebSite","@id":"https:\/\/www.auxsons.com\/en\/#website","url":"https:\/\/www.auxsons.com\/en\/","name":"#AuxSons","description":"Musiques &amp; Vibrations du Monde","publisher":{"@id":"https:\/\/www.auxsons.com\/en\/#organization"},"potentialAction":[{"@type":"SearchAction","target":{"@type":"EntryPoint","urlTemplate":"https:\/\/www.auxsons.com\/en\/?s={search_term_string}"},"query-input":{"@type":"PropertyValueSpecification","valueRequired":true,"valueName":"search_term_string"}}],"inLanguage":"en-US"},{"@type":"Organization","@id":"https:\/\/www.auxsons.com\/en\/#organization","name":"#AuxSons","url":"https:\/\/www.auxsons.com\/en\/","logo":{"@type":"ImageObject","inLanguage":"en-US","@id":"https:\/\/www.auxsons.com\/en\/#\/schema\/logo\/image\/","url":"https:\/\/www.auxsons.com\/wp-content\/uploads\/2018\/10\/logo-aux-sons@2x.png","contentUrl":"https:\/\/www.auxsons.com\/wp-content\/uploads\/2018\/10\/logo-aux-sons@2x.png","width":320,"height":192,"caption":"#AuxSons"},"image":{"@id":"https:\/\/www.auxsons.com\/en\/#\/schema\/logo\/image\/"},"sameAs":["https:\/\/www.facebook.com\/auxsons\/","https:\/\/x.com\/auxsons","https:\/\/www.instagram.com\/auxsons\/","https:\/\/www.youtube.com\/channel\/UC_NjOjgZNHW-6MaXKWavFKQ"]}]}},"_links":{"self":[{"href":"https:\/\/www.auxsons.com\/en\/wp-json\/wp\/v2\/album\/15225","targetHints":{"allow":["GET"]}}],"collection":[{"href":"https:\/\/www.auxsons.com\/en\/wp-json\/wp\/v2\/album"}],"about":[{"href":"https:\/\/www.auxsons.com\/en\/wp-json\/wp\/v2\/types\/album"}],"author":[{"embeddable":true,"href":"https:\/\/www.auxsons.com\/en\/wp-json\/wp\/v2\/users\/344"}],"version-history":[{"count":0,"href":"https:\/\/www.auxsons.com\/en\/wp-json\/wp\/v2\/album\/15225\/revisions"}],"wp:featuredmedia":[{"embeddable":true,"href":"https:\/\/www.auxsons.com\/en\/wp-json\/wp\/v2\/media\/15227"}],"wp:attachment":[{"href":"https:\/\/www.auxsons.com\/en\/wp-json\/wp\/v2\/media?parent=15225"}],"curies":[{"name":"wp","href":"https:\/\/api.w.org\/{rel}","templated":true}]}}