{"id":12661,"date":"2020-10-30T13:31:01","date_gmt":"2020-10-30T12:31:01","guid":{"rendered":"http:\/\/www.auxsons.com\/?post_type=album&#038;p=12661"},"modified":"2020-11-02T21:12:02","modified_gmt":"2020-11-02T20:12:02","slug":"barokan-deluxe-edition","status":"publish","type":"album","link":"https:\/\/www.auxsons.com\/en\/album\/barokan-deluxe-edition\/","title":{"rendered":"Barokan (Deluxe Edition)"},"content":{"rendered":"<div>Consid\u00e9r\u00e9e comme l\u2019ambassadrice de la musique mandingue-futuriste, la griotte malienne <strong>Djely Tapa<\/strong> d\u00e9voile son premier album Europ\u00e9en. Un disque afro-f\u00e9ministe qui propulse les traditions du Mali dans une dimension cosmique et \u00e9lectronique<\/div>\n<p>\u200bDjely Tapa inscrit le patrimoine mandingue dans la mouvance afro-futuriste avec un album o\u00f9 les sonorit\u00e9s traditionnelles du Mali conjuguent avec le blues sah\u00e9lien et l\u2019\u00e9lectronique. Issue d\u2019une grande lign\u00e9e de griots, elle fut initi\u00e9 d\u00e8s son plus jeune \u00e2ge pour reprendre le flambeau familial, notamment par sa m\u00e8re, la l\u00e9gendaire \u200bKandia Kouyat\u00e9\u200b. Incarnant cette nouvelle g\u00e9n\u00e9ration de griots, la jeune Djely va partir vivre \u00e0 Montr\u00e9al et confronter son art avec le jazz, le blues et l\u2019afro beats. Apr\u00e8s quelques projets collaboratifs, elle s\u2019aventure en solo, deviendra r\u00e9v\u00e9lation Radio-Canada 2019-2020 et sera <strong><a href=\"http:\/\/www.auxsons.com\/breves\/djely-tapa-remporte-le-prix-du-meilleur-album-world-music-aux-juno-awards\/\" target=\"_blank\" rel=\"noopener noreferrer\">laur\u00e9ate 2020 aux <span class=\"caps\">JUNO<\/span> Awards<\/a><\/strong> gr\u00e2ce \u00e0 son univers musical singulier. D\u00e9cid\u00e9e \u00e0 pr\u00e9server son h\u00e9ritage, elle va le propulser dans une dimension futuriste, o\u00f9 la kora, le ngoni et le tama se retrouvent sublim\u00e9s par les arrangements \u00e9lectroniques minutieux du&nbsp; producteur montr\u00e9alais d\u2019origine tchadienne, \u200bCaleb Rimtobaye \u200b(AfrotroniX, H\u2019Sao).<\/p>\n","protected":false},"excerpt":{"rendered":"<p>Consid\u00e9r\u00e9e comme l\u2019ambassadrice de la musique mandingue-futuriste, la griotte malienne <strong>Djely Tapa<\/strong> d\u00e9voile son premier album Europ\u00e9en. Un disque afro-f\u00e9ministe qui propulse les traditions du Mali dans une dimension cosmique et \u00e9lectronique<\/p>\n","protected":false},"author":307,"featured_media":12672,"template":"","meta":{"_acf_changed":false,"wp_typography_post_enhancements_disabled":false,"footnotes":""},"class_list":["post-12661","album","type-album","status-publish","has-post-thumbnail","hentry"],"acf":[],"yoast_head":"<!-- This site is optimized with the Yoast SEO plugin v27.5 - https:\/\/yoast.com\/product\/yoast-seo-wordpress\/ -->\n<title>Barokan (Deluxe Edition) - #AuxSons<\/title>\n<meta name=\"description\" content=\"Consid\u00e9r\u00e9e comme l\u2019ambassadrice de la musique mandingue-futuriste, la griotte malienne Djely Tapa d\u00e9voile son premier album Europ\u00e9en. Un disque afro-f\u00e9ministe qui propulse les traditions du Mali dans une dimension cosmique et \u00e9lectronique\" \/>\n<meta name=\"robots\" content=\"index, follow, max-snippet:-1, max-image-preview:large, max-video-preview:-1\" \/>\n<link rel=\"canonical\" href=\"https:\/\/www.auxsons.com\/en\/album\/barokan-deluxe-edition\/\" \/>\n<meta property=\"og:locale\" content=\"en_US\" \/>\n<meta property=\"og:type\" content=\"article\" \/>\n<meta property=\"og:title\" content=\"Barokan (Deluxe Edition) - #AuxSons\" \/>\n<meta property=\"og:description\" content=\"Consid\u00e9r\u00e9e comme l\u2019ambassadrice de la musique mandingue-futuriste, la griotte malienne Djely Tapa d\u00e9voile son premier album Europ\u00e9en. Un disque afro-f\u00e9ministe qui propulse les traditions du Mali dans une dimension cosmique et \u00e9lectronique\" \/>\n<meta property=\"og:url\" content=\"https:\/\/www.auxsons.com\/en\/album\/barokan-deluxe-edition\/\" \/>\n<meta property=\"og:site_name\" content=\"#AuxSons\" \/>\n<meta property=\"article:publisher\" content=\"https:\/\/www.facebook.com\/auxsons\/\" \/>\n<meta property=\"article:modified_time\" content=\"2020-11-02T20:12:02+00:00\" \/>\n<meta property=\"og:image\" content=\"https:\/\/www.auxsons.com\/wp-content\/uploads\/2020\/10\/cover-final-1-djely-tapa-auxsons-2.jpg\" \/>\n\t<meta property=\"og:image:width\" content=\"1500\" \/>\n\t<meta property=\"og:image:height\" content=\"1500\" \/>\n\t<meta property=\"og:image:type\" content=\"image\/jpeg\" \/>\n<meta name=\"twitter:card\" content=\"summary_large_image\" \/>\n<meta name=\"twitter:site\" content=\"@auxsons\" \/>\n<meta name=\"twitter:label1\" content=\"Est. reading time\" \/>\n\t<meta name=\"twitter:data1\" content=\"1 minute\" \/>\n<script type=\"application\/ld+json\" class=\"yoast-schema-graph\">{\"@context\":\"https:\\\/\\\/schema.org\",\"@graph\":[{\"@type\":\"WebPage\",\"@id\":\"https:\\\/\\\/www.auxsons.com\\\/en\\\/album\\\/barokan-deluxe-edition\\\/\",\"url\":\"https:\\\/\\\/www.auxsons.com\\\/en\\\/album\\\/barokan-deluxe-edition\\\/\",\"name\":\"Barokan (Deluxe Edition) - #AuxSons\",\"isPartOf\":{\"@id\":\"https:\\\/\\\/www.auxsons.com\\\/en\\\/#website\"},\"primaryImageOfPage\":{\"@id\":\"https:\\\/\\\/www.auxsons.com\\\/en\\\/album\\\/barokan-deluxe-edition\\\/#primaryimage\"},\"image\":{\"@id\":\"https:\\\/\\\/www.auxsons.com\\\/en\\\/album\\\/barokan-deluxe-edition\\\/#primaryimage\"},\"thumbnailUrl\":\"https:\\\/\\\/www.auxsons.com\\\/wp-content\\\/uploads\\\/2020\\\/10\\\/cover-final-1-djely-tapa-auxsons-2.jpg\",\"datePublished\":\"2020-10-30T12:31:01+00:00\",\"dateModified\":\"2020-11-02T20:12:02+00:00\",\"description\":\"Consid\u00e9r\u00e9e comme l\u2019ambassadrice de la musique mandingue-futuriste, la griotte malienne Djely Tapa d\u00e9voile son premier album Europ\u00e9en. Un disque afro-f\u00e9ministe qui propulse les traditions du Mali dans une dimension cosmique et \u00e9lectronique\",\"breadcrumb\":{\"@id\":\"https:\\\/\\\/www.auxsons.com\\\/en\\\/album\\\/barokan-deluxe-edition\\\/#breadcrumb\"},\"inLanguage\":\"en-US\",\"potentialAction\":[{\"@type\":\"ReadAction\",\"target\":[\"https:\\\/\\\/www.auxsons.com\\\/en\\\/album\\\/barokan-deluxe-edition\\\/\"]}]},{\"@type\":\"ImageObject\",\"inLanguage\":\"en-US\",\"@id\":\"https:\\\/\\\/www.auxsons.com\\\/en\\\/album\\\/barokan-deluxe-edition\\\/#primaryimage\",\"url\":\"https:\\\/\\\/www.auxsons.com\\\/wp-content\\\/uploads\\\/2020\\\/10\\\/cover-final-1-djely-tapa-auxsons-2.jpg\",\"contentUrl\":\"https:\\\/\\\/www.auxsons.com\\\/wp-content\\\/uploads\\\/2020\\\/10\\\/cover-final-1-djely-tapa-auxsons-2.jpg\",\"width\":1500,\"height\":1500},{\"@type\":\"BreadcrumbList\",\"@id\":\"https:\\\/\\\/www.auxsons.com\\\/en\\\/album\\\/barokan-deluxe-edition\\\/#breadcrumb\",\"itemListElement\":[{\"@type\":\"ListItem\",\"position\":1,\"name\":\"Accueil\",\"item\":\"https:\\\/\\\/www.auxsons.com\\\/en\\\/\"},{\"@type\":\"ListItem\",\"position\":2,\"name\":\"Albums\",\"item\":\"https:\\\/\\\/www.auxsons.com\\\/en\\\/album\\\/\"},{\"@type\":\"ListItem\",\"position\":3,\"name\":\"Barokan (Deluxe Edition)\"}]},{\"@type\":\"WebSite\",\"@id\":\"https:\\\/\\\/www.auxsons.com\\\/en\\\/#website\",\"url\":\"https:\\\/\\\/www.auxsons.com\\\/en\\\/\",\"name\":\"#AuxSons\",\"description\":\"Musiques &amp; Vibrations du Monde\",\"publisher\":{\"@id\":\"https:\\\/\\\/www.auxsons.com\\\/en\\\/#organization\"},\"potentialAction\":[{\"@type\":\"SearchAction\",\"target\":{\"@type\":\"EntryPoint\",\"urlTemplate\":\"https:\\\/\\\/www.auxsons.com\\\/en\\\/?s={search_term_string}\"},\"query-input\":{\"@type\":\"PropertyValueSpecification\",\"valueRequired\":true,\"valueName\":\"search_term_string\"}}],\"inLanguage\":\"en-US\"},{\"@type\":\"Organization\",\"@id\":\"https:\\\/\\\/www.auxsons.com\\\/en\\\/#organization\",\"name\":\"#AuxSons\",\"url\":\"https:\\\/\\\/www.auxsons.com\\\/en\\\/\",\"logo\":{\"@type\":\"ImageObject\",\"inLanguage\":\"en-US\",\"@id\":\"https:\\\/\\\/www.auxsons.com\\\/en\\\/#\\\/schema\\\/logo\\\/image\\\/\",\"url\":\"https:\\\/\\\/www.auxsons.com\\\/wp-content\\\/uploads\\\/2018\\\/10\\\/logo-aux-sons@2x.png\",\"contentUrl\":\"https:\\\/\\\/www.auxsons.com\\\/wp-content\\\/uploads\\\/2018\\\/10\\\/logo-aux-sons@2x.png\",\"width\":320,\"height\":192,\"caption\":\"#AuxSons\"},\"image\":{\"@id\":\"https:\\\/\\\/www.auxsons.com\\\/en\\\/#\\\/schema\\\/logo\\\/image\\\/\"},\"sameAs\":[\"https:\\\/\\\/www.facebook.com\\\/auxsons\\\/\",\"https:\\\/\\\/x.com\\\/auxsons\",\"https:\\\/\\\/www.instagram.com\\\/auxsons\\\/\",\"https:\\\/\\\/www.youtube.com\\\/channel\\\/UC_NjOjgZNHW-6MaXKWavFKQ\"]}]}<\/script>\n<!-- \/ Yoast SEO plugin. -->","yoast_head_json":{"title":"Barokan (Deluxe Edition) - #AuxSons","description":"Consid\u00e9r\u00e9e comme l\u2019ambassadrice de la musique mandingue-futuriste, la griotte malienne Djely Tapa d\u00e9voile son premier album Europ\u00e9en. Un disque afro-f\u00e9ministe qui propulse les traditions du Mali dans une dimension cosmique et \u00e9lectronique","robots":{"index":"index","follow":"follow","max-snippet":"max-snippet:-1","max-image-preview":"max-image-preview:large","max-video-preview":"max-video-preview:-1"},"canonical":"https:\/\/www.auxsons.com\/en\/album\/barokan-deluxe-edition\/","og_locale":"en_US","og_type":"article","og_title":"Barokan (Deluxe Edition) - #AuxSons","og_description":"Consid\u00e9r\u00e9e comme l\u2019ambassadrice de la musique mandingue-futuriste, la griotte malienne Djely Tapa d\u00e9voile son premier album Europ\u00e9en. Un disque afro-f\u00e9ministe qui propulse les traditions du Mali dans une dimension cosmique et \u00e9lectronique","og_url":"https:\/\/www.auxsons.com\/en\/album\/barokan-deluxe-edition\/","og_site_name":"#AuxSons","article_publisher":"https:\/\/www.facebook.com\/auxsons\/","article_modified_time":"2020-11-02T20:12:02+00:00","og_image":[{"width":1500,"height":1500,"url":"https:\/\/www.auxsons.com\/wp-content\/uploads\/2020\/10\/cover-final-1-djely-tapa-auxsons-2.jpg","type":"image\/jpeg"}],"twitter_card":"summary_large_image","twitter_site":"@auxsons","twitter_misc":{"Est. reading time":"1 minute"},"schema":{"@context":"https:\/\/schema.org","@graph":[{"@type":"WebPage","@id":"https:\/\/www.auxsons.com\/en\/album\/barokan-deluxe-edition\/","url":"https:\/\/www.auxsons.com\/en\/album\/barokan-deluxe-edition\/","name":"Barokan (Deluxe Edition) - #AuxSons","isPartOf":{"@id":"https:\/\/www.auxsons.com\/en\/#website"},"primaryImageOfPage":{"@id":"https:\/\/www.auxsons.com\/en\/album\/barokan-deluxe-edition\/#primaryimage"},"image":{"@id":"https:\/\/www.auxsons.com\/en\/album\/barokan-deluxe-edition\/#primaryimage"},"thumbnailUrl":"https:\/\/www.auxsons.com\/wp-content\/uploads\/2020\/10\/cover-final-1-djely-tapa-auxsons-2.jpg","datePublished":"2020-10-30T12:31:01+00:00","dateModified":"2020-11-02T20:12:02+00:00","description":"Consid\u00e9r\u00e9e comme l\u2019ambassadrice de la musique mandingue-futuriste, la griotte malienne Djely Tapa d\u00e9voile son premier album Europ\u00e9en. Un disque afro-f\u00e9ministe qui propulse les traditions du Mali dans une dimension cosmique et \u00e9lectronique","breadcrumb":{"@id":"https:\/\/www.auxsons.com\/en\/album\/barokan-deluxe-edition\/#breadcrumb"},"inLanguage":"en-US","potentialAction":[{"@type":"ReadAction","target":["https:\/\/www.auxsons.com\/en\/album\/barokan-deluxe-edition\/"]}]},{"@type":"ImageObject","inLanguage":"en-US","@id":"https:\/\/www.auxsons.com\/en\/album\/barokan-deluxe-edition\/#primaryimage","url":"https:\/\/www.auxsons.com\/wp-content\/uploads\/2020\/10\/cover-final-1-djely-tapa-auxsons-2.jpg","contentUrl":"https:\/\/www.auxsons.com\/wp-content\/uploads\/2020\/10\/cover-final-1-djely-tapa-auxsons-2.jpg","width":1500,"height":1500},{"@type":"BreadcrumbList","@id":"https:\/\/www.auxsons.com\/en\/album\/barokan-deluxe-edition\/#breadcrumb","itemListElement":[{"@type":"ListItem","position":1,"name":"Accueil","item":"https:\/\/www.auxsons.com\/en\/"},{"@type":"ListItem","position":2,"name":"Albums","item":"https:\/\/www.auxsons.com\/en\/album\/"},{"@type":"ListItem","position":3,"name":"Barokan (Deluxe Edition)"}]},{"@type":"WebSite","@id":"https:\/\/www.auxsons.com\/en\/#website","url":"https:\/\/www.auxsons.com\/en\/","name":"#AuxSons","description":"Musiques &amp; Vibrations du Monde","publisher":{"@id":"https:\/\/www.auxsons.com\/en\/#organization"},"potentialAction":[{"@type":"SearchAction","target":{"@type":"EntryPoint","urlTemplate":"https:\/\/www.auxsons.com\/en\/?s={search_term_string}"},"query-input":{"@type":"PropertyValueSpecification","valueRequired":true,"valueName":"search_term_string"}}],"inLanguage":"en-US"},{"@type":"Organization","@id":"https:\/\/www.auxsons.com\/en\/#organization","name":"#AuxSons","url":"https:\/\/www.auxsons.com\/en\/","logo":{"@type":"ImageObject","inLanguage":"en-US","@id":"https:\/\/www.auxsons.com\/en\/#\/schema\/logo\/image\/","url":"https:\/\/www.auxsons.com\/wp-content\/uploads\/2018\/10\/logo-aux-sons@2x.png","contentUrl":"https:\/\/www.auxsons.com\/wp-content\/uploads\/2018\/10\/logo-aux-sons@2x.png","width":320,"height":192,"caption":"#AuxSons"},"image":{"@id":"https:\/\/www.auxsons.com\/en\/#\/schema\/logo\/image\/"},"sameAs":["https:\/\/www.facebook.com\/auxsons\/","https:\/\/x.com\/auxsons","https:\/\/www.instagram.com\/auxsons\/","https:\/\/www.youtube.com\/channel\/UC_NjOjgZNHW-6MaXKWavFKQ"]}]}},"_links":{"self":[{"href":"https:\/\/www.auxsons.com\/en\/wp-json\/wp\/v2\/album\/12661","targetHints":{"allow":["GET"]}}],"collection":[{"href":"https:\/\/www.auxsons.com\/en\/wp-json\/wp\/v2\/album"}],"about":[{"href":"https:\/\/www.auxsons.com\/en\/wp-json\/wp\/v2\/types\/album"}],"author":[{"embeddable":true,"href":"https:\/\/www.auxsons.com\/en\/wp-json\/wp\/v2\/users\/307"}],"version-history":[{"count":0,"href":"https:\/\/www.auxsons.com\/en\/wp-json\/wp\/v2\/album\/12661\/revisions"}],"wp:featuredmedia":[{"embeddable":true,"href":"https:\/\/www.auxsons.com\/en\/wp-json\/wp\/v2\/media\/12672"}],"wp:attachment":[{"href":"https:\/\/www.auxsons.com\/en\/wp-json\/wp\/v2\/media?parent=12661"}],"curies":[{"name":"wp","href":"https:\/\/api.w.org\/{rel}","templated":true}]}}