{"id":11596,"date":"2020-09-08T11:43:22","date_gmt":"2020-09-08T09:43:22","guid":{"rendered":"http:\/\/www.auxsons.com\/?post_type=album&#038;p=11596"},"modified":"2020-09-17T12:56:56","modified_gmt":"2020-09-17T10:56:56","slug":"zaiko-langa-langa-de-retour-avec-le-double-album-seve","status":"publish","type":"album","link":"https:\/\/www.auxsons.com\/en\/album\/zaiko-langa-langa-de-retour-avec-le-double-album-seve\/","title":{"rendered":"S\u00e8ve"},"content":{"rendered":"<p>ZaiKo Langa-Langa f\u00eate cinquante ans de carri\u00e8re et de succ\u00e8s mondial avec le double album, S\u00e8ve, qui montre que le groupe congolais a toujours l\u2019\u00e9nergie de la rumba des d\u00e9buts. Le disque sort le 25\/09 chez Prozal \/ Quart de&nbsp;Lune.<\/p>\n<p>A l\u2019occasion du 50 \u00e8me anniversaire, <span class=\"caps\">ZA\u00cfKO<\/span> <span class=\"caps\">LANGA-LANGA<\/span> sort un double <span class=\"caps\">CD<\/span> de 14 titres de \u00ab Rumba Congolaise \u00bb, le style que le groupe a popularis\u00e9 \u00e0 travers le monde d\u00e8s le d\u00e9but des ann\u00e9es 70. Depuis sa cr\u00e9ation en 1969, Le \u00ab Style Za\u00efko \u00bb - m\u00e9lange de rumba hyper rythm\u00e9e et de funk - a imm\u00e9diatement enflamm\u00e9 les dancings de Kinshasa et quelques ann\u00e9es plus tard, les pistes de danse des capitales europ\u00e9ennes et am\u00e9ricaines.<\/p>\n<p>Depuis son premier concert en 1970, le groupe a accueilli en son sein une s\u00e9rie de musiciens extraordinaires dont Jossart Nyoka Longo, actuel chanteur principal et leader, mais aussi Jules Shungu Wambadio Pene Kilumba, dit Papa Wemba, le guitariste P\u00e9p\u00e9 Felly Manuaku, le chanteur Evoloko Joker Lay Gola et bien d\u2019autres.<\/p>\n<p>L\u2019orchestre est \u00e0 suivre sur <a href=\"https:\/\/www.facebook.com\/100-ZAIKO-LANGA-LANGA-1418764095047249\">Facebook<\/a><\/p>\n","protected":false},"excerpt":{"rendered":"<p>ZaiKo Langa-Langa f\u00eate cinquante ans de carri\u00e8re et de succ\u00e8s mondial avec le double album, S\u00e8ve, qui montre que le groupe congolais a toujours l\u2019\u00e9nergie de la rumba des d\u00e9buts.<\/p>\n","protected":false},"author":152,"featured_media":11597,"template":"","meta":{"_acf_changed":false,"wp_typography_post_enhancements_disabled":false,"footnotes":""},"class_list":["post-11596","album","type-album","status-publish","has-post-thumbnail","hentry"],"acf":[],"yoast_head":"<!-- This site is optimized with the Yoast SEO plugin v27.5 - https:\/\/yoast.com\/product\/yoast-seo-wordpress\/ -->\n<title>Za\u00efko Langa-Langa de retour avec le double album S\u00e8ve - #AuxSons<\/title>\n<meta name=\"description\" content=\"ZaiKo Langa-Langa f\u00eate cinquante ans de carri\u00e8re et de succ\u00e8s mondial avec le double album, S\u00e8ve, \u00e0 d\u00e9couvrir en vid\u00e9o sur AuxSons\" \/>\n<meta name=\"robots\" content=\"index, follow, max-snippet:-1, max-image-preview:large, max-video-preview:-1\" \/>\n<link rel=\"canonical\" href=\"https:\/\/www.auxsons.com\/en\/album\/zaiko-langa-langa-de-retour-avec-le-double-album-seve\/\" \/>\n<meta property=\"og:locale\" content=\"en_US\" \/>\n<meta property=\"og:type\" content=\"article\" \/>\n<meta property=\"og:title\" content=\"Za\u00efko Langa-Langa de retour avec le double album S\u00e8ve - #AuxSons\" \/>\n<meta property=\"og:description\" content=\"ZaiKo Langa-Langa f\u00eate cinquante ans de carri\u00e8re et de succ\u00e8s mondial avec le double album, S\u00e8ve, \u00e0 d\u00e9couvrir en vid\u00e9o sur AuxSons\" \/>\n<meta property=\"og:url\" content=\"https:\/\/www.auxsons.com\/en\/album\/zaiko-langa-langa-de-retour-avec-le-double-album-seve\/\" \/>\n<meta property=\"og:site_name\" content=\"#AuxSons\" \/>\n<meta property=\"article:publisher\" content=\"https:\/\/www.facebook.com\/auxsons\/\" \/>\n<meta property=\"article:modified_time\" content=\"2020-09-17T10:56:56+00:00\" \/>\n<meta property=\"og:image\" content=\"https:\/\/www.auxsons.com\/wp-content\/uploads\/2020\/09\/jln-4-digipack-2-cd-zaiko-seve_final.jpg\" \/>\n\t<meta property=\"og:image:width\" content=\"1685\" \/>\n\t<meta property=\"og:image:height\" content=\"1499\" \/>\n\t<meta property=\"og:image:type\" content=\"image\/jpeg\" \/>\n<meta name=\"twitter:card\" content=\"summary_large_image\" \/>\n<meta name=\"twitter:site\" content=\"@auxsons\" \/>\n<meta name=\"twitter:label1\" content=\"Est. reading time\" \/>\n\t<meta name=\"twitter:data1\" content=\"1 minute\" \/>\n<script type=\"application\/ld+json\" class=\"yoast-schema-graph\">{\"@context\":\"https:\\\/\\\/schema.org\",\"@graph\":[{\"@type\":\"WebPage\",\"@id\":\"https:\\\/\\\/www.auxsons.com\\\/en\\\/album\\\/zaiko-langa-langa-de-retour-avec-le-double-album-seve\\\/\",\"url\":\"https:\\\/\\\/www.auxsons.com\\\/en\\\/album\\\/zaiko-langa-langa-de-retour-avec-le-double-album-seve\\\/\",\"name\":\"Za\u00efko Langa-Langa de retour avec le double album S\u00e8ve - #AuxSons\",\"isPartOf\":{\"@id\":\"https:\\\/\\\/www.auxsons.com\\\/en\\\/#website\"},\"primaryImageOfPage\":{\"@id\":\"https:\\\/\\\/www.auxsons.com\\\/en\\\/album\\\/zaiko-langa-langa-de-retour-avec-le-double-album-seve\\\/#primaryimage\"},\"image\":{\"@id\":\"https:\\\/\\\/www.auxsons.com\\\/en\\\/album\\\/zaiko-langa-langa-de-retour-avec-le-double-album-seve\\\/#primaryimage\"},\"thumbnailUrl\":\"https:\\\/\\\/www.auxsons.com\\\/wp-content\\\/uploads\\\/2020\\\/09\\\/jln-4-digipack-2-cd-zaiko-seve_final.jpg\",\"datePublished\":\"2020-09-08T09:43:22+00:00\",\"dateModified\":\"2020-09-17T10:56:56+00:00\",\"description\":\"ZaiKo Langa-Langa f\u00eate cinquante ans de carri\u00e8re et de succ\u00e8s mondial avec le double album, S\u00e8ve, \u00e0 d\u00e9couvrir en vid\u00e9o sur AuxSons\",\"breadcrumb\":{\"@id\":\"https:\\\/\\\/www.auxsons.com\\\/en\\\/album\\\/zaiko-langa-langa-de-retour-avec-le-double-album-seve\\\/#breadcrumb\"},\"inLanguage\":\"en-US\",\"potentialAction\":[{\"@type\":\"ReadAction\",\"target\":[\"https:\\\/\\\/www.auxsons.com\\\/en\\\/album\\\/zaiko-langa-langa-de-retour-avec-le-double-album-seve\\\/\"]}]},{\"@type\":\"ImageObject\",\"inLanguage\":\"en-US\",\"@id\":\"https:\\\/\\\/www.auxsons.com\\\/en\\\/album\\\/zaiko-langa-langa-de-retour-avec-le-double-album-seve\\\/#primaryimage\",\"url\":\"https:\\\/\\\/www.auxsons.com\\\/wp-content\\\/uploads\\\/2020\\\/09\\\/jln-4-digipack-2-cd-zaiko-seve_final.jpg\",\"contentUrl\":\"https:\\\/\\\/www.auxsons.com\\\/wp-content\\\/uploads\\\/2020\\\/09\\\/jln-4-digipack-2-cd-zaiko-seve_final.jpg\",\"width\":1685,\"height\":1499},{\"@type\":\"BreadcrumbList\",\"@id\":\"https:\\\/\\\/www.auxsons.com\\\/en\\\/album\\\/zaiko-langa-langa-de-retour-avec-le-double-album-seve\\\/#breadcrumb\",\"itemListElement\":[{\"@type\":\"ListItem\",\"position\":1,\"name\":\"Accueil\",\"item\":\"https:\\\/\\\/www.auxsons.com\\\/en\\\/\"},{\"@type\":\"ListItem\",\"position\":2,\"name\":\"Albums\",\"item\":\"https:\\\/\\\/www.auxsons.com\\\/en\\\/album\\\/\"},{\"@type\":\"ListItem\",\"position\":3,\"name\":\"S\u00e8ve\"}]},{\"@type\":\"WebSite\",\"@id\":\"https:\\\/\\\/www.auxsons.com\\\/en\\\/#website\",\"url\":\"https:\\\/\\\/www.auxsons.com\\\/en\\\/\",\"name\":\"#AuxSons\",\"description\":\"Musiques &amp; Vibrations du Monde\",\"publisher\":{\"@id\":\"https:\\\/\\\/www.auxsons.com\\\/en\\\/#organization\"},\"potentialAction\":[{\"@type\":\"SearchAction\",\"target\":{\"@type\":\"EntryPoint\",\"urlTemplate\":\"https:\\\/\\\/www.auxsons.com\\\/en\\\/?s={search_term_string}\"},\"query-input\":{\"@type\":\"PropertyValueSpecification\",\"valueRequired\":true,\"valueName\":\"search_term_string\"}}],\"inLanguage\":\"en-US\"},{\"@type\":\"Organization\",\"@id\":\"https:\\\/\\\/www.auxsons.com\\\/en\\\/#organization\",\"name\":\"#AuxSons\",\"url\":\"https:\\\/\\\/www.auxsons.com\\\/en\\\/\",\"logo\":{\"@type\":\"ImageObject\",\"inLanguage\":\"en-US\",\"@id\":\"https:\\\/\\\/www.auxsons.com\\\/en\\\/#\\\/schema\\\/logo\\\/image\\\/\",\"url\":\"https:\\\/\\\/www.auxsons.com\\\/wp-content\\\/uploads\\\/2018\\\/10\\\/logo-aux-sons@2x.png\",\"contentUrl\":\"https:\\\/\\\/www.auxsons.com\\\/wp-content\\\/uploads\\\/2018\\\/10\\\/logo-aux-sons@2x.png\",\"width\":320,\"height\":192,\"caption\":\"#AuxSons\"},\"image\":{\"@id\":\"https:\\\/\\\/www.auxsons.com\\\/en\\\/#\\\/schema\\\/logo\\\/image\\\/\"},\"sameAs\":[\"https:\\\/\\\/www.facebook.com\\\/auxsons\\\/\",\"https:\\\/\\\/x.com\\\/auxsons\",\"https:\\\/\\\/www.instagram.com\\\/auxsons\\\/\",\"https:\\\/\\\/www.youtube.com\\\/channel\\\/UC_NjOjgZNHW-6MaXKWavFKQ\"]}]}<\/script>\n<!-- \/ Yoast SEO plugin. -->","yoast_head_json":{"title":"Za\u00efko Langa-Langa de retour avec le double album S\u00e8ve - #AuxSons","description":"ZaiKo Langa-Langa f\u00eate cinquante ans de carri\u00e8re et de succ\u00e8s mondial avec le double album, S\u00e8ve, \u00e0 d\u00e9couvrir en vid\u00e9o sur AuxSons","robots":{"index":"index","follow":"follow","max-snippet":"max-snippet:-1","max-image-preview":"max-image-preview:large","max-video-preview":"max-video-preview:-1"},"canonical":"https:\/\/www.auxsons.com\/en\/album\/zaiko-langa-langa-de-retour-avec-le-double-album-seve\/","og_locale":"en_US","og_type":"article","og_title":"Za\u00efko Langa-Langa de retour avec le double album S\u00e8ve - #AuxSons","og_description":"ZaiKo Langa-Langa f\u00eate cinquante ans de carri\u00e8re et de succ\u00e8s mondial avec le double album, S\u00e8ve, \u00e0 d\u00e9couvrir en vid\u00e9o sur AuxSons","og_url":"https:\/\/www.auxsons.com\/en\/album\/zaiko-langa-langa-de-retour-avec-le-double-album-seve\/","og_site_name":"#AuxSons","article_publisher":"https:\/\/www.facebook.com\/auxsons\/","article_modified_time":"2020-09-17T10:56:56+00:00","og_image":[{"width":1685,"height":1499,"url":"https:\/\/www.auxsons.com\/wp-content\/uploads\/2020\/09\/jln-4-digipack-2-cd-zaiko-seve_final.jpg","type":"image\/jpeg"}],"twitter_card":"summary_large_image","twitter_site":"@auxsons","twitter_misc":{"Est. reading time":"1 minute"},"schema":{"@context":"https:\/\/schema.org","@graph":[{"@type":"WebPage","@id":"https:\/\/www.auxsons.com\/en\/album\/zaiko-langa-langa-de-retour-avec-le-double-album-seve\/","url":"https:\/\/www.auxsons.com\/en\/album\/zaiko-langa-langa-de-retour-avec-le-double-album-seve\/","name":"Za\u00efko Langa-Langa de retour avec le double album S\u00e8ve - #AuxSons","isPartOf":{"@id":"https:\/\/www.auxsons.com\/en\/#website"},"primaryImageOfPage":{"@id":"https:\/\/www.auxsons.com\/en\/album\/zaiko-langa-langa-de-retour-avec-le-double-album-seve\/#primaryimage"},"image":{"@id":"https:\/\/www.auxsons.com\/en\/album\/zaiko-langa-langa-de-retour-avec-le-double-album-seve\/#primaryimage"},"thumbnailUrl":"https:\/\/www.auxsons.com\/wp-content\/uploads\/2020\/09\/jln-4-digipack-2-cd-zaiko-seve_final.jpg","datePublished":"2020-09-08T09:43:22+00:00","dateModified":"2020-09-17T10:56:56+00:00","description":"ZaiKo Langa-Langa f\u00eate cinquante ans de carri\u00e8re et de succ\u00e8s mondial avec le double album, S\u00e8ve, \u00e0 d\u00e9couvrir en vid\u00e9o sur AuxSons","breadcrumb":{"@id":"https:\/\/www.auxsons.com\/en\/album\/zaiko-langa-langa-de-retour-avec-le-double-album-seve\/#breadcrumb"},"inLanguage":"en-US","potentialAction":[{"@type":"ReadAction","target":["https:\/\/www.auxsons.com\/en\/album\/zaiko-langa-langa-de-retour-avec-le-double-album-seve\/"]}]},{"@type":"ImageObject","inLanguage":"en-US","@id":"https:\/\/www.auxsons.com\/en\/album\/zaiko-langa-langa-de-retour-avec-le-double-album-seve\/#primaryimage","url":"https:\/\/www.auxsons.com\/wp-content\/uploads\/2020\/09\/jln-4-digipack-2-cd-zaiko-seve_final.jpg","contentUrl":"https:\/\/www.auxsons.com\/wp-content\/uploads\/2020\/09\/jln-4-digipack-2-cd-zaiko-seve_final.jpg","width":1685,"height":1499},{"@type":"BreadcrumbList","@id":"https:\/\/www.auxsons.com\/en\/album\/zaiko-langa-langa-de-retour-avec-le-double-album-seve\/#breadcrumb","itemListElement":[{"@type":"ListItem","position":1,"name":"Accueil","item":"https:\/\/www.auxsons.com\/en\/"},{"@type":"ListItem","position":2,"name":"Albums","item":"https:\/\/www.auxsons.com\/en\/album\/"},{"@type":"ListItem","position":3,"name":"S\u00e8ve"}]},{"@type":"WebSite","@id":"https:\/\/www.auxsons.com\/en\/#website","url":"https:\/\/www.auxsons.com\/en\/","name":"#AuxSons","description":"Musiques &amp; Vibrations du Monde","publisher":{"@id":"https:\/\/www.auxsons.com\/en\/#organization"},"potentialAction":[{"@type":"SearchAction","target":{"@type":"EntryPoint","urlTemplate":"https:\/\/www.auxsons.com\/en\/?s={search_term_string}"},"query-input":{"@type":"PropertyValueSpecification","valueRequired":true,"valueName":"search_term_string"}}],"inLanguage":"en-US"},{"@type":"Organization","@id":"https:\/\/www.auxsons.com\/en\/#organization","name":"#AuxSons","url":"https:\/\/www.auxsons.com\/en\/","logo":{"@type":"ImageObject","inLanguage":"en-US","@id":"https:\/\/www.auxsons.com\/en\/#\/schema\/logo\/image\/","url":"https:\/\/www.auxsons.com\/wp-content\/uploads\/2018\/10\/logo-aux-sons@2x.png","contentUrl":"https:\/\/www.auxsons.com\/wp-content\/uploads\/2018\/10\/logo-aux-sons@2x.png","width":320,"height":192,"caption":"#AuxSons"},"image":{"@id":"https:\/\/www.auxsons.com\/en\/#\/schema\/logo\/image\/"},"sameAs":["https:\/\/www.facebook.com\/auxsons\/","https:\/\/x.com\/auxsons","https:\/\/www.instagram.com\/auxsons\/","https:\/\/www.youtube.com\/channel\/UC_NjOjgZNHW-6MaXKWavFKQ"]}]}},"_links":{"self":[{"href":"https:\/\/www.auxsons.com\/en\/wp-json\/wp\/v2\/album\/11596","targetHints":{"allow":["GET"]}}],"collection":[{"href":"https:\/\/www.auxsons.com\/en\/wp-json\/wp\/v2\/album"}],"about":[{"href":"https:\/\/www.auxsons.com\/en\/wp-json\/wp\/v2\/types\/album"}],"author":[{"embeddable":true,"href":"https:\/\/www.auxsons.com\/en\/wp-json\/wp\/v2\/users\/152"}],"version-history":[{"count":0,"href":"https:\/\/www.auxsons.com\/en\/wp-json\/wp\/v2\/album\/11596\/revisions"}],"wp:featuredmedia":[{"embeddable":true,"href":"https:\/\/www.auxsons.com\/en\/wp-json\/wp\/v2\/media\/11597"}],"wp:attachment":[{"href":"https:\/\/www.auxsons.com\/en\/wp-json\/wp\/v2\/media?parent=11596"}],"curies":[{"name":"wp","href":"https:\/\/api.w.org\/{rel}","templated":true}]}}