{"id":10280,"date":"2020-06-15T09:59:07","date_gmt":"2020-06-15T07:59:07","guid":{"rendered":"http:\/\/www.auxsons.com\/?post_type=album&#038;p=10280"},"modified":"2020-06-15T09:59:07","modified_gmt":"2020-06-15T07:59:07","slug":"david-krakauer-kathleen-tagg-presentent-breath-hammer","status":"publish","type":"album","link":"https:\/\/www.auxsons.com\/en\/album\/david-krakauer-kathleen-tagg-presentent-breath-hammer\/","title":{"rendered":"David Krakauer <span class=\"amp\">&amp;<\/span> Kathleen Tagg pr\u00e9sentent \u00ab Breath <span class=\"amp\">&amp;<\/span> Hammer&nbsp;\u00bb"},"content":{"rendered":"<p><b>David<\/b>&nbsp;<b>Krakauer <span class=\"amp\">&amp;<\/span> KathleenTagg<\/b>&nbsp;d\u00e9voileront&nbsp;leur nouvel album&nbsp;\u00ab&nbsp;<b>Breath <span class=\"amp\">&amp;<\/span> Hammer&nbsp;\u00bb<\/b>,&nbsp;\u00e0&nbsp;l\u2019occasion de sa sortie le <b>21 ao\u00fbt&nbsp;2020<\/b>&nbsp;chez&nbsp;<b>Table Pounding Records<\/b>&nbsp;\/ <b>L\u2019Autre&nbsp;Distribution<\/b>.<\/p>\n<p>Le&nbsp;duo est compos\u00e9&nbsp;de&nbsp;:<\/p>\n<p>- <b>David Krakauer<\/b>&nbsp;: clarinette<\/p>\n<p><b>- Kathleen Tagg<\/b> : piano et \u201cpiano orchestral\u201d<\/p>\n<p>Le clarinettiste am\u00e9ricain <b>David Krakauer<\/b>, nomin\u00e9 aux Grammy, figure incontournable de la musique klezmer du XXIe si\u00e8cle, et par ailleurs soliste de Musique Classique, et <b>Kathleen Tagg<\/b>, compositrice, arrangeuse, pianiste et productrice novatrice, sortent <b><i>Breath <span class=\"amp\">&amp;<\/span> Hammer<\/i><\/b> sur leur propre label <b>Table Pounding Records<\/b>, avec une <b>tourn\u00e9e europ\u00e9enne<\/b> en vue pour promouvoir l\u2019album dont la sortie est pr\u00e9vue en France le 21\/08\/2020 chez <b>L\u2019Autre Distribution<\/b>. Cet album, v\u00e9ritable performance \u00e9lectro-acoustique r\u00e9v\u00e9lant les approches innovantes et idiosyncrasiques du duo sur leurs instruments respectifs, pr\u00e9sente \u00e0 la fois des compositions originales et des interpr\u00e9tations tr\u00e8s personnelles de la musique de certains de leurs amis les plus proches, parmi lesquels <b>John Zorn<\/b> et <b>Kinan Azmeh<\/b>, dans une texture qui int\u00e8gre de mani\u00e8re transparente des boucles, des samples et des performances en direct.<\/p>\n<p><b><i>Breath <span class=\"amp\">&amp;<\/span> Hammer<\/i><\/b> est \u00e0 la confluence de plusieurs courants musicaux, r\u00e9sultant des solides r\u00e9f\u00e9rences des deux artistes en tant que musiciens de concert classiques, mais aussi des ann\u00e9es de Krakauer en tant qu\u2019innovateur klezmer, compositeur, leader de groupe et exp\u00e9rimentateur d\u2019avant-garde, ainsi que de la carri\u00e8re \u00e0 multiples facettes de Tagg, qui a cr\u00e9\u00e9 et jou\u00e9 pour la sc\u00e8ne et le th\u00e9\u00e2tre, alli\u00e9 \u00e0 ses comp\u00e9tences en tant qu\u2019arrangeur et productrice Le Wall Street Journal d\u00e9clare que \u201cDavid Krakauer est un clarinettiste tellement expressif qui passe si facilement d\u2019un genre \u00e0 l\u2019autre que l\u2019on pourrait presque penser qu\u2019il n\u2019y a pas de diff\u00e9rence appr\u00e9ciable entre le jazz, le klezmer et la musique classique formelle\u201d, mais la description convient aux deux partenaires et laisse entrevoir le fil conducteur de chaque projet qu\u2019ils entreprennent : favoriser les liens humains par une musique qui transcende toutes les fronti\u00e8res stylistiques et culturelles.<\/p>\n<p>Comme pour tous ses pr\u00e9c\u00e9dents albums, Tagg a produit <i>Breath <span class=\"amp\">&amp;<\/span> Hammer<\/i>, que Krakauer d\u00e9crit comme \u201cune tapisserie m\u00e9di\u00e9vale de la taille d\u2019un appartement, compos\u00e9e d\u2019\u00e9chantillons de la taille des ongles\u201d. Parmi les compositeurs qui ont contribu\u00e9 au projet, on trouve le saxophoniste John Zorn, le clarinettiste syrien Kinan Azmeh, le percussionniste cubain Roberto Rodriguez, l\u2019accord\u00e9oniste Rob Curto et l\u2019accord\u00e9oniste et sp\u00e9cialiste du klezmer Emil Kroitor, en plus de Krakauer et Tagg eux-m\u00eames.<\/p>\n<p>Lors des performances en direct, les techniques de jeu \u00e9tendues, les boucles et les samples de <i>Breath <span class=\"amp\">&amp;<\/span> Hammer<\/i> sont galvanis\u00e9s par un flux vid\u00e9o immersif \u00e0 plusieurs cam\u00e9ras cr\u00e9\u00e9 par l\u2019artiste vid\u00e9o <b>Jesse Gilbert<\/b>, bas\u00e9 \u00e0 Los Angeles, permettant au public de voir de pr\u00e8s et en temps r\u00e9el les styles de jeu peu orthodoxes du duo. Une conception vid\u00e9o consid\u00e9rablement \u00e9largie, projet\u00e9e sur un hexagone translucide de grilles entourant les artistes, a \u00e9t\u00e9 cr\u00e9\u00e9e \u00e0 la Pierre Boulez Saal \u00e0 Berlin et a \u00e9t\u00e9 pr\u00e9sent\u00e9e en avant-premi\u00e8re avec des interm\u00e8des sonores spatialis\u00e9s nouvellement compos\u00e9s au printemps dernier sous le nom de Breath <span class=\"amp\">&amp;<\/span> Hammer <span class=\"caps\">II<\/span> : Les liens qui nous unissent.<\/p>\n","protected":false},"excerpt":{"rendered":"<p>David&nbsp;Krakauer <span class=\"amp\">&amp;<\/span> KathleenTagg&nbsp;d\u00e9voileront&nbsp;leur nouvel album&nbsp;\u00ab&nbsp;Breath <span class=\"amp\">&amp;<\/span> Hammer&nbsp;\u00bb,&nbsp;\u00e0&nbsp;l\u2019occasion de sa sortie le 21 ao\u00fbt&nbsp;2020&nbsp;chez&nbsp;Table Pounding Records&nbsp;\/ L\u2019Autre&nbsp;Distribution. Le&nbsp;duo est compos\u00e9&nbsp;de&nbsp;: - David Krakauer&nbsp;: clarinette - Kathleen Tagg : piano et \u201cpiano orchestral\u201d Le clarinettiste am\u00e9ricain David Krakauer, nomin\u00e9 aux Grammy, figure incontournable de la musique klezmer du XXIe si\u00e8cle, et par ailleurs soliste de Musique Classique,<\/p>\n","protected":false},"author":17,"featured_media":10281,"template":"","meta":{"_acf_changed":false,"wp_typography_post_enhancements_disabled":false,"footnotes":""},"class_list":["post-10280","album","type-album","status-publish","has-post-thumbnail","hentry"],"acf":[],"yoast_head":"<!-- This site is optimized with the Yoast SEO plugin v27.5 - https:\/\/yoast.com\/product\/yoast-seo-wordpress\/ -->\n<title>David Krakauer &amp; Kathleen Tagg pr\u00e9sentent \u00ab Breath &amp; Hammer \u00bb - #AuxSons<\/title>\n<meta name=\"description\" content=\"David\u00a0Krakauer &amp; KathleenTagg\u00a0d\u00e9voileront\u00a0leur nouvel album\u00a0\u00ab\u00a0Breath &amp; Hammer\u00a0\u00bb,\u00a0\u00e0\u00a0l&#039;occasion de sa sortie le 21 ao\u00fbt\u00a02020\u00a0chez\u00a0Table Pounding\" \/>\n<meta name=\"robots\" content=\"index, follow, max-snippet:-1, max-image-preview:large, max-video-preview:-1\" \/>\n<link rel=\"canonical\" href=\"https:\/\/www.auxsons.com\/en\/album\/david-krakauer-kathleen-tagg-presentent-breath-hammer\/\" \/>\n<meta property=\"og:locale\" content=\"en_US\" \/>\n<meta property=\"og:type\" content=\"article\" \/>\n<meta property=\"og:title\" content=\"David Krakauer &amp; Kathleen Tagg pr\u00e9sentent \u00ab Breath &amp; Hammer \u00bb - #AuxSons\" \/>\n<meta property=\"og:description\" content=\"David\u00a0Krakauer &amp; KathleenTagg\u00a0d\u00e9voileront\u00a0leur nouvel album\u00a0\u00ab\u00a0Breath &amp; Hammer\u00a0\u00bb,\u00a0\u00e0\u00a0l&#039;occasion de sa sortie le 21 ao\u00fbt\u00a02020\u00a0chez\u00a0Table Pounding\" \/>\n<meta property=\"og:url\" content=\"https:\/\/www.auxsons.com\/en\/album\/david-krakauer-kathleen-tagg-presentent-breath-hammer\/\" \/>\n<meta property=\"og:site_name\" content=\"#AuxSons\" \/>\n<meta property=\"article:publisher\" content=\"https:\/\/www.facebook.com\/auxsons\/\" \/>\n<meta property=\"og:image\" content=\"https:\/\/www.auxsons.com\/wp-content\/uploads\/2020\/06\/breath_hammer_album-covermartin-shamoonpour-graphictherapy.jpg\" \/>\n\t<meta property=\"og:image:width\" content=\"1920\" \/>\n\t<meta property=\"og:image:height\" content=\"1920\" \/>\n\t<meta property=\"og:image:type\" content=\"image\/jpeg\" \/>\n<meta name=\"twitter:card\" content=\"summary_large_image\" \/>\n<meta name=\"twitter:site\" content=\"@auxsons\" \/>\n<meta name=\"twitter:label1\" content=\"Est. reading time\" \/>\n\t<meta name=\"twitter:data1\" content=\"3 minutes\" \/>\n<script type=\"application\/ld+json\" class=\"yoast-schema-graph\">{\"@context\":\"https:\\\/\\\/schema.org\",\"@graph\":[{\"@type\":\"WebPage\",\"@id\":\"https:\\\/\\\/www.auxsons.com\\\/en\\\/album\\\/david-krakauer-kathleen-tagg-presentent-breath-hammer\\\/\",\"url\":\"https:\\\/\\\/www.auxsons.com\\\/en\\\/album\\\/david-krakauer-kathleen-tagg-presentent-breath-hammer\\\/\",\"name\":\"David Krakauer & Kathleen Tagg pr\u00e9sentent \u00ab Breath & Hammer \u00bb - #AuxSons\",\"isPartOf\":{\"@id\":\"https:\\\/\\\/www.auxsons.com\\\/en\\\/#website\"},\"primaryImageOfPage\":{\"@id\":\"https:\\\/\\\/www.auxsons.com\\\/en\\\/album\\\/david-krakauer-kathleen-tagg-presentent-breath-hammer\\\/#primaryimage\"},\"image\":{\"@id\":\"https:\\\/\\\/www.auxsons.com\\\/en\\\/album\\\/david-krakauer-kathleen-tagg-presentent-breath-hammer\\\/#primaryimage\"},\"thumbnailUrl\":\"https:\\\/\\\/www.auxsons.com\\\/wp-content\\\/uploads\\\/2020\\\/06\\\/breath_hammer_album-covermartin-shamoonpour-graphictherapy.jpg\",\"datePublished\":\"2020-06-15T07:59:07+00:00\",\"description\":\"David\u00a0Krakauer &amp; KathleenTagg\u00a0d\u00e9voileront\u00a0leur nouvel album\u00a0\u00ab\u00a0Breath &amp; Hammer\u00a0\u00bb,\u00a0\u00e0\u00a0l'occasion de sa sortie le 21 ao\u00fbt\u00a02020\u00a0chez\u00a0Table Pounding\",\"breadcrumb\":{\"@id\":\"https:\\\/\\\/www.auxsons.com\\\/en\\\/album\\\/david-krakauer-kathleen-tagg-presentent-breath-hammer\\\/#breadcrumb\"},\"inLanguage\":\"en-US\",\"potentialAction\":[{\"@type\":\"ReadAction\",\"target\":[\"https:\\\/\\\/www.auxsons.com\\\/en\\\/album\\\/david-krakauer-kathleen-tagg-presentent-breath-hammer\\\/\"]}]},{\"@type\":\"ImageObject\",\"inLanguage\":\"en-US\",\"@id\":\"https:\\\/\\\/www.auxsons.com\\\/en\\\/album\\\/david-krakauer-kathleen-tagg-presentent-breath-hammer\\\/#primaryimage\",\"url\":\"https:\\\/\\\/www.auxsons.com\\\/wp-content\\\/uploads\\\/2020\\\/06\\\/breath_hammer_album-covermartin-shamoonpour-graphictherapy.jpg\",\"contentUrl\":\"https:\\\/\\\/www.auxsons.com\\\/wp-content\\\/uploads\\\/2020\\\/06\\\/breath_hammer_album-covermartin-shamoonpour-graphictherapy.jpg\",\"width\":1920,\"height\":1920},{\"@type\":\"BreadcrumbList\",\"@id\":\"https:\\\/\\\/www.auxsons.com\\\/en\\\/album\\\/david-krakauer-kathleen-tagg-presentent-breath-hammer\\\/#breadcrumb\",\"itemListElement\":[{\"@type\":\"ListItem\",\"position\":1,\"name\":\"Accueil\",\"item\":\"https:\\\/\\\/www.auxsons.com\\\/en\\\/\"},{\"@type\":\"ListItem\",\"position\":2,\"name\":\"Albums\",\"item\":\"https:\\\/\\\/www.auxsons.com\\\/en\\\/album\\\/\"},{\"@type\":\"ListItem\",\"position\":3,\"name\":\"David Krakauer &#038; Kathleen Tagg pr\u00e9sentent \u00ab Breath &#038; Hammer \u00bb\"}]},{\"@type\":\"WebSite\",\"@id\":\"https:\\\/\\\/www.auxsons.com\\\/en\\\/#website\",\"url\":\"https:\\\/\\\/www.auxsons.com\\\/en\\\/\",\"name\":\"#AuxSons\",\"description\":\"Musiques &amp; Vibrations du Monde\",\"publisher\":{\"@id\":\"https:\\\/\\\/www.auxsons.com\\\/en\\\/#organization\"},\"potentialAction\":[{\"@type\":\"SearchAction\",\"target\":{\"@type\":\"EntryPoint\",\"urlTemplate\":\"https:\\\/\\\/www.auxsons.com\\\/en\\\/?s={search_term_string}\"},\"query-input\":{\"@type\":\"PropertyValueSpecification\",\"valueRequired\":true,\"valueName\":\"search_term_string\"}}],\"inLanguage\":\"en-US\"},{\"@type\":\"Organization\",\"@id\":\"https:\\\/\\\/www.auxsons.com\\\/en\\\/#organization\",\"name\":\"#AuxSons\",\"url\":\"https:\\\/\\\/www.auxsons.com\\\/en\\\/\",\"logo\":{\"@type\":\"ImageObject\",\"inLanguage\":\"en-US\",\"@id\":\"https:\\\/\\\/www.auxsons.com\\\/en\\\/#\\\/schema\\\/logo\\\/image\\\/\",\"url\":\"https:\\\/\\\/www.auxsons.com\\\/wp-content\\\/uploads\\\/2018\\\/10\\\/logo-aux-sons@2x.png\",\"contentUrl\":\"https:\\\/\\\/www.auxsons.com\\\/wp-content\\\/uploads\\\/2018\\\/10\\\/logo-aux-sons@2x.png\",\"width\":320,\"height\":192,\"caption\":\"#AuxSons\"},\"image\":{\"@id\":\"https:\\\/\\\/www.auxsons.com\\\/en\\\/#\\\/schema\\\/logo\\\/image\\\/\"},\"sameAs\":[\"https:\\\/\\\/www.facebook.com\\\/auxsons\\\/\",\"https:\\\/\\\/x.com\\\/auxsons\",\"https:\\\/\\\/www.instagram.com\\\/auxsons\\\/\",\"https:\\\/\\\/www.youtube.com\\\/channel\\\/UC_NjOjgZNHW-6MaXKWavFKQ\"]}]}<\/script>\n<!-- \/ Yoast SEO plugin. -->","yoast_head_json":{"title":"David Krakauer & Kathleen Tagg pr\u00e9sentent \u00ab Breath & Hammer \u00bb - #AuxSons","description":"David\u00a0Krakauer &amp; KathleenTagg\u00a0d\u00e9voileront\u00a0leur nouvel album\u00a0\u00ab\u00a0Breath &amp; Hammer\u00a0\u00bb,\u00a0\u00e0\u00a0l'occasion de sa sortie le 21 ao\u00fbt\u00a02020\u00a0chez\u00a0Table Pounding","robots":{"index":"index","follow":"follow","max-snippet":"max-snippet:-1","max-image-preview":"max-image-preview:large","max-video-preview":"max-video-preview:-1"},"canonical":"https:\/\/www.auxsons.com\/en\/album\/david-krakauer-kathleen-tagg-presentent-breath-hammer\/","og_locale":"en_US","og_type":"article","og_title":"David Krakauer & Kathleen Tagg pr\u00e9sentent \u00ab Breath & Hammer \u00bb - #AuxSons","og_description":"David\u00a0Krakauer &amp; KathleenTagg\u00a0d\u00e9voileront\u00a0leur nouvel album\u00a0\u00ab\u00a0Breath &amp; Hammer\u00a0\u00bb,\u00a0\u00e0\u00a0l'occasion de sa sortie le 21 ao\u00fbt\u00a02020\u00a0chez\u00a0Table Pounding","og_url":"https:\/\/www.auxsons.com\/en\/album\/david-krakauer-kathleen-tagg-presentent-breath-hammer\/","og_site_name":"#AuxSons","article_publisher":"https:\/\/www.facebook.com\/auxsons\/","og_image":[{"width":1920,"height":1920,"url":"https:\/\/www.auxsons.com\/wp-content\/uploads\/2020\/06\/breath_hammer_album-covermartin-shamoonpour-graphictherapy.jpg","type":"image\/jpeg"}],"twitter_card":"summary_large_image","twitter_site":"@auxsons","twitter_misc":{"Est. reading time":"3 minutes"},"schema":{"@context":"https:\/\/schema.org","@graph":[{"@type":"WebPage","@id":"https:\/\/www.auxsons.com\/en\/album\/david-krakauer-kathleen-tagg-presentent-breath-hammer\/","url":"https:\/\/www.auxsons.com\/en\/album\/david-krakauer-kathleen-tagg-presentent-breath-hammer\/","name":"David Krakauer & Kathleen Tagg pr\u00e9sentent \u00ab Breath & Hammer \u00bb - #AuxSons","isPartOf":{"@id":"https:\/\/www.auxsons.com\/en\/#website"},"primaryImageOfPage":{"@id":"https:\/\/www.auxsons.com\/en\/album\/david-krakauer-kathleen-tagg-presentent-breath-hammer\/#primaryimage"},"image":{"@id":"https:\/\/www.auxsons.com\/en\/album\/david-krakauer-kathleen-tagg-presentent-breath-hammer\/#primaryimage"},"thumbnailUrl":"https:\/\/www.auxsons.com\/wp-content\/uploads\/2020\/06\/breath_hammer_album-covermartin-shamoonpour-graphictherapy.jpg","datePublished":"2020-06-15T07:59:07+00:00","description":"David\u00a0Krakauer &amp; KathleenTagg\u00a0d\u00e9voileront\u00a0leur nouvel album\u00a0\u00ab\u00a0Breath &amp; Hammer\u00a0\u00bb,\u00a0\u00e0\u00a0l'occasion de sa sortie le 21 ao\u00fbt\u00a02020\u00a0chez\u00a0Table Pounding","breadcrumb":{"@id":"https:\/\/www.auxsons.com\/en\/album\/david-krakauer-kathleen-tagg-presentent-breath-hammer\/#breadcrumb"},"inLanguage":"en-US","potentialAction":[{"@type":"ReadAction","target":["https:\/\/www.auxsons.com\/en\/album\/david-krakauer-kathleen-tagg-presentent-breath-hammer\/"]}]},{"@type":"ImageObject","inLanguage":"en-US","@id":"https:\/\/www.auxsons.com\/en\/album\/david-krakauer-kathleen-tagg-presentent-breath-hammer\/#primaryimage","url":"https:\/\/www.auxsons.com\/wp-content\/uploads\/2020\/06\/breath_hammer_album-covermartin-shamoonpour-graphictherapy.jpg","contentUrl":"https:\/\/www.auxsons.com\/wp-content\/uploads\/2020\/06\/breath_hammer_album-covermartin-shamoonpour-graphictherapy.jpg","width":1920,"height":1920},{"@type":"BreadcrumbList","@id":"https:\/\/www.auxsons.com\/en\/album\/david-krakauer-kathleen-tagg-presentent-breath-hammer\/#breadcrumb","itemListElement":[{"@type":"ListItem","position":1,"name":"Accueil","item":"https:\/\/www.auxsons.com\/en\/"},{"@type":"ListItem","position":2,"name":"Albums","item":"https:\/\/www.auxsons.com\/en\/album\/"},{"@type":"ListItem","position":3,"name":"David Krakauer &#038; Kathleen Tagg pr\u00e9sentent \u00ab Breath &#038; Hammer \u00bb"}]},{"@type":"WebSite","@id":"https:\/\/www.auxsons.com\/en\/#website","url":"https:\/\/www.auxsons.com\/en\/","name":"#AuxSons","description":"Musiques &amp; Vibrations du Monde","publisher":{"@id":"https:\/\/www.auxsons.com\/en\/#organization"},"potentialAction":[{"@type":"SearchAction","target":{"@type":"EntryPoint","urlTemplate":"https:\/\/www.auxsons.com\/en\/?s={search_term_string}"},"query-input":{"@type":"PropertyValueSpecification","valueRequired":true,"valueName":"search_term_string"}}],"inLanguage":"en-US"},{"@type":"Organization","@id":"https:\/\/www.auxsons.com\/en\/#organization","name":"#AuxSons","url":"https:\/\/www.auxsons.com\/en\/","logo":{"@type":"ImageObject","inLanguage":"en-US","@id":"https:\/\/www.auxsons.com\/en\/#\/schema\/logo\/image\/","url":"https:\/\/www.auxsons.com\/wp-content\/uploads\/2018\/10\/logo-aux-sons@2x.png","contentUrl":"https:\/\/www.auxsons.com\/wp-content\/uploads\/2018\/10\/logo-aux-sons@2x.png","width":320,"height":192,"caption":"#AuxSons"},"image":{"@id":"https:\/\/www.auxsons.com\/en\/#\/schema\/logo\/image\/"},"sameAs":["https:\/\/www.facebook.com\/auxsons\/","https:\/\/x.com\/auxsons","https:\/\/www.instagram.com\/auxsons\/","https:\/\/www.youtube.com\/channel\/UC_NjOjgZNHW-6MaXKWavFKQ"]}]}},"_links":{"self":[{"href":"https:\/\/www.auxsons.com\/en\/wp-json\/wp\/v2\/album\/10280","targetHints":{"allow":["GET"]}}],"collection":[{"href":"https:\/\/www.auxsons.com\/en\/wp-json\/wp\/v2\/album"}],"about":[{"href":"https:\/\/www.auxsons.com\/en\/wp-json\/wp\/v2\/types\/album"}],"author":[{"embeddable":true,"href":"https:\/\/www.auxsons.com\/en\/wp-json\/wp\/v2\/users\/17"}],"version-history":[{"count":0,"href":"https:\/\/www.auxsons.com\/en\/wp-json\/wp\/v2\/album\/10280\/revisions"}],"wp:featuredmedia":[{"embeddable":true,"href":"https:\/\/www.auxsons.com\/en\/wp-json\/wp\/v2\/media\/10281"}],"wp:attachment":[{"href":"https:\/\/www.auxsons.com\/en\/wp-json\/wp\/v2\/media?parent=10280"}],"curies":[{"name":"wp","href":"https:\/\/api.w.org\/{rel}","templated":true}]}}